{"id":20696,"date":"2024-03-11T14:08:35","date_gmt":"2024-03-11T14:08:35","guid":{"rendered":"https:\/\/devel.valcucine.com\/unternehmen\/esg\/"},"modified":"2026-03-03T13:02:01","modified_gmt":"2026-03-03T13:02:01","slug":"esg","status":"publish","type":"page","link":"https:\/\/www.valcucine.com\/de\/unternehmen\/esg\/","title":{"rendered":"ESG"},"content":{"rendered":"<div class=\"wpb-content-wrapper\"><p>[vc_row css=&#8220;.vc_custom_1709740056130{padding-top: 40px !important;padding-bottom: 40px !important;}&#8220;][vc_column]\n        \n        <h1 class=\"text-center  main__title__h1  \" style=\"color:#333333;\"> \n\n         Kriterien ESG\n        \n        <\/h1>[\/vc_column][\/vc_row][vc_row][vc_column]\n        \n        <h2 class=\"text-center  main__title__h2  vc_custom_1772542925192 \" style=\"color:;\"> \n\n         Environmental, Social and Governance\n        \n        <\/h2>[vc_column_text]<\/p>\n<div>Die Erweiterung der\u00a0<strong>FSC-Zertifizierung,<\/strong>\u00a0wie die\u00a0<strong>LEED-Kartierung, die ISO 14001-Zertifizierung\u00a0<\/strong>und die Teilnahme am Bioforest-Verband, sind Teil einer Reihe konkreter Massnahmen, die den Zielen f\u00fcr nachhaltige Entwicklung (Global Development Goals) entsprechen, die von der Agenda 2030 der Vereinten Nationen diktiert werden, sowie den ESG-Richtlinien, die die G\u00fcltigkeit eines Unternehmens, eines Betriebs oder einer Vereinigung in Bezug auf ihr Engagement in den Bereichen Umwelt (Kriterium E (Environmental), Soziales (Kriterium S Social) und Management (Kriterium G Governance)\u00a0gew\u00e4hrleisten.<\/div>\n<p>[\/vc_column_text][vc_column_text]<\/p>\n<h5><strong>Zus\u00e4tzlich zu den Zielen f\u00fcr nachhaltige Entwicklung (SDGs), die wir seit Jahren verfolgen, haben wir uns neue ESG-Ziele (Umwelt, Soziales und Governance) gesetzt, die das kontinuierliche Engagement des Unternehmens f\u00fcr eine bessere Zukunft verk\u00f6rpern.<\/strong><\/h5>\n<p>[\/vc_column_text]<div class=\"text__read__more \" ><div class=\"text__read__more__text\" style=\"height:0px; overflow:hidden;\"><\/p>\n<div class=\"text\">\n<div>\n<div class=\"text-readmore\">Die Ausweitung der FSC-Zertifizierung, die LEED-Kartierung, die Zertifizierungen nach ISO 14001 und ISO 45001 sowie die Teilnahme an der Bioforest-Vereinigung sind Teil einer Reihe konkreter Ma\u00dfnahmen, die im Einklang mit den Zielen f\u00fcr nachhaltige Entwicklung (Global Development Goals) der Agenda 2030 der Vereinten Nationen und der ESG-Politik stehen und Folgendes gew\u00e4hrleisten<br \/>\nDie ESG-Richtlinien gew\u00e4hrleisten die G\u00fcltigkeit eines Unternehmens, eines Betriebs oder einer Vereinigung in Bezug auf sein \u00f6kologisches (Environmental), soziales (Social) und Management-Engagement (Governance).Unsere Philosophie ist von dem Bestreben gepr\u00e4gt, eine nachhaltige Entwicklung und das Gleichgewicht zwischen Mensch und Natur zu f\u00f6rdern. Die ESG-Politik (Environmental, Social, and Governance) ist ein zentraler Bestandteil<br \/>\nunserer Kultur und Denkweise, denn wir sind der festen \u00dcberzeugung, dass Nachhaltigkeit in den Bereichen Umwelt, Soziales und Governance f\u00fcr den langfristigen Erfolg unseres Unternehmens von grundlegender Bedeutung ist.<br \/>\nlangfristigen Erfolg unseres Unternehmens ist.Unter \u00f6kologischer Nachhaltigkeit verstehen wir Richtlinien und Praktiken zur Verringerung der Umweltauswirkungen unserer Gesch\u00e4ftst\u00e4tigkeit. Wir gehen verantwortungsvoll mit nat\u00fcrlichen Ressourcen um, reduzieren Treibhausgasemissionen und f\u00f6rdern die Energieeffizienz. Wir arbeiten mit<strong>\u00a0Bioforest\u00a0<\/strong>zusammen, um die Artenvielfalt zu sch\u00fctzen und \u00d6kosysteme zu erhalten.Was die soziale Nachhaltigkeit betrifft, so schaffen wir ein integratives, faires und sicheres Arbeitsumfeld f\u00fcr alle unsere Mitarbeiter. Wir sch\u00e4tzen die Vielfalt und f\u00f6rdern die Chancengleichheit und die Achtung der Menschenrechte.Eine nachhaltige Unternehmensf\u00fchrung ist f\u00fcr uns ebenso wichtig. Wir haben Richtlinien, die Transparenz, Ethik und Integrit\u00e4t in unseren Gesch\u00e4ftspraktiken gew\u00e4hrleisten. Wir unterst\u00fctzen verantwortungsvolle F\u00fchrung, umsichtiges Risikomanagement und ethische Standards.Wir f\u00f6rdern betriebliche Effizienz, Rechenschaftspflicht und faire Entscheidungsfindung.<br \/>\nWir sind uns bewusst, dass die Integration von ESG-Prinzipien f\u00fcr die Bew\u00e4ltigung aktueller und zuk\u00fcnftiger Herausforderungen unerl\u00e4sslich ist und dass der gesch\u00e4ftliche Erfolg untrennbar mit dem Wohlergehen der Umwelt, der Menschen und der Gemeinschaften, mit denen wir interagieren, verbunden ist.Wir werden unsere Leistungen in den Bereichen Nachhaltigkeit, Soziales und Unternehmensf\u00fchrung weiterhin kontinuierlich verbessern, indem wir uns messbare und ehrgeizige Ziele setzen. Wir werden regelm\u00e4\u00dfig \u00fcber unsere Fortschritte bei der Erreichung dieser Ziele berichten und dabei volle Transparenz wahren.<\/div>\n<\/div>\n<\/div>\n<hr \/>\n<p><\/div><span id='read__more'>Mehr lesen<\/span><\/div>\n            <script>\n            jQuery(function () {\n\n                var p = jQuery('.text__read__more__text > p');\n\n                for(var i = 0; i < p.length; i++){\n                    if(jQuery(p[i]).is(':empty') == true){\n                        jQuery(p[i]).hide();\n                    }\n                }\n                \n                jQuery('#read__more').click(function (e) {\n                \n                        jQuery('.text__read__more__text').slideDown( 'slow', function() {\n                            jQuery(this).css({\n                            'height': 'auto',\n                            'overflow': 'auto'\n                            });\n\n                          \n                            \n                        });\n\n                        jQuery(this).hide();\n                         \n                });\n                \n            });\n           \n            <\/script>\n            [\/vc_column][\/vc_row][vc_row][vc_column][vc_separator color=&#8220;custom&#8220; el_width=&#8220;10&#8243; accent_color=&#8220;#333333&#8243;][\/vc_column][\/vc_row][vc_row][vc_column width=&#8220;1\/3&#8243;]<div class=\"block__img__hover\"><a href=\"https:\/\/www.valcucine.com\/de\/unternehmen\/esg\/sdg\/\" target=\"\" rel=\"\" style=\"background-image:url(https:\/\/www.valcucine.com\/wp-content\/uploads\/2024\/08\/SDG-e1753194545886.jpg?wsr)\"><img src='https:\/\/www.valcucine.com\/wp-content\/uploads\/2024\/08\/SDG-e1753194545886.jpg?wsr' alt='' style='display:none'><span>Esg<\/span><h4>Sdg<\/h4><\/a><\/div>[\/vc_column][vc_column width=&#8220;1\/3&#8243;]<div class=\"block__img__hover\"><a href=\"https:\/\/www.valcucine.com\/de\/unternehmen\/esg\/ethik-kodex\/\" target=\"\" rel=\"\" style=\"background-image:url(https:\/\/www.valcucine.com\/wp-content\/uploads\/2024\/08\/CODICE-ETICO-e1753194523773.jpg?wsr)\"><img src='https:\/\/www.valcucine.com\/wp-content\/uploads\/2024\/08\/CODICE-ETICO-e1753194523773.jpg?wsr' alt='' style='display:none'><span>Esg<\/span><h4>Ethik-Codex<\/h4><\/a><\/div>[\/vc_column][vc_column width=&#8220;1\/3&#8243;]<div class=\"block__img__hover\"><a href=\"https:\/\/www.valcucine.com\/de\/unternehmen\/esg\/fsc\/\" target=\"\" rel=\"\" style=\"background-image:url(https:\/\/www.valcucine.com\/wp-content\/uploads\/2024\/08\/FSC-e1753194507913.jpg?wsr)\"><img src='https:\/\/www.valcucine.com\/wp-content\/uploads\/2024\/08\/FSC-e1753194507913.jpg?wsr' alt='' style='display:none'><span>Esg<\/span><h4>Fsc<\/h4><\/a><\/div>[\/vc_column][\/vc_row][vc_row][vc_column width=&#8220;1\/3&#8243;]<div class=\"block__img__hover\"><a href=\"https:\/\/www.valcucine.com\/de\/unternehmen\/esg\/leed-v4-1\/\" target=\"\" rel=\"\" style=\"background-image:url(https:\/\/www.valcucine.com\/wp-content\/uploads\/2024\/08\/LEED-e1753194492801.jpg?wsr)\"><img src='https:\/\/www.valcucine.com\/wp-content\/uploads\/2024\/08\/LEED-e1753194492801.jpg?wsr' alt='' style='display:none'><span>Esg<\/span><h4>Leed<\/h4><\/a><\/div>[\/vc_column][vc_column width=&#8220;1\/3&#8243;]<div class=\"block__img__hover\"><a href=\"https:\/\/www.valcucine.com\/de\/unternehmen\/esg\/zertifizierungen\/\" target=\"\" rel=\"\" style=\"background-image:url(https:\/\/www.valcucine.com\/wp-content\/uploads\/2024\/08\/ISO-e1753194464942.jpg?wsr)\"><img src='https:\/\/www.valcucine.com\/wp-content\/uploads\/2024\/08\/ISO-e1753194464942.jpg?wsr' alt='' style='display:none'><span>Esg<\/span><h4>Iso<\/h4><\/a><\/div>[\/vc_column][vc_column width=&#8220;1\/3&#8243;]<div class=\"block__img__hover\"><a href=\"https:\/\/www.valcucine.com\/de\/unternehmen\/esg\/bioforest\/\" target=\"\" rel=\"\" style=\"background-image:url(https:\/\/www.valcucine.com\/wp-content\/uploads\/2024\/08\/BIOFOREST-e1753194423778.jpg?wsr)\"><img src='https:\/\/www.valcucine.com\/wp-content\/uploads\/2024\/08\/BIOFOREST-e1753194423778.jpg?wsr' alt='' style='display:none'><span>Esg<\/span><h4>Bioforest<\/h4><\/a><\/div>[\/vc_column][\/vc_row][vc_row css=&#8220;.vc_custom_1710779751769{margin-bottom: 40px !important;}&#8220;][vc_column width=&#8220;1\/3&#8243;]<div class=\"block__img__hover\"><a href=\"https:\/\/www.valcucine.com\/de\/unternehmen\/esg\/gdpr\/\" target=\"\" rel=\"\" style=\"background-image:url(https:\/\/www.valcucine.com\/wp-content\/uploads\/2024\/08\/GDPR-e1753194391439.jpg?wsr)\"><img src='https:\/\/www.valcucine.com\/wp-content\/uploads\/2024\/08\/GDPR-e1753194391439.jpg?wsr' alt='' style='display:none'><span>Esg<\/span><h4>Gdpr<\/h4><\/a><\/div>[\/vc_column][vc_column width=&#8220;1\/3&#8243;][\/vc_column][vc_column width=&#8220;1\/3&#8243;][\/vc_column][\/vc_row][vc_row][vc_column][\/vc_column][\/vc_row]<\/p>\n<\/div>","protected":false},"excerpt":{"rendered":"<p>[vc_row css=&#8220;.vc_custom_1709740056130{padding-top: 40px !important;padding-bottom: 40px !important;}&#8220;][vc_column][\/vc_column][\/vc_row][vc_row][vc_column][vc_column_text] Die Erweiterung der\u00a0FSC-Zertifizierung,\u00a0wie die\u00a0LEED-Kartierung, die ISO 14001-Zertifizierung\u00a0und die Teilnahme am Bioforest-Verband, sind Teil einer Reihe konkreter Massnahmen, die den Zielen f\u00fcr nachhaltige Entwicklung (Global Development Goals) entsprechen, die von der Agenda 2030 der Vereinten Nationen diktiert werden, sowie den ESG-Richtlinien, die die G\u00fcltigkeit eines Unternehmens, eines Betriebs oder einer [&hellip;]<\/p>\n","protected":false},"author":1,"featured_media":0,"parent":20679,"menu_order":0,"comment_status":"closed","ping_status":"closed","template":"","meta":{"footnotes":""},"class_list":["post-20696","page","type-page","status-publish","hentry"],"yoast_head":"<!-- This site is optimized with the Yoast SEO plugin v26.2 - https:\/\/yoast.com\/wordpress\/plugins\/seo\/ -->\n<title>ESG - Valcucine<\/title>\n<meta name=\"robots\" content=\"index, follow, max-snippet:-1, max-image-preview:large, max-video-preview:-1\" \/>\n<link rel=\"canonical\" href=\"https:\/\/www.valcucine.com\/de\/unternehmen\/esg\/\" \/>\n<meta property=\"og:locale\" content=\"de_DE\" \/>\n<meta property=\"og:type\" content=\"article\" \/>\n<meta property=\"og:title\" content=\"ESG - Valcucine\" \/>\n<meta property=\"og:description\" content=\"[vc_row css=&#8220;.vc_custom_1709740056130{padding-top: 40px !important;padding-bottom: 40px !important;}&#8220;][vc_column][\/vc_column][\/vc_row][vc_row][vc_column][vc_column_text] Die Erweiterung der\u00a0FSC-Zertifizierung,\u00a0wie die\u00a0LEED-Kartierung, die ISO 14001-Zertifizierung\u00a0und die Teilnahme am Bioforest-Verband, sind Teil einer Reihe konkreter Massnahmen, die den Zielen f\u00fcr nachhaltige Entwicklung (Global Development Goals) entsprechen, die von der Agenda 2030 der Vereinten Nationen diktiert werden, sowie den ESG-Richtlinien, die die G\u00fcltigkeit eines Unternehmens, eines Betriebs oder einer [&hellip;]\" \/>\n<meta property=\"og:url\" content=\"https:\/\/www.valcucine.com\/de\/unternehmen\/esg\/\" \/>\n<meta property=\"og:site_name\" content=\"Valcucine\" \/>\n<meta property=\"article:publisher\" content=\"https:\/\/www.facebook.com\/valcucine\/\" \/>\n<meta property=\"article:modified_time\" content=\"2026-03-03T13:02:01+00:00\" \/>\n<meta name=\"twitter:card\" content=\"summary_large_image\" \/>\n<meta name=\"twitter:label1\" content=\"Gesch\u00e4tzte Lesezeit\" \/>\n\t<meta name=\"twitter:data1\" content=\"3\u00a0Minuten\" \/>\n<script type=\"application\/ld+json\" class=\"yoast-schema-graph\">{\"@context\":\"https:\/\/schema.org\",\"@graph\":[{\"@type\":\"WebPage\",\"@id\":\"https:\/\/www.valcucine.com\/de\/unternehmen\/esg\/\",\"url\":\"https:\/\/www.valcucine.com\/de\/unternehmen\/esg\/\",\"name\":\"ESG - Valcucine\",\"isPartOf\":{\"@id\":\"https:\/\/www.valcucine.com\/#website\"},\"datePublished\":\"2024-03-11T14:08:35+00:00\",\"dateModified\":\"2026-03-03T13:02:01+00:00\",\"breadcrumb\":{\"@id\":\"https:\/\/www.valcucine.com\/de\/unternehmen\/esg\/#breadcrumb\"},\"inLanguage\":\"de\",\"potentialAction\":[{\"@type\":\"ReadAction\",\"target\":[\"https:\/\/www.valcucine.com\/de\/unternehmen\/esg\/\"]}]},{\"@type\":\"BreadcrumbList\",\"@id\":\"https:\/\/www.valcucine.com\/de\/unternehmen\/esg\/#breadcrumb\",\"itemListElement\":[{\"@type\":\"ListItem\",\"position\":1,\"name\":\"Valcucine\",\"item\":\"https:\/\/www.valcucine.com\/de\/\"},{\"@type\":\"ListItem\",\"position\":2,\"name\":\"Unternehmen\",\"item\":\"https:\/\/www.valcucine.com\/de\/unternehmen\/\"},{\"@type\":\"ListItem\",\"position\":3,\"name\":\"ESG\"}]},{\"@type\":\"WebSite\",\"@id\":\"https:\/\/www.valcucine.com\/#website\",\"url\":\"https:\/\/www.valcucine.com\/\",\"name\":\"Valcucine\",\"description\":\"\",\"publisher\":{\"@id\":\"https:\/\/www.valcucine.com\/#organization\"},\"potentialAction\":[{\"@type\":\"SearchAction\",\"target\":{\"@type\":\"EntryPoint\",\"urlTemplate\":\"https:\/\/www.valcucine.com\/?s={search_term_string}\"},\"query-input\":{\"@type\":\"PropertyValueSpecification\",\"valueRequired\":true,\"valueName\":\"search_term_string\"}}],\"inLanguage\":\"de\"},{\"@type\":\"Organization\",\"@id\":\"https:\/\/www.valcucine.com\/#organization\",\"name\":\"Valcucine\",\"url\":\"https:\/\/www.valcucine.com\/\",\"logo\":{\"@type\":\"ImageObject\",\"inLanguage\":\"de\",\"@id\":\"https:\/\/www.valcucine.com\/#\/schema\/logo\/image\/\",\"url\":\"https:\/\/www.valcucine.com\/wp-content\/uploads\/2024\/02\/logo-valcucine.webp?wsr\",\"contentUrl\":\"https:\/\/www.valcucine.com\/wp-content\/uploads\/2024\/02\/logo-valcucine.webp?wsr\",\"width\":288,\"height\":46,\"caption\":\"Valcucine\"},\"image\":{\"@id\":\"https:\/\/www.valcucine.com\/#\/schema\/logo\/image\/\"},\"sameAs\":[\"https:\/\/www.facebook.com\/valcucine\/\",\"https:\/\/www.instagram.com\/valcucine\/\",\"https:\/\/www.linkedin.com\/company\/valcucine\"]}]}<\/script>\n<!-- \/ Yoast SEO plugin. -->","yoast_head_json":{"title":"ESG - Valcucine","robots":{"index":"index","follow":"follow","max-snippet":"max-snippet:-1","max-image-preview":"max-image-preview:large","max-video-preview":"max-video-preview:-1"},"canonical":"https:\/\/www.valcucine.com\/de\/unternehmen\/esg\/","og_locale":"de_DE","og_type":"article","og_title":"ESG - Valcucine","og_description":"[vc_row css=&#8220;.vc_custom_1709740056130{padding-top: 40px !important;padding-bottom: 40px !important;}&#8220;][vc_column][\/vc_column][\/vc_row][vc_row][vc_column][vc_column_text] Die Erweiterung der\u00a0FSC-Zertifizierung,\u00a0wie die\u00a0LEED-Kartierung, die ISO 14001-Zertifizierung\u00a0und die Teilnahme am Bioforest-Verband, sind Teil einer Reihe konkreter Massnahmen, die den Zielen f\u00fcr nachhaltige Entwicklung (Global Development Goals) entsprechen, die von der Agenda 2030 der Vereinten Nationen diktiert werden, sowie den ESG-Richtlinien, die die G\u00fcltigkeit eines Unternehmens, eines Betriebs oder einer [&hellip;]","og_url":"https:\/\/www.valcucine.com\/de\/unternehmen\/esg\/","og_site_name":"Valcucine","article_publisher":"https:\/\/www.facebook.com\/valcucine\/","article_modified_time":"2026-03-03T13:02:01+00:00","twitter_card":"summary_large_image","twitter_misc":{"Gesch\u00e4tzte Lesezeit":"3\u00a0Minuten"},"schema":{"@context":"https:\/\/schema.org","@graph":[{"@type":"WebPage","@id":"https:\/\/www.valcucine.com\/de\/unternehmen\/esg\/","url":"https:\/\/www.valcucine.com\/de\/unternehmen\/esg\/","name":"ESG - Valcucine","isPartOf":{"@id":"https:\/\/www.valcucine.com\/#website"},"datePublished":"2024-03-11T14:08:35+00:00","dateModified":"2026-03-03T13:02:01+00:00","breadcrumb":{"@id":"https:\/\/www.valcucine.com\/de\/unternehmen\/esg\/#breadcrumb"},"inLanguage":"de","potentialAction":[{"@type":"ReadAction","target":["https:\/\/www.valcucine.com\/de\/unternehmen\/esg\/"]}]},{"@type":"BreadcrumbList","@id":"https:\/\/www.valcucine.com\/de\/unternehmen\/esg\/#breadcrumb","itemListElement":[{"@type":"ListItem","position":1,"name":"Valcucine","item":"https:\/\/www.valcucine.com\/de\/"},{"@type":"ListItem","position":2,"name":"Unternehmen","item":"https:\/\/www.valcucine.com\/de\/unternehmen\/"},{"@type":"ListItem","position":3,"name":"ESG"}]},{"@type":"WebSite","@id":"https:\/\/www.valcucine.com\/#website","url":"https:\/\/www.valcucine.com\/","name":"Valcucine","description":"","publisher":{"@id":"https:\/\/www.valcucine.com\/#organization"},"potentialAction":[{"@type":"SearchAction","target":{"@type":"EntryPoint","urlTemplate":"https:\/\/www.valcucine.com\/?s={search_term_string}"},"query-input":{"@type":"PropertyValueSpecification","valueRequired":true,"valueName":"search_term_string"}}],"inLanguage":"de"},{"@type":"Organization","@id":"https:\/\/www.valcucine.com\/#organization","name":"Valcucine","url":"https:\/\/www.valcucine.com\/","logo":{"@type":"ImageObject","inLanguage":"de","@id":"https:\/\/www.valcucine.com\/#\/schema\/logo\/image\/","url":"https:\/\/www.valcucine.com\/wp-content\/uploads\/2024\/02\/logo-valcucine.webp?wsr","contentUrl":"https:\/\/www.valcucine.com\/wp-content\/uploads\/2024\/02\/logo-valcucine.webp?wsr","width":288,"height":46,"caption":"Valcucine"},"image":{"@id":"https:\/\/www.valcucine.com\/#\/schema\/logo\/image\/"},"sameAs":["https:\/\/www.facebook.com\/valcucine\/","https:\/\/www.instagram.com\/valcucine\/","https:\/\/www.linkedin.com\/company\/valcucine"]}]}},"_links":{"self":[{"href":"https:\/\/www.valcucine.com\/de\/wp-json\/wp\/v2\/pages\/20696","targetHints":{"allow":["GET"]}}],"collection":[{"href":"https:\/\/www.valcucine.com\/de\/wp-json\/wp\/v2\/pages"}],"about":[{"href":"https:\/\/www.valcucine.com\/de\/wp-json\/wp\/v2\/types\/page"}],"author":[{"embeddable":true,"href":"https:\/\/www.valcucine.com\/de\/wp-json\/wp\/v2\/users\/1"}],"replies":[{"embeddable":true,"href":"https:\/\/www.valcucine.com\/de\/wp-json\/wp\/v2\/comments?post=20696"}],"version-history":[{"count":18,"href":"https:\/\/www.valcucine.com\/de\/wp-json\/wp\/v2\/pages\/20696\/revisions"}],"predecessor-version":[{"id":53868,"href":"https:\/\/www.valcucine.com\/de\/wp-json\/wp\/v2\/pages\/20696\/revisions\/53868"}],"up":[{"embeddable":true,"href":"https:\/\/www.valcucine.com\/de\/wp-json\/wp\/v2\/pages\/20679"}],"wp:attachment":[{"href":"https:\/\/www.valcucine.com\/de\/wp-json\/wp\/v2\/media?parent=20696"}],"curies":[{"name":"wp","href":"https:\/\/api.w.org\/{rel}","templated":true}]}}