{"id":20719,"date":"2024-08-20T14:23:52","date_gmt":"2024-08-20T14:23:52","guid":{"rendered":"https:\/\/devel.valcucine.com\/merkante-elemente\/la-cucina-si-integra-con-larchitettura\/"},"modified":"2025-07-02T11:43:21","modified_gmt":"2025-07-02T11:43:21","slug":"architektonische-integration","status":"publish","type":"page","link":"https:\/\/www.valcucine.com\/de\/merkante-elemente\/architektonische-integration\/","title":{"rendered":"Architektonische Integration"},"content":{"rendered":"<div class=\"wpb-content-wrapper\"><p>[vc_row][vc_column]\n\t\t\t<!-- START Integrazione architettonica REVOLUTION SLIDER 6.7.38 --><p class=\"rs-p-wp-fix\"><\/p>\n\t\t\t<rs-module-wrap id=\"rev_slider_221_1_wrapper\" data-source=\"gallery\" style=\"visibility:hidden;background:transparent;padding:0;margin:0px auto;margin-top:0;margin-bottom:0;\">\n\t\t\t\t<rs-module id=\"rev_slider_221_1\" style=\"\" data-version=\"6.7.38\">\n\t\t\t\t\t<rs-slides style=\"overflow: hidden; position: absolute;\">\n\t\t\t\t\t\t<rs-slide style=\"position: absolute;\" data-key=\"rs-1019\" data-title=\"Slide\" data-thumb=\"\/\/www.valcucine.com\/wp-content\/uploads\/2024\/08\/Valcucine_New-Logica_-kitchen-integration-with-the-architecture--50x100.jpg\" data-in=\"o:0;\" data-out=\"a:false;\">\n\t\t\t\t\t\t\t<img decoding=\"async\" src=\"\/\/www.valcucine.com\/wp-content\/plugins\/revslider\/sr6\/assets\/assets\/dummy.png\" alt=\"Valcucine_New Logica_ kitchen integration with the architecture\" title=\"Valcucine_New Logica_ kitchen integration with the architecture\" width=\"2400\" height=\"1200\" class=\"rev-slidebg tp-rs-img rs-lazyload\" data-lazyload=\"\/\/www.valcucine.com\/wp-content\/uploads\/2024\/08\/Valcucine_New-Logica_-kitchen-integration-with-the-architecture-.jpg\" data-no-retina>\n<!---->\t\t\t\t\t<\/rs-slide>\n\t\t\t\t\t\t<rs-slide style=\"position: absolute;\" data-key=\"rs-1020\" data-title=\"Slide\" data-thumb=\"\/\/www.valcucine.com\/wp-content\/uploads\/2024\/08\/VELA-UNIT-3-50x100.jpg\" data-in=\"o:0;\" data-out=\"a:false;\">\n\t\t\t\t\t\t\t<img decoding=\"async\" src=\"\/\/www.valcucine.com\/wp-content\/plugins\/revslider\/sr6\/assets\/assets\/dummy.png\" alt=\"Vela Unit_Special Element Valcucin\" title=\"Vela Unit_Special Element Valcucin\" width=\"2000\" height=\"1400\" class=\"rev-slidebg tp-rs-img rs-lazyload\" data-lazyload=\"\/\/www.valcucine.com\/wp-content\/uploads\/2024\/08\/VELA-UNIT-3.jpg\" data-no-retina>\n<!---->\t\t\t\t\t<\/rs-slide>\n\t\t\t\t\t\t<rs-slide style=\"position: absolute;\" data-key=\"rs-1021\" data-title=\"Slide\" data-thumb=\"\/\/www.valcucine.com\/wp-content\/uploads\/2024\/08\/Valcucine_New-Logica_integrated-with-the-architecture_2-50x100.jpg\" data-in=\"o:0;\" data-out=\"a:false;\">\n\t\t\t\t\t\t\t<img decoding=\"async\" src=\"\/\/www.valcucine.com\/wp-content\/plugins\/revslider\/sr6\/assets\/assets\/dummy.png\" alt=\"\" title=\"Valcucine_New Logica_integrated with the architecture_2\" width=\"800\" height=\"400\" class=\"rev-slidebg tp-rs-img rs-lazyload\" data-lazyload=\"\/\/www.valcucine.com\/wp-content\/uploads\/2024\/08\/Valcucine_New-Logica_integrated-with-the-architecture_2.jpg\" data-no-retina>\n<!---->\t\t\t\t\t<\/rs-slide>\n\t\t\t\t\t\t<rs-slide style=\"position: absolute;\" data-key=\"rs-1022\" data-title=\"Slide\" data-thumb=\"\/\/www.valcucine.com\/wp-content\/uploads\/2024\/08\/DSC7889_ph-Michele-Salucci-ImmaginAria-50x100.jpg\" data-in=\"o:0;\" data-out=\"a:false;\">\n\t\t\t\t\t\t\t<img decoding=\"async\" src=\"\/\/www.valcucine.com\/wp-content\/plugins\/revslider\/sr6\/assets\/assets\/dummy.png\" alt=\"\" title=\"_DSC7889_ph Michele Salucci ImmaginAria\" width=\"800\" height=\"456\" class=\"rev-slidebg tp-rs-img rs-lazyload\" data-lazyload=\"\/\/www.valcucine.com\/wp-content\/uploads\/2024\/08\/DSC7889_ph-Michele-Salucci-ImmaginAria.jpg\" data-no-retina>\n<!---->\t\t\t\t\t<\/rs-slide>\n\t\t\t\t\t\t<rs-slide style=\"position: absolute;\" data-key=\"rs-1023\" data-title=\"Slide\" data-thumb=\"\/\/www.valcucine.com\/wp-content\/uploads\/2024\/08\/DSC7849_ph-Michele-Salucci-ImmaginAria_Milano-Design-Week-2024-50x100.jpg\" data-in=\"o:0;\" data-out=\"a:false;\">\n\t\t\t\t\t\t\t<img decoding=\"async\" src=\"\/\/www.valcucine.com\/wp-content\/plugins\/revslider\/sr6\/assets\/assets\/dummy.png\" alt=\"\" title=\"_DSC7849_ph Michele Salucci ImmaginAria_Milano Design Week 2024\" width=\"2000\" height=\"1106\" class=\"rev-slidebg tp-rs-img rs-lazyload\" data-lazyload=\"\/\/www.valcucine.com\/wp-content\/uploads\/2024\/08\/DSC7849_ph-Michele-Salucci-ImmaginAria_Milano-Design-Week-2024.jpg\" data-no-retina>\n<!---->\t\t\t\t\t<\/rs-slide>\n\t\t\t\t\t<\/rs-slides>\n\t\t\t\t<\/rs-module>\n\t\t\t\t<script>\n\t\t\t\t\tsetREVStartSize({c: 'rev_slider_221_1',rl:[1240,1024,778,480],el:[900],gw:[1240],gh:[900],type:'standard',justify:'',layout:'fullwidth',mh:\"0\"});if (window.RS_MODULES!==undefined && window.RS_MODULES.modules!==undefined && window.RS_MODULES.modules[\"revslider2211\"]!==undefined) {window.RS_MODULES.modules[\"revslider2211\"].once = false;window.revapi221 = undefined;if (window.RS_MODULES.checkMinimal!==undefined) window.RS_MODULES.checkMinimal()}\n\t\t\t\t<\/script>\n\t\t\t<\/rs-module-wrap>\n\t\t\t<!-- END REVOLUTION SLIDER -->\n[\/vc_column][\/vc_row][vc_row el_class=&#8220;pt-6&#8243; css=&#8220;.vc_custom_1711706221520{padding-top: 40px !important;padding-bottom: 40px !important;}&#8220;][vc_column]\n        \n        <h1 class=\"text-center  main__title__h1  \" style=\"color:#333333;\"> \n\n         Architektonische Integration\n        \n        <\/h1>\n        \n        <h2 class=\"text-center  main__title__h2  \" style=\"color:#333333;\"> \n\n         Technische L\u00f6sungen, Ausf\u00fchrungen und Ger\u00e4te zur Integration von K\u00fcchen in architektonische Projekte\n        \n        <\/h2>[\/vc_column][\/vc_row][vc_row][vc_column][vc_column_text]Die architektonische Gestaltung und die Integration mit der Architektur sind im High-End-K\u00fcchendesign unerl\u00e4sslich geworden.<br \/>\nDiese Erkenntnis leitet unsere Produktentwicklungst\u00e4tigkeiten. Valcucine hat verschiedene L\u00f6sungen entwickelt, um K\u00fcchen und Spezialelemente in die Projekte von Architekten und Innenarchitekten zu integrieren.[\/vc_column_text][\/vc_column][\/vc_row][vc_row css=&#8220;.vc_custom_1709741045295{margin-top: 10px !important;}&#8220;][vc_column width=&#8220;1\/2&#8243;][vc_single_image image=&#8220;19608&#8243; img_size=&#8220;500&#215;300&#8243; alignment=&#8220;center&#8220;][\/vc_column][vc_column width=&#8220;1\/2&#8243;][vc_empty_space][vc_column_text]Das besondere Element\u00a0<strong>New Logica<\/strong>\u00a0wurde um die M\u00f6glichkeit der vertikalen Entwicklung erweitert. Die Einf\u00fchrung einer speziellen Abdeckplatte f\u00fcr den charakteristischen Ausgleichsmechanismus erm\u00f6glicht zus\u00e4tzliche Einbeziehung \u00fcber die gesamte Wandh\u00f6he hinweg und die M\u00f6glichkeit, die K\u00fcche mit den S\u00e4ulen zu integrieren und auszurichten.<\/p>\n<p>Diese L\u00f6sung ist auch \u00fcber den Ausgleichsmechanismen von New Logica erh\u00e4ltlich, im\u00a0<strong>Oberschrank Aerius, im Oberschrank Latus<\/strong>\u00a0und kann in den Ausf\u00fchrungen der T\u00fcren von Artematica umgesetzt werden (mit Ausnahme von Vitrum Velato und Marmor, Granit und Sandstein, die aus Gewichtsgr\u00fcnden nicht in schwenkbaren T\u00fcren verf\u00fcgbar sind), um jedem Projekt mit speziellen Elementen eine visuelle Kontinuit\u00e4t zu verleihen.[\/vc_column_text][\/vc_column][\/vc_row][vc_row css=&#8220;.vc_custom_1709741045295{margin-top: 10px !important;}&#8220;][vc_column width=&#8220;1\/2&#8243;][vc_empty_space][vc_column_text]Zus\u00e4tzlich zu Glas, dem Markenzeichen von Valcucine, und edlen Metallen wird der Einsatz von Oberfl\u00e4chen wie <strong>MDi, Laminam und Fenix\u00ae<\/strong> \u2013 die normalerweise in Architekturoberfl\u00e4chen verwendet werden \u2013 auch auf Schiebet\u00fcren und Klappt\u00fcren der Spezialelemente ausgeweitet, was die Gestaltung und Integration mit der Architektur in einem 360\u00b0-Designansatz erleichtert. Die Fenix\u00ae-Oberfl\u00e4che kann auch die W\u00e4nde angrenzend zum Vela-H\u00e4ngeschrank verkleiden und so eine gleichm\u00e4\u00dfige und durchgehende Oberfl\u00e4che schaffen. Auf diese Weise wird der Vela-H\u00e4ngeschrank zu einem M\u00f6belelement, das perfekt in die Architektur des Wohnumfelds integriert ist.[\/vc_column_text][\/vc_column][vc_column width=&#8220;1\/2&#8243;][vc_single_image image=&#8220;19613&#8243; img_size=&#8220;500&#215;300&#8243; alignment=&#8220;center&#8220;][\/vc_column][\/vc_row][vc_row css=&#8220;.vc_custom_1709741045295{margin-top: 10px !important;}&#8220;][vc_column width=&#8220;1\/2&#8243;][vc_single_image image=&#8220;19618&#8243; img_size=&#8220;500&#215;300&#8243; alignment=&#8220;center&#8220;][\/vc_column][vc_column width=&#8220;1\/2&#8243;][vc_empty_space][vc_column_text]Die Fenix\u00ae-Oberfl\u00e4che kann auch die W\u00e4nde neben dem Oberschrank Vela verkleiden und so eine gleichm\u00e4\u00dfige und durchgehende Fl\u00e4che schaffen. Der <strong>Oberschrank Vela<\/strong> wird so zu einem perfekt in die Architektur des Wohnraums integrierten Einrichtungselement.[\/vc_column_text][\/vc_column][\/vc_row][vc_row css=&#8220;.vc_custom_1709741045295{margin-top: 10px !important;}&#8220;][vc_column width=&#8220;1\/2&#8243;][vc_empty_space][vc_column_text]Der\u00a0<strong>Oberschrank Cielo,<\/strong>\u00a0entworfen mit Aluminiumregalen, wurde hingegen entworfen, um die Wandverkleidung hervorzuheben.<br \/>\nDer Oberschrank passt sich Ihren Bed\u00fcrfnissen an: ideal f\u00fcr wertvolle und t\u00e4glich genutzte Gegenst\u00e4nde, kann er auch die Dunstabzugshaube aufnehmen, die perfekt in die Struktur integriert ist. Auf diese Weise k\u00f6nnen dynamische Designl\u00f6sungen geschaffen werden, die mit der Wechselwirkung von offenen Elementen und geschlossenen F\u00e4chern spielen und dabei immer eine \u00e4sthetische Leichtigkeit bewahren.[\/vc_column_text][\/vc_column][vc_column width=&#8220;1\/2&#8243;][vc_single_image image=&#8220;19623&#8243; img_size=&#8220;500&#215;300&#8243; alignment=&#8220;center&#8220;][\/vc_column][\/vc_row][vc_row css=&#8220;.vc_custom_1709741045295{margin-top: 10px !important;}&#8220;][vc_column width=&#8220;1\/2&#8243;][vc_single_image image=&#8220;19628&#8243; img_size=&#8220;500&#215;300&#8243; alignment=&#8220;center&#8220;][\/vc_column][vc_column width=&#8220;1\/2&#8243;][vc_empty_space][vc_column_text]Die Suche nach der Integration der K\u00fcche in die Architektur des Raumes zeigt sich auch in der Gestaltung einer <strong>neuen T\u00fcr<\/strong>, die in Kontinuit\u00e4t<br \/>\nmit den Oberfl\u00e4chen der T\u00fcren steht und einen harmonischen Look schafft, der \u00fcberraschende \u00d6ffnungen zu anderen Bereichen des Hauses bietet.[\/vc_column_text][\/vc_column][\/vc_row][vc_row][vc_column][vc_separator color=&#8220;custom&#8220; el_width=&#8220;10&#8243; accent_color=&#8220;#666666&#8243;][\/vc_column][\/vc_row]<\/p>\n<\/div>","protected":false},"excerpt":{"rendered":"<p>[vc_row][vc_column][\/vc_column][\/vc_row][vc_row el_class=&#8220;pt-6&#8243; css=&#8220;.vc_custom_1711706221520{padding-top: 40px !important;padding-bottom: 40px !important;}&#8220;][vc_column][\/vc_column][\/vc_row][vc_row][vc_column][vc_column_text]Die architektonische Gestaltung und die Integration mit der Architektur sind im High-End-K\u00fcchendesign unerl\u00e4sslich geworden. Diese Erkenntnis leitet unsere Produktentwicklungst\u00e4tigkeiten. Valcucine hat verschiedene L\u00f6sungen entwickelt, um K\u00fcchen und Spezialelemente in die Projekte von Architekten und Innenarchitekten zu integrieren.[\/vc_column_text][\/vc_column][\/vc_row][vc_row css=&#8220;.vc_custom_1709741045295{margin-top: 10px !important;}&#8220;][vc_column width=&#8220;1\/2&#8243;][vc_single_image image=&#8220;19608&#8243; img_size=&#8220;500&#215;300&#8243; alignment=&#8220;center&#8220;][\/vc_column][vc_column width=&#8220;1\/2&#8243;][vc_empty_space][vc_column_text]Das besondere Element\u00a0New Logica\u00a0wurde um [&hellip;]<\/p>\n","protected":false},"author":2,"featured_media":0,"parent":20716,"menu_order":0,"comment_status":"closed","ping_status":"closed","template":"","meta":{"footnotes":""},"class_list":["post-20719","page","type-page","status-publish","hentry"],"yoast_head":"<!-- This site is optimized with the Yoast SEO plugin v26.2 - https:\/\/yoast.com\/wordpress\/plugins\/seo\/ -->\n<title>Architektonische Integration - Valcucine<\/title>\n<meta name=\"robots\" content=\"index, follow, max-snippet:-1, max-image-preview:large, max-video-preview:-1\" \/>\n<link rel=\"canonical\" href=\"https:\/\/www.valcucine.com\/de\/merkante-elemente\/architektonische-integration\/\" \/>\n<meta property=\"og:locale\" content=\"de_DE\" \/>\n<meta property=\"og:type\" content=\"article\" \/>\n<meta property=\"og:title\" content=\"Architektonische Integration - Valcucine\" \/>\n<meta property=\"og:description\" content=\"[vc_row][vc_column][\/vc_column][\/vc_row][vc_row el_class=&#8220;pt-6&#8243; css=&#8220;.vc_custom_1711706221520{padding-top: 40px !important;padding-bottom: 40px !important;}&#8220;][vc_column][\/vc_column][\/vc_row][vc_row][vc_column][vc_column_text]Die architektonische Gestaltung und die Integration mit der Architektur sind im High-End-K\u00fcchendesign unerl\u00e4sslich geworden. Diese Erkenntnis leitet unsere Produktentwicklungst\u00e4tigkeiten. Valcucine hat verschiedene L\u00f6sungen entwickelt, um K\u00fcchen und Spezialelemente in die Projekte von Architekten und Innenarchitekten zu integrieren.[\/vc_column_text][\/vc_column][\/vc_row][vc_row css=&#8220;.vc_custom_1709741045295{margin-top: 10px !important;}&#8220;][vc_column width=&#8220;1\/2&#8243;][vc_single_image image=&#8220;19608&#8243; img_size=&#8220;500&#215;300&#8243; alignment=&#8220;center&#8220;][\/vc_column][vc_column width=&#8220;1\/2&#8243;][vc_empty_space][vc_column_text]Das besondere Element\u00a0New Logica\u00a0wurde um [&hellip;]\" \/>\n<meta property=\"og:url\" content=\"https:\/\/www.valcucine.com\/de\/merkante-elemente\/architektonische-integration\/\" \/>\n<meta property=\"og:site_name\" content=\"Valcucine\" \/>\n<meta property=\"article:publisher\" content=\"https:\/\/www.facebook.com\/valcucine\/\" \/>\n<meta property=\"article:modified_time\" content=\"2025-07-02T11:43:21+00:00\" \/>\n<meta name=\"twitter:card\" content=\"summary_large_image\" \/>\n<meta name=\"twitter:label1\" content=\"Gesch\u00e4tzte Lesezeit\" \/>\n\t<meta name=\"twitter:data1\" content=\"3\u00a0Minuten\" \/>\n<script type=\"application\/ld+json\" class=\"yoast-schema-graph\">{\"@context\":\"https:\/\/schema.org\",\"@graph\":[{\"@type\":\"WebPage\",\"@id\":\"https:\/\/www.valcucine.com\/de\/merkante-elemente\/architektonische-integration\/\",\"url\":\"https:\/\/www.valcucine.com\/de\/merkante-elemente\/architektonische-integration\/\",\"name\":\"Architektonische Integration - Valcucine\",\"isPartOf\":{\"@id\":\"https:\/\/www.valcucine.com\/#website\"},\"datePublished\":\"2024-08-20T14:23:52+00:00\",\"dateModified\":\"2025-07-02T11:43:21+00:00\",\"breadcrumb\":{\"@id\":\"https:\/\/www.valcucine.com\/de\/merkante-elemente\/architektonische-integration\/#breadcrumb\"},\"inLanguage\":\"de\",\"potentialAction\":[{\"@type\":\"ReadAction\",\"target\":[\"https:\/\/www.valcucine.com\/de\/merkante-elemente\/architektonische-integration\/\"]}]},{\"@type\":\"BreadcrumbList\",\"@id\":\"https:\/\/www.valcucine.com\/de\/merkante-elemente\/architektonische-integration\/#breadcrumb\",\"itemListElement\":[{\"@type\":\"ListItem\",\"position\":1,\"name\":\"Valcucine\",\"item\":\"https:\/\/www.valcucine.com\/de\/\"},{\"@type\":\"ListItem\",\"position\":2,\"name\":\"Merkante Elemente\",\"item\":\"https:\/\/www.valcucine.com\/de\/merkante-elemente\/\"},{\"@type\":\"ListItem\",\"position\":3,\"name\":\"Architektonische Integration\"}]},{\"@type\":\"WebSite\",\"@id\":\"https:\/\/www.valcucine.com\/#website\",\"url\":\"https:\/\/www.valcucine.com\/\",\"name\":\"Valcucine\",\"description\":\"\",\"publisher\":{\"@id\":\"https:\/\/www.valcucine.com\/#organization\"},\"potentialAction\":[{\"@type\":\"SearchAction\",\"target\":{\"@type\":\"EntryPoint\",\"urlTemplate\":\"https:\/\/www.valcucine.com\/?s={search_term_string}\"},\"query-input\":{\"@type\":\"PropertyValueSpecification\",\"valueRequired\":true,\"valueName\":\"search_term_string\"}}],\"inLanguage\":\"de\"},{\"@type\":\"Organization\",\"@id\":\"https:\/\/www.valcucine.com\/#organization\",\"name\":\"Valcucine\",\"url\":\"https:\/\/www.valcucine.com\/\",\"logo\":{\"@type\":\"ImageObject\",\"inLanguage\":\"de\",\"@id\":\"https:\/\/www.valcucine.com\/#\/schema\/logo\/image\/\",\"url\":\"https:\/\/www.valcucine.com\/wp-content\/uploads\/2024\/02\/logo-valcucine.webp?wsr\",\"contentUrl\":\"https:\/\/www.valcucine.com\/wp-content\/uploads\/2024\/02\/logo-valcucine.webp?wsr\",\"width\":288,\"height\":46,\"caption\":\"Valcucine\"},\"image\":{\"@id\":\"https:\/\/www.valcucine.com\/#\/schema\/logo\/image\/\"},\"sameAs\":[\"https:\/\/www.facebook.com\/valcucine\/\",\"https:\/\/www.instagram.com\/valcucine\/\",\"https:\/\/www.linkedin.com\/company\/valcucine\"]}]}<\/script>\n<!-- \/ Yoast SEO plugin. -->","yoast_head_json":{"title":"Architektonische Integration - Valcucine","robots":{"index":"index","follow":"follow","max-snippet":"max-snippet:-1","max-image-preview":"max-image-preview:large","max-video-preview":"max-video-preview:-1"},"canonical":"https:\/\/www.valcucine.com\/de\/merkante-elemente\/architektonische-integration\/","og_locale":"de_DE","og_type":"article","og_title":"Architektonische Integration - Valcucine","og_description":"[vc_row][vc_column][\/vc_column][\/vc_row][vc_row el_class=&#8220;pt-6&#8243; css=&#8220;.vc_custom_1711706221520{padding-top: 40px !important;padding-bottom: 40px !important;}&#8220;][vc_column][\/vc_column][\/vc_row][vc_row][vc_column][vc_column_text]Die architektonische Gestaltung und die Integration mit der Architektur sind im High-End-K\u00fcchendesign unerl\u00e4sslich geworden. Diese Erkenntnis leitet unsere Produktentwicklungst\u00e4tigkeiten. Valcucine hat verschiedene L\u00f6sungen entwickelt, um K\u00fcchen und Spezialelemente in die Projekte von Architekten und Innenarchitekten zu integrieren.[\/vc_column_text][\/vc_column][\/vc_row][vc_row css=&#8220;.vc_custom_1709741045295{margin-top: 10px !important;}&#8220;][vc_column width=&#8220;1\/2&#8243;][vc_single_image image=&#8220;19608&#8243; img_size=&#8220;500&#215;300&#8243; alignment=&#8220;center&#8220;][\/vc_column][vc_column width=&#8220;1\/2&#8243;][vc_empty_space][vc_column_text]Das besondere Element\u00a0New Logica\u00a0wurde um [&hellip;]","og_url":"https:\/\/www.valcucine.com\/de\/merkante-elemente\/architektonische-integration\/","og_site_name":"Valcucine","article_publisher":"https:\/\/www.facebook.com\/valcucine\/","article_modified_time":"2025-07-02T11:43:21+00:00","twitter_card":"summary_large_image","twitter_misc":{"Gesch\u00e4tzte Lesezeit":"3\u00a0Minuten"},"schema":{"@context":"https:\/\/schema.org","@graph":[{"@type":"WebPage","@id":"https:\/\/www.valcucine.com\/de\/merkante-elemente\/architektonische-integration\/","url":"https:\/\/www.valcucine.com\/de\/merkante-elemente\/architektonische-integration\/","name":"Architektonische Integration - Valcucine","isPartOf":{"@id":"https:\/\/www.valcucine.com\/#website"},"datePublished":"2024-08-20T14:23:52+00:00","dateModified":"2025-07-02T11:43:21+00:00","breadcrumb":{"@id":"https:\/\/www.valcucine.com\/de\/merkante-elemente\/architektonische-integration\/#breadcrumb"},"inLanguage":"de","potentialAction":[{"@type":"ReadAction","target":["https:\/\/www.valcucine.com\/de\/merkante-elemente\/architektonische-integration\/"]}]},{"@type":"BreadcrumbList","@id":"https:\/\/www.valcucine.com\/de\/merkante-elemente\/architektonische-integration\/#breadcrumb","itemListElement":[{"@type":"ListItem","position":1,"name":"Valcucine","item":"https:\/\/www.valcucine.com\/de\/"},{"@type":"ListItem","position":2,"name":"Merkante Elemente","item":"https:\/\/www.valcucine.com\/de\/merkante-elemente\/"},{"@type":"ListItem","position":3,"name":"Architektonische Integration"}]},{"@type":"WebSite","@id":"https:\/\/www.valcucine.com\/#website","url":"https:\/\/www.valcucine.com\/","name":"Valcucine","description":"","publisher":{"@id":"https:\/\/www.valcucine.com\/#organization"},"potentialAction":[{"@type":"SearchAction","target":{"@type":"EntryPoint","urlTemplate":"https:\/\/www.valcucine.com\/?s={search_term_string}"},"query-input":{"@type":"PropertyValueSpecification","valueRequired":true,"valueName":"search_term_string"}}],"inLanguage":"de"},{"@type":"Organization","@id":"https:\/\/www.valcucine.com\/#organization","name":"Valcucine","url":"https:\/\/www.valcucine.com\/","logo":{"@type":"ImageObject","inLanguage":"de","@id":"https:\/\/www.valcucine.com\/#\/schema\/logo\/image\/","url":"https:\/\/www.valcucine.com\/wp-content\/uploads\/2024\/02\/logo-valcucine.webp?wsr","contentUrl":"https:\/\/www.valcucine.com\/wp-content\/uploads\/2024\/02\/logo-valcucine.webp?wsr","width":288,"height":46,"caption":"Valcucine"},"image":{"@id":"https:\/\/www.valcucine.com\/#\/schema\/logo\/image\/"},"sameAs":["https:\/\/www.facebook.com\/valcucine\/","https:\/\/www.instagram.com\/valcucine\/","https:\/\/www.linkedin.com\/company\/valcucine"]}]}},"_links":{"self":[{"href":"https:\/\/www.valcucine.com\/de\/wp-json\/wp\/v2\/pages\/20719","targetHints":{"allow":["GET"]}}],"collection":[{"href":"https:\/\/www.valcucine.com\/de\/wp-json\/wp\/v2\/pages"}],"about":[{"href":"https:\/\/www.valcucine.com\/de\/wp-json\/wp\/v2\/types\/page"}],"author":[{"embeddable":true,"href":"https:\/\/www.valcucine.com\/de\/wp-json\/wp\/v2\/users\/2"}],"replies":[{"embeddable":true,"href":"https:\/\/www.valcucine.com\/de\/wp-json\/wp\/v2\/comments?post=20719"}],"version-history":[{"count":4,"href":"https:\/\/www.valcucine.com\/de\/wp-json\/wp\/v2\/pages\/20719\/revisions"}],"predecessor-version":[{"id":20720,"href":"https:\/\/www.valcucine.com\/de\/wp-json\/wp\/v2\/pages\/20719\/revisions\/20720"}],"up":[{"embeddable":true,"href":"https:\/\/www.valcucine.com\/de\/wp-json\/wp\/v2\/pages\/20716"}],"wp:attachment":[{"href":"https:\/\/www.valcucine.com\/de\/wp-json\/wp\/v2\/media?parent=20719"}],"curies":[{"name":"wp","href":"https:\/\/api.w.org\/{rel}","templated":true}]}}