{"id":21335,"date":"2024-01-30T16:31:48","date_gmt":"2024-01-30T16:31:48","guid":{"rendered":"https:\/\/devel.valcucine.com\/home\/"},"modified":"2025-12-22T07:48:17","modified_gmt":"2025-12-22T07:48:17","slug":"moderne-italienische-designer-einbaukuechen","status":"publish","type":"page","link":"https:\/\/www.valcucine.com\/de\/","title":{"rendered":"Home"},"content":{"rendered":"<div class=\"wpb-content-wrapper\"><p>[vc_row full_width=&#8220;stretch_row_content_no_spaces&#8220; el_class=&#8220;slider__height__fullwidth&#8220;][vc_column]\n\t\t\t<!-- START slider home REVOLUTION SLIDER 6.7.38 --><p class=\"rs-p-wp-fix\"><\/p>\n\t\t\t<rs-module-wrap id=\"rev_slider_1_1_wrapper\" data-source=\"gallery\" style=\"visibility:hidden;background:transparent;padding:0;\">\n\t\t\t\t<rs-module id=\"rev_slider_1_1\" style=\"\" data-version=\"6.7.38\">\n\t\t\t\t\t<rs-slides style=\"overflow: hidden; position: absolute;\">\n\t\t\t\t\t\t<rs-slide style=\"position: absolute;\" data-key=\"rs-1958\" data-title=\"MDW26 RECAP\" data-thumb=\"\/\/www.valcucine.com\/wp-content\/uploads\/2026\/04\/Milan-Design-Week-2026-recap-Fuorisalone-2026-50x100.jpg\" data-duration=\"46000ms\" data-in=\"o:0;\" data-out=\"a:false;\">\n\t\t\t\t\t\t\t<img decoding=\"async\" src=\"\/\/www.valcucine.com\/wp-content\/plugins\/revslider\/sr6\/assets\/assets\/dummy.png\" alt=\"\" title=\"Milan Design Week 2026 recap Fuorisalone 2026\" width=\"2080\" height=\"1000\" class=\"rev-slidebg tp-rs-img rs-lazyload\" data-lazyload=\"\/\/www.valcucine.com\/wp-content\/uploads\/2026\/04\/Milan-Design-Week-2026-recap-Fuorisalone-2026.jpg\" data-no-retina>\n<!--\n\t\t\t\t\t\t\t--><rs-layer\n\t\t\t\t\t\t\t\tid=\"slider-1-slide-1958-layer-3\" \n\t\t\t\t\t\t\t\tclass=\"slider_fade\"\n\t\t\t\t\t\t\t\tdata-type=\"shape\"\n\t\t\t\t\t\t\t\tdata-rsp_ch=\"on\"\n\t\t\t\t\t\t\t\tdata-xy=\"xo:-894px,-894px,-560px,1px;yo:-624px,-624px,-391px,13px;\"\n\t\t\t\t\t\t\t\tdata-text=\"w:normal;s:20,20,12,7;l:0,0,15,9;\"\n\t\t\t\t\t\t\t\tdata-dim=\"w:2706,2706,1697,100%;h:1466,1466,919,120%;\"\n\t\t\t\t\t\t\t\tdata-basealign=\"slide\"\n\t\t\t\t\t\t\t\tdata-frame_999=\"o:0;st:w;\"\n\t\t\t\t\t\t\t\tdata-tloop=\"u:true;\"\n\t\t\t\t\t\t\t\tstyle=\"z-index:6;background-color:rgba(0,0,0,0.5);\"\n\t\t\t\t\t\t\t> \n\t\t\t\t\t\t\t<\/rs-layer><!--\n\n\t\t\t\t\t\t\t--><rs-layer\n\t\t\t\t\t\t\t\tid=\"slider-1-slide-1958-layer-18\" \n\t\t\t\t\t\t\t\tclass=\"slider_fade\"\n\t\t\t\t\t\t\t\tdata-type=\"text\"\n\t\t\t\t\t\t\t\tdata-rsp_ch=\"on\"\n\t\t\t\t\t\t\t\tdata-xy=\"x:c;xo:0,0,0,9px;y:m;yo:-26px,-26px,-15px,-8px;\"\n\t\t\t\t\t\t\t\tdata-text=\"w:normal;s:50,50,31,28;l:25,25,15,40;a:left,left,left,center;\"\n\t\t\t\t\t\t\t\tdata-frame_999=\"o:0;st:w;\"\n\t\t\t\t\t\t\t\tstyle=\"z-index:9;font-family:'TheinhardtLight';\"\n\t\t\t\t\t\t\t>MILAN DESIGN WEEK 2026 \n\t\t\t\t\t\t\t<\/rs-layer><!--\n\n\t\t\t\t\t\t\t--><a\n\t\t\t\t\t\t\t\tid=\"slider-1-slide-1958-layer-25\" \n\t\t\t\t\t\t\t\tclass=\"rs-layer slider_fade rev-btn\"\n\t\t\t\t\t\t\t\thref=\"https:\/\/www.valcucine.com\/magazine\/en\/2026\/04\/valcucine-presents-crafting-forward-at-milan-design-week-2026\/\" target=\"_self\"\n\t\t\t\t\t\t\t\tdata-type=\"button\"\n\t\t\t\t\t\t\t\tdata-rsp_ch=\"on\"\n\t\t\t\t\t\t\t\tdata-xy=\"xo:469px,469px,294px,150px;yo:286px,286px,179px,271px;\"\n\t\t\t\t\t\t\t\tdata-text=\"w:normal;s:20,20,12,10;l:40,40,25,21;fw:500;\"\n\t\t\t\t\t\t\t\tdata-dim=\"w:auto,auto,auto,193px;h:auto,auto,auto,23.2292px;minh:0px,0px,none,none;\"\n\t\t\t\t\t\t\t\tdata-padding=\"r:25,25,16,14;l:25,25,16,14;\"\n\t\t\t\t\t\t\t\tdata-border=\"bos:solid;boc:rgba(255,255,255,0.35);bow:1px,1px,1px,1px;bor:25px,25px,25px,25px;\"\n\t\t\t\t\t\t\t\tdata-frame_0=\"x:0,0,0,0px;y:0,0,0,0px;\"\n\t\t\t\t\t\t\t\tdata-frame_1=\"x:0,0,0,0px;y:0,0,0,0px;\"\n\t\t\t\t\t\t\t\tdata-frame_999=\"o:0;st:w;\"\n\t\t\t\t\t\t\t\tdata-frame_hover=\"bgc:rgba(0,0,0,0);boc:rgba(255,255,255,0.75);bor:25px,25px,25px,25px;bos:solid;bow:1px,1px,1px,1px;e:power1.inOut;\"\n\t\t\t\t\t\t\t\tstyle=\"z-index:10;background-color:rgba(0,0,0,0);font-family:'Roboto';\"\n\t\t\t\t\t\t\t>Crafting Forward by Valcucine \n\t\t\t\t\t\t\t<\/a><!--\n-->\t\t\t\t\t<\/rs-slide>\n\t\t\t\t\t\t<rs-slide style=\"position: absolute;\" data-key=\"rs-1788\" data-title=\"ARCHELLO AWARDS 2025\" data-thumb=\"\/\/www.valcucine.com\/wp-content\/uploads\/2025\/12\/SITO_PREMIO-ARCHELLO-scaled-50x100.jpg\" data-in=\"o:0;\" data-out=\"a:false;\">\n\t\t\t\t\t\t\t<img decoding=\"async\" src=\"\/\/www.valcucine.com\/wp-content\/plugins\/revslider\/sr6\/assets\/assets\/dummy.png\" alt=\"NEW LOGICA WINS THE ARCHELLO AWARDS 2025\" title=\"NEW LOGICA WINS THE ARCHELLO AWARDS 2025\" width=\"2560\" height=\"1231\" class=\"rev-slidebg tp-rs-img rs-lazyload\" data-lazyload=\"\/\/www.valcucine.com\/wp-content\/uploads\/2025\/12\/SITO_PREMIO-ARCHELLO-scaled.jpg\" data-no-retina>\n<!--\n\t\t\t\t\t\t\t--><rs-layer\n\t\t\t\t\t\t\t\tid=\"slider-1-slide-1788-layer-4\" \n\t\t\t\t\t\t\t\tclass=\"slider_fade\"\n\t\t\t\t\t\t\t\tdata-type=\"shape\"\n\t\t\t\t\t\t\t\tdata-rsp_ch=\"on\"\n\t\t\t\t\t\t\t\tdata-xy=\"xo:-1492px,-1492px,-936px,0;yo:-830px,-830px,-520px,-20px;\"\n\t\t\t\t\t\t\t\tdata-text=\"w:normal;s:20,20,12,7;l:0,0,15,9;\"\n\t\t\t\t\t\t\t\tdata-dim=\"w:3334px,3334px,2091px,100%;h:1655,1655,1037,120%;\"\n\t\t\t\t\t\t\t\tdata-basealign=\"slide\"\n\t\t\t\t\t\t\t\tdata-frame_999=\"o:0;st:w;\"\n\t\t\t\t\t\t\t\tstyle=\"z-index:6;background-color:rgba(0,0,0,0.5);\"\n\t\t\t\t\t\t\t> \n\t\t\t\t\t\t\t<\/rs-layer><!--\n\n\t\t\t\t\t\t\t--><rs-layer\n\t\t\t\t\t\t\t\tid=\"slider-1-slide-1788-layer-11\" \n\t\t\t\t\t\t\t\tclass=\"slider_fade\"\n\t\t\t\t\t\t\t\tdata-type=\"text\"\n\t\t\t\t\t\t\t\tdata-rsp_ch=\"on\"\n\t\t\t\t\t\t\t\tdata-xy=\"x:c;xo:0,0,0,-1px;y:m;yo:14px,14px,8px,39px;\"\n\t\t\t\t\t\t\t\tdata-text=\"w:normal;s:20,20,12,23;l:25,25,15,9;a:center;\"\n\t\t\t\t\t\t\t\tdata-vbility=\"t,t,t,f\"\n\t\t\t\t\t\t\t\tdata-frame_999=\"o:0;st:w;\"\n\t\t\t\t\t\t\t\tstyle=\"z-index:8;font-family:'TheinhardtLight';\"\n\t\t\t\t\t\t\t>Pubblic vote - Kitchen Product of the Year category \n\t\t\t\t\t\t\t<\/rs-layer><!--\n\n\t\t\t\t\t\t\t--><a\n\t\t\t\t\t\t\t\tid=\"slider-1-slide-1788-layer-15\" \n\t\t\t\t\t\t\t\tclass=\"rs-layer slider_fade rev-btn\"\n\t\t\t\t\t\t\t\thref=\"https:\/\/www.valcucine.com\/magazine\/en\/2025\/12\/new-logica-wins-the-archello-awards-2025\/\" target=\"_blank\" rel=\"nofollow noopener\"\n\t\t\t\t\t\t\t\tdata-type=\"button\"\n\t\t\t\t\t\t\t\tdata-color=\"#333333\"\n\t\t\t\t\t\t\t\tdata-rsp_ch=\"on\"\n\t\t\t\t\t\t\t\tdata-xy=\"x:c;xo:0,0,0,546px;y:m;yo:67px,67px,41px,108px;\"\n\t\t\t\t\t\t\t\tdata-text=\"w:normal;s:18,18,10,16;l:50,50,31,40;ls:1.6px,1.6px,0px,0px;fw:500;\"\n\t\t\t\t\t\t\t\tdata-dim=\"minh:0px,0px,none,none;\"\n\t\t\t\t\t\t\t\tdata-padding=\"r:40,40,25,32;l:40,40,25,32;\"\n\t\t\t\t\t\t\t\tdata-border=\"bor:6px,6px,6px,6px;\"\n\t\t\t\t\t\t\t\tdata-frame_0=\"x:0,0,0,0px;y:0,0,0,0px;\"\n\t\t\t\t\t\t\t\tdata-frame_1=\"x:0,0,0,0px;y:0,0,0,0px;\"\n\t\t\t\t\t\t\t\tdata-frame_999=\"o:0;st:w;\"\n\t\t\t\t\t\t\t\tstyle=\"z-index:7;background-color:#ffffff;font-family:'TheinhardtBold';\"\n\t\t\t\t\t\t\t>Discover more about the award \n\t\t\t\t\t\t\t<\/a><!--\n\n\t\t\t\t\t\t\t--><a\n\t\t\t\t\t\t\t\tid=\"slider-1-slide-1788-layer-18\" \n\t\t\t\t\t\t\t\tclass=\"rs-layer slider_fade\"\n\t\t\t\t\t\t\t\thref=\"https:\/\/www.valcucine.com\/collezioni\/archigraphica\/\" target=\"_self\"\n\t\t\t\t\t\t\t\tdata-type=\"text\"\n\t\t\t\t\t\t\t\tdata-rsp_ch=\"on\"\n\t\t\t\t\t\t\t\tdata-xy=\"x:c;xo:0,0,0,-1px;y:m;yo:-50px,-50px,-31px,-6px;\"\n\t\t\t\t\t\t\t\tdata-text=\"w:normal;s:50,50,31,28;l:45,45,28,25;a:center;\"\n\t\t\t\t\t\t\t\tdata-frame_999=\"o:0;st:w;\"\n\t\t\t\t\t\t\t\tstyle=\"z-index:9;font-family:'TheinhardtLight';\"\n\t\t\t\t\t\t\t>NEW LOGICA WINS THE<br \/>\nARCHELLO AWARDS 2025<br \/>\n \n\t\t\t\t\t\t\t<\/a><!--\n-->\t\t\t\t\t<\/rs-slide>\n\t\t\t\t\t\t<rs-slide style=\"position: absolute;\" data-key=\"rs-1147\" data-title=\"NEW LOGICA RETYLE\" data-thumb=\"\/\/www.valcucine.com\/wp-content\/uploads\/revslider\/video-media\/Valcucine_reel7-apertura-1_1136-scaled-50x100.jpeg\" data-in=\"o:0;\" data-out=\"a:false;\">\n\t\t\t\t\t\t\t<img decoding=\"async\" src=\"\/\/www.valcucine.com\/wp-content\/plugins\/revslider\/sr6\/assets\/assets\/dummy.png\" alt=\"\" class=\"rev-slidebg tp-rs-img rs-lazyload\" data-lazyload=\"\/\/www.valcucine.com\/wp-content\/uploads\/revslider\/video-media\/Valcucine_reel7-apertura-1_1136-scaled.jpeg\" data-no-retina>\n\t\t\t\t\t\t\t<rs-bgvideo \n\t\t\t\t\t\t\t\tdata-video=\"w:100%;h:100%;nse:false;l:true;ptimer:false;vfc:true;\"\n\t\t\t\t\t\t\t\tdata-mp4=\"\/\/www.valcucine.com\/wp-content\/uploads\/2024\/09\/Valcucine_reel7-apertura-1.mp4\"\n\t\t\t\t\t\t\t><\/rs-bgvideo>\n<!--\n\t\t\t\t\t\t\t--><rs-layer\n\t\t\t\t\t\t\t\tid=\"slider-1-slide-1147-layer-14\" \n\t\t\t\t\t\t\t\tclass=\"slider_fade\"\n\t\t\t\t\t\t\t\tdata-type=\"shape\"\n\t\t\t\t\t\t\t\tdata-rsp_ch=\"on\"\n\t\t\t\t\t\t\t\tdata-xy=\"xo:-833px,-833px,-521px,-869px;yo:-176px,-176px,-110px,-241px;\"\n\t\t\t\t\t\t\t\tdata-text=\"w:normal;s:20,20,12,7;l:0,0,15,9;\"\n\t\t\t\t\t\t\t\tdata-dim=\"w:2668px,2668px,1673px,2952px;h:1034px,1034px,648px,1141px;\"\n\t\t\t\t\t\t\t\tdata-frame_999=\"o:0;st:w;\"\n\t\t\t\t\t\t\t\tstyle=\"z-index:6;background-color:rgba(0,0,0,0.5);\"\n\t\t\t\t\t\t\t> \n\t\t\t\t\t\t\t<\/rs-layer><!--\n\n\t\t\t\t\t\t\t--><rs-layer\n\t\t\t\t\t\t\t\tid=\"slider-1-slide-1147-layer-18\" \n\t\t\t\t\t\t\t\tclass=\"slider_fade\"\n\t\t\t\t\t\t\t\tdata-type=\"text\"\n\t\t\t\t\t\t\t\tdata-rsp_ch=\"on\"\n\t\t\t\t\t\t\t\tdata-xy=\"x:c;xo:-1px,-1px,0,5px;y:m;yo:-36px,-36px,-22px,-4px;\"\n\t\t\t\t\t\t\t\tdata-text=\"w:normal;s:50,50,31,28;l:25,25,15,9;\"\n\t\t\t\t\t\t\t\tdata-frame_999=\"o:0;st:w;\"\n\t\t\t\t\t\t\t\tstyle=\"z-index:7;font-family:'TheinhardtLight';\"\n\t\t\t\t\t\t\t>NEW LOGICA RESTYLE \n\t\t\t\t\t\t\t<\/rs-layer><!--\n\n\t\t\t\t\t\t\t--><rs-layer\n\t\t\t\t\t\t\t\tid=\"slider-1-slide-1147-layer-32\" \n\t\t\t\t\t\t\t\tclass=\"slider_fade\"\n\t\t\t\t\t\t\t\tdata-type=\"text\"\n\t\t\t\t\t\t\t\tdata-rsp_ch=\"on\"\n\t\t\t\t\t\t\t\tdata-xy=\"xo:434px,434px,271px,691px;yo:281px,281px,176px,117px;\"\n\t\t\t\t\t\t\t\tdata-text=\"w:normal;s:20,20,12,7;l:25,25,15,9;a:center;\"\n\t\t\t\t\t\t\t\tdata-vbility=\"t,t,t,f\"\n\t\t\t\t\t\t\t\tdata-frame_999=\"o:0;st:w;\"\n\t\t\t\t\t\t\t\tstyle=\"z-index:8;font-family:'TheinhardtLight';\"\n\t\t\t\t\t\t\t>Neues Aussehen und verbesserte Funktionalit\u00e4t \n\t\t\t\t\t\t\t<\/rs-layer><!--\n-->\t\t\t\t\t<\/rs-slide>\n\t\t\t\t\t<\/rs-slides>\n\t\t\t\t\t<rs-static-layers><!--\n\n\t\t\t\t\t\t\t--><rs-layer\n\t\t\t\t\t\t\t\tid=\"slider-1-slide-1-layer-12\" \n\t\t\t\t\t\t\t\tclass=\"play-button rs-svg rs-layer-static\"\n\t\t\t\t\t\t\t\tdata-type=\"svg\"\n\t\t\t\t\t\t\t\tdata-rsp_ch=\"on\"\n\t\t\t\t\t\t\t\tdata-xy=\"xo:20px,20px,12px,20px;y:b;yo:20px,20px,12px,20px;\"\n\t\t\t\t\t\t\t\tdata-text=\"w:normal;s:20,20,12,7;l:0,0,15,9;\"\n\t\t\t\t\t\t\t\tdata-dim=\"w:20px,20px,12px,30px;h:20px,20px,12px,30px;\"\n\t\t\t\t\t\t\t\tdata-actions='o:click;a:playslider;'\n\t\t\t\t\t\t\t\tdata-svg_src=\"\/\/www.valcucine.com\/wp-content\/uploads\/revslider\/svg\/objects\/svgcustom\/circle-play.svg\"\n\t\t\t\t\t\t\t\tdata-svgi=\"oc:t;\"\n\t\t\t\t\t\t\t\tdata-basealign=\"slide\"\n\t\t\t\t\t\t\t\tdata-onslides=\"s:1;\"\n\t\t\t\t\t\t\t\tdata-frame_999=\"o:0;st:w;\"\n\t\t\t\t\t\t\t\tstyle=\"z-index:7;font-family:'Roboto';\"\n\t\t\t\t\t\t\t> \n\t\t\t\t\t\t\t<\/rs-layer><!--\n\n\t\t\t\t\t\t\t--><rs-layer\n\t\t\t\t\t\t\t\tid=\"slider-1-slide-1-layer-13\" \n\t\t\t\t\t\t\t\tclass=\"pause-button current-slider rs-svg rs-layer-static\"\n\t\t\t\t\t\t\t\tdata-type=\"svg\"\n\t\t\t\t\t\t\t\tdata-rsp_ch=\"on\"\n\t\t\t\t\t\t\t\tdata-xy=\"xo:20px,20px,12px,20px;y:b;yo:20px,20px,12px,20px;\"\n\t\t\t\t\t\t\t\tdata-text=\"w:normal;s:20,20,12,7;l:0,0,15,9;\"\n\t\t\t\t\t\t\t\tdata-dim=\"w:20px,20px,12px,30px;h:20px,20px,12px,30px;\"\n\t\t\t\t\t\t\t\tdata-actions='o:click;a:pauseslider;'\n\t\t\t\t\t\t\t\tdata-svg_src=\"\/\/www.valcucine.com\/wp-content\/uploads\/revslider\/svg\/objects\/svgcustom\/circle-pause.svg\"\n\t\t\t\t\t\t\t\tdata-svgi=\"oc:t;\"\n\t\t\t\t\t\t\t\tdata-basealign=\"slide\"\n\t\t\t\t\t\t\t\tdata-onslides=\"s:1;\"\n\t\t\t\t\t\t\t\tdata-frame_999=\"o:0;st:w;\"\n\t\t\t\t\t\t\t\tstyle=\"z-index:8;font-family:'Roboto';\"\n\t\t\t\t\t\t\t> \n\t\t\t\t\t\t\t<\/rs-layer><!--\n\t\t\t\t\t--><\/rs-static-layers>\n\t\t\t\t<\/rs-module>\n\t\t\t\t<script>\n\t\t\t\t\tsetREVStartSize({c: 'rev_slider_1_1',rl:[1240,1240,778,480],el:[568.993,568.993,350,480],gw:[1240,1240,778,480],gh:[569,569,350,480],type:'standard',justify:'',layout:'fullscreen',offsetContainer:'#slider__height',offset:'0px',mh:\"0\"});if (window.RS_MODULES!==undefined && window.RS_MODULES.modules!==undefined && window.RS_MODULES.modules[\"revslider11\"]!==undefined) {window.RS_MODULES.modules[\"revslider11\"].once = false;window.revapi1 = undefined;if (window.RS_MODULES.checkMinimal!==undefined) window.RS_MODULES.checkMinimal()}\n\t\t\t\t<\/script>\n\t\t\t<\/rs-module-wrap>\n\t\t\t<!-- END REVOLUTION SLIDER -->\n[\/vc_column][\/vc_row][vc_row full_width=&#8220;stretch_row_content_no_spaces&#8220; el_class=&#8220;slider__height__fullwidth&#8220;][vc_column][vc_empty_space height=&#8220;100px&#8220;][vc_column_text css=&#8220;&#8220;]<\/p>\n<h2 style=\"text-align: center;\"><span style=\"font-size: 16pt;\">Bei uns stehen der Mensch und sein\u00a0<strong>Wohlbefinden<\/strong>\u00a0im Mittelpunkt. Wir regen seine Sinne an. So werden die Abl\u00e4ufe zu einem Erlebnis und zu einem t\u00e4glichen Vergn\u00fcgen.<\/span><br \/>\n<span style=\"font-size: 16pt;\">Wir entwickeln einzigartige K\u00fcchen, die f\u00fcr Generationen gemacht sind, unbeeinflusst von modischen Str\u00f6mungen, zeitlos: Ausdruck einer\u00a0<strong>Handwerkskunst<\/strong>, die sich mit Meisterschaft in der Gegenwart erneuert.<\/span><br \/>\n<span style=\"font-size: 16pt;\">Wir machen die K\u00fcche \u00fcber st\u00e4ndige <strong>Innovationen\u00a0<\/strong>bei Formen und Materialien zu einem au\u00dfergew\u00f6hnlichen Erlebnis.<\/span><br \/>\n<span style=\"font-size: 16pt;\">Wir gehen bewusst mit den Ressourcen unseres Planeten um und stellen die\u00a0<strong>Nachhaltigkeit<\/strong>\u00a0sowie unsere Verantwortung f\u00fcr die Natur in den Vordergrund.<\/span><\/h2>\n<p>[\/vc_column_text][\/vc_column][\/vc_row][vc_row css=&#8220;.vc_custom_1707924858296{margin-top: 60px !important;}&#8220;][vc_column offset=&#8220;vc_hidden-xs&#8220;][vc_row_inner content_placement=&#8220;middle&#8220;][vc_column_inner width=&#8220;1\/2&#8243;]\n        \n        <h4 class=\"text-end  main__title__h6  text-uppercase\" style=\"color:#333333;\"> \n\n         Ateliers Valcucine\n        \n        <\/h4>[vc_column_text]<\/p>\n<p style=\"text-align: right;\">Die weltweit f\u00fchrenden Showroom-Partners<\/p>\n<p>[\/vc_column_text]<div class=\"text-end\">\n        \n                <a href=\"https:\/\/www.valcucine.com\/de\/atelier-valcucine\/\" style=\"letter-spacing:1px;\" class=\"btn bg-sixth text-white border border-0 text-uppercase roundedd-inline text-end\"   \" target=\"\" rel=\"\"> \n        \n                 Erfahren Sie mehr\n                \n                <\/a><\/div>[\/vc_column_inner][vc_column_inner width=&#8220;1\/2&#8243;][vc_single_image image=&#8220;39579&#8243; img_size=&#8220;full&#8220; alignment=&#8220;center&#8220; css=&#8220;.vc_custom_1729155380692{margin-bottom: 0px !important;}&#8220;][\/vc_column_inner][\/vc_row_inner][vc_row_inner content_placement=&#8220;middle&#8220;][vc_column_inner width=&#8220;1\/2&#8243;][vc_single_image image=&#8220;39585&#8243; img_size=&#8220;full&#8220; alignment=&#8220;center&#8220;][\/vc_column_inner][vc_column_inner width=&#8220;1\/2&#8243;]\n        \n        <h4 class=\"text-start  main__title__h6  text-uppercase\" style=\"color:#333333;\"> \n\n         Valcucine Einzelh\u00e4ndler\n        \n        <\/h4>[vc_column_text]Entdecken Einzelh\u00e4ndler weltweit[\/vc_column_text]<div class=\"text-start\">\n        \n                <a href=\"https:\/\/www.valcucine.com\/de\/store-locator\/\" style=\"letter-spacing:1px;\" class=\"btn bg-sixth text-white border border-0 text-uppercase roundedd-inline text-start\"   \" target=\"\" rel=\"\"> \n        \n                 Erfahren Sie mehr\n                \n                <\/a><\/div>[\/vc_column_inner][\/vc_row_inner][vc_row_inner content_placement=&#8220;middle&#8220;][vc_column_inner width=&#8220;1\/2&#8243;]\n        \n        <h4 class=\"text-end  main__title__h6  text-uppercase\" style=\"color:#333333;\"> \n\n         Valcucine f\u00fcr die Architektur\n        \n        <\/h4>[vc_column_text]<\/p>\n<p style=\"text-align: right;\">Der Bereich f\u00fcr Profis<\/p>\n<p>[\/vc_column_text]<div class=\"text-end\">\n        \n                <a href=\"https:\/\/www.valcucine.com\/de\/profis-und-kuechenprojekt\/\" style=\"letter-spacing:1px;\" class=\"btn bg-sixth text-white border border-0 text-uppercase roundedd-inline text-end\"   \" target=\"\" rel=\"\"> \n        \n                 Erfahren Sie mehr\n                \n                <\/a><\/div>[\/vc_column_inner][vc_column_inner width=&#8220;1\/2&#8243;][vc_single_image image=&#8220;39590&#8243; img_size=&#8220;full&#8220; alignment=&#8220;center&#8220; css=&#8220;.vc_custom_1729155408777{margin-bottom: 0px !important;}&#8220;][\/vc_column_inner][\/vc_row_inner][\/vc_column][\/vc_row][vc_row css=&#8220;.vc_custom_1707985210676{margin-top: 60px !important;}&#8220;][vc_column offset=&#8220;vc_hidden-lg vc_hidden-md vc_hidden-sm&#8220;][vc_row_inner content_placement=&#8220;middle&#8220; css=&#8220;.vc_custom_1707925465709{margin-bottom: 30px !important;}&#8220;][vc_column_inner width=&#8220;1\/2&#8243;]\n        \n        <h4 class=\"text-start  main__title__h6  text-uppercase\" style=\"color:#333333;\"> \n\n         Ateliers Valcucine\n        \n        <\/h4>[vc_column_text]<\/p>\n<p style=\"text-align: left;\">Die weltweit f\u00fchrenden Showroom-Partners<\/p>\n<p>[\/vc_column_text]<div class=\"text-start\">\n        \n                <a href=\"https:\/\/www.valcucine.com\/de\/atelier-valcucine\/\" style=\"letter-spacing:1px;\" class=\"btn bg-sixth text-white border border-0 text-uppercase roundedd-inline text-start\"   \" target=\"\" rel=\"\"> \n        \n                 Erfahren Sie mehr\n                \n                <\/a><\/div>[\/vc_column_inner][vc_column_inner width=&#8220;1\/2&#8243;][vc_single_image image=&#8220;39579&#8243; img_size=&#8220;full&#8220; alignment=&#8220;center&#8220; css=&#8220;.vc_custom_1729780493138{margin-bottom: 0px !important;}&#8220;][\/vc_column_inner][\/vc_row_inner][vc_row_inner content_placement=&#8220;middle&#8220; css=&#8220;.vc_custom_1707925469445{margin-bottom: 30px !important;}&#8220;][vc_column_inner width=&#8220;1\/2&#8243;]\n        \n        <h4 class=\"text-start  main__title__h6  text-uppercase\" style=\"color:#333333;\"> \n\n         Valcucine Einzelh\u00e4ndler\n        \n        <\/h4>[vc_column_text]Entdecken Einzelh\u00e4ndler weltweit[\/vc_column_text]<div class=\"text-start\">\n        \n                <a href=\"https:\/\/www.valcucine.com\/de\/store-locator\/\" style=\"letter-spacing:1px;\" class=\"btn bg-sixth text-white border border-0 text-uppercase roundedd-inline text-start\"   \" target=\"\" rel=\"\"> \n        \n                 Erfahren Sie mehr\n                \n                <\/a><\/div>[\/vc_column_inner][vc_column_inner width=&#8220;1\/2&#8243;][vc_single_image image=&#8220;251&#8243; img_size=&#8220;full&#8220; alignment=&#8220;center&#8220;][\/vc_column_inner][\/vc_row_inner][vc_row_inner content_placement=&#8220;middle&#8220; css=&#8220;.vc_custom_1707925474519{margin-bottom: 30px !important;}&#8220;][vc_column_inner width=&#8220;1\/2&#8243;]\n        \n        <h4 class=\"text-start  main__title__h6  text-uppercase\" style=\"color:#333333;\"> \n\n         Valcucine f\u00fcr die Architektur\n        \n        <\/h4>[vc_column_text]Der Bereich f\u00fcr Profis[\/vc_column_text]<div class=\"text-start\">\n        \n                <a href=\"https:\/\/www.valcucine.com\/de\/profis-und-kuechenprojekt\/\" style=\"letter-spacing:1px;\" class=\"btn bg-sixth text-white border border-0 text-uppercase roundedd-inline text-start\"   \" target=\"\" rel=\"\"> \n        \n                 Erfahren Sie mehr\n                \n                <\/a><\/div>[\/vc_column_inner][vc_column_inner width=&#8220;1\/2&#8243;][vc_single_image image=&#8220;39590&#8243; img_size=&#8220;full&#8220; alignment=&#8220;center&#8220; css=&#8220;.vc_custom_1729780510641{margin-bottom: 0px !important;}&#8220;][\/vc_column_inner][\/vc_row_inner][\/vc_column][\/vc_row][vc_row css=&#8220;.vc_custom_1707900307902{margin-bottom: 0px !important;padding-top: 60px !important;padding-bottom: 60px !important;}&#8220;][vc_column][vc_separator color=&#8220;custom&#8220; el_width=&#8220;10&#8243; css=&#8220;.vc_custom_1708678706679{margin-bottom: 0px !important;}&#8220; accent_color=&#8220;#666666&#8243;][\/vc_column][\/vc_row][vc_row full_width=&#8220;stretch_row_content&#8220; css=&#8220;.vc_custom_1719405253493{padding-bottom: 35px !important;}&#8220;][vc_column]\n        \n        <h3 class=\"text-center  main__title__h3  \" style=\"color:#333333;\"> \n\n         OPENING SOON\n        \n        <\/h3>[vc_empty_space height=&#8220;35px&#8220;]\n\t\t\t<!-- START News Carousel1 REVOLUTION SLIDER 6.7.38 --><p class=\"rs-p-wp-fix\"><\/p>\n\t\t\t<rs-module-wrap id=\"rev_slider_173_2_wrapper\" data-source=\"gallery\" style=\"visibility:hidden;background:#ffffff;padding:0;margin:0px auto;margin-top:0;margin-bottom:0;\">\n\t\t\t\t<rs-module id=\"rev_slider_173_2\" style=\"\" data-version=\"6.7.38\">\n\t\t\t\t\t<rs-slides style=\"overflow: hidden; position: absolute;\">\n\t\t\t\t\t\t<rs-slide style=\"position: absolute;\" data-key=\"rs-1268\" data-title=\"JAKARTA\"data-sba=\"f:true;\" data-anim=\"d:10;ms:910;f:edges;\" data-in=\"o:0;x:cyc(-10|10);y:cyc(-10|10);sx:4;sy:4;row:20;col:20;\" data-out=\"a:false;\">\n\t\t\t\t\t\t\t<img decoding=\"async\" src=\"\/\/www.valcucine.com\/wp-content\/plugins\/revslider\/sr6\/assets\/assets\/dummy.png\" alt=\"JAKARTA\" title=\"Home\" class=\"rev-slidebg tp-rs-img rs-lazyload\" data-lazyload=\"\/\/www.valcucine.com\/wp-content\/plugins\/revslider\/sr6\/assets\/assets\/transparent.png\" data-bg=\"c:#ffffff;\" data-no-retina>\n<!--\n\t\t\t\t\t\t\t--><rs-layer\n\t\t\t\t\t\t\t\tid=\"slider-173-slide-1268-layer-3\" \n\t\t\t\t\t\t\t\tdata-type=\"text\"\n\t\t\t\t\t\t\t\tdata-xy=\"x:c;xo:-2px,-2px,-2px,-1px;yo:198px,198px,198px,83px;\"\n\t\t\t\t\t\t\t\tdata-text=\"w:normal;s:30;a:center;\"\n\t\t\t\t\t\t\t\tdata-dim=\"w:597px;h:500px;\"\n\t\t\t\t\t\t\t\tdata-rsp_o=\"off\"\n\t\t\t\t\t\t\t\tdata-rsp_bd=\"off\"\n\t\t\t\t\t\t\t\tdata-frame_999=\"o:0;st:w;\"\n\t\t\t\t\t\t\t\tstyle=\"z-index:7;font-family:'TheinhardtLight';\"\n\t\t\t\t\t\t\t>JAKARTA \n\t\t\t\t\t\t\t<\/rs-layer><!--\n\n\t\t\t\t\t\t\t--><a\n\t\t\t\t\t\t\t\tid=\"slider-173-slide-1268-layer-14\" \n\t\t\t\t\t\t\t\tclass=\"rs-layer\"\n\t\t\t\t\t\t\t\thref=\"\" target=\"_self\"\n\t\t\t\t\t\t\t\tdata-type=\"shape\"\n\t\t\t\t\t\t\t\tdata-xy=\"xo:-7px,-7px,-7px,0;yo:6px,6px,6px,4px;\"\n\t\t\t\t\t\t\t\tdata-text=\"w:normal;\"\n\t\t\t\t\t\t\t\tdata-dim=\"w:636px,636px,636px,300px;h:413px,413px,160px,180px;\"\n\t\t\t\t\t\t\t\tdata-actions='o:click;a:simulateclick;layer:slider-173-slide-1268-layer-;'\n\t\t\t\t\t\t\t\tdata-rsp_o=\"off\"\n\t\t\t\t\t\t\t\tdata-rsp_bd=\"off\"\n\t\t\t\t\t\t\t\tdata-frame_1=\"gra:20%;bri:80%;\"\n\t\t\t\t\t\t\t\tdata-frame_999=\"o:0;st:w;\"\n\t\t\t\t\t\t\t\tdata-frame_hover=\"sX:1.1;sY:1.1;bgc:rgba(0,0,0,0.5);sp:500ms;e:power1.inOut;m:true;\"\n\t\t\t\t\t\t\t\tstyle=\"z-index:6;background-color:rgba(0,0,0,0.5);cursor:text;\"\n\t\t\t\t\t\t\t><rs-bg-elem style=\"background: url('\/\/www.valcucine.com\/wp-content\/uploads\/2025\/02\/JAKARTA1.jpeg') no-repeat center center; background-size: cover;\"><\/rs-bg-elem>\n \n\t\t\t\t\t\t\t<\/a><!--\n-->\t\t\t\t\t<\/rs-slide>\n\t\t\t\t\t\t<rs-slide style=\"position: absolute;\" data-key=\"rs-1278\" data-title=\"BEIJING\"data-sba=\"f:true;\" data-anim=\"d:10;ms:910;f:edges;\" data-in=\"o:0;x:cyc(-10|10);y:cyc(-10|10);sx:4;sy:4;row:20;col:20;\" data-out=\"a:false;\">\n\t\t\t\t\t\t\t<img decoding=\"async\" src=\"\/\/www.valcucine.com\/wp-content\/plugins\/revslider\/sr6\/assets\/assets\/dummy.png\" alt=\"BEIJING\" title=\"Home\" class=\"rev-slidebg tp-rs-img rs-lazyload\" data-lazyload=\"\/\/www.valcucine.com\/wp-content\/plugins\/revslider\/sr6\/assets\/assets\/transparent.png\" data-bg=\"c:#ffffff;\" data-no-retina>\n<!--\n\t\t\t\t\t\t\t--><rs-layer\n\t\t\t\t\t\t\t\tid=\"slider-173-slide-1278-layer-3\" \n\t\t\t\t\t\t\t\tdata-type=\"text\"\n\t\t\t\t\t\t\t\tdata-xy=\"x:c;xo:-2px,-2px,-2px,-1px;yo:197px,197px,197px,83px;\"\n\t\t\t\t\t\t\t\tdata-text=\"w:normal;s:30;a:center;\"\n\t\t\t\t\t\t\t\tdata-dim=\"w:597px;h:500px;\"\n\t\t\t\t\t\t\t\tdata-rsp_o=\"off\"\n\t\t\t\t\t\t\t\tdata-rsp_bd=\"off\"\n\t\t\t\t\t\t\t\tdata-frame_999=\"o:0;st:w;\"\n\t\t\t\t\t\t\t\tstyle=\"z-index:7;font-family:'TheinhardtLight';\"\n\t\t\t\t\t\t\t>BEIJING \n\t\t\t\t\t\t\t<\/rs-layer><!--\n\n\t\t\t\t\t\t\t--><a\n\t\t\t\t\t\t\t\tid=\"slider-173-slide-1278-layer-14\" \n\t\t\t\t\t\t\t\tclass=\"rs-layer\"\n\t\t\t\t\t\t\t\thref=\"\" target=\"_self\"\n\t\t\t\t\t\t\t\tdata-type=\"shape\"\n\t\t\t\t\t\t\t\tdata-xy=\"xo:-7px,-7px,-7px,0;yo:6px,6px,6px,4px;\"\n\t\t\t\t\t\t\t\tdata-text=\"w:normal;\"\n\t\t\t\t\t\t\t\tdata-dim=\"w:636px,636px,636px,300px;h:413px,413px,160px,180px;\"\n\t\t\t\t\t\t\t\tdata-actions='o:click;a:simulateclick;layer:slider-173-slide-1278-layer-;'\n\t\t\t\t\t\t\t\tdata-rsp_o=\"off\"\n\t\t\t\t\t\t\t\tdata-rsp_bd=\"off\"\n\t\t\t\t\t\t\t\tdata-frame_1=\"gra:20%;bri:80%;\"\n\t\t\t\t\t\t\t\tdata-frame_999=\"o:0;st:w;\"\n\t\t\t\t\t\t\t\tdata-frame_hover=\"sX:1.1;sY:1.1;bgc:rgba(0,0,0,0.5);sp:500ms;e:power1.inOut;m:true;\"\n\t\t\t\t\t\t\t\tstyle=\"z-index:6;background-color:rgba(0,0,0,0.5);cursor:text;\"\n\t\t\t\t\t\t\t><rs-bg-elem style=\"background: url('\/\/www.valcucine.com\/wp-content\/uploads\/2025\/02\/pechino1.jpg') no-repeat center center; background-size: cover;\"><\/rs-bg-elem>\n \n\t\t\t\t\t\t\t<\/a><!--\n-->\t\t\t\t\t<\/rs-slide>\n\t\t\t\t\t\t<rs-slide style=\"position: absolute;\" data-key=\"rs-1754\" data-title=\"BARCELONA\"data-sba=\"f:true;\" data-anim=\"d:10;ms:910;f:edges;\" data-in=\"o:0;x:cyc(-10|10);y:cyc(-10|10);sx:4;sy:4;row:20;col:20;\" data-out=\"a:false;\">\n\t\t\t\t\t\t\t<img decoding=\"async\" src=\"\/\/www.valcucine.com\/wp-content\/plugins\/revslider\/sr6\/assets\/assets\/dummy.png\" alt=\"BARCELONA\" title=\"Home\" class=\"rev-slidebg tp-rs-img rs-lazyload\" data-lazyload=\"\/\/www.valcucine.com\/wp-content\/plugins\/revslider\/sr6\/assets\/assets\/transparent.png\" data-bg=\"c:#ffffff;\" data-no-retina>\n<!--\n\t\t\t\t\t\t\t--><rs-layer\n\t\t\t\t\t\t\t\tid=\"slider-173-slide-1754-layer-3\" \n\t\t\t\t\t\t\t\tdata-type=\"text\"\n\t\t\t\t\t\t\t\tdata-xy=\"x:c;xo:-2px,-2px,-2px,-1px;yo:197px,197px,197px,83px;\"\n\t\t\t\t\t\t\t\tdata-text=\"w:normal;s:30;a:center;\"\n\t\t\t\t\t\t\t\tdata-dim=\"w:597px;h:500px;\"\n\t\t\t\t\t\t\t\tdata-rsp_o=\"off\"\n\t\t\t\t\t\t\t\tdata-rsp_bd=\"off\"\n\t\t\t\t\t\t\t\tdata-frame_999=\"o:0;st:w;\"\n\t\t\t\t\t\t\t\tstyle=\"z-index:7;font-family:'TheinhardtLight';\"\n\t\t\t\t\t\t\t>BARCELONA \n\t\t\t\t\t\t\t<\/rs-layer><!--\n\n\t\t\t\t\t\t\t--><a\n\t\t\t\t\t\t\t\tid=\"slider-173-slide-1754-layer-14\" \n\t\t\t\t\t\t\t\tclass=\"rs-layer\"\n\t\t\t\t\t\t\t\thref=\"\" target=\"_self\"\n\t\t\t\t\t\t\t\tdata-type=\"shape\"\n\t\t\t\t\t\t\t\tdata-xy=\"xo:-7px,-7px,-7px,0;yo:6px,6px,6px,4px;\"\n\t\t\t\t\t\t\t\tdata-text=\"w:normal;\"\n\t\t\t\t\t\t\t\tdata-dim=\"w:636px,636px,636px,300px;h:413px,413px,160px,180px;\"\n\t\t\t\t\t\t\t\tdata-actions='o:click;a:simulateclick;layer:slider-173-slide-1754-layer-;'\n\t\t\t\t\t\t\t\tdata-rsp_o=\"off\"\n\t\t\t\t\t\t\t\tdata-rsp_bd=\"off\"\n\t\t\t\t\t\t\t\tdata-frame_1=\"gra:20%;bri:80%;\"\n\t\t\t\t\t\t\t\tdata-frame_999=\"o:0;st:w;\"\n\t\t\t\t\t\t\t\tdata-frame_hover=\"sX:1.1;sY:1.1;bgc:rgba(0,0,0,0.5);sp:500ms;e:power1.inOut;m:true;\"\n\t\t\t\t\t\t\t\tstyle=\"z-index:6;background-color:rgba(0,0,0,0.5);cursor:text;\"\n\t\t\t\t\t\t\t><rs-bg-elem style=\"background: url('\/\/www.valcucine.com\/wp-content\/uploads\/2025\/10\/BERCELLONA-scaled.jpg') no-repeat center center; background-size: cover;\"><\/rs-bg-elem>\n \n\t\t\t\t\t\t\t<\/a><!--\n-->\t\t\t\t\t<\/rs-slide>\n\t\t\t\t\t<\/rs-slides>\n\t\t\t\t\t<rs-static-layers><!--\n\t\t\t\t\t--><\/rs-static-layers>\n\t\t\t\t<\/rs-module>\n\t\t\t\t<script>\n\t\t\t\t\tsetREVStartSize({c: 'rev_slider_173_2',rl:[1240,1024,778,480],el:[400,380,340,180],gw:[600,300,250,300],gh:[400,380,340,180],type:'carousel',justify:'true',layout:'fullwidth',mh:\"0\"});if (window.RS_MODULES!==undefined && window.RS_MODULES.modules!==undefined && window.RS_MODULES.modules[\"revslider1732\"]!==undefined) {window.RS_MODULES.modules[\"revslider1732\"].once = false;window.revapi173 = undefined;if (window.RS_MODULES.checkMinimal!==undefined) window.RS_MODULES.checkMinimal()}\n\t\t\t\t<\/script>\n\t\t\t<\/rs-module-wrap>\n\t\t\t<!-- END REVOLUTION SLIDER -->\n[\/vc_column][\/vc_row][vc_row css=&#8220;.vc_custom_1707900307902{margin-bottom: 0px !important;padding-top: 60px !important;padding-bottom: 60px !important;}&#8220;][vc_column][vc_separator color=&#8220;custom&#8220; el_width=&#8220;10&#8243; css=&#8220;.vc_custom_1708678699993{margin-bottom: 0px !important;}&#8220; accent_color=&#8220;#666666&#8243;][\/vc_column][\/vc_row][vc_row css=&#8220;.vc_custom_1707908093212{margin-bottom: 60px !important;}&#8220;][vc_column]\n        \n        <h2 class=\"text-center  main__title__h2  text-uppercase\" style=\"color:#333333;\"> \n\n         Valcucine magazine\n        \n        <\/h2>[vc_empty_space][vc_column_text]<\/p>\n<p style=\"text-align: center;\">Projekte, Veranstaltungen, Ausstellungsraum\u00a0 \u00d6ffnungen, Messen, Produktneuheiten , alle Nachrichten aus der Valcucine Welt.<\/p>\n<p>[\/vc_column_text]<div class=\"carousel__news__home\">\n                         <div class=\"\">\n                            <div class=\"main__loop__carousel__news__box p-3 \">\n                                 <a href=\"https:\/\/www.valcucine.com\/magazine\/en\/2026\/04\/valcucine-presents-crafting-forward-at-milan-design-week-2026\/\" class=\"text-decoration-none \">\n                                    <div class=\"main__loop__carousel__news__image \">\n                                        <div class=\"main__loop__carousel__news__bkg__image\" style=\"background-image:url(https:\/\/www.valcucine.com\/magazine\/wp-content\/uploads\/2026\/04\/Milan-Design-Week-2026_-Valcucine-Crafting-Forward-\u00a9valentinasommariva.jpg)\">\n                                        <\/div>\n                                    <\/div>\n                                    <div class=\"\">\n                                          <h4 class=\"main__loop__carousel_title__news\">Valcucine presents Crafting Forward at Milan Design Week 2026<\/h4>\n                                          <div class=\"main__loop__carousel_text_news\">\n                                            In dialogue with \u201cBe the project\u201d, the theme of the 2026 edition, Crafting Forward...\n                                          <\/div>\n                                          <span class=\"btn letter-spacing-1 text-fourth p-0 text-uppercase mt-5\">Discover more<\/span>\n                                     <\/div>\n                                <\/a>\n                            <\/div>\n                        <\/div>\n                       \n                     \n                    \n                         <div class=\"\">\n                            <div class=\"main__loop__carousel__news__box p-3 \">\n                                 <a href=\"https:\/\/www.valcucine.com\/magazine\/en\/2026\/04\/milan-design-week-2026-valcucine-presents-crafting-forward\/\" class=\"text-decoration-none \">\n                                    <div class=\"main__loop__carousel__news__image \">\n                                        <div class=\"main__loop__carousel__news__bkg__image\" style=\"background-image:url(https:\/\/www.valcucine.com\/magazine\/wp-content\/uploads\/2026\/03\/VALCUCINE_CRAFTING-FORWARD_MILAN-DESIGN-WEEK-2026.jpg)\">\n                                        <\/div>\n                                    <\/div>\n                                    <div class=\"\">\n                                          <h4 class=\"main__loop__carousel_title__news\">Milan Design Week 2026: Valcucine presents &#8220;Crafting Forward&#8221;<\/h4>\n                                          <div class=\"main__loop__carousel_text_news\">\n                                            On the occasion of the Milan Design Week 2026 and\u00a0Fuorisalone 2026, Valcucine presents Crafting...\n                                          <\/div>\n                                          <span class=\"btn letter-spacing-1 text-fourth p-0 text-uppercase mt-5\">Discover more<\/span>\n                                     <\/div>\n                                <\/a>\n                            <\/div>\n                        <\/div>\n                       \n                     \n                    \n                         <div class=\"\">\n                            <div class=\"main__loop__carousel__news__box p-3 \">\n                                 <a href=\"https:\/\/www.valcucine.com\/magazine\/en\/2026\/04\/valcucine-wunderkammer-journey-continues-in-germany\/\" class=\"text-decoration-none \">\n                                    <div class=\"main__loop__carousel__news__image \">\n                                        <div class=\"main__loop__carousel__news__bkg__image\" style=\"background-image:url(https:\/\/www.valcucine.com\/magazine\/wp-content\/uploads\/2026\/03\/COVER-MAGAZINE-GERMANIA_EN.jpg)\">\n                                        <\/div>\n                                    <\/div>\n                                    <div class=\"\">\n                                          <h4 class=\"main__loop__carousel_title__news\">Valcucine Wunderkammer journey continues in Germany<\/h4>\n                                          <div class=\"main__loop__carousel_text_news\">\n                                            The Valcucine Wunderkammer journey continues and arrives in Germany, bringing with it a format...\n                                          <\/div>\n                                          <span class=\"btn letter-spacing-1 text-fourth p-0 text-uppercase mt-5\">Discover more<\/span>\n                                     <\/div>\n                                <\/a>\n                            <\/div>\n                        <\/div>\n                       \n                     \n                    \n                         <div class=\"\">\n                            <div class=\"main__loop__carousel__news__box p-3 \">\n                                 <a href=\"https:\/\/www.valcucine.com\/magazine\/en\/2026\/03\/a-kitchen-retreat-in-the-mountains-of-courmayeur\/\" class=\"text-decoration-none \">\n                                    <div class=\"main__loop__carousel__news__image \">\n                                        <div class=\"main__loop__carousel__news__bkg__image\" style=\"background-image:url(https:\/\/www.valcucine.com\/magazine\/wp-content\/uploads\/2026\/03\/Cur-11.jpg)\">\n                                        <\/div>\n                                    <\/div>\n                                    <div class=\"\">\n                                          <h4 class=\"main__loop__carousel_title__news\">A kitchen retreat in the mountains of Courmayeur<\/h4>\n                                          <div class=\"main__loop__carousel_text_news\">\n                                            Inside the \u201cLa Montanina\u201d complex in Courmayeur, this apartment is set within a landscape...\n                                          <\/div>\n                                          <span class=\"btn letter-spacing-1 text-fourth p-0 text-uppercase mt-5\">Discover more<\/span>\n                                     <\/div>\n                                <\/a>\n                            <\/div>\n                        <\/div>\n                       \n                     \n                    \n                         <div class=\"\">\n                            <div class=\"main__loop__carousel__news__box p-3 \">\n                                 <a href=\"https:\/\/www.valcucine.com\/magazine\/en\/2026\/03\/valcucine-wunderkammer-arrives-in-turin\/\" class=\"text-decoration-none \">\n                                    <div class=\"main__loop__carousel__news__image \">\n                                        <div class=\"main__loop__carousel__news__bkg__image\" style=\"background-image:url(https:\/\/www.valcucine.com\/magazine\/wp-content\/uploads\/2026\/03\/COVER-MAGAZINE_TORINO_EN.jpg)\">\n                                        <\/div>\n                                    <\/div>\n                                    <div class=\"\">\n                                          <h4 class=\"main__loop__carousel_title__news\">Valcucine Wunderkammer arrives in Italy: In Turin, uniqueness takes shape through experience<\/h4>\n                                          <div class=\"main__loop__carousel_text_news\">\n                                            Valcucine Wunderkammer arrives in Italy, making its first stop in Turin and launching the...\n                                          <\/div>\n                                          <span class=\"btn letter-spacing-1 text-fourth p-0 text-uppercase mt-5\">Discover more<\/span>\n                                     <\/div>\n                                <\/a>\n                            <\/div>\n                        <\/div>\n                       \n                     \n                    \n                         <div class=\"\">\n                            <div class=\"main__loop__carousel__news__box p-3 \">\n                                 <a href=\"https:\/\/www.valcucine.com\/magazine\/en\/2026\/03\/encounters-and-dialogues-by-luca-molinari-arrives-in-rome\/\" class=\"text-decoration-none \">\n                                    <div class=\"main__loop__carousel__news__image \">\n                                        <div class=\"main__loop__carousel__news__bkg__image\" style=\"background-image:url(https:\/\/www.valcucine.com\/magazine\/wp-content\/uploads\/2026\/03\/INCONTRI-E-DIALOGHI-a-cura-di-Luca-Molinari-1.jpg)\">\n                                        <\/div>\n                                    <\/div>\n                                    <div class=\"\">\n                                          <h4 class=\"main__loop__carousel_title__news\">\u201cEncounters and Dialogues\u201d the cultural project curated by Luca Molinari arrives in Rome<\/h4>\n                                          <div class=\"main__loop__carousel_text_news\">\n                                            The \u201cEncounters and Dialogues\u201d\u00a0series continues in Rome. Conceived and curated by critic and curator...\n                                          <\/div>\n                                          <span class=\"btn letter-spacing-1 text-fourth p-0 text-uppercase mt-5\">Discover more<\/span>\n                                     <\/div>\n                                <\/a>\n                            <\/div>\n                        <\/div>\n                       \n                     \n                    \n                         <div class=\"\">\n                            <div class=\"main__loop__carousel__news__box p-3 \">\n                                 <a href=\"https:\/\/www.valcucine.com\/magazine\/en\/2026\/02\/fuorisalone-passport\/\" class=\"text-decoration-none \">\n                                    <div class=\"main__loop__carousel__news__image \">\n                                        <div class=\"main__loop__carousel__news__bkg__image\" style=\"background-image:url(https:\/\/www.valcucine.com\/magazine\/wp-content\/uploads\/2026\/03\/hero_passport_desktop_it-1-copia-1.jpg)\">\n                                        <\/div>\n                                    <\/div>\n                                    <div class=\"\">\n                                          <h4 class=\"main__loop__carousel_title__news\">Fuorisalone Passport improves Milan Design Week event registration<\/h4>\n                                          <div class=\"main__loop__carousel_text_news\">\n                                            Fuorisalone Passport one of the most meaningful innovations for visitors at Milan Design Week....\n                                          <\/div>\n                                          <span class=\"btn letter-spacing-1 text-fourth p-0 text-uppercase mt-5\">Discover more<\/span>\n                                     <\/div>\n                                <\/a>\n                            <\/div>\n                        <\/div>\n                       \n                     \n                    \n                         <div class=\"\">\n                            <div class=\"main__loop__carousel__news__box p-3 \">\n                                 <a href=\"https:\/\/www.valcucine.com\/magazine\/en\/2026\/02\/budapest-the-kitchen-as-architecture\/\" class=\"text-decoration-none \">\n                                    <div class=\"main__loop__carousel__news__image \">\n                                        <div class=\"main__loop__carousel__news__bkg__image\" style=\"background-image:url(https:\/\/www.valcucine.com\/magazine\/wp-content\/uploads\/2026\/02\/Architetural-integration-in-Budapest.jpg)\">\n                                        <\/div>\n                                    <\/div>\n                                    <div class=\"\">\n                                          <h4 class=\"main__loop__carousel_title__news\">Budapest: the kitchen as architecture<\/h4>\n                                          <div class=\"main__loop__carousel_text_news\">\n                                            In Budapest, a fully renovated two-level loft set within a historic building in the...\n                                          <\/div>\n                                          <span class=\"btn letter-spacing-1 text-fourth p-0 text-uppercase mt-5\">Discover more<\/span>\n                                     <\/div>\n                                <\/a>\n                            <\/div>\n                        <\/div>\n                       \n                     \n                    \n                         <div class=\"\">\n                            <div class=\"main__loop__carousel__news__box p-3 \">\n                                 <a href=\"https:\/\/www.valcucine.com\/magazine\/en\/2026\/02\/valcucine-wunderkammer-from-india-the-world-debut-of-an-experience-that-celebrates-uniqueness\/\" class=\"text-decoration-none \">\n                                    <div class=\"main__loop__carousel__news__image \">\n                                        <div class=\"main__loop__carousel__news__bkg__image\" style=\"background-image:url(https:\/\/www.valcucine.com\/magazine\/wp-content\/uploads\/2026\/02\/COVER-MAGAZINE_EN.jpg)\">\n                                        <\/div>\n                                    <\/div>\n                                    <div class=\"\">\n                                          <h4 class=\"main__loop__carousel_title__news\">Valcucine Wunderkammer: from India, the world debut of an experience that celebrates uniqueness<\/h4>\n                                          <div class=\"main__loop__carousel_text_news\">\n                                            A new international format that turns design culture into an experience, between customization, craftsmanship,...\n                                          <\/div>\n                                          <span class=\"btn letter-spacing-1 text-fourth p-0 text-uppercase mt-5\">Discover more<\/span>\n                                     <\/div>\n                                <\/a>\n                            <\/div>\n                        <\/div>\n                       \n                     \n                    \n                         <div class=\"\">\n                            <div class=\"main__loop__carousel__news__box p-3 \">\n                                 <a href=\"https:\/\/www.valcucine.com\/magazine\/en\/2026\/02\/grand-suites-in-a-park-on-lake-lugano-where-nature-and-design-converse\/\" class=\"text-decoration-none \">\n                                    <div class=\"main__loop__carousel__news__image \">\n                                        <div class=\"main__loop__carousel__news__bkg__image\" style=\"background-image:url(https:\/\/www.valcucine.com\/magazine\/wp-content\/uploads\/2026\/02\/0-1.jpg)\">\n                                        <\/div>\n                                    <\/div>\n                                    <div class=\"\">\n                                          <h4 class=\"main__loop__carousel_title__news\">Grand suites in a park on lake Lugano, where nature and design converse<\/h4>\n                                          <div class=\"main__loop__carousel_text_news\">\n                                            On the Italian shore of Lake Lugano, set within a natural park overlooking the...\n                                          <\/div>\n                                          <span class=\"btn letter-spacing-1 text-fourth p-0 text-uppercase mt-5\">Discover more<\/span>\n                                     <\/div>\n                                <\/a>\n                            <\/div>\n                        <\/div>\n                       \n                     \n                    <\/div>\n            <script>\n            jQuery(function () {\n                jQuery('.carousel__news__home').slick({\n                  infinite: true,\n                    slidesToShow: 1,\n                    slidesToScroll: 1,\n                    autoplaySpeed: 8000,\n                    centerPadding: '0px',\n                    mobileFirst: true,\n                    arrows: true,\n                    autoplay: true,\n                    prevArrow: '<div class=\\'corousel__arrow corousel__next\\'><i class=\\'fal fa-chevron-left\\'><\/i><\/div>',\n                    nextArrow: '<div class=\\'corousel__arrow corousel__prev\\'><i class=\\'fal fa-chevron-right\\'><\/i><\/div>',\n              responsive: [\n                {\n                  breakpoint: 768,\n                  settings: {\n                    slidesToShow: 4,\n                    slidesToScroll: 1,\n                  }\n                },\n                ]\n              \n                });\n            });\n            <\/script>\n            [\/vc_column][\/vc_row]<\/p>\n<\/div>","protected":false},"excerpt":{"rendered":"<p>[vc_row full_width=&#8220;stretch_row_content_no_spaces&#8220; el_class=&#8220;slider__height__fullwidth&#8220;][vc_column][\/vc_column][\/vc_row][vc_row full_width=&#8220;stretch_row_content_no_spaces&#8220; el_class=&#8220;slider__height__fullwidth&#8220;][vc_column][vc_empty_space height=&#8220;100px&#8220;][vc_column_text css=&#8220;&#8220;] Bei uns stehen der Mensch und sein\u00a0Wohlbefinden\u00a0im Mittelpunkt. Wir regen seine Sinne an. So werden die Abl\u00e4ufe zu einem Erlebnis und zu einem t\u00e4glichen Vergn\u00fcgen. Wir entwickeln einzigartige K\u00fcchen, die f\u00fcr Generationen gemacht sind, unbeeinflusst von modischen Str\u00f6mungen, zeitlos: Ausdruck einer\u00a0Handwerkskunst, die sich mit Meisterschaft in der Gegenwart [&hellip;]<\/p>\n","protected":false},"author":1,"featured_media":0,"parent":0,"menu_order":0,"comment_status":"closed","ping_status":"closed","template":"front-page.php","meta":{"footnotes":""},"class_list":["post-21335","page","type-page","status-publish","hentry"],"yoast_head":"<!-- This site is optimized with the Yoast SEO plugin v26.2 - https:\/\/yoast.com\/wordpress\/plugins\/seo\/ -->\n<title>Valcucine | Moderne italienische Designer-Einbauk\u00fcchen<\/title>\n<meta name=\"description\" content=\"Entdecken Sie die breite Palette des modernen K\u00fcchensortiments und der Zusammenstellungen im Valcucine-Katalog, erh\u00e4ltlich in hochwertigen Materialien wie Holz, Glas usw.\" \/>\n<meta name=\"robots\" content=\"index, follow, max-snippet:-1, max-image-preview:large, max-video-preview:-1\" \/>\n<link rel=\"canonical\" href=\"https:\/\/www.valcucine.com\/de\/\" \/>\n<meta property=\"og:locale\" content=\"de_DE\" \/>\n<meta property=\"og:type\" content=\"article\" \/>\n<meta property=\"og:title\" content=\"Valcucine | Moderne italienische Designer-Einbauk\u00fcchen\" \/>\n<meta property=\"og:description\" content=\"Entdecken Sie die breite Palette des modernen K\u00fcchensortiments und der Zusammenstellungen im Valcucine-Katalog, erh\u00e4ltlich in hochwertigen Materialien wie Holz, Glas usw.\" \/>\n<meta property=\"og:url\" content=\"https:\/\/www.valcucine.com\/de\/\" \/>\n<meta property=\"og:site_name\" content=\"Valcucine\" \/>\n<meta property=\"article:publisher\" content=\"https:\/\/www.facebook.com\/valcucine\/\" \/>\n<meta property=\"article:modified_time\" content=\"2025-12-22T07:48:17+00:00\" \/>\n<meta name=\"twitter:card\" content=\"summary_large_image\" \/>\n<meta name=\"twitter:label1\" content=\"Gesch\u00e4tzte Lesezeit\" \/>\n\t<meta name=\"twitter:data1\" content=\"2\u00a0Minuten\" \/>\n<script type=\"application\/ld+json\" class=\"yoast-schema-graph\">{\"@context\":\"https:\/\/schema.org\",\"@graph\":[{\"@type\":\"WebPage\",\"@id\":\"https:\/\/www.valcucine.com\/de\/\",\"url\":\"https:\/\/www.valcucine.com\/de\/\",\"name\":\"Valcucine | Moderne italienische Designer-Einbauk\u00fcchen\",\"isPartOf\":{\"@id\":\"https:\/\/www.valcucine.com\/#website\"},\"datePublished\":\"2024-01-30T16:31:48+00:00\",\"dateModified\":\"2025-12-22T07:48:17+00:00\",\"description\":\"Entdecken Sie die breite Palette des modernen K\u00fcchensortiments und der Zusammenstellungen im Valcucine-Katalog, erh\u00e4ltlich in hochwertigen Materialien wie Holz, Glas usw.\",\"breadcrumb\":{\"@id\":\"https:\/\/www.valcucine.com\/de\/#breadcrumb\"},\"inLanguage\":\"de\",\"potentialAction\":[{\"@type\":\"ReadAction\",\"target\":[\"https:\/\/www.valcucine.com\/de\/\"]}]},{\"@type\":\"BreadcrumbList\",\"@id\":\"https:\/\/www.valcucine.com\/de\/#breadcrumb\",\"itemListElement\":[{\"@type\":\"ListItem\",\"position\":1,\"name\":\"Valcucine\",\"item\":\"https:\/\/www.valcucine.com\/de\/\"},{\"@type\":\"ListItem\",\"position\":2,\"name\":\"Home\"}]},{\"@type\":\"WebSite\",\"@id\":\"https:\/\/www.valcucine.com\/#website\",\"url\":\"https:\/\/www.valcucine.com\/\",\"name\":\"Valcucine\",\"description\":\"\",\"publisher\":{\"@id\":\"https:\/\/www.valcucine.com\/#organization\"},\"potentialAction\":[{\"@type\":\"SearchAction\",\"target\":{\"@type\":\"EntryPoint\",\"urlTemplate\":\"https:\/\/www.valcucine.com\/?s={search_term_string}\"},\"query-input\":{\"@type\":\"PropertyValueSpecification\",\"valueRequired\":true,\"valueName\":\"search_term_string\"}}],\"inLanguage\":\"de\"},{\"@type\":\"Organization\",\"@id\":\"https:\/\/www.valcucine.com\/#organization\",\"name\":\"Valcucine\",\"url\":\"https:\/\/www.valcucine.com\/\",\"logo\":{\"@type\":\"ImageObject\",\"inLanguage\":\"de\",\"@id\":\"https:\/\/www.valcucine.com\/#\/schema\/logo\/image\/\",\"url\":\"https:\/\/www.valcucine.com\/wp-content\/uploads\/2024\/02\/logo-valcucine.webp?wsr\",\"contentUrl\":\"https:\/\/www.valcucine.com\/wp-content\/uploads\/2024\/02\/logo-valcucine.webp?wsr\",\"width\":288,\"height\":46,\"caption\":\"Valcucine\"},\"image\":{\"@id\":\"https:\/\/www.valcucine.com\/#\/schema\/logo\/image\/\"},\"sameAs\":[\"https:\/\/www.facebook.com\/valcucine\/\",\"https:\/\/www.instagram.com\/valcucine\/\",\"https:\/\/www.linkedin.com\/company\/valcucine\"]}]}<\/script>\n<!-- \/ Yoast SEO plugin. -->","yoast_head_json":{"title":"Valcucine | Moderne italienische Designer-Einbauk\u00fcchen","description":"Entdecken Sie die breite Palette des modernen K\u00fcchensortiments und der Zusammenstellungen im Valcucine-Katalog, erh\u00e4ltlich in hochwertigen Materialien wie Holz, Glas usw.","robots":{"index":"index","follow":"follow","max-snippet":"max-snippet:-1","max-image-preview":"max-image-preview:large","max-video-preview":"max-video-preview:-1"},"canonical":"https:\/\/www.valcucine.com\/de\/","og_locale":"de_DE","og_type":"article","og_title":"Valcucine | Moderne italienische Designer-Einbauk\u00fcchen","og_description":"Entdecken Sie die breite Palette des modernen K\u00fcchensortiments und der Zusammenstellungen im Valcucine-Katalog, erh\u00e4ltlich in hochwertigen Materialien wie Holz, Glas usw.","og_url":"https:\/\/www.valcucine.com\/de\/","og_site_name":"Valcucine","article_publisher":"https:\/\/www.facebook.com\/valcucine\/","article_modified_time":"2025-12-22T07:48:17+00:00","twitter_card":"summary_large_image","twitter_misc":{"Gesch\u00e4tzte Lesezeit":"2\u00a0Minuten"},"schema":{"@context":"https:\/\/schema.org","@graph":[{"@type":"WebPage","@id":"https:\/\/www.valcucine.com\/de\/","url":"https:\/\/www.valcucine.com\/de\/","name":"Valcucine | Moderne italienische Designer-Einbauk\u00fcchen","isPartOf":{"@id":"https:\/\/www.valcucine.com\/#website"},"datePublished":"2024-01-30T16:31:48+00:00","dateModified":"2025-12-22T07:48:17+00:00","description":"Entdecken Sie die breite Palette des modernen K\u00fcchensortiments und der Zusammenstellungen im Valcucine-Katalog, erh\u00e4ltlich in hochwertigen Materialien wie Holz, Glas usw.","breadcrumb":{"@id":"https:\/\/www.valcucine.com\/de\/#breadcrumb"},"inLanguage":"de","potentialAction":[{"@type":"ReadAction","target":["https:\/\/www.valcucine.com\/de\/"]}]},{"@type":"BreadcrumbList","@id":"https:\/\/www.valcucine.com\/de\/#breadcrumb","itemListElement":[{"@type":"ListItem","position":1,"name":"Valcucine","item":"https:\/\/www.valcucine.com\/de\/"},{"@type":"ListItem","position":2,"name":"Home"}]},{"@type":"WebSite","@id":"https:\/\/www.valcucine.com\/#website","url":"https:\/\/www.valcucine.com\/","name":"Valcucine","description":"","publisher":{"@id":"https:\/\/www.valcucine.com\/#organization"},"potentialAction":[{"@type":"SearchAction","target":{"@type":"EntryPoint","urlTemplate":"https:\/\/www.valcucine.com\/?s={search_term_string}"},"query-input":{"@type":"PropertyValueSpecification","valueRequired":true,"valueName":"search_term_string"}}],"inLanguage":"de"},{"@type":"Organization","@id":"https:\/\/www.valcucine.com\/#organization","name":"Valcucine","url":"https:\/\/www.valcucine.com\/","logo":{"@type":"ImageObject","inLanguage":"de","@id":"https:\/\/www.valcucine.com\/#\/schema\/logo\/image\/","url":"https:\/\/www.valcucine.com\/wp-content\/uploads\/2024\/02\/logo-valcucine.webp?wsr","contentUrl":"https:\/\/www.valcucine.com\/wp-content\/uploads\/2024\/02\/logo-valcucine.webp?wsr","width":288,"height":46,"caption":"Valcucine"},"image":{"@id":"https:\/\/www.valcucine.com\/#\/schema\/logo\/image\/"},"sameAs":["https:\/\/www.facebook.com\/valcucine\/","https:\/\/www.instagram.com\/valcucine\/","https:\/\/www.linkedin.com\/company\/valcucine"]}]}},"_links":{"self":[{"href":"https:\/\/www.valcucine.com\/de\/wp-json\/wp\/v2\/pages\/21335","targetHints":{"allow":["GET"]}}],"collection":[{"href":"https:\/\/www.valcucine.com\/de\/wp-json\/wp\/v2\/pages"}],"about":[{"href":"https:\/\/www.valcucine.com\/de\/wp-json\/wp\/v2\/types\/page"}],"author":[{"embeddable":true,"href":"https:\/\/www.valcucine.com\/de\/wp-json\/wp\/v2\/users\/1"}],"replies":[{"embeddable":true,"href":"https:\/\/www.valcucine.com\/de\/wp-json\/wp\/v2\/comments?post=21335"}],"version-history":[{"count":16,"href":"https:\/\/www.valcucine.com\/de\/wp-json\/wp\/v2\/pages\/21335\/revisions"}],"predecessor-version":[{"id":52500,"href":"https:\/\/www.valcucine.com\/de\/wp-json\/wp\/v2\/pages\/21335\/revisions\/52500"}],"wp:attachment":[{"href":"https:\/\/www.valcucine.com\/de\/wp-json\/wp\/v2\/media?parent=21335"}],"curies":[{"name":"wp","href":"https:\/\/api.w.org\/{rel}","templated":true}]}}