{"id":21462,"date":"2024-03-15T10:16:18","date_gmt":"2024-03-15T10:16:18","guid":{"rendered":"https:\/\/devel.valcucine.com\/spezielle-eigenschaften\/basi-invitrum\/"},"modified":"2025-06-03T10:03:25","modified_gmt":"2025-06-03T10:03:25","slug":"unterschaernke-invitrum","status":"publish","type":"page","link":"https:\/\/www.valcucine.com\/de\/spezielle-eigenschaften\/unterschaernke-invitrum\/","title":{"rendered":"Unterschr\u00e4nke Invitrum"},"content":{"rendered":"<div class=\"wpb-content-wrapper\"><p>[vc_row][vc_column]\n\t\t\t<!-- START Basi Invitrum REVOLUTION SLIDER 6.7.38 --><p class=\"rs-p-wp-fix\"><\/p>\n\t\t\t<rs-module-wrap id=\"rev_slider_41_1_wrapper\" data-source=\"gallery\" style=\"visibility:hidden;background:transparent;padding:0;\">\n\t\t\t\t<rs-module id=\"rev_slider_41_1\" style=\"\" data-version=\"6.7.38\">\n\t\t\t\t\t<rs-slides style=\"overflow: hidden; position: absolute;\">\n\t\t\t\t\t\t<rs-slide style=\"position: absolute;\" data-key=\"rs-225\" data-title=\"Slide\" data-thumb=\"\/\/www.valcucine.com\/wp-content\/uploads\/2024\/03\/1825_basi_invitrum_gen2-50x100.webp\" data-in=\"o:0;\" data-out=\"a:false;\">\n\t\t\t\t\t\t\t<img decoding=\"async\" src=\"\/\/www.valcucine.com\/wp-content\/plugins\/revslider\/sr6\/assets\/assets\/dummy.png\" alt=\"\" title=\"1825_basi_invitrum_gen2\" width=\"2400\" height=\"1200\" class=\"rev-slidebg tp-rs-img rs-lazyload\" data-lazyload=\"\/\/www.valcucine.com\/wp-content\/uploads\/2024\/03\/1825_basi_invitrum_gen2.webp\" data-no-retina>\n<!---->\t\t\t\t\t<\/rs-slide>\n\t\t\t\t\t\t<rs-slide style=\"position: absolute;\" data-key=\"rs-226\" data-title=\"Slide\" data-thumb=\"\/\/www.valcucine.com\/wp-content\/uploads\/2024\/03\/1827_816_invitrum-0117-50x100.webp\" data-in=\"o:0;\" data-out=\"a:false;\">\n\t\t\t\t\t\t\t<img decoding=\"async\" src=\"\/\/www.valcucine.com\/wp-content\/plugins\/revslider\/sr6\/assets\/assets\/dummy.png\" alt=\"Valcucine\u2019s glass kitchens combine elegance, durability, and sustainability, offering customizable designs, superior resistance, and easy maintenance for a timeless aesthetic.\" title=\"1827_816_invitrum-0117\" width=\"2400\" height=\"1200\" class=\"rev-slidebg tp-rs-img rs-lazyload\" data-lazyload=\"\/\/www.valcucine.com\/wp-content\/uploads\/2024\/03\/1827_816_invitrum-0117.webp\" data-no-retina>\n<!---->\t\t\t\t\t<\/rs-slide>\n\t\t\t\t\t\t<rs-slide style=\"position: absolute;\" data-key=\"rs-227\" data-title=\"Slide\" data-thumb=\"\/\/www.valcucine.com\/wp-content\/uploads\/2024\/03\/1829_invitrum0058-50x100.webp\" data-in=\"o:0;\" data-out=\"a:false;\">\n\t\t\t\t\t\t\t<img decoding=\"async\" src=\"\/\/www.valcucine.com\/wp-content\/plugins\/revslider\/sr6\/assets\/assets\/dummy.png\" alt=\"\" title=\"1829_invitrum0058\" width=\"1200\" height=\"600\" class=\"rev-slidebg tp-rs-img rs-lazyload\" data-lazyload=\"\/\/www.valcucine.com\/wp-content\/uploads\/2024\/03\/1829_invitrum0058.webp\" data-no-retina>\n<!---->\t\t\t\t\t<\/rs-slide>\n\t\t\t\t\t\t<rs-slide style=\"position: absolute;\" data-key=\"rs-228\" data-title=\"Slide\" data-thumb=\"\/\/www.valcucine.com\/wp-content\/uploads\/2024\/03\/2217_artematica_basi_invitrum-50x100.webp\" data-in=\"o:0;\" data-out=\"a:false;\">\n\t\t\t\t\t\t\t<img decoding=\"async\" src=\"\/\/www.valcucine.com\/wp-content\/plugins\/revslider\/sr6\/assets\/assets\/dummy.png\" alt=\"\" title=\"2217_artematica_basi_invitrum\" width=\"2400\" height=\"1200\" class=\"rev-slidebg tp-rs-img rs-lazyload\" data-lazyload=\"\/\/www.valcucine.com\/wp-content\/uploads\/2024\/03\/2217_artematica_basi_invitrum.webp\" data-no-retina>\n<!---->\t\t\t\t\t<\/rs-slide>\n\t\t\t\t\t<\/rs-slides>\n\t\t\t\t\t<rs-static-layers><!--\n\n\t\t\t\t\t\t\t--><rs-layer\n\t\t\t\t\t\t\t\tid=\"slider-41-slide-39-layer-12\" \n\t\t\t\t\t\t\t\tclass=\"play-button rs-svg rs-layer-static\"\n\t\t\t\t\t\t\t\tdata-type=\"svg\"\n\t\t\t\t\t\t\t\tdata-rsp_ch=\"on\"\n\t\t\t\t\t\t\t\tdata-xy=\"xo:20px;y:b;yo:20px;\"\n\t\t\t\t\t\t\t\tdata-text=\"w:normal;s:20,20,20,7;l:0,0,0,9;\"\n\t\t\t\t\t\t\t\tdata-dim=\"w:20px,20px,20px,30px;h:20px,20px,20px,30px;\"\n\t\t\t\t\t\t\t\tdata-actions='o:click;a:playslider;'\n\t\t\t\t\t\t\t\tdata-svg_src=\"\/\/www.valcucine.com\/wp-content\/uploads\/revslider\/svg\/objects\/svgcustom\/circle-play.svg\"\n\t\t\t\t\t\t\t\tdata-svgi=\"oc:t;\"\n\t\t\t\t\t\t\t\tdata-basealign=\"slide\"\n\t\t\t\t\t\t\t\tdata-onslides=\"s:1;\"\n\t\t\t\t\t\t\t\tdata-frame_999=\"o:0;st:w;\"\n\t\t\t\t\t\t\t\tstyle=\"z-index:7;font-family:'Roboto';\"\n\t\t\t\t\t\t\t> \n\t\t\t\t\t\t\t<\/rs-layer><!--\n\n\t\t\t\t\t\t\t--><rs-layer\n\t\t\t\t\t\t\t\tid=\"slider-41-slide-39-layer-13\" \n\t\t\t\t\t\t\t\tclass=\"pause-button current-slider rs-svg rs-layer-static\"\n\t\t\t\t\t\t\t\tdata-type=\"svg\"\n\t\t\t\t\t\t\t\tdata-rsp_ch=\"on\"\n\t\t\t\t\t\t\t\tdata-xy=\"xo:20px;y:b;yo:20px;\"\n\t\t\t\t\t\t\t\tdata-text=\"w:normal;s:20,20,20,7;l:0,0,0,9;\"\n\t\t\t\t\t\t\t\tdata-dim=\"w:20px,20px,20px,30px;h:20px,20px,20px,30px;\"\n\t\t\t\t\t\t\t\tdata-actions='o:click;a:pauseslider;'\n\t\t\t\t\t\t\t\tdata-svg_src=\"\/\/www.valcucine.com\/wp-content\/uploads\/revslider\/svg\/objects\/svgcustom\/circle-pause.svg\"\n\t\t\t\t\t\t\t\tdata-svgi=\"oc:t;\"\n\t\t\t\t\t\t\t\tdata-basealign=\"slide\"\n\t\t\t\t\t\t\t\tdata-onslides=\"s:1;\"\n\t\t\t\t\t\t\t\tdata-frame_999=\"o:0;st:w;\"\n\t\t\t\t\t\t\t\tstyle=\"z-index:8;font-family:'Roboto';\"\n\t\t\t\t\t\t\t> \n\t\t\t\t\t\t\t<\/rs-layer><!--\n\t\t\t\t\t--><\/rs-static-layers>\n\t\t\t\t<\/rs-module>\n\t\t\t\t<script>\n\t\t\t\t\tsetREVStartSize({c: 'rev_slider_41_1',rl:[1240,1240,1240,480],el:[568.984,568.984,568.984,480],gw:[1240,1240,1240,480],gh:[569,569,569,480],type:'standard',justify:'',layout:'fullscreen',offsetContainer:'#slider__height',offset:'0px',mh:\"0\"});if (window.RS_MODULES!==undefined && window.RS_MODULES.modules!==undefined && window.RS_MODULES.modules[\"revslider411\"]!==undefined) {window.RS_MODULES.modules[\"revslider411\"].once = false;window.revapi41 = undefined;if (window.RS_MODULES.checkMinimal!==undefined) window.RS_MODULES.checkMinimal()}\n\t\t\t\t<\/script>\n\t\t\t<\/rs-module-wrap>\n\t\t\t<!-- END REVOLUTION SLIDER -->\n[\/vc_column][\/vc_row][vc_row full_width=&#8220;stretch_row_content_no_spaces&#8220; el_class=&#8220;pt-6&#8243; css=&#8220;.vc_custom_1710842741673{padding-top: 40px !important;}&#8220;][vc_column]\n        \n        <h1 class=\"text-center  main__title__h1  \" style=\"color:#333333;\"> \n\n         Unterschr\u00e4nke Invitrum\n        \n        <\/h1>[\/vc_column][\/vc_row][vc_row css=&#8220;.vc_custom_1709741045295{margin-top: 10px !important;}&#8220;][vc_column]\n        \n        <h2 class=\"text-center  main__title__h2  vc_custom_1724921950787 \" style=\"color:#333333;\"> \n\n         Kreisf\u00f6rmiges Design in der K\u00fcche\n        \n        <\/h2>[\/vc_column][\/vc_row][vc_row css=&#8220;.vc_custom_1709741045295{margin-top: 10px !important;}&#8220;][vc_column width=&#8220;1\/2&#8243;][vc_single_image image=&#8220;5944&#8243; img_size=&#8220;full&#8220;][\/vc_column][vc_column width=&#8220;1\/2&#8243;][vc_column_text]<\/p>\n<p style=\"text-align: justify;\">Mit dem System der Unterschr\u00e4nke Invitrum,\u00a0stellte Valcucine die erste K\u00fcche der Welt her, die vollst\u00e4ndig aus Aluminium und Glas besteht, bei der die wichtigsten Regeln des umweltvertr\u00e4glichen Designs beachtet werden &#8211; Dematerialisierung, Wiederverwertbarkeit, Verringerung der Schadstoffemissionen und Langlebigkeit &#8211; und die am Ende ihrer Nutzungszeit keinen Abfall erzeugt.<\/p>\n<p>[\/vc_column_text]\n        \n        <h3 class=\"text-start  main__title__h3  vc_custom_1724921983229 \" style=\"color:#333333;\"> \n\n         Dematerialisierung: Eine einzige Seitenwand aus Glas\n        \n        <\/h3>[vc_column_text]<\/p>\n<p style=\"text-align: justify;\">Das Invitrum-Basissystem, das seit 2009 patentiert ist, wurde im Hinblick auf den Einsatz von weniger Rohstoffen und Energie entwickelt. Die einzigartige, nur 10 mm dicke Glas-Seitenwand macht herk\u00f6mmliche Seitenw\u00e4nde \u00fcberfl\u00fcssig, die, wenn sie zusammengef\u00fcgt werden, eine betr\u00e4chtliche Dicke erreichen w\u00fcrden. Dies f\u00fchrt zu einer Einsparung von 73 % bei den Rohstoffen.<\/p>\n<p>[\/vc_column_text]\n        \n        <h3 class=\"text-start  main__title__h3  vc_custom_1724922011157 \" style=\"color:#333333;\"> \n\n         Recycelbarkeit: 100% Glas und Aluminium\n        \n        <\/h3>[vc_column_text]<\/p>\n<p style=\"text-align: justify;\">Die Verwendung von Glas und von Aluminium garantiert die vollst\u00e4ndige Recycelbarkeit der K\u00fcche.<\/p>\n<p>[\/vc_column_text]\n        \n        <h3 class=\"text-start  main__title__h3  vc_custom_1724922044334 \" style=\"color:#333333;\"> \n\n         Keine Schadstoffemissionen\n        \n        <\/h3>[vc_column_text]<\/p>\n<p style=\"text-align: justify;\">Durch die Verwendung der zwei reaktionstr\u00e4gen Materialien Aluminium und Glas und die spezielle Konstruktionsplanung, die nur mechanische Verbindungen und keinen Klebstoff vorsieht, lassen sich Schadstoffemissionen komplett vermeiden.<\/p>\n<p>[\/vc_column_text][\/vc_column][\/vc_row][vc_row][vc_column width=&#8220;1\/2&#8243;][vc_single_image image=&#8220;4877&#8243; img_size=&#8220;1200&#215;600&#8243; alignment=&#8220;center&#8220;][\/vc_column][vc_column width=&#8220;1\/2&#8243;]\n        \n        <h3 class=\"text-start  main__title__h3  vc_custom_1724922159097 \" style=\"color:#333333;\"> \n\n         Langlebigkeit: Ein Produkt, das sich demontieren l\u00e4sst\n        \n        <\/h3>[vc_column_text]<\/p>\n<p style=\"text-align: justify;\">Valcucine ist sich bewusst, dass jedes Produkt eine potenzielle Rohstoffquelle darstellt. Aber nur, wenn es so konzipiert ist, dass es sich in seine Einzelteile zerlegen l\u00e4sst. Invitrum wurde daher so entwickelt, dass es nach Ablauf seines Lebenszyklus problemlos demontiert werden kann: Das System besteht aus Monomaterialien, die nur durch mechanische Verbindungen miteinander verbunden sind.<\/p>\n<p>Design by Gabriele Centazzo[\/vc_column_text][\/vc_column][\/vc_row][vc_row][vc_column][vc_separator color=&#8220;custom&#8220; el_width=&#8220;10&#8243; accent_color=&#8220;#666666&#8243;][\/vc_column][\/vc_row][vc_row css=&#8220;.vc_custom_1709205719128{margin-bottom: 70px !important;}&#8220;][vc_column]<div class='menu__page'><a href='https:\/\/www.valcucine.com\/store-locator\/' target='' rel=''>Finde den H\u00e4ndler<\/a><\/div>[\/vc_column][\/vc_row][vc_row css=&#8220;.vc_custom_1710843030227{margin-bottom: 40px !important;}&#8220;][vc_column]<div id=''><div class='carousel__portfolio'><div class='mb-6 portfolio_gallery_cat_all portfolio_gallery_box p-3  portfolio_gallery_cat_528'><div id='portfolio_gallery_1'><div class=\"portfolio_gallery_box_item\" style=\"background-image:url(https:\/\/www.valcucine.com\/wp-content\/uploads\/2024\/02\/13_artematica-noce-tattile-valcucine09-1.jpg?wsr)\"><\/div><\/div><span>Artematica Holz<\/span><\/div><\/div>\n            <script>\n            jQuery(function () {\n                \n                \n                jQuery('.carousel__portfolio').slick({\n                  infinite: true,\n                    slidesToShow: 1,\n                    slidesToScroll: 1,\n                    autoplaySpeed: 8000,\n                    centerPadding: '0px',\n                    mobileFirst: true,\n                    arrows: true,\n                    autoplay: true,\n                    prevArrow: '<div class=\\'corousel__arrow corousel__next \\'><i class=\\'fal fa-chevron-left\\'><\/i><\/div>',\n                    nextArrow: '<div class=\\'corousel__arrow corousel__prev \\'><i class=\\'fal fa-chevron-right\\'><\/i><\/div>',\n                      responsive: [\n                        {\n                          breakpoint: 768,\n                          settings: {\n                            slidesToShow: 4,\n                            slidesToScroll: 1,\n                          }\n                        },\n                    ]\n              \n                });\n            });\n            <\/script>\n            \n                    <script>\n                    jQuery(function () {\n                        \n                        var dynamicGalleryElement = document.getElementById('portfolio_gallery_1');\n                        var dynamicGallery = lightGallery(dynamicGalleryElement, {\n                            dynamic: true,\n                            dynamicEl: [{\"src\":\"https:\\\/\\\/www.valcucine.com\\\/wp-content\\\/uploads\\\/2024\\\/02\\\/74_artematica_noce_tattile_valcucine09_11_.webp\",\"subHtml\":\"<span>Artematica Holz<\\\/span>\"},{\"src\":\"https:\\\/\\\/www.valcucine.com\\\/wp-content\\\/uploads\\\/2024\\\/02\\\/75_artematica_noce_tattile_valcucine09_15_.webp\",\"subHtml\":\"<span>Artematica Holz<\\\/span>\"},{\"src\":\"https:\\\/\\\/www.valcucine.com\\\/wp-content\\\/uploads\\\/2024\\\/02\\\/77_artematica_noce_tattile_valcucine09_19_.webp\",\"subHtml\":\"<span>Artematica Holz<\\\/span>\"},{\"src\":\"https:\\\/\\\/www.valcucine.com\\\/wp-content\\\/uploads\\\/2024\\\/02\\\/78_artematica_noce_tattile_valcucine09_21_.webp\",\"subHtml\":\"<span>Artematica Holz<\\\/span>\"},{\"src\":\"https:\\\/\\\/www.valcucine.com\\\/wp-content\\\/uploads\\\/2024\\\/02\\\/79_artematica_noce_tattile_valcucine09_25_.webp\",\"subHtml\":\"<span>Artematica Holz<\\\/span>\"},{\"src\":\"https:\\\/\\\/www.valcucine.com\\\/wp-content\\\/uploads\\\/2024\\\/02\\\/81_artematica_noce_tattile_valcucine09.webp\",\"subHtml\":\"<span>Artematica Holz<\\\/span>\"},{\"src\":\"https:\\\/\\\/www.valcucine.com\\\/wp-content\\\/uploads\\\/2024\\\/02\\\/897_noce-materico-interno-casse.webp\",\"subHtml\":\"<span>Artematica Holz<\\\/span>\"},{\"src\":\"https:\\\/\\\/www.valcucine.com\\\/wp-content\\\/uploads\\\/2024\\\/02\\\/898_noce-materico-interno1-cass.webp\",\"subHtml\":\"<span>Artematica Holz<\\\/span>\"},{\"src\":\"https:\\\/\\\/www.valcucine.com\\\/wp-content\\\/uploads\\\/2024\\\/02\\\/72_artematica_noce_tattile_valcucine09_5_.webp\",\"subHtml\":\"<span>Artematica Holz<\\\/span>\"},{\"src\":\"https:\\\/\\\/www.valcucine.com\\\/wp-content\\\/uploads\\\/2024\\\/02\\\/73_artematica_noce_tattile_valcucine09_6_.webp\",\"subHtml\":\"<span>Artematica Holz<\\\/span>\"},{\"src\":\"https:\\\/\\\/www.valcucine.com\\\/wp-content\\\/uploads\\\/2024\\\/02\\\/71_artematica_noce_tattile_valcucine09_1_.webp\",\"subHtml\":\"<span>Artematica Holz<\\\/span>\"}],\n                        });\n                        dynamicGalleryElement.addEventListener('click', function () {\n                            \/\/ Starts with third item.(Optional).\n                            \/\/ This is useful if you want use dynamic mode with\n                            \/\/ custom thumbnails (thumbnails outside gallery),\n                            dynamicGallery.openGallery(0);\n                        });\n                                                \n                        \n                    });\n                    <\/script>\n                    <\/div>[\/vc_column][\/vc_row]<\/p>\n<\/div>","protected":false},"excerpt":{"rendered":"<p>[vc_row][vc_column][\/vc_column][\/vc_row][vc_row full_width=&#8220;stretch_row_content_no_spaces&#8220; el_class=&#8220;pt-6&#8243; css=&#8220;.vc_custom_1710842741673{padding-top: 40px !important;}&#8220;][vc_column][\/vc_column][\/vc_row][vc_row css=&#8220;.vc_custom_1709741045295{margin-top: 10px !important;}&#8220;][vc_column][\/vc_column][\/vc_row][vc_row css=&#8220;.vc_custom_1709741045295{margin-top: 10px !important;}&#8220;][vc_column width=&#8220;1\/2&#8243;][vc_single_image image=&#8220;5944&#8243; img_size=&#8220;full&#8220;][\/vc_column][vc_column width=&#8220;1\/2&#8243;][vc_column_text] Mit dem System der Unterschr\u00e4nke Invitrum,\u00a0stellte Valcucine die erste K\u00fcche der Welt her, die vollst\u00e4ndig aus Aluminium und Glas besteht, bei der die wichtigsten Regeln des umweltvertr\u00e4glichen Designs beachtet werden &#8211; Dematerialisierung, Wiederverwertbarkeit, Verringerung der Schadstoffemissionen und Langlebigkeit &#8211; [&hellip;]<\/p>\n","protected":false},"author":1,"featured_media":0,"parent":21286,"menu_order":0,"comment_status":"closed","ping_status":"closed","template":"","meta":{"footnotes":""},"class_list":["post-21462","page","type-page","status-publish","hentry"],"yoast_head":"<!-- This site is optimized with the Yoast SEO plugin v26.2 - https:\/\/yoast.com\/wordpress\/plugins\/seo\/ -->\n<title>Unterschr\u00e4nke Invitrum Valcucine<\/title>\n<meta name=\"description\" content=\"Mit dem System der Unterschr\u00e4nke Invitrum, stellte Valcucine die erste K\u00fcche der Welt her, die vollst\u00e4ndig aus Aluminium und Glas besteht.\" \/>\n<meta name=\"robots\" content=\"index, follow, max-snippet:-1, max-image-preview:large, max-video-preview:-1\" \/>\n<link rel=\"canonical\" href=\"https:\/\/www.valcucine.com\/de\/spezielle-eigenschaften\/unterschaernke-invitrum\/\" \/>\n<meta property=\"og:locale\" content=\"de_DE\" \/>\n<meta property=\"og:type\" content=\"article\" \/>\n<meta property=\"og:title\" content=\"Unterschr\u00e4nke Invitrum Valcucine\" \/>\n<meta property=\"og:description\" content=\"Mit dem System der Unterschr\u00e4nke Invitrum, stellte Valcucine die erste K\u00fcche der Welt her, die vollst\u00e4ndig aus Aluminium und Glas besteht.\" \/>\n<meta property=\"og:url\" content=\"https:\/\/www.valcucine.com\/de\/spezielle-eigenschaften\/unterschaernke-invitrum\/\" \/>\n<meta property=\"og:site_name\" content=\"Valcucine\" \/>\n<meta property=\"article:publisher\" content=\"https:\/\/www.facebook.com\/valcucine\/\" \/>\n<meta property=\"article:modified_time\" content=\"2025-06-03T10:03:25+00:00\" \/>\n<meta name=\"twitter:card\" content=\"summary_large_image\" \/>\n<meta name=\"twitter:label1\" content=\"Gesch\u00e4tzte Lesezeit\" \/>\n\t<meta name=\"twitter:data1\" content=\"2\u00a0Minuten\" \/>\n<script type=\"application\/ld+json\" class=\"yoast-schema-graph\">{\"@context\":\"https:\/\/schema.org\",\"@graph\":[{\"@type\":\"WebPage\",\"@id\":\"https:\/\/www.valcucine.com\/de\/spezielle-eigenschaften\/unterschaernke-invitrum\/\",\"url\":\"https:\/\/www.valcucine.com\/de\/spezielle-eigenschaften\/unterschaernke-invitrum\/\",\"name\":\"Unterschr\u00e4nke Invitrum Valcucine\",\"isPartOf\":{\"@id\":\"https:\/\/www.valcucine.com\/#website\"},\"datePublished\":\"2024-03-15T10:16:18+00:00\",\"dateModified\":\"2025-06-03T10:03:25+00:00\",\"description\":\"Mit dem System der Unterschr\u00e4nke Invitrum, stellte Valcucine die erste K\u00fcche der Welt her, die vollst\u00e4ndig aus Aluminium und Glas besteht.\",\"breadcrumb\":{\"@id\":\"https:\/\/www.valcucine.com\/de\/spezielle-eigenschaften\/unterschaernke-invitrum\/#breadcrumb\"},\"inLanguage\":\"de\",\"potentialAction\":[{\"@type\":\"ReadAction\",\"target\":[\"https:\/\/www.valcucine.com\/de\/spezielle-eigenschaften\/unterschaernke-invitrum\/\"]}]},{\"@type\":\"BreadcrumbList\",\"@id\":\"https:\/\/www.valcucine.com\/de\/spezielle-eigenschaften\/unterschaernke-invitrum\/#breadcrumb\",\"itemListElement\":[{\"@type\":\"ListItem\",\"position\":1,\"name\":\"Valcucine\",\"item\":\"https:\/\/www.valcucine.com\/de\/\"},{\"@type\":\"ListItem\",\"position\":2,\"name\":\"Spezialelemente\",\"item\":\"https:\/\/www.valcucine.com\/de\/spezielle-eigenschaften\/\"},{\"@type\":\"ListItem\",\"position\":3,\"name\":\"Unterschr\u00e4nke Invitrum\"}]},{\"@type\":\"WebSite\",\"@id\":\"https:\/\/www.valcucine.com\/#website\",\"url\":\"https:\/\/www.valcucine.com\/\",\"name\":\"Valcucine\",\"description\":\"\",\"publisher\":{\"@id\":\"https:\/\/www.valcucine.com\/#organization\"},\"potentialAction\":[{\"@type\":\"SearchAction\",\"target\":{\"@type\":\"EntryPoint\",\"urlTemplate\":\"https:\/\/www.valcucine.com\/?s={search_term_string}\"},\"query-input\":{\"@type\":\"PropertyValueSpecification\",\"valueRequired\":true,\"valueName\":\"search_term_string\"}}],\"inLanguage\":\"de\"},{\"@type\":\"Organization\",\"@id\":\"https:\/\/www.valcucine.com\/#organization\",\"name\":\"Valcucine\",\"url\":\"https:\/\/www.valcucine.com\/\",\"logo\":{\"@type\":\"ImageObject\",\"inLanguage\":\"de\",\"@id\":\"https:\/\/www.valcucine.com\/#\/schema\/logo\/image\/\",\"url\":\"https:\/\/www.valcucine.com\/wp-content\/uploads\/2024\/02\/logo-valcucine.webp?wsr\",\"contentUrl\":\"https:\/\/www.valcucine.com\/wp-content\/uploads\/2024\/02\/logo-valcucine.webp?wsr\",\"width\":288,\"height\":46,\"caption\":\"Valcucine\"},\"image\":{\"@id\":\"https:\/\/www.valcucine.com\/#\/schema\/logo\/image\/\"},\"sameAs\":[\"https:\/\/www.facebook.com\/valcucine\/\",\"https:\/\/www.instagram.com\/valcucine\/\",\"https:\/\/www.linkedin.com\/company\/valcucine\"]}]}<\/script>\n<!-- \/ Yoast SEO plugin. -->","yoast_head_json":{"title":"Unterschr\u00e4nke Invitrum Valcucine","description":"Mit dem System der Unterschr\u00e4nke Invitrum, stellte Valcucine die erste K\u00fcche der Welt her, die vollst\u00e4ndig aus Aluminium und Glas besteht.","robots":{"index":"index","follow":"follow","max-snippet":"max-snippet:-1","max-image-preview":"max-image-preview:large","max-video-preview":"max-video-preview:-1"},"canonical":"https:\/\/www.valcucine.com\/de\/spezielle-eigenschaften\/unterschaernke-invitrum\/","og_locale":"de_DE","og_type":"article","og_title":"Unterschr\u00e4nke Invitrum Valcucine","og_description":"Mit dem System der Unterschr\u00e4nke Invitrum, stellte Valcucine die erste K\u00fcche der Welt her, die vollst\u00e4ndig aus Aluminium und Glas besteht.","og_url":"https:\/\/www.valcucine.com\/de\/spezielle-eigenschaften\/unterschaernke-invitrum\/","og_site_name":"Valcucine","article_publisher":"https:\/\/www.facebook.com\/valcucine\/","article_modified_time":"2025-06-03T10:03:25+00:00","twitter_card":"summary_large_image","twitter_misc":{"Gesch\u00e4tzte Lesezeit":"2\u00a0Minuten"},"schema":{"@context":"https:\/\/schema.org","@graph":[{"@type":"WebPage","@id":"https:\/\/www.valcucine.com\/de\/spezielle-eigenschaften\/unterschaernke-invitrum\/","url":"https:\/\/www.valcucine.com\/de\/spezielle-eigenschaften\/unterschaernke-invitrum\/","name":"Unterschr\u00e4nke Invitrum Valcucine","isPartOf":{"@id":"https:\/\/www.valcucine.com\/#website"},"datePublished":"2024-03-15T10:16:18+00:00","dateModified":"2025-06-03T10:03:25+00:00","description":"Mit dem System der Unterschr\u00e4nke Invitrum, stellte Valcucine die erste K\u00fcche der Welt her, die vollst\u00e4ndig aus Aluminium und Glas besteht.","breadcrumb":{"@id":"https:\/\/www.valcucine.com\/de\/spezielle-eigenschaften\/unterschaernke-invitrum\/#breadcrumb"},"inLanguage":"de","potentialAction":[{"@type":"ReadAction","target":["https:\/\/www.valcucine.com\/de\/spezielle-eigenschaften\/unterschaernke-invitrum\/"]}]},{"@type":"BreadcrumbList","@id":"https:\/\/www.valcucine.com\/de\/spezielle-eigenschaften\/unterschaernke-invitrum\/#breadcrumb","itemListElement":[{"@type":"ListItem","position":1,"name":"Valcucine","item":"https:\/\/www.valcucine.com\/de\/"},{"@type":"ListItem","position":2,"name":"Spezialelemente","item":"https:\/\/www.valcucine.com\/de\/spezielle-eigenschaften\/"},{"@type":"ListItem","position":3,"name":"Unterschr\u00e4nke Invitrum"}]},{"@type":"WebSite","@id":"https:\/\/www.valcucine.com\/#website","url":"https:\/\/www.valcucine.com\/","name":"Valcucine","description":"","publisher":{"@id":"https:\/\/www.valcucine.com\/#organization"},"potentialAction":[{"@type":"SearchAction","target":{"@type":"EntryPoint","urlTemplate":"https:\/\/www.valcucine.com\/?s={search_term_string}"},"query-input":{"@type":"PropertyValueSpecification","valueRequired":true,"valueName":"search_term_string"}}],"inLanguage":"de"},{"@type":"Organization","@id":"https:\/\/www.valcucine.com\/#organization","name":"Valcucine","url":"https:\/\/www.valcucine.com\/","logo":{"@type":"ImageObject","inLanguage":"de","@id":"https:\/\/www.valcucine.com\/#\/schema\/logo\/image\/","url":"https:\/\/www.valcucine.com\/wp-content\/uploads\/2024\/02\/logo-valcucine.webp?wsr","contentUrl":"https:\/\/www.valcucine.com\/wp-content\/uploads\/2024\/02\/logo-valcucine.webp?wsr","width":288,"height":46,"caption":"Valcucine"},"image":{"@id":"https:\/\/www.valcucine.com\/#\/schema\/logo\/image\/"},"sameAs":["https:\/\/www.facebook.com\/valcucine\/","https:\/\/www.instagram.com\/valcucine\/","https:\/\/www.linkedin.com\/company\/valcucine"]}]}},"_links":{"self":[{"href":"https:\/\/www.valcucine.com\/de\/wp-json\/wp\/v2\/pages\/21462","targetHints":{"allow":["GET"]}}],"collection":[{"href":"https:\/\/www.valcucine.com\/de\/wp-json\/wp\/v2\/pages"}],"about":[{"href":"https:\/\/www.valcucine.com\/de\/wp-json\/wp\/v2\/types\/page"}],"author":[{"embeddable":true,"href":"https:\/\/www.valcucine.com\/de\/wp-json\/wp\/v2\/users\/1"}],"replies":[{"embeddable":true,"href":"https:\/\/www.valcucine.com\/de\/wp-json\/wp\/v2\/comments?post=21462"}],"version-history":[{"count":4,"href":"https:\/\/www.valcucine.com\/de\/wp-json\/wp\/v2\/pages\/21462\/revisions"}],"predecessor-version":[{"id":46200,"href":"https:\/\/www.valcucine.com\/de\/wp-json\/wp\/v2\/pages\/21462\/revisions\/46200"}],"up":[{"embeddable":true,"href":"https:\/\/www.valcucine.com\/de\/wp-json\/wp\/v2\/pages\/21286"}],"wp:attachment":[{"href":"https:\/\/www.valcucine.com\/de\/wp-json\/wp\/v2\/media?parent=21462"}],"curies":[{"name":"wp","href":"https:\/\/api.w.org\/{rel}","templated":true}]}}