{"id":21770,"date":"2024-07-22T06:56:23","date_gmt":"2024-07-22T06:56:23","guid":{"rendered":"https:\/\/devel.valcucine.com\/planung\/platzbedarf-abmessungen\/angoli-cucina\/"},"modified":"2025-06-04T15:33:11","modified_gmt":"2025-06-04T15:33:11","slug":"kuchenecken","status":"publish","type":"page","link":"https:\/\/www.valcucine.com\/de\/planung\/platzbedarf-abmessungen\/kuchenecken\/","title":{"rendered":"Die Ecken der K\u00fcche"},"content":{"rendered":"<div class=\"wpb-content-wrapper\"><p>[vc_row][vc_column][vc_empty_space]\n        \n        <h1 class=\"text-start  main__title__h1  \" style=\"color:#333333;\"> \n\n         Die Ecken der K\u00fcche\n        \n        <\/h1>[vc_empty_space][vc_column_text]<strong>Wie erfolgt die Ma\u00dfaufnahme der Ecken?<\/strong><\/p>\n<p>Bevor die K\u00fcchenm\u00f6bel bestellt werden, sollten die W\u00e4nde akkurat vermessen werden, um eventuell nicht rechtwinklige Ecken vorab zu erkennen. Zwei W\u00e4nde sind dann rechtwinklig, wenn ihre Diagonale, gemessen jeweils bei einem Abstand von 1m von der Raumecke, 141,5cm betr\u00e4gt. Man sollte in verschiedenen H\u00f6hen messen, besonders wichtig ist allerdings das pr\u00e4zise Ma\u00df in der H\u00f6he der Arbeitsplatte (bei ca. 90cm). Selbst eine kleine Ungenauigkeit bei der Ma\u00dfaufnahme w\u00fcrde zu einer kostspieligen Nachbearbeitung der Arbeitsplatte mit dazu noch gro\u00dfer Fehlerwahrscheinlichkeit f\u00fchren.<br \/>\n\u200b<br \/>\n<strong>Es gibt zwei M\u00f6glichkeiten, wenn die Raumecke nicht rechtwinklig ist:<\/strong>[\/vc_column_text][\/vc_column][\/vc_row][vc_row][vc_column][vc_single_image image=&#8220;21773&#8243; img_size=&#8220;900&#215;700&#8243;][vc_empty_space][vc_column_text]<\/p>\n<p style=\"text-align: justify;\">A &#8211; Die Diagonale ist &lt;141,5, d.h. die Raumecke ist &lt;90. In diesem Fall muss die L\u00e4nge der K\u00fcchenzeile geringer sein als die Wandl\u00e4nge; insbesondere, wenn am Zeilenende Ausz\u00fcge, Schubk\u00e4sten, der Geschirrsp\u00fcler oder der Backofen geplant sind.<br \/>\nB &#8211; Die Diagonale ist &gt;141,5, d.h. die Raumecke ist &gt;90. In diesem Fall kann die L\u00e4nge der K\u00fcchenzeile gleich der Wandl\u00e4nge sein. Der vordere Teil, der \u201efrei\u201c bleibt, wird mit einer Ausgleichblende verkleidet. Die Arbeitsplatte muss ma\u00dfangefertigt werden.<\/p>\n<p>[\/vc_column_text][\/vc_column][\/vc_row][vc_row][vc_column][\/vc_column][\/vc_row]<\/p>\n<\/div>","protected":false},"excerpt":{"rendered":"<p>[vc_row][vc_column][vc_empty_space][vc_empty_space][vc_column_text]Wie erfolgt die Ma\u00dfaufnahme der Ecken? Bevor die K\u00fcchenm\u00f6bel bestellt werden, sollten die W\u00e4nde akkurat vermessen werden, um eventuell nicht rechtwinklige Ecken vorab zu erkennen. Zwei W\u00e4nde sind dann rechtwinklig, wenn ihre Diagonale, gemessen jeweils bei einem Abstand von 1m von der Raumecke, 141,5cm betr\u00e4gt. Man sollte in verschiedenen H\u00f6hen messen, besonders wichtig ist allerdings [&hellip;]<\/p>\n","protected":false},"author":2,"featured_media":17239,"parent":21767,"menu_order":0,"comment_status":"closed","ping_status":"closed","template":"page-planning02.php","meta":{"footnotes":""},"class_list":["post-21770","page","type-page","status-publish","has-post-thumbnail","hentry"],"yoast_head":"<!-- This site is optimized with the Yoast SEO plugin v26.2 - https:\/\/yoast.com\/wordpress\/plugins\/seo\/ -->\n<title>Die Ecken der K\u00fcche<\/title>\n<meta name=\"robots\" content=\"index, follow, max-snippet:-1, max-image-preview:large, max-video-preview:-1\" \/>\n<link rel=\"canonical\" href=\"https:\/\/www.valcucine.com\/de\/planung\/platzbedarf-abmessungen\/kuchenecken\/\" \/>\n<meta property=\"og:locale\" content=\"de_DE\" \/>\n<meta property=\"og:type\" content=\"article\" \/>\n<meta property=\"og:title\" content=\"Die Ecken der K\u00fcche\" \/>\n<meta property=\"og:description\" content=\"[vc_row][vc_column][vc_empty_space][vc_empty_space][vc_column_text]Wie erfolgt die Ma\u00dfaufnahme der Ecken? Bevor die K\u00fcchenm\u00f6bel bestellt werden, sollten die W\u00e4nde akkurat vermessen werden, um eventuell nicht rechtwinklige Ecken vorab zu erkennen. Zwei W\u00e4nde sind dann rechtwinklig, wenn ihre Diagonale, gemessen jeweils bei einem Abstand von 1m von der Raumecke, 141,5cm betr\u00e4gt. Man sollte in verschiedenen H\u00f6hen messen, besonders wichtig ist allerdings [&hellip;]\" \/>\n<meta property=\"og:url\" content=\"https:\/\/www.valcucine.com\/de\/planung\/platzbedarf-abmessungen\/kuchenecken\/\" \/>\n<meta property=\"og:site_name\" content=\"Valcucine\" \/>\n<meta property=\"article:publisher\" content=\"https:\/\/www.facebook.com\/valcucine\/\" \/>\n<meta property=\"article:modified_time\" content=\"2025-06-04T15:33:11+00:00\" \/>\n<meta property=\"og:image\" content=\"https:\/\/www.valcucine.com\/wp-content\/uploads\/2024\/07\/121_guid_progetto95-1-e1721729321845.jpg?wsr\" \/>\n\t<meta property=\"og:image:width\" content=\"1188\" \/>\n\t<meta property=\"og:image:height\" content=\"826\" \/>\n\t<meta property=\"og:image:type\" content=\"image\/jpeg\" \/>\n<meta name=\"twitter:card\" content=\"summary_large_image\" \/>\n<meta name=\"twitter:label1\" content=\"Gesch\u00e4tzte Lesezeit\" \/>\n\t<meta name=\"twitter:data1\" content=\"2\u00a0Minuten\" \/>\n<script type=\"application\/ld+json\" class=\"yoast-schema-graph\">{\"@context\":\"https:\/\/schema.org\",\"@graph\":[{\"@type\":\"WebPage\",\"@id\":\"https:\/\/www.valcucine.com\/de\/planung\/platzbedarf-abmessungen\/kuchenecken\/\",\"url\":\"https:\/\/www.valcucine.com\/de\/planung\/platzbedarf-abmessungen\/kuchenecken\/\",\"name\":\"Die Ecken der K\u00fcche\",\"isPartOf\":{\"@id\":\"https:\/\/www.valcucine.com\/#website\"},\"primaryImageOfPage\":{\"@id\":\"https:\/\/www.valcucine.com\/de\/planung\/platzbedarf-abmessungen\/kuchenecken\/#primaryimage\"},\"image\":{\"@id\":\"https:\/\/www.valcucine.com\/de\/planung\/platzbedarf-abmessungen\/kuchenecken\/#primaryimage\"},\"thumbnailUrl\":\"https:\/\/www.valcucine.com\/wp-content\/uploads\/2024\/07\/121_guid_progetto95-1-e1721729321845.jpg?wsr\",\"datePublished\":\"2024-07-22T06:56:23+00:00\",\"dateModified\":\"2025-06-04T15:33:11+00:00\",\"breadcrumb\":{\"@id\":\"https:\/\/www.valcucine.com\/de\/planung\/platzbedarf-abmessungen\/kuchenecken\/#breadcrumb\"},\"inLanguage\":\"de\",\"potentialAction\":[{\"@type\":\"ReadAction\",\"target\":[\"https:\/\/www.valcucine.com\/de\/planung\/platzbedarf-abmessungen\/kuchenecken\/\"]}]},{\"@type\":\"ImageObject\",\"inLanguage\":\"de\",\"@id\":\"https:\/\/www.valcucine.com\/de\/planung\/platzbedarf-abmessungen\/kuchenecken\/#primaryimage\",\"url\":\"https:\/\/www.valcucine.com\/wp-content\/uploads\/2024\/07\/121_guid_progetto95-1-e1721729321845.jpg?wsr\",\"contentUrl\":\"https:\/\/www.valcucine.com\/wp-content\/uploads\/2024\/07\/121_guid_progetto95-1-e1721729321845.jpg?wsr\",\"width\":1188,\"height\":826,\"caption\":\"Misure angoli cucina\"},{\"@type\":\"BreadcrumbList\",\"@id\":\"https:\/\/www.valcucine.com\/de\/planung\/platzbedarf-abmessungen\/kuchenecken\/#breadcrumb\",\"itemListElement\":[{\"@type\":\"ListItem\",\"position\":1,\"name\":\"Valcucine\",\"item\":\"https:\/\/www.valcucine.com\/de\/\"},{\"@type\":\"ListItem\",\"position\":2,\"name\":\"Kuechenplanung\",\"item\":\"https:\/\/www.valcucine.com\/de\/planung\/\"},{\"@type\":\"ListItem\",\"position\":3,\"name\":\"Platzbedarf und Abma\u00dfe\",\"item\":\"https:\/\/www.valcucine.com\/de\/planung\/platzbedarf-abmessungen\/\"},{\"@type\":\"ListItem\",\"position\":4,\"name\":\"Die Ecken der K\u00fcche\"}]},{\"@type\":\"WebSite\",\"@id\":\"https:\/\/www.valcucine.com\/#website\",\"url\":\"https:\/\/www.valcucine.com\/\",\"name\":\"Valcucine\",\"description\":\"\",\"publisher\":{\"@id\":\"https:\/\/www.valcucine.com\/#organization\"},\"potentialAction\":[{\"@type\":\"SearchAction\",\"target\":{\"@type\":\"EntryPoint\",\"urlTemplate\":\"https:\/\/www.valcucine.com\/?s={search_term_string}\"},\"query-input\":{\"@type\":\"PropertyValueSpecification\",\"valueRequired\":true,\"valueName\":\"search_term_string\"}}],\"inLanguage\":\"de\"},{\"@type\":\"Organization\",\"@id\":\"https:\/\/www.valcucine.com\/#organization\",\"name\":\"Valcucine\",\"url\":\"https:\/\/www.valcucine.com\/\",\"logo\":{\"@type\":\"ImageObject\",\"inLanguage\":\"de\",\"@id\":\"https:\/\/www.valcucine.com\/#\/schema\/logo\/image\/\",\"url\":\"https:\/\/www.valcucine.com\/wp-content\/uploads\/2024\/02\/logo-valcucine.webp?wsr\",\"contentUrl\":\"https:\/\/www.valcucine.com\/wp-content\/uploads\/2024\/02\/logo-valcucine.webp?wsr\",\"width\":288,\"height\":46,\"caption\":\"Valcucine\"},\"image\":{\"@id\":\"https:\/\/www.valcucine.com\/#\/schema\/logo\/image\/\"},\"sameAs\":[\"https:\/\/www.facebook.com\/valcucine\/\",\"https:\/\/www.instagram.com\/valcucine\/\",\"https:\/\/www.linkedin.com\/company\/valcucine\"]}]}<\/script>\n<!-- \/ Yoast SEO plugin. -->","yoast_head_json":{"title":"Die Ecken der K\u00fcche","robots":{"index":"index","follow":"follow","max-snippet":"max-snippet:-1","max-image-preview":"max-image-preview:large","max-video-preview":"max-video-preview:-1"},"canonical":"https:\/\/www.valcucine.com\/de\/planung\/platzbedarf-abmessungen\/kuchenecken\/","og_locale":"de_DE","og_type":"article","og_title":"Die Ecken der K\u00fcche","og_description":"[vc_row][vc_column][vc_empty_space][vc_empty_space][vc_column_text]Wie erfolgt die Ma\u00dfaufnahme der Ecken? Bevor die K\u00fcchenm\u00f6bel bestellt werden, sollten die W\u00e4nde akkurat vermessen werden, um eventuell nicht rechtwinklige Ecken vorab zu erkennen. Zwei W\u00e4nde sind dann rechtwinklig, wenn ihre Diagonale, gemessen jeweils bei einem Abstand von 1m von der Raumecke, 141,5cm betr\u00e4gt. Man sollte in verschiedenen H\u00f6hen messen, besonders wichtig ist allerdings [&hellip;]","og_url":"https:\/\/www.valcucine.com\/de\/planung\/platzbedarf-abmessungen\/kuchenecken\/","og_site_name":"Valcucine","article_publisher":"https:\/\/www.facebook.com\/valcucine\/","article_modified_time":"2025-06-04T15:33:11+00:00","og_image":[{"width":1188,"height":826,"url":"https:\/\/www.valcucine.com\/wp-content\/uploads\/2024\/07\/121_guid_progetto95-1-e1721729321845.jpg?wsr","type":"image\/jpeg"}],"twitter_card":"summary_large_image","twitter_misc":{"Gesch\u00e4tzte Lesezeit":"2\u00a0Minuten"},"schema":{"@context":"https:\/\/schema.org","@graph":[{"@type":"WebPage","@id":"https:\/\/www.valcucine.com\/de\/planung\/platzbedarf-abmessungen\/kuchenecken\/","url":"https:\/\/www.valcucine.com\/de\/planung\/platzbedarf-abmessungen\/kuchenecken\/","name":"Die Ecken der K\u00fcche","isPartOf":{"@id":"https:\/\/www.valcucine.com\/#website"},"primaryImageOfPage":{"@id":"https:\/\/www.valcucine.com\/de\/planung\/platzbedarf-abmessungen\/kuchenecken\/#primaryimage"},"image":{"@id":"https:\/\/www.valcucine.com\/de\/planung\/platzbedarf-abmessungen\/kuchenecken\/#primaryimage"},"thumbnailUrl":"https:\/\/www.valcucine.com\/wp-content\/uploads\/2024\/07\/121_guid_progetto95-1-e1721729321845.jpg?wsr","datePublished":"2024-07-22T06:56:23+00:00","dateModified":"2025-06-04T15:33:11+00:00","breadcrumb":{"@id":"https:\/\/www.valcucine.com\/de\/planung\/platzbedarf-abmessungen\/kuchenecken\/#breadcrumb"},"inLanguage":"de","potentialAction":[{"@type":"ReadAction","target":["https:\/\/www.valcucine.com\/de\/planung\/platzbedarf-abmessungen\/kuchenecken\/"]}]},{"@type":"ImageObject","inLanguage":"de","@id":"https:\/\/www.valcucine.com\/de\/planung\/platzbedarf-abmessungen\/kuchenecken\/#primaryimage","url":"https:\/\/www.valcucine.com\/wp-content\/uploads\/2024\/07\/121_guid_progetto95-1-e1721729321845.jpg?wsr","contentUrl":"https:\/\/www.valcucine.com\/wp-content\/uploads\/2024\/07\/121_guid_progetto95-1-e1721729321845.jpg?wsr","width":1188,"height":826,"caption":"Misure angoli cucina"},{"@type":"BreadcrumbList","@id":"https:\/\/www.valcucine.com\/de\/planung\/platzbedarf-abmessungen\/kuchenecken\/#breadcrumb","itemListElement":[{"@type":"ListItem","position":1,"name":"Valcucine","item":"https:\/\/www.valcucine.com\/de\/"},{"@type":"ListItem","position":2,"name":"Kuechenplanung","item":"https:\/\/www.valcucine.com\/de\/planung\/"},{"@type":"ListItem","position":3,"name":"Platzbedarf und Abma\u00dfe","item":"https:\/\/www.valcucine.com\/de\/planung\/platzbedarf-abmessungen\/"},{"@type":"ListItem","position":4,"name":"Die Ecken der K\u00fcche"}]},{"@type":"WebSite","@id":"https:\/\/www.valcucine.com\/#website","url":"https:\/\/www.valcucine.com\/","name":"Valcucine","description":"","publisher":{"@id":"https:\/\/www.valcucine.com\/#organization"},"potentialAction":[{"@type":"SearchAction","target":{"@type":"EntryPoint","urlTemplate":"https:\/\/www.valcucine.com\/?s={search_term_string}"},"query-input":{"@type":"PropertyValueSpecification","valueRequired":true,"valueName":"search_term_string"}}],"inLanguage":"de"},{"@type":"Organization","@id":"https:\/\/www.valcucine.com\/#organization","name":"Valcucine","url":"https:\/\/www.valcucine.com\/","logo":{"@type":"ImageObject","inLanguage":"de","@id":"https:\/\/www.valcucine.com\/#\/schema\/logo\/image\/","url":"https:\/\/www.valcucine.com\/wp-content\/uploads\/2024\/02\/logo-valcucine.webp?wsr","contentUrl":"https:\/\/www.valcucine.com\/wp-content\/uploads\/2024\/02\/logo-valcucine.webp?wsr","width":288,"height":46,"caption":"Valcucine"},"image":{"@id":"https:\/\/www.valcucine.com\/#\/schema\/logo\/image\/"},"sameAs":["https:\/\/www.facebook.com\/valcucine\/","https:\/\/www.instagram.com\/valcucine\/","https:\/\/www.linkedin.com\/company\/valcucine"]}]}},"_links":{"self":[{"href":"https:\/\/www.valcucine.com\/de\/wp-json\/wp\/v2\/pages\/21770","targetHints":{"allow":["GET"]}}],"collection":[{"href":"https:\/\/www.valcucine.com\/de\/wp-json\/wp\/v2\/pages"}],"about":[{"href":"https:\/\/www.valcucine.com\/de\/wp-json\/wp\/v2\/types\/page"}],"author":[{"embeddable":true,"href":"https:\/\/www.valcucine.com\/de\/wp-json\/wp\/v2\/users\/2"}],"replies":[{"embeddable":true,"href":"https:\/\/www.valcucine.com\/de\/wp-json\/wp\/v2\/comments?post=21770"}],"version-history":[{"count":4,"href":"https:\/\/www.valcucine.com\/de\/wp-json\/wp\/v2\/pages\/21770\/revisions"}],"predecessor-version":[{"id":21779,"href":"https:\/\/www.valcucine.com\/de\/wp-json\/wp\/v2\/pages\/21770\/revisions\/21779"}],"up":[{"embeddable":true,"href":"https:\/\/www.valcucine.com\/de\/wp-json\/wp\/v2\/pages\/21767"}],"wp:featuredmedia":[{"embeddable":true,"href":"https:\/\/www.valcucine.com\/de\/wp-json\/wp\/v2\/media\/17239"}],"wp:attachment":[{"href":"https:\/\/www.valcucine.com\/de\/wp-json\/wp\/v2\/media?parent=21770"}],"curies":[{"name":"wp","href":"https:\/\/api.w.org\/{rel}","templated":true}]}}