{"id":14593,"date":"2024-03-11T13:35:09","date_gmt":"2024-03-11T13:35:09","guid":{"rendered":"https:\/\/devel.valcucine.com\/empresa\/mission\/sostenibilita\/"},"modified":"2025-06-04T13:55:43","modified_gmt":"2025-06-04T13:55:43","slug":"sostenibilidad","status":"publish","type":"page","link":"https:\/\/www.valcucine.com\/es\/empresa\/mision-y-valor\/sostenibilidad\/","title":{"rendered":"Sostenibilidad"},"content":{"rendered":"<div class=\"wpb-content-wrapper\"><p>[vc_row css=\u00bb.vc_custom_1709740111226{padding-top: 40px !important;padding-bottom: 40px !important;}\u00bb][vc_column]\n        \n        <h1 class=\"text-center  main__title__h1  \" style=\"color:#333333;\"> \n\n         Sostenibilidad\n        \n        <\/h1>[\/vc_column][\/vc_row][vc_row][vc_column][vc_column_text]No basta con encontrar soluciones que combinen funcionalidad y est\u00e9tica. En la actualidad hace falta un nuevo paradigma. Un modelo de desarrollo sostenible en todas las etapas del proceso de producci\u00f3n y del design thinking. Un dise\u00f1o inteligente que, cada d\u00eda, nos permita contribuir de forma concreta a restablecer la correcta relaci\u00f3n entre el hombre y la naturaleza. De aqu\u00ed nacen productos elaborados con un menor consumo de materias primas y energ\u00eda, f\u00e1cilmente descomponibles y reciclables al final de su ciclo de vida, con emisiones t\u00f3xicas reducidas al m\u00ednimo. Cocinas duraderas, tanto por lo que concierne al aspecto t\u00e9cnico como est\u00e9tico.[\/vc_column_text][\/vc_column][\/vc_row][vc_row][vc_column][vc_separator color=\u00bbcustom\u00bb el_width=\u00bb10&#8243; accent_color=\u00bb#333333&#8243;][\/vc_column][\/vc_row][vc_row css=\u00bb.vc_custom_1709311982565{padding-bottom: 30px !important;}\u00bb][vc_column]<div class=\"block__img__gradient\" style=\"background-image:url(https:\/\/www.valcucine.com\/wp-content\/uploads\/2024\/03\/40_circular-economy-design.webp?wsr)\"><\/div><div class=\"block__img__gradient__content\"><h2 class='block__img__gradient__title'>ECONOM\u00cdA CIRCULAR<\/h2><p class='block__img__gradient__text'>Si nos preguntamos qu\u00e9 puede hacer la industria por el medio ambiente, la respuesta es pasar de una econom\u00eda lineal de consumo y residuos a una econom\u00eda circular, hecha de producci\u00f3n y consumo, pero tambi\u00e9n de reutilizaci\u00f3n y reciclaje. La m\u00e1xima expresi\u00f3n de esta filosof\u00eda de dise\u00f1o es Invitrum, un sistema de bases de vidrio y aluminio que cumple con las principales reglas del dise\u00f1o ecosostenible -desmaterializaci\u00f3n, reciclabilidad, reducci\u00f3n de emisiones t\u00f3xicas y larga vida \u00fatil- generando cero residuos al final de su vida. Un proyecto virtuoso que, gracias a la investigaci\u00f3n y a un uso consciente de los materiales, no cede al principio de desechabilidad sino que tiene como objetivo el futuro del producto.<\/p><\/div>[\/vc_column][\/vc_row][vc_row css=\u00bb.vc_custom_1709311982565{padding-bottom: 30px !important;}\u00bb][vc_column]<div class=\"block__img__gradient\" style=\"background-image:url(https:\/\/www.valcucine.com\/wp-content\/uploads\/2024\/03\/38_mod_riciclantica-door_modern_kitchens.webp?wsr)\"><\/div><div class=\"block__img__gradient__content\"><h2 class='block__img__gradient__title'>DESMATERIALIZACI\u00d3N<\/h2><p class='block__img__gradient__text'>Nuestro dise\u00f1o se basa en la desmaterializaci\u00f3n, que, al implicar un menor uso de materias primas y un menor consumo de energ\u00eda, responde a la necesidad imperiosa de una Tierra cada vez m\u00e1s empobrecida por una filosof\u00eda de consumo. Gracias a la continua investigaci\u00f3n sobre los materiales y sus l\u00edmites de resistencia, nuestra tecnolog\u00eda de construcci\u00f3n permite reducir las estructuras de las cocinas a lo esencial, sin comprometer la calidad. Las soluciones que proponemos representan la \u00abligereza resistente\u00bb y abren el camino a la responsabilidad del dise\u00f1ador, que, con su trabajo, puede contribuir a restablecer una relaci\u00f3n justa entre el hombre y la naturaleza.<\/p><\/div>[\/vc_column][\/vc_row][vc_row css=\u00bb.vc_custom_1710779426505{padding-bottom: 30px !important;}\u00bb][vc_column]<div class=\"block__img__gradient\" style=\"background-image:url(https:\/\/www.valcucine.com\/wp-content\/uploads\/2024\/03\/39_ricyclable-kitchen-materials-.webp?wsr)\"><\/div><div class=\"block__img__gradient__content\"><h2 class='block__img__gradient__title'>RECICLABILIDAD<\/h2><p class='block__img__gradient__text'>En la naturaleza, las sustancias circulan, se transforman y todo acaba siendo reabsorbido y reutilizado. Nosotros tambi\u00e9n debemos aprender a reducir la cantidad de residuos y fomentar la reutilizaci\u00f3n y el reciclaje de materiales de todas las formas posibles. Por eso dise\u00f1amos nuestras estructuras con elementos que pueden desmontarse y separarse f\u00e1cilmente al final de su ciclo de vida y utilizamos aluminio para nuestros marcos, un material 100 % reciclable e infinitamente reutilizable para poder crear cada vez nuevos productos manteniendo inalteradas sus caracter\u00edsticas.<\/p><\/div>[\/vc_column][\/vc_row][vc_row css=\u00bb.vc_custom_1710779353411{padding-bottom: 30px !important;}\u00bb][vc_column]<div class=\"block__img__gradient\" style=\"background-image:url(https:\/\/www.valcucine.com\/wp-content\/uploads\/2024\/03\/41_environmentally-conscious-materials.webp?wsr)\"><\/div><div class=\"block__img__gradient__content\"><h2 class='block__img__gradient__title'>MATERIALES CONSCIENTES<\/h2><p class='block__img__gradient__text'>Utilizamos materiales reciclables, como el vidrio y el aluminio, muy adelantados a los tiempos, y favorecemos los procesos respetuosos con el medio ambiente, tambi\u00e9n mediante la participaci\u00f3n de socios que garantizan procesos tecnol\u00f3gicos avanzados orientados al uso racional de los materiales; esto nos permite minimizar los residuos y las emisiones necesarias para su producci\u00f3n. Prestamos gran atenci\u00f3n a la selecci\u00f3n de las materias primas cumpliendo las normas m\u00e1s estrictas, como la certificaci\u00f3n FSC\u00ae, que garantiza que la madera procede de bosques gestionados de forma correcta y responsable. Con vistas a una mejora continua, buscamos nuevas soluciones para fomentar opciones cada vez m\u00e1s sostenibles y valoramos a los proveedores que adoptan las declaraciones medioambientales de productos EPD.<\/p><\/div>[\/vc_column][\/vc_row][vc_row css=\u00bb.vc_custom_1710779346739{margin-bottom: 40px !important;padding-bottom: 30px !important;}\u00bb][vc_column]<div class=\"block__img__gradient\" style=\"background-image:url(https:\/\/www.valcucine.com\/wp-content\/uploads\/2024\/03\/42_in-harmony-with-the-environment.webp?wsr)\"><\/div><div class=\"block__img__gradient__content\"><h2 class='block__img__gradient__title'>ARMON\u00cdA CON EL MEDIO AMBIENTE<\/h2><p class='block__img__gradient__text'>Mejorar el bienestar de las personas significa tambi\u00e9n ser respetuosos con la riqueza y singularidad de nuestro planeta. Estos dos aspectos est\u00e1n vinculados entre s\u00ed; precisamente por ello los proyectos m\u00e1s importantes tambi\u00e9n son los m\u00e1s justos, equitativos y correctos. Empezando por nuestros proyectos, destinados a reducir la cantidad total de materiales empleados y su impacto ambiental. Est\u00e1 garantizada por las certificaciones ISO14001 y FSC\u00ae y por el mapeado Leed v4.1. Con vistas a la sostenibilidad, la sede de Pordenone cuenta con un sistema fotovoltaico que garantiza el 30 % de las necesidades energ\u00e9ticas. En 1998 fundamos la asociaci\u00f3n sin \u00e1nimo de lucro Bioforest para promover una cultura de producci\u00f3n m\u00e1s sensible y responsable, capaz de contribuir activamente a la restauraci\u00f3n y protecci\u00f3n de los recursos naturales.<\/p><\/div>[\/vc_column][\/vc_row]<\/p>\n<\/div>","protected":false},"excerpt":{"rendered":"<p>[vc_row css=\u00bb.vc_custom_1709740111226{padding-top: 40px !important;padding-bottom: 40px !important;}\u00bb][vc_column][\/vc_column][\/vc_row][vc_row][vc_column][vc_column_text]No basta con encontrar soluciones que combinen funcionalidad y est\u00e9tica. En la actualidad hace falta un nuevo paradigma. Un modelo de desarrollo sostenible en todas las etapas del proceso de producci\u00f3n y del design thinking. Un dise\u00f1o inteligente que, cada d\u00eda, nos permita contribuir de forma concreta a restablecer la [&hellip;]<\/p>\n","protected":false},"author":1,"featured_media":0,"parent":14576,"menu_order":0,"comment_status":"closed","ping_status":"closed","template":"","meta":{"footnotes":""},"class_list":["post-14593","page","type-page","status-publish","hentry"],"yoast_head":"<!-- This site is optimized with the Yoast SEO plugin v26.2 - https:\/\/yoast.com\/wordpress\/plugins\/seo\/ -->\n<title>Sostenibilidad - Valcucine<\/title>\n<meta name=\"robots\" content=\"index, follow, max-snippet:-1, max-image-preview:large, max-video-preview:-1\" \/>\n<link rel=\"canonical\" href=\"https:\/\/www.valcucine.com\/es\/empresa\/mision-y-valor\/sostenibilidad\/\" \/>\n<meta property=\"og:locale\" content=\"es_ES\" \/>\n<meta property=\"og:type\" content=\"article\" \/>\n<meta property=\"og:title\" content=\"Sostenibilidad - Valcucine\" \/>\n<meta property=\"og:description\" content=\"[vc_row css=\u00bb.vc_custom_1709740111226{padding-top: 40px !important;padding-bottom: 40px !important;}\u00bb][vc_column][\/vc_column][\/vc_row][vc_row][vc_column][vc_column_text]No basta con encontrar soluciones que combinen funcionalidad y est\u00e9tica. En la actualidad hace falta un nuevo paradigma. Un modelo de desarrollo sostenible en todas las etapas del proceso de producci\u00f3n y del design thinking. Un dise\u00f1o inteligente que, cada d\u00eda, nos permita contribuir de forma concreta a restablecer la [&hellip;]\" \/>\n<meta property=\"og:url\" content=\"https:\/\/www.valcucine.com\/es\/empresa\/mision-y-valor\/sostenibilidad\/\" \/>\n<meta property=\"og:site_name\" content=\"Valcucine\" \/>\n<meta property=\"article:publisher\" content=\"https:\/\/www.facebook.com\/valcucine\/\" \/>\n<meta property=\"article:modified_time\" content=\"2025-06-04T13:55:43+00:00\" \/>\n<meta name=\"twitter:card\" content=\"summary_large_image\" \/>\n<meta name=\"twitter:label1\" content=\"Tiempo de lectura\" \/>\n\t<meta name=\"twitter:data1\" content=\"4 minutos\" \/>\n<script type=\"application\/ld+json\" class=\"yoast-schema-graph\">{\"@context\":\"https:\/\/schema.org\",\"@graph\":[{\"@type\":\"WebPage\",\"@id\":\"https:\/\/www.valcucine.com\/es\/empresa\/mision-y-valor\/sostenibilidad\/\",\"url\":\"https:\/\/www.valcucine.com\/es\/empresa\/mision-y-valor\/sostenibilidad\/\",\"name\":\"Sostenibilidad - Valcucine\",\"isPartOf\":{\"@id\":\"https:\/\/www.valcucine.com\/#website\"},\"datePublished\":\"2024-03-11T13:35:09+00:00\",\"dateModified\":\"2025-06-04T13:55:43+00:00\",\"breadcrumb\":{\"@id\":\"https:\/\/www.valcucine.com\/es\/empresa\/mision-y-valor\/sostenibilidad\/#breadcrumb\"},\"inLanguage\":\"es\",\"potentialAction\":[{\"@type\":\"ReadAction\",\"target\":[\"https:\/\/www.valcucine.com\/es\/empresa\/mision-y-valor\/sostenibilidad\/\"]}]},{\"@type\":\"BreadcrumbList\",\"@id\":\"https:\/\/www.valcucine.com\/es\/empresa\/mision-y-valor\/sostenibilidad\/#breadcrumb\",\"itemListElement\":[{\"@type\":\"ListItem\",\"position\":1,\"name\":\"Valcucine\",\"item\":\"https:\/\/www.valcucine.com\/es\/\"},{\"@type\":\"ListItem\",\"position\":2,\"name\":\"Empresa\",\"item\":\"https:\/\/www.valcucine.com\/es\/empresa\/\"},{\"@type\":\"ListItem\",\"position\":3,\"name\":\"Misi\u00f3n y Valor\",\"item\":\"https:\/\/www.valcucine.com\/es\/empresa\/mision-y-valor\/\"},{\"@type\":\"ListItem\",\"position\":4,\"name\":\"Sostenibilidad\"}]},{\"@type\":\"WebSite\",\"@id\":\"https:\/\/www.valcucine.com\/#website\",\"url\":\"https:\/\/www.valcucine.com\/\",\"name\":\"Valcucine\",\"description\":\"\",\"publisher\":{\"@id\":\"https:\/\/www.valcucine.com\/#organization\"},\"potentialAction\":[{\"@type\":\"SearchAction\",\"target\":{\"@type\":\"EntryPoint\",\"urlTemplate\":\"https:\/\/www.valcucine.com\/?s={search_term_string}\"},\"query-input\":{\"@type\":\"PropertyValueSpecification\",\"valueRequired\":true,\"valueName\":\"search_term_string\"}}],\"inLanguage\":\"es\"},{\"@type\":\"Organization\",\"@id\":\"https:\/\/www.valcucine.com\/#organization\",\"name\":\"Valcucine\",\"url\":\"https:\/\/www.valcucine.com\/\",\"logo\":{\"@type\":\"ImageObject\",\"inLanguage\":\"es\",\"@id\":\"https:\/\/www.valcucine.com\/#\/schema\/logo\/image\/\",\"url\":\"https:\/\/www.valcucine.com\/wp-content\/uploads\/2024\/02\/logo-valcucine.webp?wsr\",\"contentUrl\":\"https:\/\/www.valcucine.com\/wp-content\/uploads\/2024\/02\/logo-valcucine.webp?wsr\",\"width\":288,\"height\":46,\"caption\":\"Valcucine\"},\"image\":{\"@id\":\"https:\/\/www.valcucine.com\/#\/schema\/logo\/image\/\"},\"sameAs\":[\"https:\/\/www.facebook.com\/valcucine\/\",\"https:\/\/www.instagram.com\/valcucine\/\",\"https:\/\/www.linkedin.com\/company\/valcucine\"]}]}<\/script>\n<!-- \/ Yoast SEO plugin. -->","yoast_head_json":{"title":"Sostenibilidad - Valcucine","robots":{"index":"index","follow":"follow","max-snippet":"max-snippet:-1","max-image-preview":"max-image-preview:large","max-video-preview":"max-video-preview:-1"},"canonical":"https:\/\/www.valcucine.com\/es\/empresa\/mision-y-valor\/sostenibilidad\/","og_locale":"es_ES","og_type":"article","og_title":"Sostenibilidad - Valcucine","og_description":"[vc_row css=\u00bb.vc_custom_1709740111226{padding-top: 40px !important;padding-bottom: 40px !important;}\u00bb][vc_column][\/vc_column][\/vc_row][vc_row][vc_column][vc_column_text]No basta con encontrar soluciones que combinen funcionalidad y est\u00e9tica. En la actualidad hace falta un nuevo paradigma. Un modelo de desarrollo sostenible en todas las etapas del proceso de producci\u00f3n y del design thinking. Un dise\u00f1o inteligente que, cada d\u00eda, nos permita contribuir de forma concreta a restablecer la [&hellip;]","og_url":"https:\/\/www.valcucine.com\/es\/empresa\/mision-y-valor\/sostenibilidad\/","og_site_name":"Valcucine","article_publisher":"https:\/\/www.facebook.com\/valcucine\/","article_modified_time":"2025-06-04T13:55:43+00:00","twitter_card":"summary_large_image","twitter_misc":{"Tiempo de lectura":"4 minutos"},"schema":{"@context":"https:\/\/schema.org","@graph":[{"@type":"WebPage","@id":"https:\/\/www.valcucine.com\/es\/empresa\/mision-y-valor\/sostenibilidad\/","url":"https:\/\/www.valcucine.com\/es\/empresa\/mision-y-valor\/sostenibilidad\/","name":"Sostenibilidad - Valcucine","isPartOf":{"@id":"https:\/\/www.valcucine.com\/#website"},"datePublished":"2024-03-11T13:35:09+00:00","dateModified":"2025-06-04T13:55:43+00:00","breadcrumb":{"@id":"https:\/\/www.valcucine.com\/es\/empresa\/mision-y-valor\/sostenibilidad\/#breadcrumb"},"inLanguage":"es","potentialAction":[{"@type":"ReadAction","target":["https:\/\/www.valcucine.com\/es\/empresa\/mision-y-valor\/sostenibilidad\/"]}]},{"@type":"BreadcrumbList","@id":"https:\/\/www.valcucine.com\/es\/empresa\/mision-y-valor\/sostenibilidad\/#breadcrumb","itemListElement":[{"@type":"ListItem","position":1,"name":"Valcucine","item":"https:\/\/www.valcucine.com\/es\/"},{"@type":"ListItem","position":2,"name":"Empresa","item":"https:\/\/www.valcucine.com\/es\/empresa\/"},{"@type":"ListItem","position":3,"name":"Misi\u00f3n y Valor","item":"https:\/\/www.valcucine.com\/es\/empresa\/mision-y-valor\/"},{"@type":"ListItem","position":4,"name":"Sostenibilidad"}]},{"@type":"WebSite","@id":"https:\/\/www.valcucine.com\/#website","url":"https:\/\/www.valcucine.com\/","name":"Valcucine","description":"","publisher":{"@id":"https:\/\/www.valcucine.com\/#organization"},"potentialAction":[{"@type":"SearchAction","target":{"@type":"EntryPoint","urlTemplate":"https:\/\/www.valcucine.com\/?s={search_term_string}"},"query-input":{"@type":"PropertyValueSpecification","valueRequired":true,"valueName":"search_term_string"}}],"inLanguage":"es"},{"@type":"Organization","@id":"https:\/\/www.valcucine.com\/#organization","name":"Valcucine","url":"https:\/\/www.valcucine.com\/","logo":{"@type":"ImageObject","inLanguage":"es","@id":"https:\/\/www.valcucine.com\/#\/schema\/logo\/image\/","url":"https:\/\/www.valcucine.com\/wp-content\/uploads\/2024\/02\/logo-valcucine.webp?wsr","contentUrl":"https:\/\/www.valcucine.com\/wp-content\/uploads\/2024\/02\/logo-valcucine.webp?wsr","width":288,"height":46,"caption":"Valcucine"},"image":{"@id":"https:\/\/www.valcucine.com\/#\/schema\/logo\/image\/"},"sameAs":["https:\/\/www.facebook.com\/valcucine\/","https:\/\/www.instagram.com\/valcucine\/","https:\/\/www.linkedin.com\/company\/valcucine"]}]}},"_links":{"self":[{"href":"https:\/\/www.valcucine.com\/es\/wp-json\/wp\/v2\/pages\/14593","targetHints":{"allow":["GET"]}}],"collection":[{"href":"https:\/\/www.valcucine.com\/es\/wp-json\/wp\/v2\/pages"}],"about":[{"href":"https:\/\/www.valcucine.com\/es\/wp-json\/wp\/v2\/types\/page"}],"author":[{"embeddable":true,"href":"https:\/\/www.valcucine.com\/es\/wp-json\/wp\/v2\/users\/1"}],"replies":[{"embeddable":true,"href":"https:\/\/www.valcucine.com\/es\/wp-json\/wp\/v2\/comments?post=14593"}],"version-history":[{"count":2,"href":"https:\/\/www.valcucine.com\/es\/wp-json\/wp\/v2\/pages\/14593\/revisions"}],"predecessor-version":[{"id":14595,"href":"https:\/\/www.valcucine.com\/es\/wp-json\/wp\/v2\/pages\/14593\/revisions\/14595"}],"up":[{"embeddable":true,"href":"https:\/\/www.valcucine.com\/es\/wp-json\/wp\/v2\/pages\/14576"}],"wp:attachment":[{"href":"https:\/\/www.valcucine.com\/es\/wp-json\/wp\/v2\/media?parent=14593"}],"curies":[{"name":"wp","href":"https:\/\/api.w.org\/{rel}","templated":true}]}}