{"id":14655,"date":"2024-03-14T08:03:41","date_gmt":"2024-03-14T08:03:41","guid":{"rendered":"https:\/\/devel.valcucine.com\/empresa\/esg\/sdg\/la-vita-sulla-terra\/"},"modified":"2024-09-30T15:22:08","modified_gmt":"2024-09-30T15:22:08","slug":"vida-en-la-tierra","status":"publish","type":"page","link":"https:\/\/www.valcucine.com\/es\/empresa\/esg\/sdg\/vida-en-la-tierra\/","title":{"rendered":"Vida en la Tierra"},"content":{"rendered":"<div class=\"wpb-content-wrapper\"><p>[vc_row][vc_column]\n\t\t\t<!-- START La vita sulla terra REVOLUTION SLIDER 6.7.38 --><p class=\"rs-p-wp-fix\"><\/p>\n\t\t\t<rs-module-wrap id=\"rev_slider_59_1_wrapper\" data-source=\"gallery\" style=\"visibility:hidden;background:transparent;padding:0;\">\n\t\t\t\t<rs-module id=\"rev_slider_59_1\" style=\"\" data-version=\"6.7.38\">\n\t\t\t\t\t<rs-slides style=\"overflow: hidden; position: absolute;\">\n\t\t\t\t\t\t<rs-slide style=\"position: absolute;\" data-key=\"rs-269\" data-title=\"Slide\" data-in=\"o:0;\" data-out=\"a:false;\">\n\t\t\t\t\t\t\t<img decoding=\"async\" src=\"\/\/www.valcucine.com\/wp-content\/plugins\/revslider\/sr6\/assets\/assets\/dummy.png\" alt=\"\" title=\"2587_sdg_lavitasullaterra\" width=\"2400\" height=\"1200\" class=\"rev-slidebg tp-rs-img rs-lazyload\" data-lazyload=\"\/\/www.valcucine.com\/wp-content\/uploads\/2024\/03\/2587_sdg_lavitasullaterra.webp\" data-no-retina>\n<!---->\t\t\t\t\t<\/rs-slide>\n\t\t\t\t\t<\/rs-slides>\n\t\t\t\t\t<rs-static-layers><!--\n\n\t\t\t\t\t\t\t--><rs-layer\n\t\t\t\t\t\t\t\tid=\"slider-59-slide-53-layer-12\" \n\t\t\t\t\t\t\t\tclass=\"play-button rs-svg rs-layer-static\"\n\t\t\t\t\t\t\t\tdata-type=\"svg\"\n\t\t\t\t\t\t\t\tdata-rsp_ch=\"on\"\n\t\t\t\t\t\t\t\tdata-xy=\"xo:20px;y:b;yo:20px;\"\n\t\t\t\t\t\t\t\tdata-text=\"w:normal;s:20,20,20,7;l:0,0,0,9;\"\n\t\t\t\t\t\t\t\tdata-dim=\"w:20px,20px,20px,30px;h:20px,20px,20px,30px;\"\n\t\t\t\t\t\t\t\tdata-actions='o:click;a:playslider;'\n\t\t\t\t\t\t\t\tdata-svg_src=\"\/\/www.valcucine.com\/wp-content\/uploads\/revslider\/svg\/objects\/svgcustom\/circle-play.svg\"\n\t\t\t\t\t\t\t\tdata-svgi=\"oc:t;\"\n\t\t\t\t\t\t\t\tdata-basealign=\"slide\"\n\t\t\t\t\t\t\t\tdata-onslides=\"s:1;\"\n\t\t\t\t\t\t\t\tdata-frame_999=\"o:0;st:w;\"\n\t\t\t\t\t\t\t\tstyle=\"z-index:7;font-family:'Roboto';\"\n\t\t\t\t\t\t\t> \n\t\t\t\t\t\t\t<\/rs-layer><!--\n\n\t\t\t\t\t\t\t--><rs-layer\n\t\t\t\t\t\t\t\tid=\"slider-59-slide-53-layer-13\" \n\t\t\t\t\t\t\t\tclass=\"pause-button current-slider rs-svg rs-layer-static\"\n\t\t\t\t\t\t\t\tdata-type=\"svg\"\n\t\t\t\t\t\t\t\tdata-rsp_ch=\"on\"\n\t\t\t\t\t\t\t\tdata-xy=\"xo:20px;y:b;yo:20px;\"\n\t\t\t\t\t\t\t\tdata-text=\"w:normal;s:20,20,20,7;l:0,0,0,9;\"\n\t\t\t\t\t\t\t\tdata-dim=\"w:20px,20px,20px,30px;h:20px,20px,20px,30px;\"\n\t\t\t\t\t\t\t\tdata-actions='o:click;a:pauseslider;'\n\t\t\t\t\t\t\t\tdata-svg_src=\"\/\/www.valcucine.com\/wp-content\/uploads\/revslider\/svg\/objects\/svgcustom\/circle-pause.svg\"\n\t\t\t\t\t\t\t\tdata-svgi=\"oc:t;\"\n\t\t\t\t\t\t\t\tdata-basealign=\"slide\"\n\t\t\t\t\t\t\t\tdata-onslides=\"s:1;\"\n\t\t\t\t\t\t\t\tdata-frame_999=\"o:0;st:w;\"\n\t\t\t\t\t\t\t\tstyle=\"z-index:8;font-family:'Roboto';\"\n\t\t\t\t\t\t\t> \n\t\t\t\t\t\t\t<\/rs-layer><!--\n\t\t\t\t\t--><\/rs-static-layers>\n\t\t\t\t<\/rs-module>\n\t\t\t\t<script>\n\t\t\t\t\tsetREVStartSize({c: 'rev_slider_59_1',rl:[1240,1240,1240,480],el:[568.993,568.993,568.993,480],gw:[1240,1240,1240,480],gh:[569,569,569,480],type:'standard',justify:'',layout:'fullscreen',offsetContainer:'#slider__height',offset:'0px',mh:\"0\"});if (window.RS_MODULES!==undefined && window.RS_MODULES.modules!==undefined && window.RS_MODULES.modules[\"revslider591\"]!==undefined) {window.RS_MODULES.modules[\"revslider591\"].once = false;window.revapi59 = undefined;if (window.RS_MODULES.checkMinimal!==undefined) window.RS_MODULES.checkMinimal()}\n\t\t\t\t<\/script>\n\t\t\t<\/rs-module-wrap>\n\t\t\t<!-- END REVOLUTION SLIDER -->\n[\/vc_column][\/vc_row][vc_row][vc_column]\n        \n        <h1 class=\"text-center  main__title__h1  vc_custom_1717508145608 \" style=\"color:#333333;\"> \n\n         Vida en la Tierra\n        \n        <\/h1>[\/vc_column][\/vc_row][vc_row css=\u00bb.vc_custom_1710780294157{margin-bottom: 40px !important;}\u00bb][vc_column width=\u00bb1\/2&#8243;][vc_single_image image=\u00bb19868&#8243; img_size=\u00bb600&#215;338&#8243; alignment=\u00bbcenter\u00bb onclick=\u00bbcustom_link\u00bb img_link_target=\u00bb_blank\u00bb link=\u00bbhttps:\/\/www.bioforest.it\/it_it\/\u00bb css=\u00bb.vc_custom_1727709711443{padding-top: 0px !important;}\u00bb][\/vc_column][vc_column width=\u00bb1\/2&#8243;][vc_column_text css=\u00bb.vc_custom_1717508157522{padding-bottom: 0px !important;}\u00bb]Confirmando su firme compromiso con una cultura de producci\u00f3n m\u00e1s sensible con el medio ambiente, en 1998 Valcucine fue uno de los fundadores de Bioforest, una asociaci\u00f3n que contribuye a la restauraci\u00f3n de los recursos naturales y a la salvaguarda de la biodiversidad, temas en el centro del Objetivo Sostenible n\u00famero 15 de la Agenda 2030.<\/p>\n<p>Para ello, financia proyectos destinados a la reforestaci\u00f3n y repoblaci\u00f3n forestal de ecosistemas forestales destruidos o degradados en Italia y en todo el mundo, siguiendo estrictos criterios ecol\u00f3gicos en sinton\u00eda con las caracter\u00edsticas de las zonas afectadas, para proteger la biodiversidad vegetal y animal originalmente presente. Adem\u00e1s, promueve y apoya las actividades de investigaci\u00f3n cient\u00edfica difundi\u00e9ndolas a trav\u00e9s de los medios de comunicaci\u00f3n, reuniones, conferencias y debates destinados a dar visibilidad a los proyectos activos.[\/vc_column_text]<div class=\"text-start\">\n        \n                <a href=\"https:\/\/www.bioforest.it\/it_it\/\" style=\"letter-spacing:1px;\" class=\"btn bg-sixth text-white border border-0 text-uppercase roundedd-inline text-start\"   \" target=\"\" rel=\"\"> \n        \n                 Descubra Bioforest\n                \n                <\/a><\/div>[\/vc_column][\/vc_row]<\/p>\n<\/div>","protected":false},"excerpt":{"rendered":"<p>[vc_row][vc_column][\/vc_column][\/vc_row][vc_row][vc_column][\/vc_column][\/vc_row][vc_row css=\u00bb.vc_custom_1710780294157{margin-bottom: 40px !important;}\u00bb][vc_column width=\u00bb1\/2&#8243;][vc_single_image image=\u00bb19868&#8243; img_size=\u00bb600&#215;338&#8243; alignment=\u00bbcenter\u00bb onclick=\u00bbcustom_link\u00bb img_link_target=\u00bb_blank\u00bb link=\u00bbhttps:\/\/www.bioforest.it\/it_it\/\u00bb css=\u00bb.vc_custom_1727709711443{padding-top: 0px !important;}\u00bb][\/vc_column][vc_column width=\u00bb1\/2&#8243;][vc_column_text css=\u00bb.vc_custom_1717508157522{padding-bottom: 0px !important;}\u00bb]Confirmando su firme compromiso con una cultura de producci\u00f3n m\u00e1s sensible con el medio ambiente, en 1998 Valcucine fue uno de los fundadores de Bioforest, una asociaci\u00f3n que contribuye a la restauraci\u00f3n de los recursos naturales y a [&hellip;]<\/p>\n","protected":false},"author":1,"featured_media":0,"parent":14643,"menu_order":0,"comment_status":"closed","ping_status":"closed","template":"","meta":{"footnotes":""},"class_list":["post-14655","page","type-page","status-publish","hentry"],"yoast_head":"<!-- This site is optimized with the Yoast SEO plugin v26.2 - https:\/\/yoast.com\/wordpress\/plugins\/seo\/ -->\n<title>Vida en la Tierra - Valcucine<\/title>\n<meta name=\"robots\" content=\"index, follow, max-snippet:-1, max-image-preview:large, max-video-preview:-1\" \/>\n<link rel=\"canonical\" href=\"https:\/\/www.valcucine.com\/es\/empresa\/esg\/sdg\/vida-en-la-tierra\/\" \/>\n<meta property=\"og:locale\" content=\"es_ES\" \/>\n<meta property=\"og:type\" content=\"article\" \/>\n<meta property=\"og:title\" content=\"Vida en la Tierra - Valcucine\" \/>\n<meta property=\"og:description\" content=\"[vc_row][vc_column][\/vc_column][\/vc_row][vc_row][vc_column][\/vc_column][\/vc_row][vc_row css=\u00bb.vc_custom_1710780294157{margin-bottom: 40px !important;}\u00bb][vc_column width=\u00bb1\/2&#8243;][vc_single_image image=\u00bb19868&#8243; img_size=\u00bb600&#215;338&#8243; alignment=\u00bbcenter\u00bb onclick=\u00bbcustom_link\u00bb img_link_target=\u00bb_blank\u00bb link=\u00bbhttps:\/\/www.bioforest.it\/it_it\/\u00bb css=\u00bb.vc_custom_1727709711443{padding-top: 0px !important;}\u00bb][\/vc_column][vc_column width=\u00bb1\/2&#8243;][vc_column_text css=\u00bb.vc_custom_1717508157522{padding-bottom: 0px !important;}\u00bb]Confirmando su firme compromiso con una cultura de producci\u00f3n m\u00e1s sensible con el medio ambiente, en 1998 Valcucine fue uno de los fundadores de Bioforest, una asociaci\u00f3n que contribuye a la restauraci\u00f3n de los recursos naturales y a [&hellip;]\" \/>\n<meta property=\"og:url\" content=\"https:\/\/www.valcucine.com\/es\/empresa\/esg\/sdg\/vida-en-la-tierra\/\" \/>\n<meta property=\"og:site_name\" content=\"Valcucine\" \/>\n<meta property=\"article:publisher\" content=\"https:\/\/www.facebook.com\/valcucine\/\" \/>\n<meta property=\"article:modified_time\" content=\"2024-09-30T15:22:08+00:00\" \/>\n<meta name=\"twitter:card\" content=\"summary_large_image\" \/>\n<meta name=\"twitter:label1\" content=\"Tiempo de lectura\" \/>\n\t<meta name=\"twitter:data1\" content=\"2 minutos\" \/>\n<script type=\"application\/ld+json\" class=\"yoast-schema-graph\">{\"@context\":\"https:\/\/schema.org\",\"@graph\":[{\"@type\":\"WebPage\",\"@id\":\"https:\/\/www.valcucine.com\/es\/empresa\/esg\/sdg\/vida-en-la-tierra\/\",\"url\":\"https:\/\/www.valcucine.com\/es\/empresa\/esg\/sdg\/vida-en-la-tierra\/\",\"name\":\"Vida en la Tierra - Valcucine\",\"isPartOf\":{\"@id\":\"https:\/\/www.valcucine.com\/#website\"},\"datePublished\":\"2024-03-14T08:03:41+00:00\",\"dateModified\":\"2024-09-30T15:22:08+00:00\",\"breadcrumb\":{\"@id\":\"https:\/\/www.valcucine.com\/es\/empresa\/esg\/sdg\/vida-en-la-tierra\/#breadcrumb\"},\"inLanguage\":\"es\",\"potentialAction\":[{\"@type\":\"ReadAction\",\"target\":[\"https:\/\/www.valcucine.com\/es\/empresa\/esg\/sdg\/vida-en-la-tierra\/\"]}]},{\"@type\":\"BreadcrumbList\",\"@id\":\"https:\/\/www.valcucine.com\/es\/empresa\/esg\/sdg\/vida-en-la-tierra\/#breadcrumb\",\"itemListElement\":[{\"@type\":\"ListItem\",\"position\":1,\"name\":\"Valcucine\",\"item\":\"https:\/\/www.valcucine.com\/es\/\"},{\"@type\":\"ListItem\",\"position\":2,\"name\":\"Empresa\",\"item\":\"https:\/\/www.valcucine.com\/es\/empresa\/\"},{\"@type\":\"ListItem\",\"position\":3,\"name\":\"ESG\",\"item\":\"https:\/\/www.valcucine.com\/es\/empresa\/esg\/\"},{\"@type\":\"ListItem\",\"position\":4,\"name\":\"SDG\",\"item\":\"https:\/\/www.valcucine.com\/es\/empresa\/esg\/sdg\/\"},{\"@type\":\"ListItem\",\"position\":5,\"name\":\"Vida en la Tierra\"}]},{\"@type\":\"WebSite\",\"@id\":\"https:\/\/www.valcucine.com\/#website\",\"url\":\"https:\/\/www.valcucine.com\/\",\"name\":\"Valcucine\",\"description\":\"\",\"publisher\":{\"@id\":\"https:\/\/www.valcucine.com\/#organization\"},\"potentialAction\":[{\"@type\":\"SearchAction\",\"target\":{\"@type\":\"EntryPoint\",\"urlTemplate\":\"https:\/\/www.valcucine.com\/?s={search_term_string}\"},\"query-input\":{\"@type\":\"PropertyValueSpecification\",\"valueRequired\":true,\"valueName\":\"search_term_string\"}}],\"inLanguage\":\"es\"},{\"@type\":\"Organization\",\"@id\":\"https:\/\/www.valcucine.com\/#organization\",\"name\":\"Valcucine\",\"url\":\"https:\/\/www.valcucine.com\/\",\"logo\":{\"@type\":\"ImageObject\",\"inLanguage\":\"es\",\"@id\":\"https:\/\/www.valcucine.com\/#\/schema\/logo\/image\/\",\"url\":\"https:\/\/www.valcucine.com\/wp-content\/uploads\/2024\/02\/logo-valcucine.webp?wsr\",\"contentUrl\":\"https:\/\/www.valcucine.com\/wp-content\/uploads\/2024\/02\/logo-valcucine.webp?wsr\",\"width\":288,\"height\":46,\"caption\":\"Valcucine\"},\"image\":{\"@id\":\"https:\/\/www.valcucine.com\/#\/schema\/logo\/image\/\"},\"sameAs\":[\"https:\/\/www.facebook.com\/valcucine\/\",\"https:\/\/www.instagram.com\/valcucine\/\",\"https:\/\/www.linkedin.com\/company\/valcucine\"]}]}<\/script>\n<!-- \/ Yoast SEO plugin. -->","yoast_head_json":{"title":"Vida en la Tierra - Valcucine","robots":{"index":"index","follow":"follow","max-snippet":"max-snippet:-1","max-image-preview":"max-image-preview:large","max-video-preview":"max-video-preview:-1"},"canonical":"https:\/\/www.valcucine.com\/es\/empresa\/esg\/sdg\/vida-en-la-tierra\/","og_locale":"es_ES","og_type":"article","og_title":"Vida en la Tierra - Valcucine","og_description":"[vc_row][vc_column][\/vc_column][\/vc_row][vc_row][vc_column][\/vc_column][\/vc_row][vc_row css=\u00bb.vc_custom_1710780294157{margin-bottom: 40px !important;}\u00bb][vc_column width=\u00bb1\/2&#8243;][vc_single_image image=\u00bb19868&#8243; img_size=\u00bb600&#215;338&#8243; alignment=\u00bbcenter\u00bb onclick=\u00bbcustom_link\u00bb img_link_target=\u00bb_blank\u00bb link=\u00bbhttps:\/\/www.bioforest.it\/it_it\/\u00bb css=\u00bb.vc_custom_1727709711443{padding-top: 0px !important;}\u00bb][\/vc_column][vc_column width=\u00bb1\/2&#8243;][vc_column_text css=\u00bb.vc_custom_1717508157522{padding-bottom: 0px !important;}\u00bb]Confirmando su firme compromiso con una cultura de producci\u00f3n m\u00e1s sensible con el medio ambiente, en 1998 Valcucine fue uno de los fundadores de Bioforest, una asociaci\u00f3n que contribuye a la restauraci\u00f3n de los recursos naturales y a [&hellip;]","og_url":"https:\/\/www.valcucine.com\/es\/empresa\/esg\/sdg\/vida-en-la-tierra\/","og_site_name":"Valcucine","article_publisher":"https:\/\/www.facebook.com\/valcucine\/","article_modified_time":"2024-09-30T15:22:08+00:00","twitter_card":"summary_large_image","twitter_misc":{"Tiempo de lectura":"2 minutos"},"schema":{"@context":"https:\/\/schema.org","@graph":[{"@type":"WebPage","@id":"https:\/\/www.valcucine.com\/es\/empresa\/esg\/sdg\/vida-en-la-tierra\/","url":"https:\/\/www.valcucine.com\/es\/empresa\/esg\/sdg\/vida-en-la-tierra\/","name":"Vida en la Tierra - Valcucine","isPartOf":{"@id":"https:\/\/www.valcucine.com\/#website"},"datePublished":"2024-03-14T08:03:41+00:00","dateModified":"2024-09-30T15:22:08+00:00","breadcrumb":{"@id":"https:\/\/www.valcucine.com\/es\/empresa\/esg\/sdg\/vida-en-la-tierra\/#breadcrumb"},"inLanguage":"es","potentialAction":[{"@type":"ReadAction","target":["https:\/\/www.valcucine.com\/es\/empresa\/esg\/sdg\/vida-en-la-tierra\/"]}]},{"@type":"BreadcrumbList","@id":"https:\/\/www.valcucine.com\/es\/empresa\/esg\/sdg\/vida-en-la-tierra\/#breadcrumb","itemListElement":[{"@type":"ListItem","position":1,"name":"Valcucine","item":"https:\/\/www.valcucine.com\/es\/"},{"@type":"ListItem","position":2,"name":"Empresa","item":"https:\/\/www.valcucine.com\/es\/empresa\/"},{"@type":"ListItem","position":3,"name":"ESG","item":"https:\/\/www.valcucine.com\/es\/empresa\/esg\/"},{"@type":"ListItem","position":4,"name":"SDG","item":"https:\/\/www.valcucine.com\/es\/empresa\/esg\/sdg\/"},{"@type":"ListItem","position":5,"name":"Vida en la Tierra"}]},{"@type":"WebSite","@id":"https:\/\/www.valcucine.com\/#website","url":"https:\/\/www.valcucine.com\/","name":"Valcucine","description":"","publisher":{"@id":"https:\/\/www.valcucine.com\/#organization"},"potentialAction":[{"@type":"SearchAction","target":{"@type":"EntryPoint","urlTemplate":"https:\/\/www.valcucine.com\/?s={search_term_string}"},"query-input":{"@type":"PropertyValueSpecification","valueRequired":true,"valueName":"search_term_string"}}],"inLanguage":"es"},{"@type":"Organization","@id":"https:\/\/www.valcucine.com\/#organization","name":"Valcucine","url":"https:\/\/www.valcucine.com\/","logo":{"@type":"ImageObject","inLanguage":"es","@id":"https:\/\/www.valcucine.com\/#\/schema\/logo\/image\/","url":"https:\/\/www.valcucine.com\/wp-content\/uploads\/2024\/02\/logo-valcucine.webp?wsr","contentUrl":"https:\/\/www.valcucine.com\/wp-content\/uploads\/2024\/02\/logo-valcucine.webp?wsr","width":288,"height":46,"caption":"Valcucine"},"image":{"@id":"https:\/\/www.valcucine.com\/#\/schema\/logo\/image\/"},"sameAs":["https:\/\/www.facebook.com\/valcucine\/","https:\/\/www.instagram.com\/valcucine\/","https:\/\/www.linkedin.com\/company\/valcucine"]}]}},"_links":{"self":[{"href":"https:\/\/www.valcucine.com\/es\/wp-json\/wp\/v2\/pages\/14655","targetHints":{"allow":["GET"]}}],"collection":[{"href":"https:\/\/www.valcucine.com\/es\/wp-json\/wp\/v2\/pages"}],"about":[{"href":"https:\/\/www.valcucine.com\/es\/wp-json\/wp\/v2\/types\/page"}],"author":[{"embeddable":true,"href":"https:\/\/www.valcucine.com\/es\/wp-json\/wp\/v2\/users\/1"}],"replies":[{"embeddable":true,"href":"https:\/\/www.valcucine.com\/es\/wp-json\/wp\/v2\/comments?post=14655"}],"version-history":[{"count":5,"href":"https:\/\/www.valcucine.com\/es\/wp-json\/wp\/v2\/pages\/14655\/revisions"}],"predecessor-version":[{"id":27258,"href":"https:\/\/www.valcucine.com\/es\/wp-json\/wp\/v2\/pages\/14655\/revisions\/27258"}],"up":[{"embeddable":true,"href":"https:\/\/www.valcucine.com\/es\/wp-json\/wp\/v2\/pages\/14643"}],"wp:attachment":[{"href":"https:\/\/www.valcucine.com\/es\/wp-json\/wp\/v2\/media?parent=14655"}],"curies":[{"name":"wp","href":"https:\/\/api.w.org\/{rel}","templated":true}]}}