{"id":14784,"date":"2024-03-12T14:48:31","date_gmt":"2024-03-12T14:48:31","guid":{"rendered":"https:\/\/devel.valcucine.com\/elementi-distintivi\/"},"modified":"2025-06-04T13:18:47","modified_gmt":"2025-06-04T13:18:47","slug":"elementos-caractersticos","status":"publish","type":"page","link":"https:\/\/www.valcucine.com\/es\/elementos-caractersticos\/","title":{"rendered":"Elementos caracter\u00ecsticos"},"content":{"rendered":"<div class=\"wpb-content-wrapper\"><p>[vc_row css=\u00bb.vc_custom_1709739912507{padding-top: 40px !important;padding-bottom: 40px !important;}\u00bb][vc_column]\n        \n        <h1 class=\"text-center  main__title__h1  \" style=\"color:#333333;\"> \n\n         Elementos caracter\u00ecsticos\n        \n        <\/h1>[\/vc_column][\/vc_row][vc_row][vc_column width=\u00bb1\/4&#8243;][vc_single_image image=\u00bb5402&#8243; img_size=\u00bb100&#215;119&#8243; alignment=\u00bbcenter\u00bb][\/vc_column][vc_column width=\u00bb3\/4&#8243;][vc_column_text]<\/p>\n<div>\n<div class=\"text\">\n<div>El objetivo de mejorar continuamente el entorno de la cocina es el resultado de una investigaci\u00f3n y un desarrollo constantes encaminados a repensar el espacio y la forma en que lo experimentamos. Nacen soluciones de vanguardia, funciones \u00fanicas y materiales innovadores, s\u00edntesis perfecta de inteligencia t\u00e9cnica, sentido est\u00e9tico y respeto por el medio ambiente.<\/div>\n<\/div>\n<\/div>\n<div><\/div>\n<p>[\/vc_column_text][\/vc_column][\/vc_row][vc_row][vc_column][vc_separator color=\u00bbcustom\u00bb el_width=\u00bb10&#8243; accent_color=\u00bb#666666&#8243;][\/vc_column][\/vc_row][vc_row][vc_column width=\u00bb1\/3&#8243;]<div class=\"block__img__hover\"><a href=\"https:\/\/www.valcucine.com\/es\/elementos-caractersticos\/integracion-arquitectonica\/\" target=\"\" rel=\"\" style=\"background-image:url(https:\/\/www.valcucine.com\/wp-content\/uploads\/2024\/08\/Valcucine_New-Logica_-kitchen-integration-with-the-architecture-.jpg?wsr)\"><img src='https:\/\/www.valcucine.com\/wp-content\/uploads\/2024\/08\/Valcucine_New-Logica_-kitchen-integration-with-the-architecture-.jpg?wsr' alt='Valcucine_New Logica_ kitchen integration with the architecture' style='display:none'><h4>Integraci\u00f3n arquitect\u00f3nica<\/h4><\/a><\/div>[\/vc_column][vc_column width=\u00bb1\/3&#8243;]<div class=\"block__img__hover\"><a href=\"https:\/\/www.valcucine.com\/es\/elementos-caractersticos\/la-tecnologa-de-la-puerta\/\" target=\"\" rel=\"\" style=\"background-image:url(https:\/\/www.valcucine.com\/wp-content\/uploads\/2024\/03\/447_valcucine_0063_artematica-soft-outline.webp?wsr)\"><img src='https:\/\/www.valcucine.com\/wp-content\/uploads\/2024\/03\/447_valcucine_0063_artematica-soft-outline.webp?wsr' alt='' style='display:none'><h4>La tecnolog\u00eda de la puerta<\/h4><\/a><\/div>[\/vc_column][vc_column width=\u00bb1\/3&#8243;]<div class=\"block__img__hover\"><a href=\"https:\/\/www.valcucine.com\/es\/elementos-caractersticos\/la-filosofa-de-la-desmaterializacin\/\" target=\"\" rel=\"\" style=\"background-image:url(https:\/\/www.valcucine.com\/wp-content\/uploads\/2024\/03\/449_anta-riciclantica.webp?wsr)\"><img src='https:\/\/www.valcucine.com\/wp-content\/uploads\/2024\/03\/449_anta-riciclantica.webp?wsr' alt='' style='display:none'><h4>La filosof\u00eda de la desmaterializaci\u00f3n<\/h4><\/a><\/div>[\/vc_column][\/vc_row][vc_row][vc_column width=\u00bb1\/3&#8243;]<div class=\"block__img__hover\"><a href=\"https:\/\/www.valcucine.com\/es\/elementos-caractersticos\/vitrum-il-vetro-valcucine\/\" target=\"\" rel=\"\" style=\"background-image:url(https:\/\/www.valcucine.com\/wp-content\/uploads\/2024\/03\/448_1-vitrum_intro.webp?wsr)\"><img src='https:\/\/www.valcucine.com\/wp-content\/uploads\/2024\/03\/448_1-vitrum_intro.webp?wsr' alt='' style='display:none'><h4>Vitrum: el cristal Valcucine<\/h4><\/a><\/div>[\/vc_column][vc_column width=\u00bb1\/3&#8243;]<div class=\"block__img__hover\"><a href=\"https:\/\/www.valcucine.com\/elementi-distintivi\/cucine-vitrum-arte\/\" target=\"\" rel=\"\" style=\"background-image:url(https:\/\/www.valcucine.com\/wp-content\/uploads\/2024\/03\/306_1-vitrum-arte_stilema-tre_aperta.webp?wsr)\"><img src='https:\/\/www.valcucine.com\/wp-content\/uploads\/2024\/03\/306_1-vitrum-arte_stilema-tre_aperta.webp?wsr' alt='' style='display:none'><h4>Vitrum arte<\/h4><\/a><\/div>[\/vc_column][vc_column width=\u00bb1\/3&#8243;]<div class=\"block__img__hover\"><a href=\"https:\/\/www.valcucine.com\/es\/elementos-caractersticos\/artesania\/\" target=\"\" rel=\"\" style=\"background-image:url(https:\/\/www.valcucine.com\/wp-content\/uploads\/2024\/03\/456_intarsio_0259.webp?wsr)\"><img src='https:\/\/www.valcucine.com\/wp-content\/uploads\/2024\/03\/456_intarsio_0259.webp?wsr' alt='' style='display:none'><h4>Artesan\u00eda<\/h4><\/a><\/div>[\/vc_column][\/vc_row][vc_row css=\u00bb.vc_custom_1709828593442{margin-bottom: 40px !important;}\u00bb][vc_column width=\u00bb1\/3&#8243;]<div class=\"block__img__hover\"><a href=\"https:\/\/www.valcucine.com\/es\/elementos-caractersticos\/la-evolucin-de-la-ergonoma\/\" target=\"\" rel=\"\" style=\"background-image:url(https:\/\/www.valcucine.com\/wp-content\/uploads\/2024\/03\/458_gen-evoluzione-ergonomia.webp?wsr)\"><img src='https:\/\/www.valcucine.com\/wp-content\/uploads\/2024\/03\/458_gen-evoluzione-ergonomia.webp?wsr' alt='' style='display:none'><h4>La investigaci\u00f3n ergon\u00f3mica<\/h4><\/a><\/div>[\/vc_column][\/vc_row]<\/p>\n<\/div>","protected":false},"excerpt":{"rendered":"<p>[vc_row css=\u00bb.vc_custom_1709739912507{padding-top: 40px !important;padding-bottom: 40px !important;}\u00bb][vc_column][\/vc_column][\/vc_row][vc_row][vc_column width=\u00bb1\/4&#8243;][vc_single_image image=\u00bb5402&#8243; img_size=\u00bb100&#215;119&#8243; alignment=\u00bbcenter\u00bb][\/vc_column][vc_column width=\u00bb3\/4&#8243;][vc_column_text] El objetivo de mejorar continuamente el entorno de la cocina es el resultado de una investigaci\u00f3n y un desarrollo constantes encaminados a repensar el espacio y la forma en que lo experimentamos. Nacen soluciones de vanguardia, funciones \u00fanicas y materiales innovadores, s\u00edntesis perfecta de [&hellip;]<\/p>\n","protected":false},"author":1,"featured_media":0,"parent":0,"menu_order":0,"comment_status":"closed","ping_status":"closed","template":"","meta":{"footnotes":""},"class_list":["post-14784","page","type-page","status-publish","hentry"],"yoast_head":"<!-- This site is optimized with the Yoast SEO plugin v26.2 - https:\/\/yoast.com\/wordpress\/plugins\/seo\/ -->\n<title>Elementos caracter\u00ecsticos - Valcucine<\/title>\n<meta name=\"robots\" content=\"index, follow, max-snippet:-1, max-image-preview:large, max-video-preview:-1\" \/>\n<link rel=\"canonical\" href=\"https:\/\/www.valcucine.com\/es\/elementos-caractersticos\/\" \/>\n<meta property=\"og:locale\" content=\"es_ES\" \/>\n<meta property=\"og:type\" content=\"article\" \/>\n<meta property=\"og:title\" content=\"Elementos caracter\u00ecsticos - Valcucine\" \/>\n<meta property=\"og:description\" content=\"[vc_row css=\u00bb.vc_custom_1709739912507{padding-top: 40px !important;padding-bottom: 40px !important;}\u00bb][vc_column][\/vc_column][\/vc_row][vc_row][vc_column width=\u00bb1\/4&#8243;][vc_single_image image=\u00bb5402&#8243; img_size=\u00bb100&#215;119&#8243; alignment=\u00bbcenter\u00bb][\/vc_column][vc_column width=\u00bb3\/4&#8243;][vc_column_text] El objetivo de mejorar continuamente el entorno de la cocina es el resultado de una investigaci\u00f3n y un desarrollo constantes encaminados a repensar el espacio y la forma en que lo experimentamos. Nacen soluciones de vanguardia, funciones \u00fanicas y materiales innovadores, s\u00edntesis perfecta de [&hellip;]\" \/>\n<meta property=\"og:url\" content=\"https:\/\/www.valcucine.com\/es\/elementos-caractersticos\/\" \/>\n<meta property=\"og:site_name\" content=\"Valcucine\" \/>\n<meta property=\"article:publisher\" content=\"https:\/\/www.facebook.com\/valcucine\/\" \/>\n<meta property=\"article:modified_time\" content=\"2025-06-04T13:18:47+00:00\" \/>\n<meta name=\"twitter:card\" content=\"summary_large_image\" \/>\n<meta name=\"twitter:label1\" content=\"Tiempo de lectura\" \/>\n\t<meta name=\"twitter:data1\" content=\"1 minuto\" \/>\n<script type=\"application\/ld+json\" class=\"yoast-schema-graph\">{\"@context\":\"https:\/\/schema.org\",\"@graph\":[{\"@type\":\"WebPage\",\"@id\":\"https:\/\/www.valcucine.com\/es\/elementos-caractersticos\/\",\"url\":\"https:\/\/www.valcucine.com\/es\/elementos-caractersticos\/\",\"name\":\"Elementos caracter\u00ecsticos - Valcucine\",\"isPartOf\":{\"@id\":\"https:\/\/www.valcucine.com\/#website\"},\"datePublished\":\"2024-03-12T14:48:31+00:00\",\"dateModified\":\"2025-06-04T13:18:47+00:00\",\"breadcrumb\":{\"@id\":\"https:\/\/www.valcucine.com\/es\/elementos-caractersticos\/#breadcrumb\"},\"inLanguage\":\"es\",\"potentialAction\":[{\"@type\":\"ReadAction\",\"target\":[\"https:\/\/www.valcucine.com\/es\/elementos-caractersticos\/\"]}]},{\"@type\":\"BreadcrumbList\",\"@id\":\"https:\/\/www.valcucine.com\/es\/elementos-caractersticos\/#breadcrumb\",\"itemListElement\":[{\"@type\":\"ListItem\",\"position\":1,\"name\":\"Valcucine\",\"item\":\"https:\/\/www.valcucine.com\/es\/\"},{\"@type\":\"ListItem\",\"position\":2,\"name\":\"Elementos caracter\u00ecsticos\"}]},{\"@type\":\"WebSite\",\"@id\":\"https:\/\/www.valcucine.com\/#website\",\"url\":\"https:\/\/www.valcucine.com\/\",\"name\":\"Valcucine\",\"description\":\"\",\"publisher\":{\"@id\":\"https:\/\/www.valcucine.com\/#organization\"},\"potentialAction\":[{\"@type\":\"SearchAction\",\"target\":{\"@type\":\"EntryPoint\",\"urlTemplate\":\"https:\/\/www.valcucine.com\/?s={search_term_string}\"},\"query-input\":{\"@type\":\"PropertyValueSpecification\",\"valueRequired\":true,\"valueName\":\"search_term_string\"}}],\"inLanguage\":\"es\"},{\"@type\":\"Organization\",\"@id\":\"https:\/\/www.valcucine.com\/#organization\",\"name\":\"Valcucine\",\"url\":\"https:\/\/www.valcucine.com\/\",\"logo\":{\"@type\":\"ImageObject\",\"inLanguage\":\"es\",\"@id\":\"https:\/\/www.valcucine.com\/#\/schema\/logo\/image\/\",\"url\":\"https:\/\/www.valcucine.com\/wp-content\/uploads\/2024\/02\/logo-valcucine.webp?wsr\",\"contentUrl\":\"https:\/\/www.valcucine.com\/wp-content\/uploads\/2024\/02\/logo-valcucine.webp?wsr\",\"width\":288,\"height\":46,\"caption\":\"Valcucine\"},\"image\":{\"@id\":\"https:\/\/www.valcucine.com\/#\/schema\/logo\/image\/\"},\"sameAs\":[\"https:\/\/www.facebook.com\/valcucine\/\",\"https:\/\/www.instagram.com\/valcucine\/\",\"https:\/\/www.linkedin.com\/company\/valcucine\"]}]}<\/script>\n<!-- \/ Yoast SEO plugin. -->","yoast_head_json":{"title":"Elementos caracter\u00ecsticos - Valcucine","robots":{"index":"index","follow":"follow","max-snippet":"max-snippet:-1","max-image-preview":"max-image-preview:large","max-video-preview":"max-video-preview:-1"},"canonical":"https:\/\/www.valcucine.com\/es\/elementos-caractersticos\/","og_locale":"es_ES","og_type":"article","og_title":"Elementos caracter\u00ecsticos - Valcucine","og_description":"[vc_row css=\u00bb.vc_custom_1709739912507{padding-top: 40px !important;padding-bottom: 40px !important;}\u00bb][vc_column][\/vc_column][\/vc_row][vc_row][vc_column width=\u00bb1\/4&#8243;][vc_single_image image=\u00bb5402&#8243; img_size=\u00bb100&#215;119&#8243; alignment=\u00bbcenter\u00bb][\/vc_column][vc_column width=\u00bb3\/4&#8243;][vc_column_text] El objetivo de mejorar continuamente el entorno de la cocina es el resultado de una investigaci\u00f3n y un desarrollo constantes encaminados a repensar el espacio y la forma en que lo experimentamos. Nacen soluciones de vanguardia, funciones \u00fanicas y materiales innovadores, s\u00edntesis perfecta de [&hellip;]","og_url":"https:\/\/www.valcucine.com\/es\/elementos-caractersticos\/","og_site_name":"Valcucine","article_publisher":"https:\/\/www.facebook.com\/valcucine\/","article_modified_time":"2025-06-04T13:18:47+00:00","twitter_card":"summary_large_image","twitter_misc":{"Tiempo de lectura":"1 minuto"},"schema":{"@context":"https:\/\/schema.org","@graph":[{"@type":"WebPage","@id":"https:\/\/www.valcucine.com\/es\/elementos-caractersticos\/","url":"https:\/\/www.valcucine.com\/es\/elementos-caractersticos\/","name":"Elementos caracter\u00ecsticos - Valcucine","isPartOf":{"@id":"https:\/\/www.valcucine.com\/#website"},"datePublished":"2024-03-12T14:48:31+00:00","dateModified":"2025-06-04T13:18:47+00:00","breadcrumb":{"@id":"https:\/\/www.valcucine.com\/es\/elementos-caractersticos\/#breadcrumb"},"inLanguage":"es","potentialAction":[{"@type":"ReadAction","target":["https:\/\/www.valcucine.com\/es\/elementos-caractersticos\/"]}]},{"@type":"BreadcrumbList","@id":"https:\/\/www.valcucine.com\/es\/elementos-caractersticos\/#breadcrumb","itemListElement":[{"@type":"ListItem","position":1,"name":"Valcucine","item":"https:\/\/www.valcucine.com\/es\/"},{"@type":"ListItem","position":2,"name":"Elementos caracter\u00ecsticos"}]},{"@type":"WebSite","@id":"https:\/\/www.valcucine.com\/#website","url":"https:\/\/www.valcucine.com\/","name":"Valcucine","description":"","publisher":{"@id":"https:\/\/www.valcucine.com\/#organization"},"potentialAction":[{"@type":"SearchAction","target":{"@type":"EntryPoint","urlTemplate":"https:\/\/www.valcucine.com\/?s={search_term_string}"},"query-input":{"@type":"PropertyValueSpecification","valueRequired":true,"valueName":"search_term_string"}}],"inLanguage":"es"},{"@type":"Organization","@id":"https:\/\/www.valcucine.com\/#organization","name":"Valcucine","url":"https:\/\/www.valcucine.com\/","logo":{"@type":"ImageObject","inLanguage":"es","@id":"https:\/\/www.valcucine.com\/#\/schema\/logo\/image\/","url":"https:\/\/www.valcucine.com\/wp-content\/uploads\/2024\/02\/logo-valcucine.webp?wsr","contentUrl":"https:\/\/www.valcucine.com\/wp-content\/uploads\/2024\/02\/logo-valcucine.webp?wsr","width":288,"height":46,"caption":"Valcucine"},"image":{"@id":"https:\/\/www.valcucine.com\/#\/schema\/logo\/image\/"},"sameAs":["https:\/\/www.facebook.com\/valcucine\/","https:\/\/www.instagram.com\/valcucine\/","https:\/\/www.linkedin.com\/company\/valcucine"]}]}},"_links":{"self":[{"href":"https:\/\/www.valcucine.com\/es\/wp-json\/wp\/v2\/pages\/14784","targetHints":{"allow":["GET"]}}],"collection":[{"href":"https:\/\/www.valcucine.com\/es\/wp-json\/wp\/v2\/pages"}],"about":[{"href":"https:\/\/www.valcucine.com\/es\/wp-json\/wp\/v2\/types\/page"}],"author":[{"embeddable":true,"href":"https:\/\/www.valcucine.com\/es\/wp-json\/wp\/v2\/users\/1"}],"replies":[{"embeddable":true,"href":"https:\/\/www.valcucine.com\/es\/wp-json\/wp\/v2\/comments?post=14784"}],"version-history":[{"count":9,"href":"https:\/\/www.valcucine.com\/es\/wp-json\/wp\/v2\/pages\/14784\/revisions"}],"predecessor-version":[{"id":42770,"href":"https:\/\/www.valcucine.com\/es\/wp-json\/wp\/v2\/pages\/14784\/revisions\/42770"}],"wp:attachment":[{"href":"https:\/\/www.valcucine.com\/es\/wp-json\/wp\/v2\/media?parent=14784"}],"curies":[{"name":"wp","href":"https:\/\/api.w.org\/{rel}","templated":true}]}}