{"id":15076,"date":"2024-03-15T10:16:18","date_gmt":"2024-03-15T10:16:18","guid":{"rendered":"https:\/\/devel.valcucine.com\/prestaciones-especiales\/basi-invitrum\/"},"modified":"2025-05-28T08:13:46","modified_gmt":"2025-05-28T08:13:46","slug":"basi-invitrum","status":"publish","type":"page","link":"https:\/\/www.valcucine.com\/es\/prestaciones-especiales\/basi-invitrum\/","title":{"rendered":"Muebles bajos Invitrum"},"content":{"rendered":"<div class=\"wpb-content-wrapper\"><p>[vc_row][vc_column]\n\t\t\t<!-- START Basi Invitrum REVOLUTION SLIDER 6.7.38 --><p class=\"rs-p-wp-fix\"><\/p>\n\t\t\t<rs-module-wrap id=\"rev_slider_41_1_wrapper\" data-source=\"gallery\" style=\"visibility:hidden;background:transparent;padding:0;\">\n\t\t\t\t<rs-module id=\"rev_slider_41_1\" style=\"\" data-version=\"6.7.38\">\n\t\t\t\t\t<rs-slides style=\"overflow: hidden; position: absolute;\">\n\t\t\t\t\t\t<rs-slide style=\"position: absolute;\" data-key=\"rs-225\" data-title=\"Slide\" data-thumb=\"\/\/www.valcucine.com\/wp-content\/uploads\/2024\/03\/1825_basi_invitrum_gen2-50x100.webp\" data-in=\"o:0;\" data-out=\"a:false;\">\n\t\t\t\t\t\t\t<img decoding=\"async\" src=\"\/\/www.valcucine.com\/wp-content\/plugins\/revslider\/sr6\/assets\/assets\/dummy.png\" alt=\"\" title=\"1825_basi_invitrum_gen2\" width=\"2400\" height=\"1200\" class=\"rev-slidebg tp-rs-img rs-lazyload\" data-lazyload=\"\/\/www.valcucine.com\/wp-content\/uploads\/2024\/03\/1825_basi_invitrum_gen2.webp\" data-no-retina>\n<!---->\t\t\t\t\t<\/rs-slide>\n\t\t\t\t\t\t<rs-slide style=\"position: absolute;\" data-key=\"rs-226\" data-title=\"Slide\" data-thumb=\"\/\/www.valcucine.com\/wp-content\/uploads\/2024\/03\/1827_816_invitrum-0117-50x100.webp\" data-in=\"o:0;\" data-out=\"a:false;\">\n\t\t\t\t\t\t\t<img decoding=\"async\" src=\"\/\/www.valcucine.com\/wp-content\/plugins\/revslider\/sr6\/assets\/assets\/dummy.png\" alt=\"Valcucine\u2019s glass kitchens combine elegance, durability, and sustainability, offering customizable designs, superior resistance, and easy maintenance for a timeless aesthetic.\" title=\"1827_816_invitrum-0117\" width=\"2400\" height=\"1200\" class=\"rev-slidebg tp-rs-img rs-lazyload\" data-lazyload=\"\/\/www.valcucine.com\/wp-content\/uploads\/2024\/03\/1827_816_invitrum-0117.webp\" data-no-retina>\n<!---->\t\t\t\t\t<\/rs-slide>\n\t\t\t\t\t\t<rs-slide style=\"position: absolute;\" data-key=\"rs-227\" data-title=\"Slide\" data-thumb=\"\/\/www.valcucine.com\/wp-content\/uploads\/2024\/03\/1829_invitrum0058-50x100.webp\" data-in=\"o:0;\" data-out=\"a:false;\">\n\t\t\t\t\t\t\t<img decoding=\"async\" src=\"\/\/www.valcucine.com\/wp-content\/plugins\/revslider\/sr6\/assets\/assets\/dummy.png\" alt=\"\" title=\"1829_invitrum0058\" width=\"1200\" height=\"600\" class=\"rev-slidebg tp-rs-img rs-lazyload\" data-lazyload=\"\/\/www.valcucine.com\/wp-content\/uploads\/2024\/03\/1829_invitrum0058.webp\" data-no-retina>\n<!---->\t\t\t\t\t<\/rs-slide>\n\t\t\t\t\t\t<rs-slide style=\"position: absolute;\" data-key=\"rs-228\" data-title=\"Slide\" data-thumb=\"\/\/www.valcucine.com\/wp-content\/uploads\/2024\/03\/2217_artematica_basi_invitrum-50x100.webp\" data-in=\"o:0;\" data-out=\"a:false;\">\n\t\t\t\t\t\t\t<img decoding=\"async\" src=\"\/\/www.valcucine.com\/wp-content\/plugins\/revslider\/sr6\/assets\/assets\/dummy.png\" alt=\"\" title=\"2217_artematica_basi_invitrum\" width=\"2400\" height=\"1200\" class=\"rev-slidebg tp-rs-img rs-lazyload\" data-lazyload=\"\/\/www.valcucine.com\/wp-content\/uploads\/2024\/03\/2217_artematica_basi_invitrum.webp\" data-no-retina>\n<!---->\t\t\t\t\t<\/rs-slide>\n\t\t\t\t\t<\/rs-slides>\n\t\t\t\t\t<rs-static-layers><!--\n\n\t\t\t\t\t\t\t--><rs-layer\n\t\t\t\t\t\t\t\tid=\"slider-41-slide-39-layer-12\" \n\t\t\t\t\t\t\t\tclass=\"play-button rs-svg rs-layer-static\"\n\t\t\t\t\t\t\t\tdata-type=\"svg\"\n\t\t\t\t\t\t\t\tdata-rsp_ch=\"on\"\n\t\t\t\t\t\t\t\tdata-xy=\"xo:20px;y:b;yo:20px;\"\n\t\t\t\t\t\t\t\tdata-text=\"w:normal;s:20,20,20,7;l:0,0,0,9;\"\n\t\t\t\t\t\t\t\tdata-dim=\"w:20px,20px,20px,30px;h:20px,20px,20px,30px;\"\n\t\t\t\t\t\t\t\tdata-actions='o:click;a:playslider;'\n\t\t\t\t\t\t\t\tdata-svg_src=\"\/\/www.valcucine.com\/wp-content\/uploads\/revslider\/svg\/objects\/svgcustom\/circle-play.svg\"\n\t\t\t\t\t\t\t\tdata-svgi=\"oc:t;\"\n\t\t\t\t\t\t\t\tdata-basealign=\"slide\"\n\t\t\t\t\t\t\t\tdata-onslides=\"s:1;\"\n\t\t\t\t\t\t\t\tdata-frame_999=\"o:0;st:w;\"\n\t\t\t\t\t\t\t\tstyle=\"z-index:7;font-family:'Roboto';\"\n\t\t\t\t\t\t\t> \n\t\t\t\t\t\t\t<\/rs-layer><!--\n\n\t\t\t\t\t\t\t--><rs-layer\n\t\t\t\t\t\t\t\tid=\"slider-41-slide-39-layer-13\" \n\t\t\t\t\t\t\t\tclass=\"pause-button current-slider rs-svg rs-layer-static\"\n\t\t\t\t\t\t\t\tdata-type=\"svg\"\n\t\t\t\t\t\t\t\tdata-rsp_ch=\"on\"\n\t\t\t\t\t\t\t\tdata-xy=\"xo:20px;y:b;yo:20px;\"\n\t\t\t\t\t\t\t\tdata-text=\"w:normal;s:20,20,20,7;l:0,0,0,9;\"\n\t\t\t\t\t\t\t\tdata-dim=\"w:20px,20px,20px,30px;h:20px,20px,20px,30px;\"\n\t\t\t\t\t\t\t\tdata-actions='o:click;a:pauseslider;'\n\t\t\t\t\t\t\t\tdata-svg_src=\"\/\/www.valcucine.com\/wp-content\/uploads\/revslider\/svg\/objects\/svgcustom\/circle-pause.svg\"\n\t\t\t\t\t\t\t\tdata-svgi=\"oc:t;\"\n\t\t\t\t\t\t\t\tdata-basealign=\"slide\"\n\t\t\t\t\t\t\t\tdata-onslides=\"s:1;\"\n\t\t\t\t\t\t\t\tdata-frame_999=\"o:0;st:w;\"\n\t\t\t\t\t\t\t\tstyle=\"z-index:8;font-family:'Roboto';\"\n\t\t\t\t\t\t\t> \n\t\t\t\t\t\t\t<\/rs-layer><!--\n\t\t\t\t\t--><\/rs-static-layers>\n\t\t\t\t<\/rs-module>\n\t\t\t\t<script>\n\t\t\t\t\tsetREVStartSize({c: 'rev_slider_41_1',rl:[1240,1240,1240,480],el:[568.984,568.984,568.984,480],gw:[1240,1240,1240,480],gh:[569,569,569,480],type:'standard',justify:'',layout:'fullscreen',offsetContainer:'#slider__height',offset:'0px',mh:\"0\"});if (window.RS_MODULES!==undefined && window.RS_MODULES.modules!==undefined && window.RS_MODULES.modules[\"revslider411\"]!==undefined) {window.RS_MODULES.modules[\"revslider411\"].once = false;window.revapi41 = undefined;if (window.RS_MODULES.checkMinimal!==undefined) window.RS_MODULES.checkMinimal()}\n\t\t\t\t<\/script>\n\t\t\t<\/rs-module-wrap>\n\t\t\t<!-- END REVOLUTION SLIDER -->\n[\/vc_column][\/vc_row][vc_row full_width=\u00bbstretch_row_content_no_spaces\u00bb][vc_column]<div class='sticky__subslider d-none d-lg-block'><div class='sticky__subslider__wrapper container'><div class='sticky__subslider__wrapper__left'><span class='sticky__subslider__title'>Muebles bajos Invitrum:<\/span><\/div><div class='sticky__subslider__wrapper__right'><a href='https:\/\/www.valcucine.com\/store-locator\/' target='' rel=''><span>Trova rivenditore<\/span><\/a><\/div><\/div><\/div>[\/vc_column][\/vc_row][vc_row full_width=\u00bbstretch_row_content_no_spaces\u00bb el_class=\u00bbpt-6&#8243; css=\u00bb.vc_custom_1710842741673{padding-top: 40px !important;}\u00bb][vc_column]\n        \n        <h1 class=\"text-center  main__title__h1  \" style=\"color:#333333;\"> \n\n         Muebles bajos Invitrum\n        \n        <\/h1>[\/vc_column][\/vc_row][vc_row css=\u00bb.vc_custom_1709741045295{margin-top: 10px !important;}\u00bb][vc_column]\n        \n        <h2 class=\"text-center  main__title__h2  vc_custom_1717658056137 \" style=\"color:#333333;\"> \n\n         Dise\u00f1o circular en la cocina\n        \n        <\/h2>[\/vc_column][\/vc_row][vc_row css=\u00bb.vc_custom_1709741045295{margin-top: 10px !important;}\u00bb][vc_column width=\u00bb1\/2&#8243;][vc_single_image image=\u00bb5944&#8243; img_size=\u00bbfull\u00bb][\/vc_column][vc_column width=\u00bb1\/2&#8243;][vc_column_text]Con el sistema de muebles bajos Invitrum, Valcucine crea la primera cocina del mundo fabricada \u00edntegramente en aluminio y cristal que respeta las principales reglas del dise\u00f1o sostenible y circular \u2013 desmaterializaci\u00f3n, reciclabilidad, reducci\u00f3n de emisiones t\u00f3xicas y larga duraci\u00f3n \u2013 generando cero residuos al final de su vida \u00fatil.[\/vc_column_text]\n        \n        <h3 class=\"text-start  main__title__h3  vc_custom_1717658122447 \" style=\"color:#333333;\"> \n\n         DESMATERIALIZACI\u00d3N: COSTADO \u00daNICO DE CRISTAL\n        \n        <\/h3>[vc_column_text]El sistema de muebles bajos\u00a0Invitrum, patentado desde 2009,\u00a0ha sido dise\u00f1ado pensando en reducir el uso de materias primas y energ\u00eda. El costado \u00fanico de cristal de tan solo 10 mm de espesor elimina tener que acoplar los costados comunes que alcanzar\u00edan un espesor considerable al unirse. Se concretiza un ahorro del 73% de materia prima.[\/vc_column_text]\n        \n        <h3 class=\"text-start  main__title__h3  vc_custom_1717658160808 \" style=\"color:#333333;\"> \n\n         RECICLABILIDAD: 100% CRISTAL Y ALUMINIO\n        \n        <\/h3>[vc_column_text]El uso de cristal y aluminio garantiza la reciclabilidad total de la cocina.[\/vc_column_text]\n        \n        <h3 class=\"text-start  main__title__h3  vc_custom_1717658248312 \" style=\"color:#333333;\"> \n\n         0 EMISIONES T\u00d3XICAS\n        \n        <\/h3>[vc_column_text]El uso de solo aluminio y cristal &#8211; materiales inertes &#8211; y el dise\u00f1o particular que garantiza solo juntas mec\u00e1nicas en lugar de adhesivos, aseguran la eliminaci\u00f3n total de las emisiones t\u00f3xicas.[\/vc_column_text][\/vc_column][\/vc_row][vc_row][vc_column width=\u00bb1\/2&#8243;][vc_single_image image=\u00bb4877&#8243; img_size=\u00bb1200&#215;600&#8243; alignment=\u00bbcenter\u00bb][\/vc_column][vc_column width=\u00bb1\/2&#8243;]\n        \n        <h3 class=\"text-start  main__title__h3  vc_custom_1717658274588 \" style=\"color:#333333;\"> \n\n         LARGA DURACI\u00d3N: DISE\u00d1ADO PARA SER DESMONTADO\n        \n        <\/h3>[vc_column_text]Valcucine es consciente de que el producto constituye un recurso potencial de materia prima si ha sido dise\u00f1ado para simplificar las tareas de desmontaje. Invitrum est\u00e1 dise\u00f1ado para ser f\u00e1cilmente desmontado una vez finalizado su ciclo de vida: el sistema est\u00e1 formado por materiales monomat\u00e9ricos unidos solamente mediante juntas mec\u00e1nicas.<\/p>\n<p>Design by Gabriele Centazzo[\/vc_column_text][\/vc_column][\/vc_row][vc_row][vc_column][vc_separator color=\u00bbcustom\u00bb el_width=\u00bb10&#8243; accent_color=\u00bb#666666&#8243;][\/vc_column][\/vc_row][vc_row css=\u00bb.vc_custom_1709205719128{margin-bottom: 70px !important;}\u00bb][vc_column]<div class='menu__page'><a href='https:\/\/www.valcucine.com\/store-locator\/' target='' rel=''>DISTRIBUIDOR FIND<\/a><\/div>[\/vc_column][\/vc_row][vc_row css=\u00bb.vc_custom_1710843030227{margin-bottom: 40px !important;}\u00bb][vc_column]<div id=''><div class='carousel__portfolio'><div class='mb-6 portfolio_gallery_cat_all portfolio_gallery_box p-3  portfolio_gallery_cat_326'><div id='portfolio_gallery_1'><div class=\"portfolio_gallery_box_item\" style=\"background-image:url(https:\/\/www.valcucine.com\/wp-content\/uploads\/2024\/02\/13_artematica-noce-tattile-valcucine09-1.jpg?wsr)\"><\/div><\/div><span>Artematica Nogal T\u00e1ctil<\/span><\/div><div class='mb-6 portfolio_gallery_cat_all portfolio_gallery_box p-3  portfolio_gallery_cat_329'><div id='portfolio_gallery_2'><div class=\"portfolio_gallery_box_item\" style=\"background-image:url(https:\/\/www.valcucine.com\/wp-content\/uploads\/2024\/02\/54_artematica-vitrum-giallo-terra-1.jpg?wsr)\"><\/div><\/div><span>Artematica Vitrum Amarillo Tierra<\/span><\/div><\/div>\n            <script>\n            jQuery(function () {\n                \n                \n                jQuery('.carousel__portfolio').slick({\n                  infinite: true,\n                    slidesToShow: 1,\n                    slidesToScroll: 1,\n                    autoplaySpeed: 8000,\n                    centerPadding: '0px',\n                    mobileFirst: true,\n                    arrows: true,\n                    autoplay: true,\n                    prevArrow: '<div class=\\'corousel__arrow corousel__next \\'><i class=\\'fal fa-chevron-left\\'><\/i><\/div>',\n                    nextArrow: '<div class=\\'corousel__arrow corousel__prev \\'><i class=\\'fal fa-chevron-right\\'><\/i><\/div>',\n                      responsive: [\n                        {\n                          breakpoint: 768,\n                          settings: {\n                            slidesToShow: 4,\n                            slidesToScroll: 1,\n                          }\n                        },\n                    ]\n              \n                });\n            });\n            <\/script>\n            \n                    <script>\n                    jQuery(function () {\n                        \n                        var dynamicGalleryElement = document.getElementById('portfolio_gallery_1');\n                        var dynamicGallery = lightGallery(dynamicGalleryElement, {\n                            dynamic: true,\n                            dynamicEl: [{\"src\":\"https:\\\/\\\/www.valcucine.com\\\/wp-content\\\/uploads\\\/2024\\\/02\\\/74_artematica_noce_tattile_valcucine09_11_.webp\",\"subHtml\":\"<span>Artematica Nogal T\\u00e1ctil<\\\/span>\"},{\"src\":\"https:\\\/\\\/www.valcucine.com\\\/wp-content\\\/uploads\\\/2024\\\/02\\\/75_artematica_noce_tattile_valcucine09_15_.webp\",\"subHtml\":\"<span>Artematica Nogal T\\u00e1ctil<\\\/span>\"},{\"src\":\"https:\\\/\\\/www.valcucine.com\\\/wp-content\\\/uploads\\\/2024\\\/02\\\/77_artematica_noce_tattile_valcucine09_19_.webp\",\"subHtml\":\"<span>Artematica Nogal T\\u00e1ctil<\\\/span>\"},{\"src\":\"https:\\\/\\\/www.valcucine.com\\\/wp-content\\\/uploads\\\/2024\\\/02\\\/78_artematica_noce_tattile_valcucine09_21_.webp\",\"subHtml\":\"<span>Artematica Nogal T\\u00e1ctil<\\\/span>\"},{\"src\":\"https:\\\/\\\/www.valcucine.com\\\/wp-content\\\/uploads\\\/2024\\\/02\\\/79_artematica_noce_tattile_valcucine09_25_.webp\",\"subHtml\":\"<span>Artematica Nogal T\\u00e1ctil<\\\/span>\"},{\"src\":\"https:\\\/\\\/www.valcucine.com\\\/wp-content\\\/uploads\\\/2024\\\/02\\\/81_artematica_noce_tattile_valcucine09.webp\",\"subHtml\":\"<span>Artematica Nogal T\\u00e1ctil<\\\/span>\"},{\"src\":\"https:\\\/\\\/www.valcucine.com\\\/wp-content\\\/uploads\\\/2024\\\/02\\\/897_noce-materico-interno-casse.webp\",\"subHtml\":\"<span>Artematica Nogal T\\u00e1ctil<\\\/span>\"},{\"src\":\"https:\\\/\\\/www.valcucine.com\\\/wp-content\\\/uploads\\\/2024\\\/02\\\/898_noce-materico-interno1-cass.webp\",\"subHtml\":\"<span>Artematica Nogal T\\u00e1ctil<\\\/span>\"},{\"src\":\"https:\\\/\\\/www.valcucine.com\\\/wp-content\\\/uploads\\\/2024\\\/02\\\/72_artematica_noce_tattile_valcucine09_5_.webp\",\"subHtml\":\"<span>Artematica Nogal T\\u00e1ctil<\\\/span>\"},{\"src\":\"https:\\\/\\\/www.valcucine.com\\\/wp-content\\\/uploads\\\/2024\\\/02\\\/73_artematica_noce_tattile_valcucine09_6_.webp\",\"subHtml\":\"<span>Artematica Nogal T\\u00e1ctil<\\\/span>\"},{\"src\":\"https:\\\/\\\/www.valcucine.com\\\/wp-content\\\/uploads\\\/2024\\\/02\\\/71_artematica_noce_tattile_valcucine09_1_.webp\",\"subHtml\":\"<span>Artematica Nogal T\\u00e1ctil<\\\/span>\"}],\n                        });\n                        dynamicGalleryElement.addEventListener('click', function () {\n                            \/\/ Starts with third item.(Optional).\n                            \/\/ This is useful if you want use dynamic mode with\n                            \/\/ custom thumbnails (thumbnails outside gallery),\n                            dynamicGallery.openGallery(0);\n                        });\n                                                \n                        \n                    });\n                    <\/script>\n                    \n                    <script>\n                    jQuery(function () {\n                        \n                        var dynamicGalleryElement = document.getElementById('portfolio_gallery_2');\n                        var dynamicGallery = lightGallery(dynamicGalleryElement, {\n                            dynamic: true,\n                            dynamicEl: [{\"src\":\"https:\\\/\\\/www.valcucine.com\\\/wp-content\\\/uploads\\\/2024\\\/02\\\/106_artematica_vitrum_giallo_terra_2_.webp\",\"subHtml\":\"<span>Artematica Vitrum Amarillo Tierra<\\\/span>\"},{\"src\":\"https:\\\/\\\/www.valcucine.com\\\/wp-content\\\/uploads\\\/2024\\\/02\\\/105_artematica_vitrum_giallo_terra_1_.webp\",\"subHtml\":\"<span>Artematica Vitrum Amarillo Tierra<\\\/span>\"},{\"src\":\"https:\\\/\\\/www.valcucine.com\\\/wp-content\\\/uploads\\\/2024\\\/02\\\/107_artematica_vitrum_giallo_terra_3_.webp\",\"subHtml\":\"<span>Artematica Vitrum Amarillo Tierra<\\\/span>\"},{\"src\":\"https:\\\/\\\/www.valcucine.com\\\/wp-content\\\/uploads\\\/2024\\\/02\\\/108_artematica_vitrum_giallo_terra_5_.webp\",\"subHtml\":\"<span>Artematica Vitrum Amarillo Tierra<\\\/span>\"}],\n                        });\n                        dynamicGalleryElement.addEventListener('click', function () {\n                            \/\/ Starts with third item.(Optional).\n                            \/\/ This is useful if you want use dynamic mode with\n                            \/\/ custom thumbnails (thumbnails outside gallery),\n                            dynamicGallery.openGallery(0);\n                        });\n                                                \n                        \n                    });\n                    <\/script>\n                    <\/div>[\/vc_column][\/vc_row]<\/p>\n<\/div>","protected":false},"excerpt":{"rendered":"<p>[vc_row][vc_column][\/vc_column][\/vc_row][vc_row full_width=\u00bbstretch_row_content_no_spaces\u00bb][vc_column][\/vc_column][\/vc_row][vc_row full_width=\u00bbstretch_row_content_no_spaces\u00bb el_class=\u00bbpt-6&#8243; css=\u00bb.vc_custom_1710842741673{padding-top: 40px !important;}\u00bb][vc_column][\/vc_column][\/vc_row][vc_row css=\u00bb.vc_custom_1709741045295{margin-top: 10px !important;}\u00bb][vc_column][\/vc_column][\/vc_row][vc_row css=\u00bb.vc_custom_1709741045295{margin-top: 10px !important;}\u00bb][vc_column width=\u00bb1\/2&#8243;][vc_single_image image=\u00bb5944&#8243; img_size=\u00bbfull\u00bb][\/vc_column][vc_column width=\u00bb1\/2&#8243;][vc_column_text]Con el sistema de muebles bajos Invitrum, Valcucine crea la primera cocina del mundo fabricada \u00edntegramente en aluminio y cristal que respeta las principales reglas del dise\u00f1o sostenible y circular \u2013 desmaterializaci\u00f3n, reciclabilidad, reducci\u00f3n de emisiones t\u00f3xicas y larga [&hellip;]<\/p>\n","protected":false},"author":1,"featured_media":0,"parent":15032,"menu_order":0,"comment_status":"closed","ping_status":"closed","template":"","meta":{"footnotes":""},"class_list":["post-15076","page","type-page","status-publish","hentry"],"yoast_head":"<!-- This site is optimized with the Yoast SEO plugin v26.2 - https:\/\/yoast.com\/wordpress\/plugins\/seo\/ -->\n<title>Muebles bajos Invitrum - Valcucine<\/title>\n<meta name=\"robots\" content=\"index, follow, max-snippet:-1, max-image-preview:large, max-video-preview:-1\" \/>\n<link rel=\"canonical\" href=\"https:\/\/www.valcucine.com\/es\/prestaciones-especiales\/basi-invitrum\/\" \/>\n<meta property=\"og:locale\" content=\"es_ES\" \/>\n<meta property=\"og:type\" content=\"article\" \/>\n<meta property=\"og:title\" content=\"Muebles bajos Invitrum - Valcucine\" \/>\n<meta property=\"og:description\" content=\"[vc_row][vc_column][\/vc_column][\/vc_row][vc_row full_width=\u00bbstretch_row_content_no_spaces\u00bb][vc_column][\/vc_column][\/vc_row][vc_row full_width=\u00bbstretch_row_content_no_spaces\u00bb el_class=\u00bbpt-6&#8243; css=\u00bb.vc_custom_1710842741673{padding-top: 40px !important;}\u00bb][vc_column][\/vc_column][\/vc_row][vc_row css=\u00bb.vc_custom_1709741045295{margin-top: 10px !important;}\u00bb][vc_column][\/vc_column][\/vc_row][vc_row css=\u00bb.vc_custom_1709741045295{margin-top: 10px !important;}\u00bb][vc_column width=\u00bb1\/2&#8243;][vc_single_image image=\u00bb5944&#8243; img_size=\u00bbfull\u00bb][\/vc_column][vc_column width=\u00bb1\/2&#8243;][vc_column_text]Con el sistema de muebles bajos Invitrum, Valcucine crea la primera cocina del mundo fabricada \u00edntegramente en aluminio y cristal que respeta las principales reglas del dise\u00f1o sostenible y circular \u2013 desmaterializaci\u00f3n, reciclabilidad, reducci\u00f3n de emisiones t\u00f3xicas y larga [&hellip;]\" \/>\n<meta property=\"og:url\" content=\"https:\/\/www.valcucine.com\/es\/prestaciones-especiales\/basi-invitrum\/\" \/>\n<meta property=\"og:site_name\" content=\"Valcucine\" \/>\n<meta property=\"article:publisher\" content=\"https:\/\/www.facebook.com\/valcucine\/\" \/>\n<meta property=\"article:modified_time\" content=\"2025-05-28T08:13:46+00:00\" \/>\n<meta name=\"twitter:card\" content=\"summary_large_image\" \/>\n<meta name=\"twitter:label1\" content=\"Tiempo de lectura\" \/>\n\t<meta name=\"twitter:data1\" content=\"2 minutos\" \/>\n<script type=\"application\/ld+json\" class=\"yoast-schema-graph\">{\"@context\":\"https:\/\/schema.org\",\"@graph\":[{\"@type\":\"WebPage\",\"@id\":\"https:\/\/www.valcucine.com\/es\/prestaciones-especiales\/basi-invitrum\/\",\"url\":\"https:\/\/www.valcucine.com\/es\/prestaciones-especiales\/basi-invitrum\/\",\"name\":\"Muebles bajos Invitrum - Valcucine\",\"isPartOf\":{\"@id\":\"https:\/\/www.valcucine.com\/#website\"},\"datePublished\":\"2024-03-15T10:16:18+00:00\",\"dateModified\":\"2025-05-28T08:13:46+00:00\",\"breadcrumb\":{\"@id\":\"https:\/\/www.valcucine.com\/es\/prestaciones-especiales\/basi-invitrum\/#breadcrumb\"},\"inLanguage\":\"es\",\"potentialAction\":[{\"@type\":\"ReadAction\",\"target\":[\"https:\/\/www.valcucine.com\/es\/prestaciones-especiales\/basi-invitrum\/\"]}]},{\"@type\":\"BreadcrumbList\",\"@id\":\"https:\/\/www.valcucine.com\/es\/prestaciones-especiales\/basi-invitrum\/#breadcrumb\",\"itemListElement\":[{\"@type\":\"ListItem\",\"position\":1,\"name\":\"Valcucine\",\"item\":\"https:\/\/www.valcucine.com\/es\/\"},{\"@type\":\"ListItem\",\"position\":2,\"name\":\"Elementos Especiales\",\"item\":\"https:\/\/www.valcucine.com\/es\/prestaciones-especiales\/\"},{\"@type\":\"ListItem\",\"position\":3,\"name\":\"Muebles bajos Invitrum\"}]},{\"@type\":\"WebSite\",\"@id\":\"https:\/\/www.valcucine.com\/#website\",\"url\":\"https:\/\/www.valcucine.com\/\",\"name\":\"Valcucine\",\"description\":\"\",\"publisher\":{\"@id\":\"https:\/\/www.valcucine.com\/#organization\"},\"potentialAction\":[{\"@type\":\"SearchAction\",\"target\":{\"@type\":\"EntryPoint\",\"urlTemplate\":\"https:\/\/www.valcucine.com\/?s={search_term_string}\"},\"query-input\":{\"@type\":\"PropertyValueSpecification\",\"valueRequired\":true,\"valueName\":\"search_term_string\"}}],\"inLanguage\":\"es\"},{\"@type\":\"Organization\",\"@id\":\"https:\/\/www.valcucine.com\/#organization\",\"name\":\"Valcucine\",\"url\":\"https:\/\/www.valcucine.com\/\",\"logo\":{\"@type\":\"ImageObject\",\"inLanguage\":\"es\",\"@id\":\"https:\/\/www.valcucine.com\/#\/schema\/logo\/image\/\",\"url\":\"https:\/\/www.valcucine.com\/wp-content\/uploads\/2024\/02\/logo-valcucine.webp?wsr\",\"contentUrl\":\"https:\/\/www.valcucine.com\/wp-content\/uploads\/2024\/02\/logo-valcucine.webp?wsr\",\"width\":288,\"height\":46,\"caption\":\"Valcucine\"},\"image\":{\"@id\":\"https:\/\/www.valcucine.com\/#\/schema\/logo\/image\/\"},\"sameAs\":[\"https:\/\/www.facebook.com\/valcucine\/\",\"https:\/\/www.instagram.com\/valcucine\/\",\"https:\/\/www.linkedin.com\/company\/valcucine\"]}]}<\/script>\n<!-- \/ Yoast SEO plugin. -->","yoast_head_json":{"title":"Muebles bajos Invitrum - Valcucine","robots":{"index":"index","follow":"follow","max-snippet":"max-snippet:-1","max-image-preview":"max-image-preview:large","max-video-preview":"max-video-preview:-1"},"canonical":"https:\/\/www.valcucine.com\/es\/prestaciones-especiales\/basi-invitrum\/","og_locale":"es_ES","og_type":"article","og_title":"Muebles bajos Invitrum - Valcucine","og_description":"[vc_row][vc_column][\/vc_column][\/vc_row][vc_row full_width=\u00bbstretch_row_content_no_spaces\u00bb][vc_column][\/vc_column][\/vc_row][vc_row full_width=\u00bbstretch_row_content_no_spaces\u00bb el_class=\u00bbpt-6&#8243; css=\u00bb.vc_custom_1710842741673{padding-top: 40px !important;}\u00bb][vc_column][\/vc_column][\/vc_row][vc_row css=\u00bb.vc_custom_1709741045295{margin-top: 10px !important;}\u00bb][vc_column][\/vc_column][\/vc_row][vc_row css=\u00bb.vc_custom_1709741045295{margin-top: 10px !important;}\u00bb][vc_column width=\u00bb1\/2&#8243;][vc_single_image image=\u00bb5944&#8243; img_size=\u00bbfull\u00bb][\/vc_column][vc_column width=\u00bb1\/2&#8243;][vc_column_text]Con el sistema de muebles bajos Invitrum, Valcucine crea la primera cocina del mundo fabricada \u00edntegramente en aluminio y cristal que respeta las principales reglas del dise\u00f1o sostenible y circular \u2013 desmaterializaci\u00f3n, reciclabilidad, reducci\u00f3n de emisiones t\u00f3xicas y larga [&hellip;]","og_url":"https:\/\/www.valcucine.com\/es\/prestaciones-especiales\/basi-invitrum\/","og_site_name":"Valcucine","article_publisher":"https:\/\/www.facebook.com\/valcucine\/","article_modified_time":"2025-05-28T08:13:46+00:00","twitter_card":"summary_large_image","twitter_misc":{"Tiempo de lectura":"2 minutos"},"schema":{"@context":"https:\/\/schema.org","@graph":[{"@type":"WebPage","@id":"https:\/\/www.valcucine.com\/es\/prestaciones-especiales\/basi-invitrum\/","url":"https:\/\/www.valcucine.com\/es\/prestaciones-especiales\/basi-invitrum\/","name":"Muebles bajos Invitrum - Valcucine","isPartOf":{"@id":"https:\/\/www.valcucine.com\/#website"},"datePublished":"2024-03-15T10:16:18+00:00","dateModified":"2025-05-28T08:13:46+00:00","breadcrumb":{"@id":"https:\/\/www.valcucine.com\/es\/prestaciones-especiales\/basi-invitrum\/#breadcrumb"},"inLanguage":"es","potentialAction":[{"@type":"ReadAction","target":["https:\/\/www.valcucine.com\/es\/prestaciones-especiales\/basi-invitrum\/"]}]},{"@type":"BreadcrumbList","@id":"https:\/\/www.valcucine.com\/es\/prestaciones-especiales\/basi-invitrum\/#breadcrumb","itemListElement":[{"@type":"ListItem","position":1,"name":"Valcucine","item":"https:\/\/www.valcucine.com\/es\/"},{"@type":"ListItem","position":2,"name":"Elementos Especiales","item":"https:\/\/www.valcucine.com\/es\/prestaciones-especiales\/"},{"@type":"ListItem","position":3,"name":"Muebles bajos Invitrum"}]},{"@type":"WebSite","@id":"https:\/\/www.valcucine.com\/#website","url":"https:\/\/www.valcucine.com\/","name":"Valcucine","description":"","publisher":{"@id":"https:\/\/www.valcucine.com\/#organization"},"potentialAction":[{"@type":"SearchAction","target":{"@type":"EntryPoint","urlTemplate":"https:\/\/www.valcucine.com\/?s={search_term_string}"},"query-input":{"@type":"PropertyValueSpecification","valueRequired":true,"valueName":"search_term_string"}}],"inLanguage":"es"},{"@type":"Organization","@id":"https:\/\/www.valcucine.com\/#organization","name":"Valcucine","url":"https:\/\/www.valcucine.com\/","logo":{"@type":"ImageObject","inLanguage":"es","@id":"https:\/\/www.valcucine.com\/#\/schema\/logo\/image\/","url":"https:\/\/www.valcucine.com\/wp-content\/uploads\/2024\/02\/logo-valcucine.webp?wsr","contentUrl":"https:\/\/www.valcucine.com\/wp-content\/uploads\/2024\/02\/logo-valcucine.webp?wsr","width":288,"height":46,"caption":"Valcucine"},"image":{"@id":"https:\/\/www.valcucine.com\/#\/schema\/logo\/image\/"},"sameAs":["https:\/\/www.facebook.com\/valcucine\/","https:\/\/www.instagram.com\/valcucine\/","https:\/\/www.linkedin.com\/company\/valcucine"]}]}},"_links":{"self":[{"href":"https:\/\/www.valcucine.com\/es\/wp-json\/wp\/v2\/pages\/15076","targetHints":{"allow":["GET"]}}],"collection":[{"href":"https:\/\/www.valcucine.com\/es\/wp-json\/wp\/v2\/pages"}],"about":[{"href":"https:\/\/www.valcucine.com\/es\/wp-json\/wp\/v2\/types\/page"}],"author":[{"embeddable":true,"href":"https:\/\/www.valcucine.com\/es\/wp-json\/wp\/v2\/users\/1"}],"replies":[{"embeddable":true,"href":"https:\/\/www.valcucine.com\/es\/wp-json\/wp\/v2\/comments?post=15076"}],"version-history":[{"count":4,"href":"https:\/\/www.valcucine.com\/es\/wp-json\/wp\/v2\/pages\/15076\/revisions"}],"predecessor-version":[{"id":46138,"href":"https:\/\/www.valcucine.com\/es\/wp-json\/wp\/v2\/pages\/15076\/revisions\/46138"}],"up":[{"embeddable":true,"href":"https:\/\/www.valcucine.com\/es\/wp-json\/wp\/v2\/pages\/15032"}],"wp:attachment":[{"href":"https:\/\/www.valcucine.com\/es\/wp-json\/wp\/v2\/media?parent=15076"}],"curies":[{"name":"wp","href":"https:\/\/api.w.org\/{rel}","templated":true}]}}