{"id":15234,"date":"2024-04-09T12:54:37","date_gmt":"2024-04-09T12:54:37","guid":{"rendered":"https:\/\/devel.valcucine.com\/distribuciones\/cucina-angolo\/"},"modified":"2024-06-06T10:26:04","modified_gmt":"2024-06-06T10:26:04","slug":"cucina-angolo","status":"publish","type":"page","link":"https:\/\/www.valcucine.com\/es\/distribuciones\/cucina-angolo\/","title":{"rendered":"Cocina de esquina"},"content":{"rendered":"<div class=\"wpb-content-wrapper\"><p>[vc_row][vc_column]\n\t\t\t<!-- START Cucine ad angolo REVOLUTION SLIDER 6.7.38 --><p class=\"rs-p-wp-fix\"><\/p>\n\t\t\t<rs-module-wrap id=\"rev_slider_123_1_wrapper\" data-source=\"gallery\" style=\"visibility:hidden;background:transparent;padding:0;\">\n\t\t\t\t<rs-module id=\"rev_slider_123_1\" style=\"\" data-version=\"6.7.38\">\n\t\t\t\t\t<rs-slides style=\"overflow: hidden; position: absolute;\">\n\t\t\t\t\t\t<rs-slide style=\"position: absolute;\" data-key=\"rs-642\" data-title=\"Slide\" data-in=\"o:0;\" data-out=\"a:false;\">\n\t\t\t\t\t\t\t<img decoding=\"async\" src=\"\/\/www.valcucine.com\/wp-content\/plugins\/revslider\/sr6\/assets\/assets\/dummy.png\" alt=\"\" title=\"532_guid_progetto22-23\" width=\"2400\" height=\"1200\" class=\"rev-slidebg tp-rs-img rs-lazyload\" data-lazyload=\"\/\/www.valcucine.com\/wp-content\/uploads\/2024\/03\/532_guid_progetto22-23.webp\" data-no-retina>\n<!---->\t\t\t\t\t<\/rs-slide>\n\t\t\t\t\t<\/rs-slides>\n\t\t\t\t\t<rs-static-layers><!--\n\n\t\t\t\t\t\t\t--><rs-layer\n\t\t\t\t\t\t\t\tid=\"slider-123-slide-109-layer-12\" \n\t\t\t\t\t\t\t\tclass=\"play-button rs-svg rs-layer-static\"\n\t\t\t\t\t\t\t\tdata-type=\"svg\"\n\t\t\t\t\t\t\t\tdata-rsp_ch=\"on\"\n\t\t\t\t\t\t\t\tdata-xy=\"xo:20px;y:b;yo:20px;\"\n\t\t\t\t\t\t\t\tdata-text=\"w:normal;s:20,20,20,7;l:0,0,0,9;\"\n\t\t\t\t\t\t\t\tdata-dim=\"w:20px,20px,20px,30px;h:20px,20px,20px,30px;\"\n\t\t\t\t\t\t\t\tdata-actions='o:click;a:playslider;'\n\t\t\t\t\t\t\t\tdata-svg_src=\"\/\/www.valcucine.com\/wp-content\/uploads\/revslider\/svg\/objects\/svgcustom\/circle-play.svg\"\n\t\t\t\t\t\t\t\tdata-svgi=\"oc:t;\"\n\t\t\t\t\t\t\t\tdata-basealign=\"slide\"\n\t\t\t\t\t\t\t\tdata-onslides=\"s:1;\"\n\t\t\t\t\t\t\t\tdata-frame_999=\"o:0;st:w;\"\n\t\t\t\t\t\t\t\tstyle=\"z-index:7;font-family:'Roboto';\"\n\t\t\t\t\t\t\t> \n\t\t\t\t\t\t\t<\/rs-layer><!--\n\n\t\t\t\t\t\t\t--><rs-layer\n\t\t\t\t\t\t\t\tid=\"slider-123-slide-109-layer-13\" \n\t\t\t\t\t\t\t\tclass=\"pause-button current-slider rs-svg rs-layer-static\"\n\t\t\t\t\t\t\t\tdata-type=\"svg\"\n\t\t\t\t\t\t\t\tdata-rsp_ch=\"on\"\n\t\t\t\t\t\t\t\tdata-xy=\"xo:20px;y:b;yo:20px;\"\n\t\t\t\t\t\t\t\tdata-text=\"w:normal;s:20,20,20,7;l:0,0,0,9;\"\n\t\t\t\t\t\t\t\tdata-dim=\"w:20px,20px,20px,30px;h:20px,20px,20px,30px;\"\n\t\t\t\t\t\t\t\tdata-actions='o:click;a:pauseslider;'\n\t\t\t\t\t\t\t\tdata-svg_src=\"\/\/www.valcucine.com\/wp-content\/uploads\/revslider\/svg\/objects\/svgcustom\/circle-pause.svg\"\n\t\t\t\t\t\t\t\tdata-svgi=\"oc:t;\"\n\t\t\t\t\t\t\t\tdata-basealign=\"slide\"\n\t\t\t\t\t\t\t\tdata-onslides=\"s:1;\"\n\t\t\t\t\t\t\t\tdata-frame_999=\"o:0;st:w;\"\n\t\t\t\t\t\t\t\tstyle=\"z-index:8;font-family:'Roboto';\"\n\t\t\t\t\t\t\t> \n\t\t\t\t\t\t\t<\/rs-layer><!--\n\t\t\t\t\t--><\/rs-static-layers>\n\t\t\t\t<\/rs-module>\n\t\t\t\t<script>\n\t\t\t\t\tsetREVStartSize({c: 'rev_slider_123_1',rl:[1240,1240,1240,480],el:[568.984,568.984,568.984,480],gw:[1240,1240,1240,480],gh:[569,569,569,480],type:'standard',justify:'',layout:'fullscreen',offsetContainer:'#slider__height',offset:'0px',mh:\"0\"});if (window.RS_MODULES!==undefined && window.RS_MODULES.modules!==undefined && window.RS_MODULES.modules[\"revslider1231\"]!==undefined) {window.RS_MODULES.modules[\"revslider1231\"].once = false;window.revapi123 = undefined;if (window.RS_MODULES.checkMinimal!==undefined) window.RS_MODULES.checkMinimal()}\n\t\t\t\t<\/script>\n\t\t\t<\/rs-module-wrap>\n\t\t\t<!-- END REVOLUTION SLIDER -->\n[\/vc_column][\/vc_row][vc_row full_width=\u00bbstretch_row_content_no_spaces\u00bb][vc_column]<div class='sticky__subslider d-none d-lg-block'><div class='sticky__subslider__wrapper container'><div class='sticky__subslider__wrapper__left'><span class='sticky__subslider__title'>Cocina de esquina:<\/span><a href='#gallery' target='' rel=''><span>Gallery<\/span><\/a><\/div><div class='sticky__subslider__wrapper__right'><\/div><\/div><\/div>[\/vc_column][\/vc_row][vc_row el_class=\u00bbpt-6&#8243; css=\u00bb.vc_custom_1709741038744{padding-top: 40px !important;}\u00bb][vc_column]\n        \n        <h1 class=\"text-center  main__title__h1  \" style=\"color:#333333;\"> \n\n         Cocina de esquina\n        \n        <\/h1>[\/vc_column][\/vc_row][vc_row css=\u00bb.vc_custom_1709741045295{margin-top: 10px !important;}\u00bb][vc_column]\n        \n        <h2 class=\"text-center  main__title__h2  vc_custom_1717669434346 \" style=\"color:#333333;\"> \n\n         Continuidad para reducir distancias\n        \n        <\/h2>[vc_column_text]Los m\u00f3dulos ocupan dos lados contiguos de la cocina. El fregadero, los fuegos y la nevera deben estar situados bastante cerca, a fin de reducir las distancias y agilizar las tareas.<\/p>\n<p>Dispuesta sobre dos lados contiguos, la cocina de esquina se debe proyectar creando enlaces l\u00f3gicos entre las distintas zonas funcionales a fin de agilizar las tareas. La vista en perspectiva representa el espacio real consintiendo controlar \u00ablos pesos\u00bb de cada elemento, sus relaciones crom\u00e1ticas, la combinaci\u00f3n de los materiales, el proyecto de la luz.[\/vc_column_text][\/vc_column][\/vc_row][vc_row][vc_column][vc_separator color=\u00bbcustom\u00bb el_width=\u00bb10&#8243; accent_color=\u00bb#666666&#8243;][\/vc_column][\/vc_row][vc_row css=\u00bb.vc_custom_1711711016814{margin-bottom: 40px !important;}\u00bb][vc_column]<div class=\"block__kitchen__layouts\" id=\"block__kitchen__layouts\"><div class=\"row\" ><div class=\"col-lg-4\"><a data-bs-toggle=\"collapse\" class=\"block__kitchen__layouts__link\" data-bs-parent=\"#block__kitchen__layouts\" href=\"#col_voce1\"  role=\"button\" data-bs-target=\"#col_voce1\" aria-expanded=\"false\" aria-controls=\"col_voce1\" ><div class=\"block__kitchen__layouts__item\" style=\"background-image:url(https:\/\/www.valcucine.com\/wp-content\/uploads\/2024\/03\/201_box_1_preview_201_box_1_preview_bright-lightbulb.webp?wsr)\" ><img decoding=\"async\" src=\"https:\/\/www.valcucine.com\/wp-content\/uploads\/2024\/03\/201_box_1_preview_201_box_1_preview_bright-lightbulb.webp?wsr\" class=\"block__kitchen__layouts__img\"><\/div><span class=\"block__kitchen__layouts__title\">El proyecto el\u00e9ctrico<\/span><div class=\"block__kitchen__layouts__row block__kitchen__layouts__down\"><span class=\"fal fa-angle-down\"><\/span><\/div><div class=\"block__kitchen__layouts__row block__kitchen__layouts__up\"><span class=\"fal fa-angle-up\"><\/span><\/div><\/a><\/div><div class=\"col-lg-4\"><a data-bs-toggle=\"collapse\" class=\"block__kitchen__layouts__link\" data-bs-parent=\"#block__kitchen__layouts\" href=\"#col_voce2\"  role=\"button\" data-bs-target=\"#col_voce2\" aria-expanded=\"false\" aria-controls=\"col_voce2\" ><div class=\"block__kitchen__layouts__item\" style=\"background-image:url(https:\/\/www.valcucine.com\/wp-content\/uploads\/2024\/03\/201_box_2_preview_201_box_2_preview_drawing-house-plan.webp?wsr)\" ><img decoding=\"async\" src=\"https:\/\/www.valcucine.com\/wp-content\/uploads\/2024\/03\/201_box_2_preview_201_box_2_preview_drawing-house-plan.webp?wsr\" class=\"block__kitchen__layouts__img\"><\/div><span class=\"block__kitchen__layouts__title\">El proyecto arquitect\u00f3nico<\/span><div class=\"block__kitchen__layouts__row block__kitchen__layouts__down\"><span class=\"fal fa-angle-down\"><\/span><\/div><div class=\"block__kitchen__layouts__row block__kitchen__layouts__up\"><span class=\"fal fa-angle-up\"><\/span><\/div><\/a><\/div><div class=\"col-lg-4\"><a data-bs-toggle=\"collapse\" class=\"block__kitchen__layouts__link\" data-bs-parent=\"#block__kitchen__layouts\" href=\"#col_voce3\"  role=\"button\" data-bs-target=\"#col_voce3\" aria-expanded=\"false\" aria-controls=\"col_voce3\" ><div class=\"block__kitchen__layouts__item\" style=\"background-image:url(https:\/\/www.valcucine.com\/wp-content\/uploads\/2024\/03\/201_box_3_preview_201_box_3_preview_tap.webp?wsr)\" ><img decoding=\"async\" src=\"https:\/\/www.valcucine.com\/wp-content\/uploads\/2024\/03\/201_box_3_preview_201_box_3_preview_tap.webp?wsr\" class=\"block__kitchen__layouts__img\"><\/div><span class=\"block__kitchen__layouts__title\">El proyecto hidr\u00e1ulico<\/span><div class=\"block__kitchen__layouts__row block__kitchen__layouts__down\"><span class=\"fal fa-angle-down\"><\/span><\/div><div class=\"block__kitchen__layouts__row block__kitchen__layouts__up\"><span class=\"fal fa-angle-up\"><\/span><\/div><\/a><\/div><\/div><div id=\"col_voce1\" class=\"accordion-collapse collapse\"  data-bs-parent=\"#block__kitchen__layouts\"> <div class=\"block__kitchen__layouts__content\"><div class=\"row mb-4\"><div class=\"col-lg-6 order-1 order-lg-0\"><h3 class=\"main__title__h3\">El proyecto el\u00e9ctrico<\/h3><div class=\"block__kitchen__layouts__text\">La realizaci\u00f3n del proyecto el\u00e9ctrico debe llevarse a cabo s\u00f3lo tras haber establecido con precisi\u00f3n la posici\u00f3n de todos los muebles, de los electrodom\u00e9sticos y de la mesa.<br \/>\nEl proyecto el\u00e9ctrico tiene el objetivo de determinar todos los puntos de luz, los enchufes, las conexiones eventuales para el portero autom\u00e1tico, los termostatos de regulaci\u00f3n, la conexi\u00f3n al tel\u00e9fono y a la antena de TV. As\u00ed que el electricista podr\u00e1 saber qu\u00e9 hacer para realizar una instalaci\u00f3n racional y est\u00e9ticamente v\u00e1lida. Muy a menudo los electrodom\u00e9sticos de la cocina se conectan a enchufes situados detr\u00e1s de los muebles, a 17,5 cm del suelo y por tanto dif\u00edciles de alcanzar. Para garantizar el pr\u00e1ctico registro de los enchufes, es aconsejable agruparlos en un \u00fanico cuadro el\u00e9ctrico situado detr\u00e1s del mueble fregadero, el \u00fanico sin trasera. Desde aqu\u00ed se controlan las distintas l\u00edneas de alimentaci\u00f3n para los electrodom\u00e9sticos y el canal equipado. Lo mejor es que en el cuadro el\u00e9ctrico los enchufes se corten por medio de interruptores individuales para evitar que la aver\u00eda de un electrodom\u00e9stico afecte al uso de todos los dem\u00e1s enchufes. Se aconseja disponer detr\u00e1s de los colgantes (en posici\u00f3n oculta) una salida de los cables para la alimentaci\u00f3n el\u00e9ctrica de la luz y de un enchufe eventual bajo colgante. Faltando el canal equipado, hay que disponer de enchufes de corriente en el antepecho de la cocina para poder utilizar los peque\u00f1os electrodom\u00e9sticos. Para su colocaci\u00f3n es preciso mantener la distancia m\u00ednima de seguridad de 60 cm de la placa de cocci\u00f3n y del fregadero.<br \/>\nDado que la cocina puede alumbrarse tambi\u00e9n con la luz de la campana y de las linestras es mejor reunir su alimentaci\u00f3n en un solo interruptor, ubicado en el antepecho de la cocina.<br \/>\nLa salida de los cables de alimentaci\u00f3n el\u00e9ctrica de la campana se debe localizar en funci\u00f3n del tipo de producto elegido y en general se debe colocar apenas encima de la campana de modo que no est\u00e9 a la vista. El frigor\u00edfico con dispensador de hielo y agua precisa de un enchufe el\u00e9ctrico situado al lado del electrodom\u00e9stico.<\/div><\/div><div class=\"col-lg-6 order-0 order-lg-1\"><img decoding=\"async\" src=\"https:\/\/www.valcucine.com\/wp-content\/uploads\/2024\/04\/203_box_1_img1_angolo_elettrico_1.webp?wsr\" class=\"w-100\"><img decoding=\"async\" src=\"https:\/\/www.valcucine.com\/wp-content\/uploads\/2024\/04\/203_box_2_img2_angolo_architettonico_2.webp?wsr\" class=\"w-100\"><\/div><\/div><div class=\"text-end\"><a role=\"button\" class=\"block__kitchen__layouts__close\" id=\"close_col_voce1\"><i class=\"fal fa-angle-up\"><\/i><\/a><\/div><\/div><\/div><script type=\"text\/javascript\">\n                        \n                            jQuery(document).ready(function(){\n                                jQuery(\"#close_col_voce1\").click(function(){\n                                \n                                    jQuery(\"#col_voce1\").collapse(\"hide\");\n                                    \n                                     jQuery(\"html, body\").animate({\n                                        scrollTop: jQuery(jQuery(\"#block__kitchen__layouts\")).offset().top - 150\n                                        \/\/ 100 is the sticky nav height\n                                    }, 500);\n    \n                                });\n                            });\n\n                            \n                           \n                        \n                        \n                        \n                        <\/script><div id=\"col_voce2\" class=\"accordion-collapse collapse\"  data-bs-parent=\"#block__kitchen__layouts\"> <div class=\"block__kitchen__layouts__content\"><div class=\"row mb-4\"><div class=\"col-lg-6 order-1 order-lg-0\"><h3 class=\"main__title__h3\">El proyecto arquitect\u00f3nico<\/h3><div class=\"block__kitchen__layouts__text\">Ocurre muy a menudo que tengamos que proyectar la decoraci\u00f3n de la cocina cuando ya se han levantado las paredes de manera m\u00e1s o menos casual y cuando ya se ha establecido la posici\u00f3n de los desag\u00fces y de los enchufes el\u00e9ctricos sin haber realizado un proyecto l\u00f3gico de la cocina.<br \/>\nLa consecuencia inevitable es que se tendr\u00e1 que adaptar el proyecto del mobiliario al ambiente ya construido y recurrir a menudo a la realizaci\u00f3n de costosos elementos a medida. La justa forma de proceder ser\u00eda la de proyectar primero la decoraci\u00f3n de la cocina, determinando de manera pormenorizada la posici\u00f3n de cada elemento y el espacio necesario para los m\u00f3dulos.<br \/>\nPara una cocina de esquina es necesario comprobar primero la perfecta perpendicularidad de las dos paredes contiguas, midi\u00e9ndola a 90 cm de altura, para evitar problemas de montaje.<br \/>\nAl proyectar el mobiliario de la cocina, hay que considerar siempre 1 cm m\u00e1s de tolerancia para los desperfectos eventuales en el aplomo de las paredes y 1 cm m\u00e1s de grosor para el alicatado eventual de la pared.<br \/>\nSi se quiere incorporar un frigor\u00edfico de libre colocaci\u00f3n con dispensador de hielo y agua hay que prever un espacio \u00fatil para abrir la puerta abombada, adem\u00e1s que para el enchufe el\u00e9ctrico y la llave de suministro y desag\u00fce para colocar al lado del electrodom\u00e9stico.<br \/>\nOtro elemento muy importante a tener en cuenta es la medida del costado en correspondencia de una puerta, que se calcula a\u00f1adiendo 2 cm a la profundidad de la cocina hasta alcanzar el marco de la puerta.<br \/>\nPara colocar la encimera debajo de una ventana, es necesario calcular la correcta medida de alto del alf\u00e9izar y la posici\u00f3n de la grifer\u00eda.<br \/>\nPara la incorporaci\u00f3n de una campana mural lo mejor es realizar el agujero para la evacuaci\u00f3n de los humos en la propia pared, considerando que es variable en funci\u00f3n del tipo de campana.<\/p>\n<p>En correspondencia de las columnas, un elemento de cart\u00f3n yeso consigue el ``efecto hornacina``. Se lo debe realizar a medida despu\u00e9s de montar las columnas.<\/div><\/div><div class=\"col-lg-6 order-0 order-lg-1\"><img decoding=\"async\" src=\"https:\/\/www.valcucine.com\/wp-content\/uploads\/2024\/04\/203_box_2_img1_angolo_architettonico_1.webp?wsr\" class=\"w-100\"><img decoding=\"async\" src=\"https:\/\/www.valcucine.com\/wp-content\/uploads\/2024\/04\/203_box_2_img2_angolo_architettonico_2-1.webp?wsr\" class=\"w-100\"><\/div><\/div><div class=\"text-end\"><a role=\"button\" class=\"block__kitchen__layouts__close\" id=\"close_col_voce2\"><i class=\"fal fa-angle-up\"><\/i><\/a><\/div><\/div><\/div><script type=\"text\/javascript\">\n                        \n                            jQuery(document).ready(function(){\n                                jQuery(\"#close_col_voce2\").click(function(){\n                                \n                                    jQuery(\"#col_voce2\").collapse(\"hide\");\n                                    \n                                     jQuery(\"html, body\").animate({\n                                        scrollTop: jQuery(jQuery(\"#block__kitchen__layouts\")).offset().top - 150\n                                        \/\/ 100 is the sticky nav height\n                                    }, 500);\n    \n                                });\n                            });\n\n                            \n                           \n                        \n                        \n                        \n                        <\/script><div id=\"col_voce3\" class=\"accordion-collapse collapse\"  data-bs-parent=\"#block__kitchen__layouts\"> <div class=\"block__kitchen__layouts__content\"><div class=\"row mb-4\"><div class=\"col-lg-6 order-1 order-lg-0\"><h3 class=\"main__title__h3\">El proyecto hidr\u00e1ulico<\/h3><div class=\"block__kitchen__layouts__text\">Tambi\u00e9n para la instalaci\u00f3n hidr\u00e1ulica de los cocina de esquina es de fundamental importancia el proyecto previo con la posici\u00f3n de los muebles y de los electrodom\u00e9sticos, en especial si se quieren incluir electrodom\u00e9sticos particulares como la nevera tipo americana. Para incorporar un frigor\u00edfico tipo americano con dispensador autom\u00e1tico de hielo y agua hay que prever una llave de suministro y desag\u00fce al lado del electrodom\u00e9stico. El tubo de conexi\u00f3n debe ser de un material apto para alimentos. La presencia del canal equipado permite salir con las derivaciones de los tubos de agua y gas, en un punto cualquiera de la pared detr\u00e1s de la cocina. En cualquier caso es mejor salir con los tubos detr\u00e1s del mueble fregadero, el \u00fanico registrable. Desde aqu\u00ed, a trav\u00e9s del canal equipado, se puede llegar con el tubo del gas hasta la placa de cocci\u00f3n. El canal equipado puede albergar tambi\u00e9n la v\u00e1lvula de seguridad del gas.<\/div><\/div><div class=\"col-lg-6 order-0 order-lg-1\"><img decoding=\"async\" src=\"https:\/\/www.valcucine.com\/wp-content\/uploads\/2024\/04\/203_box_3_img1_angolo_idraulico_1.webp?wsr\" class=\"w-100\"><img decoding=\"async\" src=\"https:\/\/www.valcucine.com\/wp-content\/uploads\/2024\/04\/203_box_3_img2_angolo_idraulico_2.webp?wsr\" class=\"w-100\"><\/div><\/div><div class=\"text-end\"><a role=\"button\" class=\"block__kitchen__layouts__close\" id=\"close_col_voce3\"><i class=\"fal fa-angle-up\"><\/i><\/a><\/div><\/div><\/div><script type=\"text\/javascript\">\n                        \n                            jQuery(document).ready(function(){\n                                jQuery(\"#close_col_voce3\").click(function(){\n                                \n                                    jQuery(\"#col_voce3\").collapse(\"hide\");\n                                    \n                                     jQuery(\"html, body\").animate({\n                                        scrollTop: jQuery(jQuery(\"#block__kitchen__layouts\")).offset().top - 150\n                                        \/\/ 100 is the sticky nav height\n                                    }, 500);\n    \n                                });\n                            });\n\n                            \n                           \n                        \n                        \n                        \n                        <\/script><\/div>[\/vc_column][\/vc_row]<\/p>\n<\/div>","protected":false},"excerpt":{"rendered":"<p>[vc_row][vc_column][\/vc_column][\/vc_row][vc_row full_width=\u00bbstretch_row_content_no_spaces\u00bb][vc_column][\/vc_column][\/vc_row][vc_row el_class=\u00bbpt-6&#8243; css=\u00bb.vc_custom_1709741038744{padding-top: 40px !important;}\u00bb][vc_column][\/vc_column][\/vc_row][vc_row css=\u00bb.vc_custom_1709741045295{margin-top: 10px !important;}\u00bb][vc_column][vc_column_text]Los m\u00f3dulos ocupan dos lados contiguos de la cocina. El fregadero, los fuegos y la nevera deben estar situados bastante cerca, a fin de reducir las distancias y agilizar las tareas. Dispuesta sobre dos lados contiguos, la cocina de esquina se debe proyectar creando enlaces l\u00f3gicos entre [&hellip;]<\/p>\n","protected":false},"author":1,"featured_media":0,"parent":15223,"menu_order":0,"comment_status":"closed","ping_status":"closed","template":"","meta":{"footnotes":""},"class_list":["post-15234","page","type-page","status-publish","hentry"],"yoast_head":"<!-- This site is optimized with the Yoast SEO plugin v26.2 - https:\/\/yoast.com\/wordpress\/plugins\/seo\/ -->\n<title>Cocina de esquina - Valcucine<\/title>\n<meta name=\"robots\" content=\"index, follow, max-snippet:-1, max-image-preview:large, max-video-preview:-1\" \/>\n<link rel=\"canonical\" href=\"https:\/\/www.valcucine.com\/es\/distribuciones\/cucina-angolo\/\" \/>\n<meta property=\"og:locale\" content=\"es_ES\" \/>\n<meta property=\"og:type\" content=\"article\" \/>\n<meta property=\"og:title\" content=\"Cocina de esquina - Valcucine\" \/>\n<meta property=\"og:description\" content=\"[vc_row][vc_column][\/vc_column][\/vc_row][vc_row full_width=\u00bbstretch_row_content_no_spaces\u00bb][vc_column][\/vc_column][\/vc_row][vc_row el_class=\u00bbpt-6&#8243; css=\u00bb.vc_custom_1709741038744{padding-top: 40px !important;}\u00bb][vc_column][\/vc_column][\/vc_row][vc_row css=\u00bb.vc_custom_1709741045295{margin-top: 10px !important;}\u00bb][vc_column][vc_column_text]Los m\u00f3dulos ocupan dos lados contiguos de la cocina. El fregadero, los fuegos y la nevera deben estar situados bastante cerca, a fin de reducir las distancias y agilizar las tareas. Dispuesta sobre dos lados contiguos, la cocina de esquina se debe proyectar creando enlaces l\u00f3gicos entre [&hellip;]\" \/>\n<meta property=\"og:url\" content=\"https:\/\/www.valcucine.com\/es\/distribuciones\/cucina-angolo\/\" \/>\n<meta property=\"og:site_name\" content=\"Valcucine\" \/>\n<meta property=\"article:publisher\" content=\"https:\/\/www.facebook.com\/valcucine\/\" \/>\n<meta property=\"article:modified_time\" content=\"2024-06-06T10:26:04+00:00\" \/>\n<meta name=\"twitter:card\" content=\"summary_large_image\" \/>\n<meta name=\"twitter:label1\" content=\"Tiempo de lectura\" \/>\n\t<meta name=\"twitter:data1\" content=\"8 minutos\" \/>\n<script type=\"application\/ld+json\" class=\"yoast-schema-graph\">{\"@context\":\"https:\/\/schema.org\",\"@graph\":[{\"@type\":\"WebPage\",\"@id\":\"https:\/\/www.valcucine.com\/es\/distribuciones\/cucina-angolo\/\",\"url\":\"https:\/\/www.valcucine.com\/es\/distribuciones\/cucina-angolo\/\",\"name\":\"Cocina de esquina - Valcucine\",\"isPartOf\":{\"@id\":\"https:\/\/www.valcucine.com\/#website\"},\"datePublished\":\"2024-04-09T12:54:37+00:00\",\"dateModified\":\"2024-06-06T10:26:04+00:00\",\"breadcrumb\":{\"@id\":\"https:\/\/www.valcucine.com\/es\/distribuciones\/cucina-angolo\/#breadcrumb\"},\"inLanguage\":\"es\",\"potentialAction\":[{\"@type\":\"ReadAction\",\"target\":[\"https:\/\/www.valcucine.com\/es\/distribuciones\/cucina-angolo\/\"]}]},{\"@type\":\"BreadcrumbList\",\"@id\":\"https:\/\/www.valcucine.com\/es\/distribuciones\/cucina-angolo\/#breadcrumb\",\"itemListElement\":[{\"@type\":\"ListItem\",\"position\":1,\"name\":\"Valcucine\",\"item\":\"https:\/\/www.valcucine.com\/es\/\"},{\"@type\":\"ListItem\",\"position\":2,\"name\":\"Configuraciones Cocinas\",\"item\":\"https:\/\/www.valcucine.com\/es\/distribuciones\/\"},{\"@type\":\"ListItem\",\"position\":3,\"name\":\"Cocina de esquina\"}]},{\"@type\":\"WebSite\",\"@id\":\"https:\/\/www.valcucine.com\/#website\",\"url\":\"https:\/\/www.valcucine.com\/\",\"name\":\"Valcucine\",\"description\":\"\",\"publisher\":{\"@id\":\"https:\/\/www.valcucine.com\/#organization\"},\"potentialAction\":[{\"@type\":\"SearchAction\",\"target\":{\"@type\":\"EntryPoint\",\"urlTemplate\":\"https:\/\/www.valcucine.com\/?s={search_term_string}\"},\"query-input\":{\"@type\":\"PropertyValueSpecification\",\"valueRequired\":true,\"valueName\":\"search_term_string\"}}],\"inLanguage\":\"es\"},{\"@type\":\"Organization\",\"@id\":\"https:\/\/www.valcucine.com\/#organization\",\"name\":\"Valcucine\",\"url\":\"https:\/\/www.valcucine.com\/\",\"logo\":{\"@type\":\"ImageObject\",\"inLanguage\":\"es\",\"@id\":\"https:\/\/www.valcucine.com\/#\/schema\/logo\/image\/\",\"url\":\"https:\/\/www.valcucine.com\/wp-content\/uploads\/2024\/02\/logo-valcucine.webp?wsr\",\"contentUrl\":\"https:\/\/www.valcucine.com\/wp-content\/uploads\/2024\/02\/logo-valcucine.webp?wsr\",\"width\":288,\"height\":46,\"caption\":\"Valcucine\"},\"image\":{\"@id\":\"https:\/\/www.valcucine.com\/#\/schema\/logo\/image\/\"},\"sameAs\":[\"https:\/\/www.facebook.com\/valcucine\/\",\"https:\/\/www.instagram.com\/valcucine\/\",\"https:\/\/www.linkedin.com\/company\/valcucine\"]}]}<\/script>\n<!-- \/ Yoast SEO plugin. -->","yoast_head_json":{"title":"Cocina de esquina - Valcucine","robots":{"index":"index","follow":"follow","max-snippet":"max-snippet:-1","max-image-preview":"max-image-preview:large","max-video-preview":"max-video-preview:-1"},"canonical":"https:\/\/www.valcucine.com\/es\/distribuciones\/cucina-angolo\/","og_locale":"es_ES","og_type":"article","og_title":"Cocina de esquina - Valcucine","og_description":"[vc_row][vc_column][\/vc_column][\/vc_row][vc_row full_width=\u00bbstretch_row_content_no_spaces\u00bb][vc_column][\/vc_column][\/vc_row][vc_row el_class=\u00bbpt-6&#8243; css=\u00bb.vc_custom_1709741038744{padding-top: 40px !important;}\u00bb][vc_column][\/vc_column][\/vc_row][vc_row css=\u00bb.vc_custom_1709741045295{margin-top: 10px !important;}\u00bb][vc_column][vc_column_text]Los m\u00f3dulos ocupan dos lados contiguos de la cocina. El fregadero, los fuegos y la nevera deben estar situados bastante cerca, a fin de reducir las distancias y agilizar las tareas. Dispuesta sobre dos lados contiguos, la cocina de esquina se debe proyectar creando enlaces l\u00f3gicos entre [&hellip;]","og_url":"https:\/\/www.valcucine.com\/es\/distribuciones\/cucina-angolo\/","og_site_name":"Valcucine","article_publisher":"https:\/\/www.facebook.com\/valcucine\/","article_modified_time":"2024-06-06T10:26:04+00:00","twitter_card":"summary_large_image","twitter_misc":{"Tiempo de lectura":"8 minutos"},"schema":{"@context":"https:\/\/schema.org","@graph":[{"@type":"WebPage","@id":"https:\/\/www.valcucine.com\/es\/distribuciones\/cucina-angolo\/","url":"https:\/\/www.valcucine.com\/es\/distribuciones\/cucina-angolo\/","name":"Cocina de esquina - Valcucine","isPartOf":{"@id":"https:\/\/www.valcucine.com\/#website"},"datePublished":"2024-04-09T12:54:37+00:00","dateModified":"2024-06-06T10:26:04+00:00","breadcrumb":{"@id":"https:\/\/www.valcucine.com\/es\/distribuciones\/cucina-angolo\/#breadcrumb"},"inLanguage":"es","potentialAction":[{"@type":"ReadAction","target":["https:\/\/www.valcucine.com\/es\/distribuciones\/cucina-angolo\/"]}]},{"@type":"BreadcrumbList","@id":"https:\/\/www.valcucine.com\/es\/distribuciones\/cucina-angolo\/#breadcrumb","itemListElement":[{"@type":"ListItem","position":1,"name":"Valcucine","item":"https:\/\/www.valcucine.com\/es\/"},{"@type":"ListItem","position":2,"name":"Configuraciones Cocinas","item":"https:\/\/www.valcucine.com\/es\/distribuciones\/"},{"@type":"ListItem","position":3,"name":"Cocina de esquina"}]},{"@type":"WebSite","@id":"https:\/\/www.valcucine.com\/#website","url":"https:\/\/www.valcucine.com\/","name":"Valcucine","description":"","publisher":{"@id":"https:\/\/www.valcucine.com\/#organization"},"potentialAction":[{"@type":"SearchAction","target":{"@type":"EntryPoint","urlTemplate":"https:\/\/www.valcucine.com\/?s={search_term_string}"},"query-input":{"@type":"PropertyValueSpecification","valueRequired":true,"valueName":"search_term_string"}}],"inLanguage":"es"},{"@type":"Organization","@id":"https:\/\/www.valcucine.com\/#organization","name":"Valcucine","url":"https:\/\/www.valcucine.com\/","logo":{"@type":"ImageObject","inLanguage":"es","@id":"https:\/\/www.valcucine.com\/#\/schema\/logo\/image\/","url":"https:\/\/www.valcucine.com\/wp-content\/uploads\/2024\/02\/logo-valcucine.webp?wsr","contentUrl":"https:\/\/www.valcucine.com\/wp-content\/uploads\/2024\/02\/logo-valcucine.webp?wsr","width":288,"height":46,"caption":"Valcucine"},"image":{"@id":"https:\/\/www.valcucine.com\/#\/schema\/logo\/image\/"},"sameAs":["https:\/\/www.facebook.com\/valcucine\/","https:\/\/www.instagram.com\/valcucine\/","https:\/\/www.linkedin.com\/company\/valcucine"]}]}},"_links":{"self":[{"href":"https:\/\/www.valcucine.com\/es\/wp-json\/wp\/v2\/pages\/15234","targetHints":{"allow":["GET"]}}],"collection":[{"href":"https:\/\/www.valcucine.com\/es\/wp-json\/wp\/v2\/pages"}],"about":[{"href":"https:\/\/www.valcucine.com\/es\/wp-json\/wp\/v2\/types\/page"}],"author":[{"embeddable":true,"href":"https:\/\/www.valcucine.com\/es\/wp-json\/wp\/v2\/users\/1"}],"replies":[{"embeddable":true,"href":"https:\/\/www.valcucine.com\/es\/wp-json\/wp\/v2\/comments?post=15234"}],"version-history":[{"count":2,"href":"https:\/\/www.valcucine.com\/es\/wp-json\/wp\/v2\/pages\/15234\/revisions"}],"predecessor-version":[{"id":15236,"href":"https:\/\/www.valcucine.com\/es\/wp-json\/wp\/v2\/pages\/15234\/revisions\/15236"}],"up":[{"embeddable":true,"href":"https:\/\/www.valcucine.com\/es\/wp-json\/wp\/v2\/pages\/15223"}],"wp:attachment":[{"href":"https:\/\/www.valcucine.com\/es\/wp-json\/wp\/v2\/media?parent=15234"}],"curies":[{"name":"wp","href":"https:\/\/api.w.org\/{rel}","templated":true}]}}