{"id":19729,"date":"2024-08-20T10:18:10","date_gmt":"2024-08-20T10:18:10","guid":{"rendered":"https:\/\/devel.valcucine.com\/prestaciones-especiales\/scaffalature\/"},"modified":"2024-08-21T09:58:41","modified_gmt":"2024-08-21T09:58:41","slug":"estanterias","status":"publish","type":"page","link":"https:\/\/www.valcucine.com\/es\/prestaciones-especiales\/estanterias\/","title":{"rendered":"Estanter\u00edas"},"content":{"rendered":"<div class=\"wpb-content-wrapper\"><p>[vc_row][vc_column]\n\t\t\t<!-- START SCAFFALATURE REVOLUTION SLIDER 6.7.38 --><p class=\"rs-p-wp-fix\"><\/p>\n\t\t\t<rs-module-wrap id=\"rev_slider_218_1_wrapper\" data-source=\"gallery\" style=\"visibility:hidden;background:transparent;padding:0;margin:0px auto;margin-top:0;margin-bottom:0;\">\n\t\t\t\t<rs-module id=\"rev_slider_218_1\" style=\"\" data-version=\"6.7.38\">\n\t\t\t\t\t<rs-slides style=\"overflow: hidden; position: absolute;\">\n\t\t\t\t\t\t<rs-slide style=\"position: absolute;\" data-key=\"rs-1478\" data-title=\"Slide\" data-thumb=\"\/\/www.valcucine.com\/wp-content\/uploads\/2025\/06\/Valcucine-Roma-San-Pietro-di-Formanovastudio-8-50x100.jpg\" data-in=\"o:0;\" data-out=\"a:false;\">\n\t\t\t\t\t\t\t<img decoding=\"async\" src=\"\/\/www.valcucine.com\/wp-content\/plugins\/revslider\/sr6\/assets\/assets\/dummy.png\" alt=\"Showroom di cucine moderne Valcucine Roma San Pietro Formanova\" title=\"Valcucine Roma San Pietro di Formanovastudio (8)\" width=\"1200\" height=\"720\" class=\"rev-slidebg tp-rs-img rs-lazyload\" data-lazyload=\"\/\/www.valcucine.com\/wp-content\/uploads\/2025\/06\/Valcucine-Roma-San-Pietro-di-Formanovastudio-8.jpg\" data-no-retina>\n<!---->\t\t\t\t\t<\/rs-slide>\n\t\t\t\t\t\t<rs-slide style=\"position: absolute;\" data-key=\"rs-1014\" data-title=\"Slide\" data-thumb=\"\/\/www.valcucine.com\/wp-content\/uploads\/2024\/03\/2313_riciclantica_outline_sistema_terra-cielo-50x100.webp\" data-in=\"o:0;\" data-out=\"a:false;\">\n\t\t\t\t\t\t\t<img decoding=\"async\" src=\"\/\/www.valcucine.com\/wp-content\/plugins\/revslider\/sr6\/assets\/assets\/dummy.png\" alt=\"\" title=\"2313_riciclantica_outline_sistema_terra-cielo\" width=\"2000\" height=\"1200\" class=\"rev-slidebg tp-rs-img rs-lazyload\" data-lazyload=\"\/\/www.valcucine.com\/wp-content\/uploads\/2024\/03\/2313_riciclantica_outline_sistema_terra-cielo.webp\" data-no-retina>\n<!---->\t\t\t\t\t<\/rs-slide>\n\t\t\t\t\t\t<rs-slide style=\"position: absolute;\" data-key=\"rs-1015\" data-title=\"Slide\" data-thumb=\"\/\/www.valcucine.com\/wp-content\/uploads\/2024\/08\/SHELVING-UNIT-IN-ALLUMINIUM-scaled-50x100.jpg\" data-in=\"o:0;\" data-out=\"a:false;\">\n\t\t\t\t\t\t\t<img decoding=\"async\" src=\"\/\/www.valcucine.com\/wp-content\/plugins\/revslider\/sr6\/assets\/assets\/dummy.png\" alt=\"SHELVING UNIT IN ALLUMINIUM\" title=\"SHELVING UNIT IN ALLUMINIUM\" width=\"2560\" height=\"1809\" class=\"rev-slidebg tp-rs-img rs-lazyload\" data-lazyload=\"\/\/www.valcucine.com\/wp-content\/uploads\/2024\/08\/SHELVING-UNIT-IN-ALLUMINIUM-scaled.jpg\" data-no-retina>\n<!---->\t\t\t\t\t<\/rs-slide>\n\t\t\t\t\t\t<rs-slide style=\"position: absolute;\" data-key=\"rs-1016\" data-title=\"Slide\" data-thumb=\"\/\/www.valcucine.com\/wp-content\/uploads\/2024\/08\/WOODEN-SHELVING-UNIT-2-50x100.jpg\" data-in=\"o:0;\" data-out=\"a:false;\">\n\t\t\t\t\t\t\t<img decoding=\"async\" src=\"\/\/www.valcucine.com\/wp-content\/plugins\/revslider\/sr6\/assets\/assets\/dummy.png\" alt=\"\" title=\"WOODEN SHELVING UNIT (2)\" width=\"800\" height=\"400\" class=\"rev-slidebg tp-rs-img rs-lazyload\" data-lazyload=\"\/\/www.valcucine.com\/wp-content\/uploads\/2024\/08\/WOODEN-SHELVING-UNIT-2.jpg\" data-no-retina>\n<!---->\t\t\t\t\t<\/rs-slide>\n\t\t\t\t\t<\/rs-slides>\n\t\t\t\t<\/rs-module>\n\t\t\t\t<script>\n\t\t\t\t\tsetREVStartSize({c: 'rev_slider_218_1',rl:[1240,1024,778,480],el:[900],gw:[1240],gh:[900],type:'standard',justify:'',layout:'fullwidth',mh:\"0\"});if (window.RS_MODULES!==undefined && window.RS_MODULES.modules!==undefined && window.RS_MODULES.modules[\"revslider2181\"]!==undefined) {window.RS_MODULES.modules[\"revslider2181\"].once = false;window.revapi218 = undefined;if (window.RS_MODULES.checkMinimal!==undefined) window.RS_MODULES.checkMinimal()}\n\t\t\t\t<\/script>\n\t\t\t<\/rs-module-wrap>\n\t\t\t<!-- END REVOLUTION SLIDER -->\n[\/vc_column][\/vc_row][vc_row][vc_column][vc_empty_space]\n        \n        <h1 class=\"text-start  main__title__h1  \" style=\"color:#333333;\"> \n\n         Estanter\u00edas\n        \n        <\/h1>[\/vc_column][\/vc_row][vc_row css=\u00bb.vc_custom_1709741045295{margin-top: 10px !important;}\u00bb][vc_column][vc_column_text]<\/p>\n<div class=\"text\">\n<div>Dise\u00f1adas para dividir los espacios entre diferentes ambientes u optimizar los espacios de almacenamiento dentro del entorno de la cocina, las Estanter\u00edas Valcucine est\u00e1n disponibles en varios acabados y colores: aluminio anodizado negro, Madera T\u00e1ctil o Lacado Brillante y Mate. En la pared, o en el centro de la habitaci\u00f3n, en aluminio y en la pared en madera, o lacado, gracias a su estructura modular, pueden configurarse para satisfacer diversas necesidades de dise\u00f1o y funcionales.<\/div>\n<\/div>\n<p>[\/vc_column_text][\/vc_column][\/vc_row][vc_row][vc_column][vc_separator color=\u00bbcustom\u00bb el_width=\u00bb10&#8243; accent_color=\u00bb#666666&#8243;][\/vc_column][\/vc_row][vc_row][vc_column width=\u00bb1\/3&#8243;]<div class=\"block__img__hover\"><a href=\"https:\/\/www.valcucine.com\/es\/prestaciones-especiales\/estanterias\/sistema-terra-cielo\/\" target=\"\" rel=\"\" style=\"background-image:url(https:\/\/www.valcucine.com\/wp-content\/uploads\/2024\/03\/431_riciclantica-outline_sistema-terra-cielo.webp?wsr)\"><img src='https:\/\/www.valcucine.com\/wp-content\/uploads\/2024\/03\/431_riciclantica-outline_sistema-terra-cielo.webp?wsr' alt='' style='display:none'><h4>Estanter\u00eda Terra-Cielo<\/h4><\/a><\/div>[\/vc_column][vc_column width=\u00bb1\/3&#8243;]<div class=\"block__img__hover\"><a href=\"https:\/\/www.valcucine.com\/es\/prestaciones-especiales\/estanterias\/scaffalatura-a-parete\/\" target=\"\" rel=\"\" style=\"background-image:url(https:\/\/www.valcucine.com\/wp-content\/uploads\/2024\/08\/SHELVING-UNIT-IN-ALLUMINIUM-scaled.jpg?wsr)\"><img src='https:\/\/www.valcucine.com\/wp-content\/uploads\/2024\/08\/SHELVING-UNIT-IN-ALLUMINIUM-scaled.jpg?wsr' alt='SHELVING UNIT IN ALLUMINIUM' style='display:none'><h4>Estanter\u00eda de pared de aluminio<\/h4><\/a><\/div>[\/vc_column][vc_column width=\u00bb1\/3&#8243;]<div class=\"block__img__hover\"><a href=\"https:\/\/www.valcucine.com\/es\/prestaciones-especiales\/estanterias\/estanteria-de-madera\/\" target=\"\" rel=\"\" style=\"background-image:url(https:\/\/www.valcucine.com\/wp-content\/uploads\/2024\/08\/WOODEN-SHELVING-UNIT-2-e1753195033556.jpg?wsr)\"><img src='https:\/\/www.valcucine.com\/wp-content\/uploads\/2024\/08\/WOODEN-SHELVING-UNIT-2-e1753195033556.jpg?wsr' alt='' style='display:none'><h4>Estanter\u00eda de madera<\/h4><\/a><\/div>[\/vc_column][\/vc_row]<\/p>\n<\/div>","protected":false},"excerpt":{"rendered":"<p>[vc_row][vc_column][\/vc_column][\/vc_row][vc_row][vc_column][vc_empty_space][\/vc_column][\/vc_row][vc_row css=\u00bb.vc_custom_1709741045295{margin-top: 10px !important;}\u00bb][vc_column][vc_column_text] Dise\u00f1adas para dividir los espacios entre diferentes ambientes u optimizar los espacios de almacenamiento dentro del entorno de la cocina, las Estanter\u00edas Valcucine est\u00e1n disponibles en varios acabados y colores: aluminio anodizado negro, Madera T\u00e1ctil o Lacado Brillante y Mate. En la pared, o en el centro de la habitaci\u00f3n, en [&hellip;]<\/p>\n","protected":false},"author":2,"featured_media":0,"parent":15032,"menu_order":0,"comment_status":"closed","ping_status":"closed","template":"","meta":{"footnotes":""},"class_list":["post-19729","page","type-page","status-publish","hentry"],"yoast_head":"<!-- This site is optimized with the Yoast SEO plugin v26.2 - https:\/\/yoast.com\/wordpress\/plugins\/seo\/ -->\n<title>Estanter\u00edas - Valcucine<\/title>\n<meta name=\"robots\" content=\"index, follow, max-snippet:-1, max-image-preview:large, max-video-preview:-1\" \/>\n<link rel=\"canonical\" href=\"https:\/\/www.valcucine.com\/es\/prestaciones-especiales\/estanterias\/\" \/>\n<meta property=\"og:locale\" content=\"es_ES\" \/>\n<meta property=\"og:type\" content=\"article\" \/>\n<meta property=\"og:title\" content=\"Estanter\u00edas - Valcucine\" \/>\n<meta property=\"og:description\" content=\"[vc_row][vc_column][\/vc_column][\/vc_row][vc_row][vc_column][vc_empty_space][\/vc_column][\/vc_row][vc_row css=\u00bb.vc_custom_1709741045295{margin-top: 10px !important;}\u00bb][vc_column][vc_column_text] Dise\u00f1adas para dividir los espacios entre diferentes ambientes u optimizar los espacios de almacenamiento dentro del entorno de la cocina, las Estanter\u00edas Valcucine est\u00e1n disponibles en varios acabados y colores: aluminio anodizado negro, Madera T\u00e1ctil o Lacado Brillante y Mate. En la pared, o en el centro de la habitaci\u00f3n, en [&hellip;]\" \/>\n<meta property=\"og:url\" content=\"https:\/\/www.valcucine.com\/es\/prestaciones-especiales\/estanterias\/\" \/>\n<meta property=\"og:site_name\" content=\"Valcucine\" \/>\n<meta property=\"article:publisher\" content=\"https:\/\/www.facebook.com\/valcucine\/\" \/>\n<meta property=\"article:modified_time\" content=\"2024-08-21T09:58:41+00:00\" \/>\n<meta name=\"twitter:card\" content=\"summary_large_image\" \/>\n<meta name=\"twitter:label1\" content=\"Tiempo de lectura\" \/>\n\t<meta name=\"twitter:data1\" content=\"1 minuto\" \/>\n<script type=\"application\/ld+json\" class=\"yoast-schema-graph\">{\"@context\":\"https:\/\/schema.org\",\"@graph\":[{\"@type\":\"WebPage\",\"@id\":\"https:\/\/www.valcucine.com\/es\/prestaciones-especiales\/estanterias\/\",\"url\":\"https:\/\/www.valcucine.com\/es\/prestaciones-especiales\/estanterias\/\",\"name\":\"Estanter\u00edas - Valcucine\",\"isPartOf\":{\"@id\":\"https:\/\/www.valcucine.com\/#website\"},\"datePublished\":\"2024-08-20T10:18:10+00:00\",\"dateModified\":\"2024-08-21T09:58:41+00:00\",\"breadcrumb\":{\"@id\":\"https:\/\/www.valcucine.com\/es\/prestaciones-especiales\/estanterias\/#breadcrumb\"},\"inLanguage\":\"es\",\"potentialAction\":[{\"@type\":\"ReadAction\",\"target\":[\"https:\/\/www.valcucine.com\/es\/prestaciones-especiales\/estanterias\/\"]}]},{\"@type\":\"BreadcrumbList\",\"@id\":\"https:\/\/www.valcucine.com\/es\/prestaciones-especiales\/estanterias\/#breadcrumb\",\"itemListElement\":[{\"@type\":\"ListItem\",\"position\":1,\"name\":\"Valcucine\",\"item\":\"https:\/\/www.valcucine.com\/es\/\"},{\"@type\":\"ListItem\",\"position\":2,\"name\":\"Elementos Especiales\",\"item\":\"https:\/\/www.valcucine.com\/es\/prestaciones-especiales\/\"},{\"@type\":\"ListItem\",\"position\":3,\"name\":\"Estanter\u00edas\"}]},{\"@type\":\"WebSite\",\"@id\":\"https:\/\/www.valcucine.com\/#website\",\"url\":\"https:\/\/www.valcucine.com\/\",\"name\":\"Valcucine\",\"description\":\"\",\"publisher\":{\"@id\":\"https:\/\/www.valcucine.com\/#organization\"},\"potentialAction\":[{\"@type\":\"SearchAction\",\"target\":{\"@type\":\"EntryPoint\",\"urlTemplate\":\"https:\/\/www.valcucine.com\/?s={search_term_string}\"},\"query-input\":{\"@type\":\"PropertyValueSpecification\",\"valueRequired\":true,\"valueName\":\"search_term_string\"}}],\"inLanguage\":\"es\"},{\"@type\":\"Organization\",\"@id\":\"https:\/\/www.valcucine.com\/#organization\",\"name\":\"Valcucine\",\"url\":\"https:\/\/www.valcucine.com\/\",\"logo\":{\"@type\":\"ImageObject\",\"inLanguage\":\"es\",\"@id\":\"https:\/\/www.valcucine.com\/#\/schema\/logo\/image\/\",\"url\":\"https:\/\/www.valcucine.com\/wp-content\/uploads\/2024\/02\/logo-valcucine.webp?wsr\",\"contentUrl\":\"https:\/\/www.valcucine.com\/wp-content\/uploads\/2024\/02\/logo-valcucine.webp?wsr\",\"width\":288,\"height\":46,\"caption\":\"Valcucine\"},\"image\":{\"@id\":\"https:\/\/www.valcucine.com\/#\/schema\/logo\/image\/\"},\"sameAs\":[\"https:\/\/www.facebook.com\/valcucine\/\",\"https:\/\/www.instagram.com\/valcucine\/\",\"https:\/\/www.linkedin.com\/company\/valcucine\"]}]}<\/script>\n<!-- \/ Yoast SEO plugin. -->","yoast_head_json":{"title":"Estanter\u00edas - Valcucine","robots":{"index":"index","follow":"follow","max-snippet":"max-snippet:-1","max-image-preview":"max-image-preview:large","max-video-preview":"max-video-preview:-1"},"canonical":"https:\/\/www.valcucine.com\/es\/prestaciones-especiales\/estanterias\/","og_locale":"es_ES","og_type":"article","og_title":"Estanter\u00edas - Valcucine","og_description":"[vc_row][vc_column][\/vc_column][\/vc_row][vc_row][vc_column][vc_empty_space][\/vc_column][\/vc_row][vc_row css=\u00bb.vc_custom_1709741045295{margin-top: 10px !important;}\u00bb][vc_column][vc_column_text] Dise\u00f1adas para dividir los espacios entre diferentes ambientes u optimizar los espacios de almacenamiento dentro del entorno de la cocina, las Estanter\u00edas Valcucine est\u00e1n disponibles en varios acabados y colores: aluminio anodizado negro, Madera T\u00e1ctil o Lacado Brillante y Mate. En la pared, o en el centro de la habitaci\u00f3n, en [&hellip;]","og_url":"https:\/\/www.valcucine.com\/es\/prestaciones-especiales\/estanterias\/","og_site_name":"Valcucine","article_publisher":"https:\/\/www.facebook.com\/valcucine\/","article_modified_time":"2024-08-21T09:58:41+00:00","twitter_card":"summary_large_image","twitter_misc":{"Tiempo de lectura":"1 minuto"},"schema":{"@context":"https:\/\/schema.org","@graph":[{"@type":"WebPage","@id":"https:\/\/www.valcucine.com\/es\/prestaciones-especiales\/estanterias\/","url":"https:\/\/www.valcucine.com\/es\/prestaciones-especiales\/estanterias\/","name":"Estanter\u00edas - Valcucine","isPartOf":{"@id":"https:\/\/www.valcucine.com\/#website"},"datePublished":"2024-08-20T10:18:10+00:00","dateModified":"2024-08-21T09:58:41+00:00","breadcrumb":{"@id":"https:\/\/www.valcucine.com\/es\/prestaciones-especiales\/estanterias\/#breadcrumb"},"inLanguage":"es","potentialAction":[{"@type":"ReadAction","target":["https:\/\/www.valcucine.com\/es\/prestaciones-especiales\/estanterias\/"]}]},{"@type":"BreadcrumbList","@id":"https:\/\/www.valcucine.com\/es\/prestaciones-especiales\/estanterias\/#breadcrumb","itemListElement":[{"@type":"ListItem","position":1,"name":"Valcucine","item":"https:\/\/www.valcucine.com\/es\/"},{"@type":"ListItem","position":2,"name":"Elementos Especiales","item":"https:\/\/www.valcucine.com\/es\/prestaciones-especiales\/"},{"@type":"ListItem","position":3,"name":"Estanter\u00edas"}]},{"@type":"WebSite","@id":"https:\/\/www.valcucine.com\/#website","url":"https:\/\/www.valcucine.com\/","name":"Valcucine","description":"","publisher":{"@id":"https:\/\/www.valcucine.com\/#organization"},"potentialAction":[{"@type":"SearchAction","target":{"@type":"EntryPoint","urlTemplate":"https:\/\/www.valcucine.com\/?s={search_term_string}"},"query-input":{"@type":"PropertyValueSpecification","valueRequired":true,"valueName":"search_term_string"}}],"inLanguage":"es"},{"@type":"Organization","@id":"https:\/\/www.valcucine.com\/#organization","name":"Valcucine","url":"https:\/\/www.valcucine.com\/","logo":{"@type":"ImageObject","inLanguage":"es","@id":"https:\/\/www.valcucine.com\/#\/schema\/logo\/image\/","url":"https:\/\/www.valcucine.com\/wp-content\/uploads\/2024\/02\/logo-valcucine.webp?wsr","contentUrl":"https:\/\/www.valcucine.com\/wp-content\/uploads\/2024\/02\/logo-valcucine.webp?wsr","width":288,"height":46,"caption":"Valcucine"},"image":{"@id":"https:\/\/www.valcucine.com\/#\/schema\/logo\/image\/"},"sameAs":["https:\/\/www.facebook.com\/valcucine\/","https:\/\/www.instagram.com\/valcucine\/","https:\/\/www.linkedin.com\/company\/valcucine"]}]}},"_links":{"self":[{"href":"https:\/\/www.valcucine.com\/es\/wp-json\/wp\/v2\/pages\/19729","targetHints":{"allow":["GET"]}}],"collection":[{"href":"https:\/\/www.valcucine.com\/es\/wp-json\/wp\/v2\/pages"}],"about":[{"href":"https:\/\/www.valcucine.com\/es\/wp-json\/wp\/v2\/types\/page"}],"author":[{"embeddable":true,"href":"https:\/\/www.valcucine.com\/es\/wp-json\/wp\/v2\/users\/2"}],"replies":[{"embeddable":true,"href":"https:\/\/www.valcucine.com\/es\/wp-json\/wp\/v2\/comments?post=19729"}],"version-history":[{"count":4,"href":"https:\/\/www.valcucine.com\/es\/wp-json\/wp\/v2\/pages\/19729\/revisions"}],"predecessor-version":[{"id":19757,"href":"https:\/\/www.valcucine.com\/es\/wp-json\/wp\/v2\/pages\/19729\/revisions\/19757"}],"up":[{"embeddable":true,"href":"https:\/\/www.valcucine.com\/es\/wp-json\/wp\/v2\/pages\/15032"}],"wp:attachment":[{"href":"https:\/\/www.valcucine.com\/es\/wp-json\/wp\/v2\/media?parent=19729"}],"curies":[{"name":"wp","href":"https:\/\/api.w.org\/{rel}","templated":true}]}}