{"id":12297,"date":"2024-03-14T08:03:41","date_gmt":"2024-03-14T08:03:41","guid":{"rendered":"https:\/\/devel.valcucine.com\/societe\/esg\/sdg\/la-vita-sulla-terra\/"},"modified":"2024-09-30T15:19:40","modified_gmt":"2024-09-30T15:19:40","slug":"la-vie-sur-terre","status":"publish","type":"page","link":"https:\/\/www.valcucine.com\/fr\/societe\/esg\/sdg\/la-vie-sur-terre\/","title":{"rendered":"La vie sur terre"},"content":{"rendered":"<div class=\"wpb-content-wrapper\"><p>[vc_row][vc_column]\n\t\t\t<!-- START La vita sulla terra REVOLUTION SLIDER 6.7.38 --><p class=\"rs-p-wp-fix\"><\/p>\n\t\t\t<rs-module-wrap id=\"rev_slider_59_1_wrapper\" data-source=\"gallery\" style=\"visibility:hidden;background:transparent;padding:0;\">\n\t\t\t\t<rs-module id=\"rev_slider_59_1\" style=\"\" data-version=\"6.7.38\">\n\t\t\t\t\t<rs-slides style=\"overflow: hidden; position: absolute;\">\n\t\t\t\t\t\t<rs-slide style=\"position: absolute;\" data-key=\"rs-269\" data-title=\"Slide\" data-in=\"o:0;\" data-out=\"a:false;\">\n\t\t\t\t\t\t\t<img decoding=\"async\" src=\"\/\/www.valcucine.com\/wp-content\/plugins\/revslider\/sr6\/assets\/assets\/dummy.png\" alt=\"\" title=\"2587_sdg_lavitasullaterra\" width=\"2400\" height=\"1200\" class=\"rev-slidebg tp-rs-img rs-lazyload\" data-lazyload=\"\/\/www.valcucine.com\/wp-content\/uploads\/2024\/03\/2587_sdg_lavitasullaterra.webp\" data-no-retina>\n<!---->\t\t\t\t\t<\/rs-slide>\n\t\t\t\t\t<\/rs-slides>\n\t\t\t\t\t<rs-static-layers><!--\n\n\t\t\t\t\t\t\t--><rs-layer\n\t\t\t\t\t\t\t\tid=\"slider-59-slide-53-layer-12\" \n\t\t\t\t\t\t\t\tclass=\"play-button rs-svg rs-layer-static\"\n\t\t\t\t\t\t\t\tdata-type=\"svg\"\n\t\t\t\t\t\t\t\tdata-rsp_ch=\"on\"\n\t\t\t\t\t\t\t\tdata-xy=\"xo:20px;y:b;yo:20px;\"\n\t\t\t\t\t\t\t\tdata-text=\"w:normal;s:20,20,20,7;l:0,0,0,9;\"\n\t\t\t\t\t\t\t\tdata-dim=\"w:20px,20px,20px,30px;h:20px,20px,20px,30px;\"\n\t\t\t\t\t\t\t\tdata-actions='o:click;a:playslider;'\n\t\t\t\t\t\t\t\tdata-svg_src=\"\/\/www.valcucine.com\/wp-content\/uploads\/revslider\/svg\/objects\/svgcustom\/circle-play.svg\"\n\t\t\t\t\t\t\t\tdata-svgi=\"oc:t;\"\n\t\t\t\t\t\t\t\tdata-basealign=\"slide\"\n\t\t\t\t\t\t\t\tdata-onslides=\"s:1;\"\n\t\t\t\t\t\t\t\tdata-frame_999=\"o:0;st:w;\"\n\t\t\t\t\t\t\t\tstyle=\"z-index:7;font-family:'Roboto';\"\n\t\t\t\t\t\t\t> \n\t\t\t\t\t\t\t<\/rs-layer><!--\n\n\t\t\t\t\t\t\t--><rs-layer\n\t\t\t\t\t\t\t\tid=\"slider-59-slide-53-layer-13\" \n\t\t\t\t\t\t\t\tclass=\"pause-button current-slider rs-svg rs-layer-static\"\n\t\t\t\t\t\t\t\tdata-type=\"svg\"\n\t\t\t\t\t\t\t\tdata-rsp_ch=\"on\"\n\t\t\t\t\t\t\t\tdata-xy=\"xo:20px;y:b;yo:20px;\"\n\t\t\t\t\t\t\t\tdata-text=\"w:normal;s:20,20,20,7;l:0,0,0,9;\"\n\t\t\t\t\t\t\t\tdata-dim=\"w:20px,20px,20px,30px;h:20px,20px,20px,30px;\"\n\t\t\t\t\t\t\t\tdata-actions='o:click;a:pauseslider;'\n\t\t\t\t\t\t\t\tdata-svg_src=\"\/\/www.valcucine.com\/wp-content\/uploads\/revslider\/svg\/objects\/svgcustom\/circle-pause.svg\"\n\t\t\t\t\t\t\t\tdata-svgi=\"oc:t;\"\n\t\t\t\t\t\t\t\tdata-basealign=\"slide\"\n\t\t\t\t\t\t\t\tdata-onslides=\"s:1;\"\n\t\t\t\t\t\t\t\tdata-frame_999=\"o:0;st:w;\"\n\t\t\t\t\t\t\t\tstyle=\"z-index:8;font-family:'Roboto';\"\n\t\t\t\t\t\t\t> \n\t\t\t\t\t\t\t<\/rs-layer><!--\n\t\t\t\t\t--><\/rs-static-layers>\n\t\t\t\t<\/rs-module>\n\t\t\t\t<script>\n\t\t\t\t\tsetREVStartSize({c: 'rev_slider_59_1',rl:[1240,1240,1240,480],el:[568.993,568.993,568.993,480],gw:[1240,1240,1240,480],gh:[569,569,569,480],type:'standard',justify:'',layout:'fullscreen',offsetContainer:'#slider__height',offset:'0px',mh:\"0\"});if (window.RS_MODULES!==undefined && window.RS_MODULES.modules!==undefined && window.RS_MODULES.modules[\"revslider591\"]!==undefined) {window.RS_MODULES.modules[\"revslider591\"].once = false;window.revapi59 = undefined;if (window.RS_MODULES.checkMinimal!==undefined) window.RS_MODULES.checkMinimal()}\n\t\t\t\t<\/script>\n\t\t\t<\/rs-module-wrap>\n\t\t\t<!-- END REVOLUTION SLIDER -->\n[\/vc_column][\/vc_row][vc_row][vc_column]\n        \n        <h1 class=\"text-center  main__title__h1  vc_custom_1716811797911 \" style=\"color:#333333;\"> \n\n         La vie sur terre\n        \n        <\/h1>[\/vc_column][\/vc_row][vc_row css=\u00a0\u00bb.vc_custom_1710780294157{margin-bottom: 40px !important;}\u00a0\u00bb][vc_column width=\u00a0\u00bb1\/2&Prime;][vc_single_image image=\u00a0\u00bb19866&Prime; img_size=\u00a0\u00bb600&#215;338&Prime; alignment=\u00a0\u00bbcenter\u00a0\u00bb onclick=\u00a0\u00bbcustom_link\u00a0\u00bb img_link_target=\u00a0\u00bb_blank\u00a0\u00bb link=\u00a0\u00bbhttps:\/\/www.bioforest.it\/it_it\/\u00a0\u00bb css=\u00a0\u00bb.vc_custom_1727709494320{padding-top: 0px !important;}\u00a0\u00bb][\/vc_column][vc_column width=\u00a0\u00bb1\/2&Prime;][vc_column_text css=\u00a0\u00bb.vc_custom_1727709509461{padding-bottom: 0px !important;}\u00a0\u00bb]Confirmant son fort engagement en faveur d&rsquo;une culture de production plus sensible \u00e0 l&rsquo;environnement, Valcucine a \u00e9t\u00e9 en 1998 l&rsquo;un des fondateurs de Bioforest, une association qui contribue \u00e0 la restauration des ressources naturelles et \u00e0 la sauvegarde de la biodiversit\u00e9, th\u00e8mes au c\u0153ur de l&rsquo;Objectif durable num\u00e9ro 15 de l&rsquo;Agenda 2030.<\/p>\n<p>\u00c0 cette fin, elle finance des projets visant \u00e0 la reforestation et au reboisement d&rsquo;\u00e9cosyst\u00e8mes forestiers d\u00e9truits ou d\u00e9grad\u00e9s en Italie et dans le monde, en suivant des crit\u00e8res \u00e9cologiques stricts en phase avec les caract\u00e9ristiques des zones concern\u00e9es, afin de prot\u00e9ger la biodiversit\u00e9 v\u00e9g\u00e9tale et animale pr\u00e9sente \u00e0 l&rsquo;origine. En outre, elle promeut et soutient les activit\u00e9s de recherche scientifique en les diffusant par le biais des m\u00e9dias, de r\u00e9unions, de conf\u00e9rences et de d\u00e9bats visant \u00e0 donner de la visibilit\u00e9 aux projets en cours.[\/vc_column_text]<div class=\"text-start\">\n        \n                <a href=\"https:\/\/www.bioforest.it\/it_it\/\" style=\"letter-spacing:1px;\" class=\"btn bg-sixth text-white border border-0 text-uppercase roundedd-inline text-start\"   \" target=\"\" rel=\"\"> \n        \n                 D\u00e9couvrez Bioforest\n                \n                <\/a><\/div>[\/vc_column][\/vc_row]<\/p>\n<\/div>","protected":false},"excerpt":{"rendered":"<p>[vc_row][vc_column][\/vc_column][\/vc_row][vc_row][vc_column][\/vc_column][\/vc_row][vc_row css=\u00a0\u00bb.vc_custom_1710780294157{margin-bottom: 40px !important;}\u00a0\u00bb][vc_column width=\u00a0\u00bb1\/2&Prime;][vc_single_image image=\u00a0\u00bb19866&Prime; img_size=\u00a0\u00bb600&#215;338&Prime; alignment=\u00a0\u00bbcenter\u00a0\u00bb onclick=\u00a0\u00bbcustom_link\u00a0\u00bb img_link_target=\u00a0\u00bb_blank\u00a0\u00bb link=\u00a0\u00bbhttps:\/\/www.bioforest.it\/it_it\/\u00a0\u00bb css=\u00a0\u00bb.vc_custom_1727709494320{padding-top: 0px !important;}\u00a0\u00bb][\/vc_column][vc_column width=\u00a0\u00bb1\/2&Prime;][vc_column_text css=\u00a0\u00bb.vc_custom_1727709509461{padding-bottom: 0px !important;}\u00a0\u00bb]Confirmant son fort engagement en faveur d&rsquo;une culture de production plus sensible \u00e0 l&rsquo;environnement, Valcucine a \u00e9t\u00e9 en 1998 l&rsquo;un des fondateurs de Bioforest, une association qui contribue \u00e0 la restauration des ressources naturelles et \u00e0 la sauvegarde [&hellip;]<\/p>\n","protected":false},"author":1,"featured_media":0,"parent":12284,"menu_order":0,"comment_status":"closed","ping_status":"closed","template":"","meta":{"footnotes":""},"class_list":["post-12297","page","type-page","status-publish","hentry"],"yoast_head":"<!-- This site is optimized with the Yoast SEO plugin v26.2 - https:\/\/yoast.com\/wordpress\/plugins\/seo\/ -->\n<title>La vie sur terre - Valcucine<\/title>\n<meta name=\"robots\" content=\"index, follow, max-snippet:-1, max-image-preview:large, max-video-preview:-1\" \/>\n<link rel=\"canonical\" href=\"https:\/\/www.valcucine.com\/fr\/societe\/esg\/sdg\/la-vie-sur-terre\/\" \/>\n<meta property=\"og:locale\" content=\"fr_FR\" \/>\n<meta property=\"og:type\" content=\"article\" \/>\n<meta property=\"og:title\" content=\"La vie sur terre - Valcucine\" \/>\n<meta property=\"og:description\" content=\"[vc_row][vc_column][\/vc_column][\/vc_row][vc_row][vc_column][\/vc_column][\/vc_row][vc_row css=\u00a0\u00bb.vc_custom_1710780294157{margin-bottom: 40px !important;}\u00a0\u00bb][vc_column width=\u00a0\u00bb1\/2&Prime;][vc_single_image image=\u00a0\u00bb19866&Prime; img_size=\u00a0\u00bb600&#215;338&Prime; alignment=\u00a0\u00bbcenter\u00a0\u00bb onclick=\u00a0\u00bbcustom_link\u00a0\u00bb img_link_target=\u00a0\u00bb_blank\u00a0\u00bb link=\u00a0\u00bbhttps:\/\/www.bioforest.it\/it_it\/\u00a0\u00bb css=\u00a0\u00bb.vc_custom_1727709494320{padding-top: 0px !important;}\u00a0\u00bb][\/vc_column][vc_column width=\u00a0\u00bb1\/2&Prime;][vc_column_text css=\u00a0\u00bb.vc_custom_1727709509461{padding-bottom: 0px !important;}\u00a0\u00bb]Confirmant son fort engagement en faveur d&rsquo;une culture de production plus sensible \u00e0 l&rsquo;environnement, Valcucine a \u00e9t\u00e9 en 1998 l&rsquo;un des fondateurs de Bioforest, une association qui contribue \u00e0 la restauration des ressources naturelles et \u00e0 la sauvegarde [&hellip;]\" \/>\n<meta property=\"og:url\" content=\"https:\/\/www.valcucine.com\/fr\/societe\/esg\/sdg\/la-vie-sur-terre\/\" \/>\n<meta property=\"og:site_name\" content=\"Valcucine\" \/>\n<meta property=\"article:publisher\" content=\"https:\/\/www.facebook.com\/valcucine\/\" \/>\n<meta property=\"article:modified_time\" content=\"2024-09-30T15:19:40+00:00\" \/>\n<meta name=\"twitter:card\" content=\"summary_large_image\" \/>\n<meta name=\"twitter:label1\" content=\"Dur\u00e9e de lecture estim\u00e9e\" \/>\n\t<meta name=\"twitter:data1\" content=\"1 minute\" \/>\n<script type=\"application\/ld+json\" class=\"yoast-schema-graph\">{\"@context\":\"https:\/\/schema.org\",\"@graph\":[{\"@type\":\"WebPage\",\"@id\":\"https:\/\/www.valcucine.com\/fr\/societe\/esg\/sdg\/la-vie-sur-terre\/\",\"url\":\"https:\/\/www.valcucine.com\/fr\/societe\/esg\/sdg\/la-vie-sur-terre\/\",\"name\":\"La vie sur terre - Valcucine\",\"isPartOf\":{\"@id\":\"https:\/\/www.valcucine.com\/#website\"},\"datePublished\":\"2024-03-14T08:03:41+00:00\",\"dateModified\":\"2024-09-30T15:19:40+00:00\",\"breadcrumb\":{\"@id\":\"https:\/\/www.valcucine.com\/fr\/societe\/esg\/sdg\/la-vie-sur-terre\/#breadcrumb\"},\"inLanguage\":\"fr-FR\",\"potentialAction\":[{\"@type\":\"ReadAction\",\"target\":[\"https:\/\/www.valcucine.com\/fr\/societe\/esg\/sdg\/la-vie-sur-terre\/\"]}]},{\"@type\":\"BreadcrumbList\",\"@id\":\"https:\/\/www.valcucine.com\/fr\/societe\/esg\/sdg\/la-vie-sur-terre\/#breadcrumb\",\"itemListElement\":[{\"@type\":\"ListItem\",\"position\":1,\"name\":\"Valcucine\",\"item\":\"https:\/\/www.valcucine.com\/fr\/\"},{\"@type\":\"ListItem\",\"position\":2,\"name\":\"Soci\u00e9t\u00e9\",\"item\":\"https:\/\/www.valcucine.com\/fr\/societe\/\"},{\"@type\":\"ListItem\",\"position\":3,\"name\":\"ESG\",\"item\":\"https:\/\/www.valcucine.com\/fr\/societe\/esg\/\"},{\"@type\":\"ListItem\",\"position\":4,\"name\":\"Sdg\",\"item\":\"https:\/\/www.valcucine.com\/fr\/societe\/esg\/sdg\/\"},{\"@type\":\"ListItem\",\"position\":5,\"name\":\"La vie sur terre\"}]},{\"@type\":\"WebSite\",\"@id\":\"https:\/\/www.valcucine.com\/#website\",\"url\":\"https:\/\/www.valcucine.com\/\",\"name\":\"Valcucine\",\"description\":\"\",\"publisher\":{\"@id\":\"https:\/\/www.valcucine.com\/#organization\"},\"potentialAction\":[{\"@type\":\"SearchAction\",\"target\":{\"@type\":\"EntryPoint\",\"urlTemplate\":\"https:\/\/www.valcucine.com\/?s={search_term_string}\"},\"query-input\":{\"@type\":\"PropertyValueSpecification\",\"valueRequired\":true,\"valueName\":\"search_term_string\"}}],\"inLanguage\":\"fr-FR\"},{\"@type\":\"Organization\",\"@id\":\"https:\/\/www.valcucine.com\/#organization\",\"name\":\"Valcucine\",\"url\":\"https:\/\/www.valcucine.com\/\",\"logo\":{\"@type\":\"ImageObject\",\"inLanguage\":\"fr-FR\",\"@id\":\"https:\/\/www.valcucine.com\/#\/schema\/logo\/image\/\",\"url\":\"https:\/\/www.valcucine.com\/wp-content\/uploads\/2024\/02\/logo-valcucine.webp?wsr\",\"contentUrl\":\"https:\/\/www.valcucine.com\/wp-content\/uploads\/2024\/02\/logo-valcucine.webp?wsr\",\"width\":288,\"height\":46,\"caption\":\"Valcucine\"},\"image\":{\"@id\":\"https:\/\/www.valcucine.com\/#\/schema\/logo\/image\/\"},\"sameAs\":[\"https:\/\/www.facebook.com\/valcucine\/\",\"https:\/\/www.instagram.com\/valcucine\/\",\"https:\/\/www.linkedin.com\/company\/valcucine\"]}]}<\/script>\n<!-- \/ Yoast SEO plugin. -->","yoast_head_json":{"title":"La vie sur terre - Valcucine","robots":{"index":"index","follow":"follow","max-snippet":"max-snippet:-1","max-image-preview":"max-image-preview:large","max-video-preview":"max-video-preview:-1"},"canonical":"https:\/\/www.valcucine.com\/fr\/societe\/esg\/sdg\/la-vie-sur-terre\/","og_locale":"fr_FR","og_type":"article","og_title":"La vie sur terre - Valcucine","og_description":"[vc_row][vc_column][\/vc_column][\/vc_row][vc_row][vc_column][\/vc_column][\/vc_row][vc_row css=\u00a0\u00bb.vc_custom_1710780294157{margin-bottom: 40px !important;}\u00a0\u00bb][vc_column width=\u00a0\u00bb1\/2&Prime;][vc_single_image image=\u00a0\u00bb19866&Prime; img_size=\u00a0\u00bb600&#215;338&Prime; alignment=\u00a0\u00bbcenter\u00a0\u00bb onclick=\u00a0\u00bbcustom_link\u00a0\u00bb img_link_target=\u00a0\u00bb_blank\u00a0\u00bb link=\u00a0\u00bbhttps:\/\/www.bioforest.it\/it_it\/\u00a0\u00bb css=\u00a0\u00bb.vc_custom_1727709494320{padding-top: 0px !important;}\u00a0\u00bb][\/vc_column][vc_column width=\u00a0\u00bb1\/2&Prime;][vc_column_text css=\u00a0\u00bb.vc_custom_1727709509461{padding-bottom: 0px !important;}\u00a0\u00bb]Confirmant son fort engagement en faveur d&rsquo;une culture de production plus sensible \u00e0 l&rsquo;environnement, Valcucine a \u00e9t\u00e9 en 1998 l&rsquo;un des fondateurs de Bioforest, une association qui contribue \u00e0 la restauration des ressources naturelles et \u00e0 la sauvegarde [&hellip;]","og_url":"https:\/\/www.valcucine.com\/fr\/societe\/esg\/sdg\/la-vie-sur-terre\/","og_site_name":"Valcucine","article_publisher":"https:\/\/www.facebook.com\/valcucine\/","article_modified_time":"2024-09-30T15:19:40+00:00","twitter_card":"summary_large_image","twitter_misc":{"Dur\u00e9e de lecture estim\u00e9e":"1 minute"},"schema":{"@context":"https:\/\/schema.org","@graph":[{"@type":"WebPage","@id":"https:\/\/www.valcucine.com\/fr\/societe\/esg\/sdg\/la-vie-sur-terre\/","url":"https:\/\/www.valcucine.com\/fr\/societe\/esg\/sdg\/la-vie-sur-terre\/","name":"La vie sur terre - Valcucine","isPartOf":{"@id":"https:\/\/www.valcucine.com\/#website"},"datePublished":"2024-03-14T08:03:41+00:00","dateModified":"2024-09-30T15:19:40+00:00","breadcrumb":{"@id":"https:\/\/www.valcucine.com\/fr\/societe\/esg\/sdg\/la-vie-sur-terre\/#breadcrumb"},"inLanguage":"fr-FR","potentialAction":[{"@type":"ReadAction","target":["https:\/\/www.valcucine.com\/fr\/societe\/esg\/sdg\/la-vie-sur-terre\/"]}]},{"@type":"BreadcrumbList","@id":"https:\/\/www.valcucine.com\/fr\/societe\/esg\/sdg\/la-vie-sur-terre\/#breadcrumb","itemListElement":[{"@type":"ListItem","position":1,"name":"Valcucine","item":"https:\/\/www.valcucine.com\/fr\/"},{"@type":"ListItem","position":2,"name":"Soci\u00e9t\u00e9","item":"https:\/\/www.valcucine.com\/fr\/societe\/"},{"@type":"ListItem","position":3,"name":"ESG","item":"https:\/\/www.valcucine.com\/fr\/societe\/esg\/"},{"@type":"ListItem","position":4,"name":"Sdg","item":"https:\/\/www.valcucine.com\/fr\/societe\/esg\/sdg\/"},{"@type":"ListItem","position":5,"name":"La vie sur terre"}]},{"@type":"WebSite","@id":"https:\/\/www.valcucine.com\/#website","url":"https:\/\/www.valcucine.com\/","name":"Valcucine","description":"","publisher":{"@id":"https:\/\/www.valcucine.com\/#organization"},"potentialAction":[{"@type":"SearchAction","target":{"@type":"EntryPoint","urlTemplate":"https:\/\/www.valcucine.com\/?s={search_term_string}"},"query-input":{"@type":"PropertyValueSpecification","valueRequired":true,"valueName":"search_term_string"}}],"inLanguage":"fr-FR"},{"@type":"Organization","@id":"https:\/\/www.valcucine.com\/#organization","name":"Valcucine","url":"https:\/\/www.valcucine.com\/","logo":{"@type":"ImageObject","inLanguage":"fr-FR","@id":"https:\/\/www.valcucine.com\/#\/schema\/logo\/image\/","url":"https:\/\/www.valcucine.com\/wp-content\/uploads\/2024\/02\/logo-valcucine.webp?wsr","contentUrl":"https:\/\/www.valcucine.com\/wp-content\/uploads\/2024\/02\/logo-valcucine.webp?wsr","width":288,"height":46,"caption":"Valcucine"},"image":{"@id":"https:\/\/www.valcucine.com\/#\/schema\/logo\/image\/"},"sameAs":["https:\/\/www.facebook.com\/valcucine\/","https:\/\/www.instagram.com\/valcucine\/","https:\/\/www.linkedin.com\/company\/valcucine"]}]}},"_links":{"self":[{"href":"https:\/\/www.valcucine.com\/fr\/wp-json\/wp\/v2\/pages\/12297","targetHints":{"allow":["GET"]}}],"collection":[{"href":"https:\/\/www.valcucine.com\/fr\/wp-json\/wp\/v2\/pages"}],"about":[{"href":"https:\/\/www.valcucine.com\/fr\/wp-json\/wp\/v2\/types\/page"}],"author":[{"embeddable":true,"href":"https:\/\/www.valcucine.com\/fr\/wp-json\/wp\/v2\/users\/1"}],"replies":[{"embeddable":true,"href":"https:\/\/www.valcucine.com\/fr\/wp-json\/wp\/v2\/comments?post=12297"}],"version-history":[{"count":5,"href":"https:\/\/www.valcucine.com\/fr\/wp-json\/wp\/v2\/pages\/12297\/revisions"}],"predecessor-version":[{"id":27255,"href":"https:\/\/www.valcucine.com\/fr\/wp-json\/wp\/v2\/pages\/12297\/revisions\/27255"}],"up":[{"embeddable":true,"href":"https:\/\/www.valcucine.com\/fr\/wp-json\/wp\/v2\/pages\/12284"}],"wp:attachment":[{"href":"https:\/\/www.valcucine.com\/fr\/wp-json\/wp\/v2\/media?parent=12297"}],"curies":[{"name":"wp","href":"https:\/\/api.w.org\/{rel}","templated":true}]}}