{"id":12333,"date":"2024-03-12T09:07:04","date_gmt":"2024-03-12T09:07:04","guid":{"rendered":"https:\/\/devel.valcucine.com\/societe\/esg\/bioforest\/"},"modified":"2025-10-15T09:37:48","modified_gmt":"2025-10-15T09:37:48","slug":"bioforest","status":"publish","type":"page","link":"https:\/\/www.valcucine.com\/fr\/societe\/esg\/bioforest\/","title":{"rendered":"Bioforest"},"content":{"rendered":"<div class=\"wpb-content-wrapper\"><p>[vc_row][vc_column]\n\t\t\t<!-- START slider bioforest REVOLUTION SLIDER 6.7.38 --><p class=\"rs-p-wp-fix\"><\/p>\n\t\t\t<rs-module-wrap id=\"rev_slider_21_1_wrapper\" data-source=\"gallery\" style=\"visibility:hidden;background:transparent;padding:0;\">\n\t\t\t\t<rs-module id=\"rev_slider_21_1\" style=\"\" data-version=\"6.7.38\">\n\t\t\t\t\t<rs-slides style=\"overflow: hidden; position: absolute;\">\n\t\t\t\t\t\t<rs-slide style=\"position: absolute;\" data-key=\"rs-784\" data-title=\"Slide\" data-in=\"o:0;\" data-out=\"a:false;\">\n\t\t\t\t\t\t\t<img decoding=\"async\" src=\"\/\/www.valcucine.com\/wp-content\/plugins\/revslider\/sr6\/assets\/assets\/dummy.png\" alt=\"\" title=\"2561_bioforest\" width=\"1634\" height=\"1136\" class=\"rev-slidebg tp-rs-img rs-lazyload\" data-lazyload=\"\/\/www.valcucine.com\/wp-content\/uploads\/2024\/03\/2561_bioforest.webp\" data-no-retina>\n<!--\n\t\t\t\t\t\t\t--><rs-layer\n\t\t\t\t\t\t\t\tid=\"slider-21-slide-784-layer-11\" \n\t\t\t\t\t\t\t\tclass=\"slider_fade\"\n\t\t\t\t\t\t\t\tdata-type=\"text\"\n\t\t\t\t\t\t\t\tdata-rsp_ch=\"on\"\n\t\t\t\t\t\t\t\tdata-xy=\"x:c;y:m;\"\n\t\t\t\t\t\t\t\tdata-text=\"w:normal;s:20,20,20,7;l:25,25,25,9;a:center;\"\n\t\t\t\t\t\t\t\tdata-vbility=\"t,t,t,f\"\n\t\t\t\t\t\t\t\tdata-frame_999=\"o:0;st:w;\"\n\t\t\t\t\t\t\t\tstyle=\"z-index:9;font-family:'TheinhardtLight';\"\n\t\t\t\t\t\t\t>Notre contribution \u00e0 la r\u00e9g\u00e9n\u00e9ration des espaces naturels \n\t\t\t\t\t\t\t<\/rs-layer><!--\n\n\t\t\t\t\t\t\t--><rs-layer\n\t\t\t\t\t\t\t\tid=\"slider-21-slide-784-layer-14\" \n\t\t\t\t\t\t\t\tclass=\"slider_fade\"\n\t\t\t\t\t\t\t\tdata-type=\"shape\"\n\t\t\t\t\t\t\t\tdata-rsp_ch=\"on\"\n\t\t\t\t\t\t\t\tdata-text=\"w:normal;s:20,20,20,7;l:0,0,0,9;\"\n\t\t\t\t\t\t\t\tdata-dim=\"w:100%;h:100%;\"\n\t\t\t\t\t\t\t\tdata-basealign=\"slide\"\n\t\t\t\t\t\t\t\tdata-frame_999=\"o:0;st:w;\"\n\t\t\t\t\t\t\t\tstyle=\"z-index:6;background-color:rgba(0,0,0,0.5);\"\n\t\t\t\t\t\t\t> \n\t\t\t\t\t\t\t<\/rs-layer><!--\n\n\t\t\t\t\t\t\t--><rs-layer\n\t\t\t\t\t\t\t\tid=\"slider-21-slide-784-layer-18\" \n\t\t\t\t\t\t\t\tclass=\"slider_fade\"\n\t\t\t\t\t\t\t\tdata-type=\"text\"\n\t\t\t\t\t\t\t\tdata-rsp_ch=\"on\"\n\t\t\t\t\t\t\t\tdata-xy=\"x:c;y:m;yo:-50px,-50px,-50px,-19px;\"\n\t\t\t\t\t\t\t\tdata-text=\"w:normal;s:50,50,50,30;l:25,25,25,9;\"\n\t\t\t\t\t\t\t\tdata-frame_999=\"o:0;st:w;\"\n\t\t\t\t\t\t\t\tstyle=\"z-index:8;font-family:'TheinhardtLight';\"\n\t\t\t\t\t\t\t>BIOFOREST \n\t\t\t\t\t\t\t<\/rs-layer><!--\n-->\t\t\t\t\t<\/rs-slide>\n\t\t\t\t\t<\/rs-slides>\n\t\t\t\t\t<rs-static-layers><!--\n\n\t\t\t\t\t\t\t--><rs-layer\n\t\t\t\t\t\t\t\tid=\"slider-21-slide-21-layer-12\" \n\t\t\t\t\t\t\t\tclass=\"play-button rs-svg rs-layer-static\"\n\t\t\t\t\t\t\t\tdata-type=\"svg\"\n\t\t\t\t\t\t\t\tdata-rsp_ch=\"on\"\n\t\t\t\t\t\t\t\tdata-xy=\"xo:20px;y:b;yo:20px;\"\n\t\t\t\t\t\t\t\tdata-text=\"w:normal;s:20,20,20,7;l:0,0,0,9;\"\n\t\t\t\t\t\t\t\tdata-dim=\"w:20px,20px,20px,30px;h:20px,20px,20px,30px;\"\n\t\t\t\t\t\t\t\tdata-actions='o:click;a:playslider;'\n\t\t\t\t\t\t\t\tdata-svg_src=\"\/\/www.valcucine.com\/wp-content\/uploads\/revslider\/svg\/objects\/svgcustom\/circle-play.svg\"\n\t\t\t\t\t\t\t\tdata-svgi=\"oc:t;\"\n\t\t\t\t\t\t\t\tdata-basealign=\"slide\"\n\t\t\t\t\t\t\t\tdata-onslides=\"s:1;\"\n\t\t\t\t\t\t\t\tdata-frame_999=\"o:0;st:w;\"\n\t\t\t\t\t\t\t\tstyle=\"z-index:7;font-family:'Roboto';\"\n\t\t\t\t\t\t\t> \n\t\t\t\t\t\t\t<\/rs-layer><!--\n\n\t\t\t\t\t\t\t--><rs-layer\n\t\t\t\t\t\t\t\tid=\"slider-21-slide-21-layer-13\" \n\t\t\t\t\t\t\t\tclass=\"pause-button current-slider rs-svg rs-layer-static\"\n\t\t\t\t\t\t\t\tdata-type=\"svg\"\n\t\t\t\t\t\t\t\tdata-rsp_ch=\"on\"\n\t\t\t\t\t\t\t\tdata-xy=\"xo:20px;y:b;yo:20px;\"\n\t\t\t\t\t\t\t\tdata-text=\"w:normal;s:20,20,20,7;l:0,0,0,9;\"\n\t\t\t\t\t\t\t\tdata-dim=\"w:20px,20px,20px,30px;h:20px,20px,20px,30px;\"\n\t\t\t\t\t\t\t\tdata-actions='o:click;a:pauseslider;'\n\t\t\t\t\t\t\t\tdata-svg_src=\"\/\/www.valcucine.com\/wp-content\/uploads\/revslider\/svg\/objects\/svgcustom\/circle-pause.svg\"\n\t\t\t\t\t\t\t\tdata-svgi=\"oc:t;\"\n\t\t\t\t\t\t\t\tdata-basealign=\"slide\"\n\t\t\t\t\t\t\t\tdata-onslides=\"s:1;\"\n\t\t\t\t\t\t\t\tdata-frame_999=\"o:0;st:w;\"\n\t\t\t\t\t\t\t\tstyle=\"z-index:8;font-family:'Roboto';\"\n\t\t\t\t\t\t\t> \n\t\t\t\t\t\t\t<\/rs-layer><!--\n\t\t\t\t\t--><\/rs-static-layers>\n\t\t\t\t<\/rs-module>\n\t\t\t\t<script>\n\t\t\t\t\tsetREVStartSize({c: 'rev_slider_21_1',rl:[1240,1240,1240,480],el:[569,569,569,480],gw:[1240,1240,1240,480],gh:[569,569,569,480],type:'standard',justify:'',layout:'fullscreen',offsetContainer:'#slider__height',offset:'0px',mh:\"0\"});if (window.RS_MODULES!==undefined && window.RS_MODULES.modules!==undefined && window.RS_MODULES.modules[\"revslider211\"]!==undefined) {window.RS_MODULES.modules[\"revslider211\"].once = false;window.revapi21 = undefined;if (window.RS_MODULES.checkMinimal!==undefined) window.RS_MODULES.checkMinimal()}\n\t\t\t\t<\/script>\n\t\t\t<\/rs-module-wrap>\n\t\t\t<!-- END REVOLUTION SLIDER -->\n[\/vc_column][\/vc_row][vc_row][vc_column]\n        \n        <h1 class=\"text-center  main__title__h1  vc_custom_1716816324470 \" style=\"color:#333333;\"> \n\n         Bioforest\n        \n        <\/h1>[\/vc_column][\/vc_row][vc_row][vc_column][vc_column_text]Bioforest est une association pour la r\u00e9g\u00e9n\u00e9ration des milieux naturels qui a \u00e9t\u00e9 fond\u00e9e en 1998 \u00e0 Valcucine \u00e0 partir du d\u00e9sir de promouvoir une culture de production plus sensible \u00e0 l&rsquo;environnement. \u00c0 cette fin, elle propose de financer des projets visant \u00e0 la reforestation et au reboisement d&rsquo;\u00e9cosyst\u00e8mes forestiers d\u00e9truits ou d\u00e9grad\u00e9s en Italie et dans le monde, en suivant des crit\u00e8res \u00e9cologiques stricts en harmonie avec les caract\u00e9ristiques des zones concern\u00e9es, afin de prot\u00e9ger la biodiversit\u00e9 v\u00e9g\u00e9tale et animale pr\u00e9sente \u00e0 l&rsquo;origine. En outre, elle promeut et soutient les activit\u00e9s de recherche scientifique en les diffusant par le biais de supports d&rsquo;information, de r\u00e9unions, de d\u00e9bats et de conf\u00e9rences visant \u00e0 donner de la visibilit\u00e9 aux projets en cours.[\/vc_column_text][\/vc_column][\/vc_row][vc_row][vc_column][\/vc_column][\/vc_row][vc_row el_id=\u00a0\u00bbbenefici\u00a0\u00bb][vc_column css=\u00a0\u00bb.vc_custom_1710489536517{padding-top: 60px !important;}\u00a0\u00bb]<div class=\"row block__img__bkg__grey gap-lg-2\"><div id=\"carousel_grey_1\" class=\"col-lg-7 d-flex align-items-stretch px-0 carousel__block__img__bkg__grey carousel__dots  dots--white slick-track-100 \"><div class=\"d-flex align-items-stretch align-self-stretch \"><div class=\"block__img__bkg__grey__img\" style=\"background-image: url(https:\/\/www.valcucine.com\/wp-content\/uploads\/2024\/03\/93_bg-slide-2-1.webp?wsr)\"><img decoding=\"async\" src=\"https:\/\/www.valcucine.com\/wp-content\/uploads\/2024\/03\/93_bg-slide-2-1.webp?wsr\" ><\/div><\/div><\/div><div class=\"col-lg-5 block__img__bkg__grey__content \"><h4 class='main__title__h4'>Projet Otonga<\/h4><div class='block__img__bkg__grey__text'>Le projet Otonga, en \u00c9quateur, vise \u00e0 acheter des portions de for\u00eat primaire afin de pr\u00e9server son extraordinaire biodiversit\u00e9 et de prot\u00e9ger la richesse biologique de la plan\u00e8te.<\/p>\n<p>La r\u00e9serve int\u00e9grale d&rsquo;Otonga, situ\u00e9e sur le versant occidental de la cordill\u00e8re des Andes, abrite un certain nombre d&rsquo;esp\u00e8ces animales et v\u00e9g\u00e9tales disparues dans le reste du pays et parfois encore inconnues de la science.<\/div><\/div><\/div>\n            <script>\n            jQuery(function () {\n                \n                \n                jQuery('#carousel_grey_1').slick({\n                  infinite: true,\n                    slidesToShow: 1,\n                    slidesToScroll: 1,\n                    autoplaySpeed: 8000,\n                    centerPadding: '0px',\n                    mobileFirst: true,\n                    arrows: true,\n                    autoplay: true,\n                    dots: false,\n                    prevArrow: '<div class=\\'corousel__arrow corousel__next text-white inside \\'><i class=\\'fal fa-chevron-left\\'><\/i><\/div>',\n                    nextArrow: '<div class=\\'corousel__arrow corousel__prev text-white inside \\'><i class=\\'fal fa-chevron-right\\'><\/i><\/div>',\n                      responsive: [\n                        {\n                          breakpoint: 768,\n                          settings: {\n                            slidesToShow: 1,\n                            slidesToScroll: 1,\n                          }\n                        },\n                    ]\n              \n                });\n            });\n            <\/script>\n            [\/vc_column][\/vc_row][vc_row][vc_column css=\u00a0\u00bb.vc_custom_1710489544705{padding-top: 60px !important;}\u00a0\u00bb]<div class=\"row block__img__bkg__grey gap-lg-2\"><div class=\"col-12 col-lg-5 block__img__bkg__grey__content order-2 order-lg-1\"><h4 class='main__title__h4'>Project Got Owaga<\/h4><div class='block__img__bkg__grey__text'><\/p>\n<div class=\"text\">\n<p>Le projet de reboisement au Kenya, Got Owaga, concerne une zone vallonn\u00e9e de la vall\u00e9e de Nyando, \u00e0 environ 50 km du lac Victoria. La zone est situ\u00e9e dans la ceinture d\u00e9di\u00e9e \u00e0 la culture de la canne \u00e0 sucre, dont l&rsquo;expansion a \u00e9t\u00e9 la cause principale de la d\u00e9forestation.<\/p>\n<p>Le projet Operation Got Owaga a \u00e9t\u00e9 d\u00e9velopp\u00e9, dans sa premi\u00e8re phase, sur un terrain de trois hectares avec la mise en place d&rsquo;une plantation exp\u00e9rimentale pour identifier les esp\u00e8ces les plus appropri\u00e9es \u00e0 planter et les traitements n\u00e9cessaires \u00e0 mettre en \u0153uvre.<\/p>\n<\/div>\n<p><\/div><\/div><div id=\"carousel_grey_2\" class=\"col-lg-7 d-flex align-items-stretch order-1 order-lg-2 px-0 carousel__block__img__bkg__grey carousel__dots  dots--white slick-track-100 \"><div class=\"d-flex align-items-stretch align-self-stretch\"><div class=\"block__img__bkg__grey__img\" style=\"background-image: url(https:\/\/www.valcucine.com\/wp-content\/uploads\/2024\/03\/94_bg-slide-3.webp?wsr)\"><img decoding=\"async\" src=\"https:\/\/www.valcucine.com\/wp-content\/uploads\/2024\/03\/94_bg-slide-3.webp?wsr\" ><\/div><\/div><\/div><\/div>\n            <script>\n            jQuery(function () {\n                \n                \n                jQuery('#carousel_grey_2').slick({\n                  infinite: true,\n                    slidesToShow: 1,\n                    slidesToScroll: 1,\n                    autoplaySpeed: 8000,\n                    centerPadding: '0px',\n                    mobileFirst: true,\n                    arrows: true,\n                    autoplay: true,\n                    dots: false,\n                    prevArrow: '<div class=\\'corousel__arrow corousel__next text-white inside \\'><i class=\\'fal fa-chevron-left\\'><\/i><\/div>',\n                    nextArrow: '<div class=\\'corousel__arrow corousel__prev text-white inside \\'><i class=\\'fal fa-chevron-right\\'><\/i><\/div>',\n                      responsive: [\n                        {\n                          breakpoint: 768,\n                          settings: {\n                            slidesToShow: 1,\n                            slidesToScroll: 1,\n                          }\n                        },\n                    ]\n              \n                });\n            });\n            <\/script>\n            [\/vc_column][\/vc_row][vc_row css=\u00a0\u00bb.vc_custom_1710834984240{padding-bottom: 60px !important;}\u00a0\u00bb][vc_column css=\u00a0\u00bb.vc_custom_1710489551811{padding-top: 60px !important;}\u00a0\u00bb]<div class=\"row block__img__bkg__grey gap-lg-2\"><div id=\"carousel_grey_3\" class=\"col-lg-7 d-flex align-items-stretch px-0 carousel__block__img__bkg__grey carousel__dots  dots--white slick-track-100 \"><div class=\"d-flex align-items-stretch align-self-stretch \"><div class=\"block__img__bkg__grey__img\" style=\"background-image: url(https:\/\/www.valcucine.com\/wp-content\/uploads\/2024\/03\/95_bg-slide-4.webp?wsr)\"><img decoding=\"async\" src=\"https:\/\/www.valcucine.com\/wp-content\/uploads\/2024\/03\/95_bg-slide-4.webp?wsr\" ><\/div><\/div><\/div><div class=\"col-lg-5 block__img__bkg__grey__content \"><h4 class='main__title__h4'>Projet de r\u00e9surgence de Vinchiaruzzo<\/h4><div class='block__img__bkg__grey__text'>En Italie, le projet de reboisement de Vinchiaruzzo, dans le Frioul-V\u00e9n\u00e9tie Julienne, tire son origine du terme dialectal \u00ab\u00a0Vinciars\u00a0\u00bb, qui signifie for\u00eats de saules.<\/p>\n<p>Le projet pr\u00e9voit l&rsquo;acquisition de terres pour r\u00e9g\u00e9n\u00e9rer la for\u00eat, en pr\u00e9servant les parcelles de prairies humides pr\u00e9cieuses l\u00e0 o\u00f9 elles existent, et pour fournir un habitat \u00e0 de nombreuses esp\u00e8ces rares de la flore et de la faune. Un patrimoine naturel menac\u00e9 d&rsquo;extinction en raison d&rsquo;une exploitation agricole aveugle.<\/div><\/div><\/div>\n            <script>\n            jQuery(function () {\n                \n                \n                jQuery('#carousel_grey_3').slick({\n                  infinite: true,\n                    slidesToShow: 1,\n                    slidesToScroll: 1,\n                    autoplaySpeed: 8000,\n                    centerPadding: '0px',\n                    mobileFirst: true,\n                    arrows: true,\n                    autoplay: true,\n                    dots: false,\n                    prevArrow: '<div class=\\'corousel__arrow corousel__next text-white inside \\'><i class=\\'fal fa-chevron-left\\'><\/i><\/div>',\n                    nextArrow: '<div class=\\'corousel__arrow corousel__prev text-white inside \\'><i class=\\'fal fa-chevron-right\\'><\/i><\/div>',\n                      responsive: [\n                        {\n                          breakpoint: 768,\n                          settings: {\n                            slidesToShow: 1,\n                            slidesToScroll: 1,\n                          }\n                        },\n                    ]\n              \n                });\n            });\n            <\/script>\n            [\/vc_column][\/vc_row][vc_row css=\u00a0\u00bb.vc_custom_1710834976150{margin-bottom: 40px !important;}\u00a0\u00bb][vc_column][vc_separator color=\u00a0\u00bbcustom\u00a0\u00bb el_width=\u00a0\u00bb10&Prime; accent_color=\u00a0\u00bb#666666&Prime;][\/vc_column][\/vc_row]<\/p>\n<\/div>","protected":false},"excerpt":{"rendered":"<p>[vc_row][vc_column][\/vc_column][\/vc_row][vc_row][vc_column][\/vc_column][\/vc_row][vc_row][vc_column][vc_column_text]Bioforest est une association pour la r\u00e9g\u00e9n\u00e9ration des milieux naturels qui a \u00e9t\u00e9 fond\u00e9e en 1998 \u00e0 Valcucine \u00e0 partir du d\u00e9sir de promouvoir une culture de production plus sensible \u00e0 l&rsquo;environnement. \u00c0 cette fin, elle propose de financer des projets visant \u00e0 la reforestation et au reboisement d&rsquo;\u00e9cosyst\u00e8mes forestiers d\u00e9truits ou d\u00e9grad\u00e9s en Italie [&hellip;]<\/p>\n","protected":false},"author":1,"featured_media":0,"parent":12275,"menu_order":0,"comment_status":"closed","ping_status":"closed","template":"","meta":{"footnotes":""},"class_list":["post-12333","page","type-page","status-publish","hentry"],"yoast_head":"<!-- This site is optimized with the Yoast SEO plugin v26.2 - https:\/\/yoast.com\/wordpress\/plugins\/seo\/ -->\n<title>Bioforest - Valcucine<\/title>\n<meta name=\"robots\" content=\"index, follow, max-snippet:-1, max-image-preview:large, max-video-preview:-1\" \/>\n<link rel=\"canonical\" href=\"https:\/\/www.valcucine.com\/fr\/societe\/esg\/bioforest\/\" \/>\n<meta property=\"og:locale\" content=\"fr_FR\" \/>\n<meta property=\"og:type\" content=\"article\" \/>\n<meta property=\"og:title\" content=\"Bioforest - Valcucine\" \/>\n<meta property=\"og:description\" content=\"[vc_row][vc_column][\/vc_column][\/vc_row][vc_row][vc_column][\/vc_column][\/vc_row][vc_row][vc_column][vc_column_text]Bioforest est une association pour la r\u00e9g\u00e9n\u00e9ration des milieux naturels qui a \u00e9t\u00e9 fond\u00e9e en 1998 \u00e0 Valcucine \u00e0 partir du d\u00e9sir de promouvoir une culture de production plus sensible \u00e0 l&rsquo;environnement. \u00c0 cette fin, elle propose de financer des projets visant \u00e0 la reforestation et au reboisement d&rsquo;\u00e9cosyst\u00e8mes forestiers d\u00e9truits ou d\u00e9grad\u00e9s en Italie [&hellip;]\" \/>\n<meta property=\"og:url\" content=\"https:\/\/www.valcucine.com\/fr\/societe\/esg\/bioforest\/\" \/>\n<meta property=\"og:site_name\" content=\"Valcucine\" \/>\n<meta property=\"article:publisher\" content=\"https:\/\/www.facebook.com\/valcucine\/\" \/>\n<meta property=\"article:modified_time\" content=\"2025-10-15T09:37:48+00:00\" \/>\n<meta name=\"twitter:card\" content=\"summary_large_image\" \/>\n<meta name=\"twitter:label1\" content=\"Dur\u00e9e de lecture estim\u00e9e\" \/>\n\t<meta name=\"twitter:data1\" content=\"3 minutes\" \/>\n<script type=\"application\/ld+json\" class=\"yoast-schema-graph\">{\"@context\":\"https:\/\/schema.org\",\"@graph\":[{\"@type\":\"WebPage\",\"@id\":\"https:\/\/www.valcucine.com\/fr\/societe\/esg\/bioforest\/\",\"url\":\"https:\/\/www.valcucine.com\/fr\/societe\/esg\/bioforest\/\",\"name\":\"Bioforest - Valcucine\",\"isPartOf\":{\"@id\":\"https:\/\/www.valcucine.com\/#website\"},\"datePublished\":\"2024-03-12T09:07:04+00:00\",\"dateModified\":\"2025-10-15T09:37:48+00:00\",\"breadcrumb\":{\"@id\":\"https:\/\/www.valcucine.com\/fr\/societe\/esg\/bioforest\/#breadcrumb\"},\"inLanguage\":\"fr-FR\",\"potentialAction\":[{\"@type\":\"ReadAction\",\"target\":[\"https:\/\/www.valcucine.com\/fr\/societe\/esg\/bioforest\/\"]}]},{\"@type\":\"BreadcrumbList\",\"@id\":\"https:\/\/www.valcucine.com\/fr\/societe\/esg\/bioforest\/#breadcrumb\",\"itemListElement\":[{\"@type\":\"ListItem\",\"position\":1,\"name\":\"Valcucine\",\"item\":\"https:\/\/www.valcucine.com\/fr\/\"},{\"@type\":\"ListItem\",\"position\":2,\"name\":\"Soci\u00e9t\u00e9\",\"item\":\"https:\/\/www.valcucine.com\/fr\/societe\/\"},{\"@type\":\"ListItem\",\"position\":3,\"name\":\"ESG\",\"item\":\"https:\/\/www.valcucine.com\/fr\/societe\/esg\/\"},{\"@type\":\"ListItem\",\"position\":4,\"name\":\"Bioforest\"}]},{\"@type\":\"WebSite\",\"@id\":\"https:\/\/www.valcucine.com\/#website\",\"url\":\"https:\/\/www.valcucine.com\/\",\"name\":\"Valcucine\",\"description\":\"\",\"publisher\":{\"@id\":\"https:\/\/www.valcucine.com\/#organization\"},\"potentialAction\":[{\"@type\":\"SearchAction\",\"target\":{\"@type\":\"EntryPoint\",\"urlTemplate\":\"https:\/\/www.valcucine.com\/?s={search_term_string}\"},\"query-input\":{\"@type\":\"PropertyValueSpecification\",\"valueRequired\":true,\"valueName\":\"search_term_string\"}}],\"inLanguage\":\"fr-FR\"},{\"@type\":\"Organization\",\"@id\":\"https:\/\/www.valcucine.com\/#organization\",\"name\":\"Valcucine\",\"url\":\"https:\/\/www.valcucine.com\/\",\"logo\":{\"@type\":\"ImageObject\",\"inLanguage\":\"fr-FR\",\"@id\":\"https:\/\/www.valcucine.com\/#\/schema\/logo\/image\/\",\"url\":\"https:\/\/www.valcucine.com\/wp-content\/uploads\/2024\/02\/logo-valcucine.webp?wsr\",\"contentUrl\":\"https:\/\/www.valcucine.com\/wp-content\/uploads\/2024\/02\/logo-valcucine.webp?wsr\",\"width\":288,\"height\":46,\"caption\":\"Valcucine\"},\"image\":{\"@id\":\"https:\/\/www.valcucine.com\/#\/schema\/logo\/image\/\"},\"sameAs\":[\"https:\/\/www.facebook.com\/valcucine\/\",\"https:\/\/www.instagram.com\/valcucine\/\",\"https:\/\/www.linkedin.com\/company\/valcucine\"]}]}<\/script>\n<!-- \/ Yoast SEO plugin. -->","yoast_head_json":{"title":"Bioforest - Valcucine","robots":{"index":"index","follow":"follow","max-snippet":"max-snippet:-1","max-image-preview":"max-image-preview:large","max-video-preview":"max-video-preview:-1"},"canonical":"https:\/\/www.valcucine.com\/fr\/societe\/esg\/bioforest\/","og_locale":"fr_FR","og_type":"article","og_title":"Bioforest - Valcucine","og_description":"[vc_row][vc_column][\/vc_column][\/vc_row][vc_row][vc_column][\/vc_column][\/vc_row][vc_row][vc_column][vc_column_text]Bioforest est une association pour la r\u00e9g\u00e9n\u00e9ration des milieux naturels qui a \u00e9t\u00e9 fond\u00e9e en 1998 \u00e0 Valcucine \u00e0 partir du d\u00e9sir de promouvoir une culture de production plus sensible \u00e0 l&rsquo;environnement. \u00c0 cette fin, elle propose de financer des projets visant \u00e0 la reforestation et au reboisement d&rsquo;\u00e9cosyst\u00e8mes forestiers d\u00e9truits ou d\u00e9grad\u00e9s en Italie [&hellip;]","og_url":"https:\/\/www.valcucine.com\/fr\/societe\/esg\/bioforest\/","og_site_name":"Valcucine","article_publisher":"https:\/\/www.facebook.com\/valcucine\/","article_modified_time":"2025-10-15T09:37:48+00:00","twitter_card":"summary_large_image","twitter_misc":{"Dur\u00e9e de lecture estim\u00e9e":"3 minutes"},"schema":{"@context":"https:\/\/schema.org","@graph":[{"@type":"WebPage","@id":"https:\/\/www.valcucine.com\/fr\/societe\/esg\/bioforest\/","url":"https:\/\/www.valcucine.com\/fr\/societe\/esg\/bioforest\/","name":"Bioforest - Valcucine","isPartOf":{"@id":"https:\/\/www.valcucine.com\/#website"},"datePublished":"2024-03-12T09:07:04+00:00","dateModified":"2025-10-15T09:37:48+00:00","breadcrumb":{"@id":"https:\/\/www.valcucine.com\/fr\/societe\/esg\/bioforest\/#breadcrumb"},"inLanguage":"fr-FR","potentialAction":[{"@type":"ReadAction","target":["https:\/\/www.valcucine.com\/fr\/societe\/esg\/bioforest\/"]}]},{"@type":"BreadcrumbList","@id":"https:\/\/www.valcucine.com\/fr\/societe\/esg\/bioforest\/#breadcrumb","itemListElement":[{"@type":"ListItem","position":1,"name":"Valcucine","item":"https:\/\/www.valcucine.com\/fr\/"},{"@type":"ListItem","position":2,"name":"Soci\u00e9t\u00e9","item":"https:\/\/www.valcucine.com\/fr\/societe\/"},{"@type":"ListItem","position":3,"name":"ESG","item":"https:\/\/www.valcucine.com\/fr\/societe\/esg\/"},{"@type":"ListItem","position":4,"name":"Bioforest"}]},{"@type":"WebSite","@id":"https:\/\/www.valcucine.com\/#website","url":"https:\/\/www.valcucine.com\/","name":"Valcucine","description":"","publisher":{"@id":"https:\/\/www.valcucine.com\/#organization"},"potentialAction":[{"@type":"SearchAction","target":{"@type":"EntryPoint","urlTemplate":"https:\/\/www.valcucine.com\/?s={search_term_string}"},"query-input":{"@type":"PropertyValueSpecification","valueRequired":true,"valueName":"search_term_string"}}],"inLanguage":"fr-FR"},{"@type":"Organization","@id":"https:\/\/www.valcucine.com\/#organization","name":"Valcucine","url":"https:\/\/www.valcucine.com\/","logo":{"@type":"ImageObject","inLanguage":"fr-FR","@id":"https:\/\/www.valcucine.com\/#\/schema\/logo\/image\/","url":"https:\/\/www.valcucine.com\/wp-content\/uploads\/2024\/02\/logo-valcucine.webp?wsr","contentUrl":"https:\/\/www.valcucine.com\/wp-content\/uploads\/2024\/02\/logo-valcucine.webp?wsr","width":288,"height":46,"caption":"Valcucine"},"image":{"@id":"https:\/\/www.valcucine.com\/#\/schema\/logo\/image\/"},"sameAs":["https:\/\/www.facebook.com\/valcucine\/","https:\/\/www.instagram.com\/valcucine\/","https:\/\/www.linkedin.com\/company\/valcucine"]}]}},"_links":{"self":[{"href":"https:\/\/www.valcucine.com\/fr\/wp-json\/wp\/v2\/pages\/12333","targetHints":{"allow":["GET"]}}],"collection":[{"href":"https:\/\/www.valcucine.com\/fr\/wp-json\/wp\/v2\/pages"}],"about":[{"href":"https:\/\/www.valcucine.com\/fr\/wp-json\/wp\/v2\/types\/page"}],"author":[{"embeddable":true,"href":"https:\/\/www.valcucine.com\/fr\/wp-json\/wp\/v2\/users\/1"}],"replies":[{"embeddable":true,"href":"https:\/\/www.valcucine.com\/fr\/wp-json\/wp\/v2\/comments?post=12333"}],"version-history":[{"count":6,"href":"https:\/\/www.valcucine.com\/fr\/wp-json\/wp\/v2\/pages\/12333\/revisions"}],"predecessor-version":[{"id":51607,"href":"https:\/\/www.valcucine.com\/fr\/wp-json\/wp\/v2\/pages\/12333\/revisions\/51607"}],"up":[{"embeddable":true,"href":"https:\/\/www.valcucine.com\/fr\/wp-json\/wp\/v2\/pages\/12275"}],"wp:attachment":[{"href":"https:\/\/www.valcucine.com\/fr\/wp-json\/wp\/v2\/media?parent=12333"}],"curies":[{"name":"wp","href":"https:\/\/api.w.org\/{rel}","templated":true}]}}