{"id":12344,"date":"2024-03-15T08:23:39","date_gmt":"2024-03-15T08:23:39","guid":{"rendered":"https:\/\/devel.valcucine.com\/accessoires\/accessori-logica-theca\/"},"modified":"2024-05-27T14:09:49","modified_gmt":"2024-05-27T14:09:49","slug":"accessori","status":"publish","type":"page","link":"https:\/\/www.valcucine.com\/fr\/accessoires\/accessori\/","title":{"rendered":"Accessoires Logica Theca"},"content":{"rendered":"<div class=\"wpb-content-wrapper\"><p>[vc_row][vc_column]\n\t\t\t<!-- START Accessori Logica Theca REVOLUTION SLIDER 6.7.38 --><p class=\"rs-p-wp-fix\"><\/p>\n\t\t\t<rs-module-wrap id=\"rev_slider_44_1_wrapper\" data-source=\"gallery\" style=\"visibility:hidden;background:transparent;padding:0;\">\n\t\t\t\t<rs-module id=\"rev_slider_44_1\" style=\"\" data-version=\"6.7.38\">\n\t\t\t\t\t<rs-slides style=\"overflow: hidden; position: absolute;\">\n\t\t\t\t\t\t<rs-slide style=\"position: absolute;\" data-key=\"rs-229\" data-title=\"Slide\" data-thumb=\"\/\/www.valcucine.com\/wp-content\/uploads\/2024\/03\/1192_artematica_0278-50x100.webp\" data-in=\"o:0;\" data-out=\"a:false;\">\n\t\t\t\t\t\t\t<img decoding=\"async\" src=\"\/\/www.valcucine.com\/wp-content\/plugins\/revslider\/sr6\/assets\/assets\/dummy.png\" alt=\"\" title=\"1192_artematica_0278\" width=\"2400\" height=\"1200\" class=\"rev-slidebg tp-rs-img rs-lazyload\" data-lazyload=\"\/\/www.valcucine.com\/wp-content\/uploads\/2024\/03\/1192_artematica_0278.webp\" data-no-retina>\n<!---->\t\t\t\t\t<\/rs-slide>\n\t\t\t\t\t\t<rs-slide style=\"position: absolute;\" data-key=\"rs-230\" data-title=\"Slide\" data-thumb=\"\/\/www.valcucine.com\/wp-content\/uploads\/2024\/03\/1228_forma-mentis_0759-50x100.webp\" data-in=\"o:0;\" data-out=\"a:false;\">\n\t\t\t\t\t\t\t<img decoding=\"async\" src=\"\/\/www.valcucine.com\/wp-content\/plugins\/revslider\/sr6\/assets\/assets\/dummy.png\" alt=\"\" title=\"1228_forma-mentis_0759\" width=\"2400\" height=\"1200\" class=\"rev-slidebg tp-rs-img rs-lazyload\" data-lazyload=\"\/\/www.valcucine.com\/wp-content\/uploads\/2024\/03\/1228_forma-mentis_0759.webp\" data-no-retina>\n<!---->\t\t\t\t\t<\/rs-slide>\n\t\t\t\t\t\t<rs-slide style=\"position: absolute;\" data-key=\"rs-231\" data-title=\"Slide\" data-thumb=\"\/\/www.valcucine.com\/wp-content\/uploads\/2024\/03\/1231_logica_theca_h18-50x100.webp\" data-in=\"o:0;\" data-out=\"a:false;\">\n\t\t\t\t\t\t\t<img decoding=\"async\" src=\"\/\/www.valcucine.com\/wp-content\/plugins\/revslider\/sr6\/assets\/assets\/dummy.png\" alt=\"\" title=\"1231_logica_theca_h18\" width=\"2400\" height=\"1200\" class=\"rev-slidebg tp-rs-img rs-lazyload\" data-lazyload=\"\/\/www.valcucine.com\/wp-content\/uploads\/2024\/03\/1231_logica_theca_h18.webp\" data-no-retina>\n<!---->\t\t\t\t\t<\/rs-slide>\n\t\t\t\t\t\t<rs-slide style=\"position: absolute;\" data-key=\"rs-232\" data-title=\"Slide\" data-thumb=\"\/\/www.valcucine.com\/wp-content\/uploads\/2024\/03\/2269_artematica_logica_theca_valcucine_special_elements_modern_kitchens-50x100.webp\" data-in=\"o:0;\" data-out=\"a:false;\">\n\t\t\t\t\t\t\t<img decoding=\"async\" src=\"\/\/www.valcucine.com\/wp-content\/plugins\/revslider\/sr6\/assets\/assets\/dummy.png\" alt=\"\" title=\"2269_artematica_logica_theca_valcucine_special_elements_modern_kitchens\" width=\"1994\" height=\"1000\" class=\"rev-slidebg tp-rs-img rs-lazyload\" data-lazyload=\"\/\/www.valcucine.com\/wp-content\/uploads\/2024\/03\/2269_artematica_logica_theca_valcucine_special_elements_modern_kitchens.webp\" data-no-retina>\n<!---->\t\t\t\t\t<\/rs-slide>\n\t\t\t\t\t<\/rs-slides>\n\t\t\t\t\t<rs-static-layers><!--\n\n\t\t\t\t\t\t\t--><rs-layer\n\t\t\t\t\t\t\t\tid=\"slider-44-slide-40-layer-12\" \n\t\t\t\t\t\t\t\tclass=\"play-button rs-svg rs-layer-static\"\n\t\t\t\t\t\t\t\tdata-type=\"svg\"\n\t\t\t\t\t\t\t\tdata-rsp_ch=\"on\"\n\t\t\t\t\t\t\t\tdata-xy=\"xo:20px;y:b;yo:20px;\"\n\t\t\t\t\t\t\t\tdata-text=\"w:normal;s:20,20,20,7;l:0,0,0,9;\"\n\t\t\t\t\t\t\t\tdata-dim=\"w:20px,20px,20px,30px;h:20px,20px,20px,30px;\"\n\t\t\t\t\t\t\t\tdata-actions='o:click;a:playslider;'\n\t\t\t\t\t\t\t\tdata-svg_src=\"\/\/www.valcucine.com\/wp-content\/uploads\/revslider\/svg\/objects\/svgcustom\/circle-play.svg\"\n\t\t\t\t\t\t\t\tdata-svgi=\"oc:t;\"\n\t\t\t\t\t\t\t\tdata-basealign=\"slide\"\n\t\t\t\t\t\t\t\tdata-onslides=\"s:1;\"\n\t\t\t\t\t\t\t\tdata-frame_999=\"o:0;st:w;\"\n\t\t\t\t\t\t\t\tstyle=\"z-index:7;font-family:'Roboto';\"\n\t\t\t\t\t\t\t> \n\t\t\t\t\t\t\t<\/rs-layer><!--\n\n\t\t\t\t\t\t\t--><rs-layer\n\t\t\t\t\t\t\t\tid=\"slider-44-slide-40-layer-13\" \n\t\t\t\t\t\t\t\tclass=\"pause-button current-slider rs-svg rs-layer-static\"\n\t\t\t\t\t\t\t\tdata-type=\"svg\"\n\t\t\t\t\t\t\t\tdata-rsp_ch=\"on\"\n\t\t\t\t\t\t\t\tdata-xy=\"xo:20px;y:b;yo:20px;\"\n\t\t\t\t\t\t\t\tdata-text=\"w:normal;s:20,20,20,7;l:0,0,0,9;\"\n\t\t\t\t\t\t\t\tdata-dim=\"w:20px,20px,20px,30px;h:20px,20px,20px,30px;\"\n\t\t\t\t\t\t\t\tdata-actions='o:click;a:pauseslider;'\n\t\t\t\t\t\t\t\tdata-svg_src=\"\/\/www.valcucine.com\/wp-content\/uploads\/revslider\/svg\/objects\/svgcustom\/circle-pause.svg\"\n\t\t\t\t\t\t\t\tdata-svgi=\"oc:t;\"\n\t\t\t\t\t\t\t\tdata-basealign=\"slide\"\n\t\t\t\t\t\t\t\tdata-onslides=\"s:1;\"\n\t\t\t\t\t\t\t\tdata-frame_999=\"o:0;st:w;\"\n\t\t\t\t\t\t\t\tstyle=\"z-index:8;font-family:'Roboto';\"\n\t\t\t\t\t\t\t> \n\t\t\t\t\t\t\t<\/rs-layer><!--\n\t\t\t\t\t--><\/rs-static-layers>\n\t\t\t\t<\/rs-module>\n\t\t\t\t<script>\n\t\t\t\t\tsetREVStartSize({c: 'rev_slider_44_1',rl:[1240,1240,1240,480],el:[568.984,568.984,568.984,480],gw:[1240,1240,1240,480],gh:[569,569,569,480],type:'standard',justify:'',layout:'fullscreen',offsetContainer:'#slider__height',offset:'0px',mh:\"0\"});if (window.RS_MODULES!==undefined && window.RS_MODULES.modules!==undefined && window.RS_MODULES.modules[\"revslider441\"]!==undefined) {window.RS_MODULES.modules[\"revslider441\"].once = false;window.revapi44 = undefined;if (window.RS_MODULES.checkMinimal!==undefined) window.RS_MODULES.checkMinimal()}\n\t\t\t\t<\/script>\n\t\t\t<\/rs-module-wrap>\n\t\t\t<!-- END REVOLUTION SLIDER -->\n[\/vc_column][\/vc_row][vc_row css=\u00a0\u00bb.vc_custom_1709739912507{padding-top: 40px !important;padding-bottom: 40px !important;}\u00a0\u00bb][vc_column]\n        \n        <h1 class=\"text-center  main__title__h1  \" style=\"color:#333333;\"> \n\n         Accessoires Logica Theca\n        \n        <\/h1>[\/vc_column][\/vc_row][vc_row][vc_column]\n        \n        <h2 class=\"text-start  main__title__h2  vc_custom_1716818537879 \" style=\"color:#333333;\"> \n\n         Con\u00e7u avec ing\u00e9niosit\u00e9, r\u00e9alis\u00e9 avec savoir-faire\n        \n        <\/h2>[vc_column_text]Les accessoires Valcucine sont n\u00e9s de la recherche continue de fonctionnalit\u00e9, con\u00e7us dans le d\u00e9tail pour satisfaire au mieux les diff\u00e9rents besoins et garantir une efficacit\u00e9 maximale dans les diff\u00e9rents domaines d&rsquo;utilisation. Des solutions intelligentes et esth\u00e9tiquement \u00e9l\u00e9gantes qui accompagnent le rituel de la cuisine, simplifiant le travail quotidien en cuisine. Un environnement ordonn\u00e9, rationnel et fluide est cr\u00e9\u00e9, conform\u00e9ment \u00e0 la philosophie de conception de Valcucine selon laquelle \u00ab\u00a0tout est \u00e0 port\u00e9e de main, tout est en ordre en un instant\u00a0\u00bb.[\/vc_column_text][\/vc_column][\/vc_row][vc_row equal_height=\u00a0\u00bbyes\u00a0\u00bb content_placement=\u00a0\u00bbmiddle\u00a0\u00bb][vc_column width=\u00a0\u00bb1\/4&Prime;][vc_single_image image=\u00a0\u00bb5045&Prime; alignment=\u00a0\u00bbcenter\u00a0\u00bb][\/vc_column][vc_column width=\u00a0\u00bb3\/4&Prime;][vc_column_text]<strong>Ensemble de porte-couteaux<\/strong><br \/>\nLa forme ergonomique a \u00e9t\u00e9 con\u00e7ue pour rendre les couteaux facilement identifiables, ce qui facilite leur prise en main. Le bloc de noyer est \u00e9quip\u00e9 de rainures pour l&rsquo;insertion des lames qui restent ainsi cach\u00e9es et orient\u00e9es vers le bas, dans une position de s\u00e9curit\u00e9 absolue. Le<br \/>\nset compos\u00e9 de 5 couteaux de diff\u00e9rentes tailles et fonctions pour r\u00e9pondre \u00e0 tous les besoins :<br \/>\n&#8211; couteau d&rsquo;office 10 cm<br \/>\n&#8211; couteau utilitaire 14 cm<br \/>\n&#8211; couteau \u00e0 pain 22 cm<br \/>\n&#8211; couteau r\u00f4ti 22 cm<br \/>\n&#8211; couteau de cuisine 20 cm<br \/>\n<em>Dimensions (mm) : H110 x P130 x L400<\/em>[\/vc_column_text][\/vc_column][\/vc_row][vc_row equal_height=\u00a0\u00bbyes\u00a0\u00bb content_placement=\u00a0\u00bbmiddle\u00a0\u00bb][vc_column width=\u00a0\u00bb1\/4&Prime;][vc_single_image image=\u00a0\u00bb4845&Prime; alignment=\u00a0\u00bbcenter\u00a0\u00bb][\/vc_column][vc_column width=\u00a0\u00bb3\/4&Prime;][vc_column_text]<strong>Ensemble de planches \u00e0 d\u00e9couper<\/strong><br \/>\nL&rsquo;ensemble se compose d&rsquo;un assortiment de 4 planches \u00e0 d\u00e9couper de diff\u00e9rentes tailles et fonctions pour r\u00e9pondre \u00e0 tous vos besoins en cuisine :<br \/>\n&#8211; planche \u00e0 d\u00e9couper classique en noyer avec surface lisse<br \/>\n&#8211; planche \u00e0 d\u00e9couper en noyer pour pain avec rainures ramasse-miettes<br \/>\n&#8211; planche \u00e0 d\u00e9couper en noyer avec coupe inclin\u00e9e pour pr\u00e9parer et accompagner facilement des l\u00e9gumes hach\u00e9s ou des l\u00e9gumes saut\u00e9s \u00e0 la po\u00eale<br \/>\n&#8211; planche \u00e0 d\u00e9couper en mat\u00e9riau non toxique avec canal de r\u00e9cup\u00e9ration des liquides<br \/>\n<em>Zone de travail recommand\u00e9e : pr\u00e9paration<br \/>\nDimensions : H110 x P130 x L280<\/em>[\/vc_column_text][\/vc_column][\/vc_row][vc_row equal_height=\u00a0\u00bbyes\u00a0\u00bb content_placement=\u00a0\u00bbmiddle\u00a0\u00bb][vc_column width=\u00a0\u00bb1\/4&Prime;][vc_single_image image=\u00a0\u00bb5051&Prime; alignment=\u00a0\u00bbcenter\u00a0\u00bb][\/vc_column][vc_column width=\u00a0\u00bb3\/4&Prime;][vc_column_text]<strong>Ensemble de rouleaux \u00e0 p\u00e2tisserie<\/strong>D\u00e9fini par une esth\u00e9tique \u00e9pur\u00e9e et essentielle, l&rsquo;ensemble se compose de :<br \/>\n&#8211; rouleau \u00e0 p\u00e2tisserie en noyer avec une forme effil\u00e9e qui s&rsquo;adapte parfaitement au mouvement des mains, permettant de travailler la p\u00e2te sans effort et avec une plus grande pr\u00e9cision<br \/>\n&#8211; rouleau \u00e0 p\u00e2tisserie r\u00e9glable en noyer avec disques amovibles pour r\u00e9gler l&rsquo;\u00e9paisseur de la p\u00e2te (2, 4, 6 et 10 mm)<br \/>\nLa base de support, en aluminium anodis\u00e9 noir, maintient les rouleaux \u00e0 p\u00e2tisserie dans une position ergonomique et abrite un espace pour ranger les petits outils pour travailler la p\u00e2te, moules \u00e0 g\u00e2teaux, outils de conception de g\u00e2teaux.<br \/>\n<em>Zone de travail recommand\u00e9e : pr\u00e9paration<br \/>\nDimensions : H110 x P130 x L400<\/em>[\/vc_column_text][\/vc_column][\/vc_row][vc_row equal_height=\u00a0\u00bbyes\u00a0\u00bb content_placement=\u00a0\u00bbmiddle\u00a0\u00bb][vc_column width=\u00a0\u00bb1\/4&Prime;][vc_single_image image=\u00a0\u00bb5556&Prime; img_size=\u00a0\u00bb200&#215;200&Prime; alignment=\u00a0\u00bbcenter\u00a0\u00bb][\/vc_column][vc_column width=\u00a0\u00bb3\/4&Prime;][vc_column_text]<strong>\u00c9quilibre<\/strong><br \/>\nCompacte et fonctionnelle, la balance \u00e9lectronique en acier inoxydable avec socle en noyer a une capacit\u00e9 allant jusqu&rsquo;\u00e0 5 kilos.<br \/>\n<em>Zone de travail recommand\u00e9e : pr\u00e9paration<br \/>\nDimensions : H110 x P130 x L200<\/em>[\/vc_column_text][\/vc_column][\/vc_row][vc_row equal_height=\u00a0\u00bbyes\u00a0\u00bb content_placement=\u00a0\u00bbmiddle\u00a0\u00bb][vc_column width=\u00a0\u00bb1\/4&Prime;][vc_single_image image=\u00a0\u00bb5583&Prime; img_size=\u00a0\u00bb200&#215;200&Prime; alignment=\u00a0\u00bbcenter\u00a0\u00bb][\/vc_column][vc_column width=\u00a0\u00bb3\/4&Prime;][vc_column_text]<strong>Grand r\u00e9cipient en bois<\/strong><br \/>\nLe contenant en noyer est la solution id\u00e9ale pour ranger librement pots \u00e0 \u00e9pices, bocaux, bouteilles, condiments ou divers \u00e9quipements selon les besoins personnels. Essentiel dans les lignes et raffin\u00e9 dans la fabrication, il peut \u00eatre facilement soulev\u00e9 gr\u00e2ce aux poign\u00e9es lat\u00e9rales.<br \/>\nIl est \u00e9galement plac\u00e9 sur Logica Theca\u00a0 pont \u00e9quip\u00e9 , positionnement libre \u00e0 l&rsquo;int\u00e9rieur des tiroirs profonds et des \u00e9l\u00e9ments hauts<br \/>\n<em>Zone de travail recommand\u00e9e : pr\u00e9paration et cuisson<br \/>\nDimensions : H110 x P130 x L280<\/em>[\/vc_column_text][\/vc_column][\/vc_row][vc_row equal_height=\u00a0\u00bbyes\u00a0\u00bb content_placement=\u00a0\u00bbmiddle\u00a0\u00bb][vc_column width=\u00a0\u00bb1\/4&Prime;][vc_single_image image=\u00a0\u00bb5589&Prime; img_size=\u00a0\u00bb200&#215;200&Prime; alignment=\u00a0\u00bbcenter\u00a0\u00bb][\/vc_column][vc_column width=\u00a0\u00bb3\/4&Prime;][vc_column_text]<strong>Conteneur en bois<\/strong><br \/>\nLe r\u00e9cipient en noyer est la solution id\u00e9ale pour ranger et ranger les couverts et les petits ustensiles, tels que les passoires, les r\u00e2pes, les coupe-pizza et les tasses \u00e0 mesurer. Gr\u00e2ce \u00e0 la hauteur modulaire, il est possible d&#8217;empiler deux conteneurs, l&rsquo;un au-dessus de l&rsquo;autre, avec un gain de place consid\u00e9rable.<br \/>\nIl peut \u00e9galement \u00eatre plac\u00e9 sur le plateau \u00e9quip\u00e9 , positionnement libre \u00e0 l&rsquo;int\u00e9rieur des tiroirs profonds et des \u00e9l\u00e9ments hauts.<br \/>\n<em>Zone de travail recommand\u00e9e : pr\u00e9paration et cuisson<br \/>\nDimensions : H55 x P130 x L280<\/em>[\/vc_column_text][\/vc_column][\/vc_row][vc_row equal_height=\u00a0\u00bbyes\u00a0\u00bb content_placement=\u00a0\u00bbmiddle\u00a0\u00bb][vc_column width=\u00a0\u00bb1\/4&Prime;][vc_single_image image=\u00a0\u00bb5594&Prime; img_size=\u00a0\u00bb200&#215;200&Prime; alignment=\u00a0\u00bbcenter\u00a0\u00bb][\/vc_column][vc_column width=\u00a0\u00bb3\/4&Prime;][vc_column_text]<strong>Conteneur inclin\u00e9 130<\/strong><br \/>\nProfitant du plan inclin\u00e9, l&rsquo;\u00e9l\u00e9ment mobile en aluminium anodis\u00e9 noir convient au stockage d&rsquo;objets l\u00e9g\u00e8rement plus hauts que la hauteur de confinement de Logica Theca, tels que des pots \u00e0 \u00e9pices et des pots \u00e0 condiments.<br \/>\nDe cette fa\u00e7on, les conteneurs plac\u00e9s \u00e0 l&rsquo;int\u00e9rieur du canal \u00e9quip\u00e9 restent toujours visibles et facilement accessibles.<br \/>\n<em>Zone de travail recommand\u00e9e : pr\u00e9paration et cuisson<br \/>\nDimensions : H55 x P130 x L130<\/em>[\/vc_column_text][\/vc_column][\/vc_row][vc_row equal_height=\u00a0\u00bbyes\u00a0\u00bb content_placement=\u00a0\u00bbmiddle\u00a0\u00bb][vc_column width=\u00a0\u00bb1\/4&Prime;][vc_single_image image=\u00a0\u00bb5600&Prime; img_size=\u00a0\u00bb200&#215;200&Prime; alignment=\u00a0\u00bbcenter\u00a0\u00bb][\/vc_column][vc_column width=\u00a0\u00bb3\/4&Prime;][vc_column_text]<strong>Conteneur inclin\u00e9 280<\/strong><br \/>\nProfitant du plan inclin\u00e9, l&rsquo;\u00e9l\u00e9ment mobile en aluminium anodis\u00e9 noir convient au stockage d&rsquo;objets plus hauts que la hauteur de confinement de Logica Theca, tels que des m\u00e9langeurs et des bouteilles.<br \/>\nDe cette fa\u00e7on, les conteneurs hauts positionn\u00e9s \u00e0 l&rsquo;int\u00e9rieur du canal \u00e9quip\u00e9 n&rsquo;interf\u00e8rent pas avec la porte ferm\u00e9e, ils restent toujours visibles et facilement accessibles.<br \/>\n<em>Zone de travail recommand\u00e9e : pr\u00e9paration et cuisson<br \/>\nDimensions : H55 x P130 x L280<\/em>[\/vc_column_text][\/vc_column][\/vc_row][vc_row equal_height=\u00a0\u00bbyes\u00a0\u00bb content_placement=\u00a0\u00bbmiddle\u00a0\u00bb][vc_column width=\u00a0\u00bb1\/4&Prime;][vc_single_image image=\u00a0\u00bb5606&Prime; img_size=\u00a0\u00bb200&#215;200&Prime; alignment=\u00a0\u00bbcenter\u00a0\u00bb][\/vc_column][vc_column width=\u00a0\u00bb3\/4&Prime;][vc_column_text]<strong>S\u00e9parateur de dosseret<\/strong><br \/>\nUn moyen simple qui vous permet de diviser l&rsquo;espace int\u00e9rieur et de le personnaliser \u00e0 votre guise pour obtenir la configuration pr\u00e9f\u00e9r\u00e9e. Renvers\u00e9, l&rsquo;\u00e9l\u00e9ment en forme de C en aluminium anodis\u00e9 noir peut \u00e9galement \u00eatre utilis\u00e9 comme dosseret ou surface d&rsquo;appui, offrant ainsi une grande libert\u00e9 de composition.<br \/>\n<em>Zone de travail recommand\u00e9e : pr\u00e9paration et cuisson<br \/>\nDimensions : H55 x P130 x L130<\/em>[\/vc_column_text][\/vc_column][\/vc_row][vc_row equal_height=\u00a0\u00bbyes\u00a0\u00bb content_placement=\u00a0\u00bbmiddle\u00a0\u00bb][vc_column width=\u00a0\u00bb1\/4&Prime;][vc_single_image image=\u00a0\u00bb5611&Prime; img_size=\u00a0\u00bb200&#215;200&Prime; alignment=\u00a0\u00bbcenter\u00a0\u00bb][\/vc_column][vc_column width=\u00a0\u00bb3\/4&Prime;][vc_column_text]<strong>Couvercle de robinet avec bac \u00e0 \u00e9ponge<\/strong><br \/>\nLe couvercle sp\u00e9cifique pour le robinet ambidextre devient un espace de confinement utile qui vous permet d&rsquo;avoir tout ce dont vous avez besoin pour maintenir l&rsquo;ordre et la propret\u00e9 dans la cuisine imm\u00e9diatement \u00e0 port\u00e9e de main.<br \/>\nS&rsquo;adapte sur Logica Theca avec robinet<br \/>\n<em>Zone de travail recommand\u00e9e : lavage<br \/>\nDimensions : H110 x P130 x L200<\/em>[\/vc_column_text][\/vc_column][\/vc_row][vc_row equal_height=\u00a0\u00bbyes\u00a0\u00bb content_placement=\u00a0\u00bbmiddle\u00a0\u00bb][vc_column width=\u00a0\u00bb1\/4&Prime;][vc_single_image image=\u00a0\u00bb5620&Prime; img_size=\u00a0\u00bb200&#215;200&Prime; alignment=\u00a0\u00bbcenter\u00a0\u00bb][\/vc_column][vc_column width=\u00a0\u00bb3\/4&Prime;][vc_column_text]<strong>Ensemble \u00e9gouttoir \u00e9vier<br \/>\n<\/strong>L&rsquo;ensemble d&rsquo;\u00e9gouttoirs en acier inoxydable pour l&rsquo;\u00e9vier se compose de :<br \/>\n&#8211; \u00e9gouttoir plat pour verres et vaisselle<br \/>\n&#8211; bac perfor\u00e9 pour laver les fruits et l\u00e9gumes ou \u00e9goutter les p\u00e2tes<br \/>\n&#8211; bac de r\u00e9cup\u00e9ration d&rsquo;eau<br \/>\nLes \u00e9gouttoirs sont plac\u00e9s sur le bord de l&rsquo;\u00e9vier et, apr\u00e8s utilisation, peuvent \u00eatre stock\u00e9s empil\u00e9s \u00e0 l&rsquo;int\u00e9rieur du caniveau Logica Theca \u00e9quip\u00e9 avec un gain de place consid\u00e9rable.<br \/>\nIl est pos\u00e9 sur Logica Theca en pr\u00e9sence d&rsquo;un \u00e9vier de 400 mm de profondeur<br \/>\n<em>Zone de travail recommand\u00e9e : lavage<br \/>\nDimensions : H110 x P130 x L400<\/em>[\/vc_column_text][\/vc_column][\/vc_row][vc_row equal_height=\u00a0\u00bbyes\u00a0\u00bb content_placement=\u00a0\u00bbmiddle\u00a0\u00bb][vc_column width=\u00a0\u00bb1\/4&Prime;][vc_single_image image=\u00a0\u00bb5626&Prime; img_size=\u00a0\u00bb200&#215;200&Prime; alignment=\u00a0\u00bbcenter\u00a0\u00bb][\/vc_column][vc_column width=\u00a0\u00bb3\/4&Prime;][vc_column_text]<strong>R\u00e9cipient en acier inoxydable<\/strong><br \/>\nGr\u00e2ce \u00e0 sa haute r\u00e9sistance \u00e0 la corrosion, le conteneur en acier inoxydable est la solution id\u00e9ale pour stocker des accessoires et des objets qui travaillent au contact de l&rsquo;eau ou des conteneurs pour produits agressifs tels que le sel.<br \/>\nIl est \u00e9galement situ\u00e9 sur un pont \u00e9quip\u00e9<br \/>\n<em>Zone de travail recommand\u00e9e : lavage et pr\u00e9paration<br \/>\nIl est disponible en deux dimensions : H55 x P130 x L130 ; H55 x P130 x L280<\/em>[\/vc_column_text][\/vc_column][\/vc_row][vc_row equal_height=\u00a0\u00bbyes\u00a0\u00bb content_placement=\u00a0\u00bbmiddle\u00a0\u00bb][vc_column width=\u00a0\u00bb1\/4&Prime;][vc_single_image image=\u00a0\u00bb5631&Prime; img_size=\u00a0\u00bb200&#215;200&Prime; alignment=\u00a0\u00bbcenter\u00a0\u00bb][\/vc_column][vc_column width=\u00a0\u00bb3\/4&Prime;][vc_column_text]<strong>Module prise lat\u00e9rale<\/strong><br \/>\nUne solution intelligente et ergonomique pour pouvoir utiliser confortablement de petits appareils \u00e9lectrom\u00e9nagers sur le plan de travail.<br \/>\nLe module \u00e0 double prise \u00e9lectrique inclin\u00e9e \u00e9quip\u00e9 de portes de protection ne peut \u00eatre positionn\u00e9 que sur les c\u00f4t\u00e9s extr\u00eames \u00e0 l&rsquo;int\u00e9rieur de la goulotte \u00e9quip\u00e9e de Logica Theca. Vous pouvez remplacer les prises \u00e9lectriques par des ports USB.<br \/>\n<em>Zone de travail recommand\u00e9e : pr\u00e9paration<br \/>\nDimensions : H124 x P130 x L110<\/em>[\/vc_column_text][\/vc_column][\/vc_row][vc_row equal_height=\u00a0\u00bbyes\u00a0\u00bb content_placement=\u00a0\u00bbmiddle\u00a0\u00bb][vc_column width=\u00a0\u00bb1\/4&Prime;][vc_single_image image=\u00a0\u00bb5636&Prime; img_size=\u00a0\u00bb200&#215;200&Prime; alignment=\u00a0\u00bbcenter\u00a0\u00bb][\/vc_column][vc_column width=\u00a0\u00bb3\/4&Prime;][vc_column_text]<strong>Module de prise autonome<\/strong><br \/>\nUne solution intelligente et ergonomique pour pouvoir utiliser confortablement de petits appareils \u00e9lectrom\u00e9nagers sur le plan de travail.<br \/>\nLe module horizontal \u00e0 double prise \u00e9lectrique \u00e9quip\u00e9 de volets de protection peut \u00eatre positionn\u00e9 librement \u00e0 l&rsquo;int\u00e9rieur de la goulotte Logica Theca \u00e9quip\u00e9e. \u200bIl est possible de remplacer les douilles cordons d&rsquo;alimentation avec ports USB.<br \/>\n<em>Zone de travail recommand\u00e9e : pr\u00e9paration<br \/>\nDimensions : H55 x P130 x L130<\/em>[\/vc_column_text][\/vc_column][\/vc_row][vc_row css=\u00a0\u00bb.vc_custom_1710778645679{margin-bottom: 40px !important;}\u00a0\u00bb][vc_column][vc_separator color=\u00a0\u00bbcustom\u00a0\u00bb el_width=\u00a0\u00bb10&Prime; accent_color=\u00a0\u00bb#666666&Prime;][\/vc_column][\/vc_row]<\/p>\n<\/div>","protected":false},"excerpt":{"rendered":"<p>[vc_row][vc_column][\/vc_column][\/vc_row][vc_row css=\u00a0\u00bb.vc_custom_1709739912507{padding-top: 40px !important;padding-bottom: 40px !important;}\u00a0\u00bb][vc_column][\/vc_column][\/vc_row][vc_row][vc_column][vc_column_text]Les accessoires Valcucine sont n\u00e9s de la recherche continue de fonctionnalit\u00e9, con\u00e7us dans le d\u00e9tail pour satisfaire au mieux les diff\u00e9rents besoins et garantir une efficacit\u00e9 maximale dans les diff\u00e9rents domaines d&rsquo;utilisation. Des solutions intelligentes et esth\u00e9tiquement \u00e9l\u00e9gantes qui accompagnent le rituel de la cuisine, simplifiant le travail quotidien en [&hellip;]<\/p>\n","protected":false},"author":1,"featured_media":0,"parent":12341,"menu_order":0,"comment_status":"closed","ping_status":"closed","template":"","meta":{"footnotes":""},"class_list":["post-12344","page","type-page","status-publish","hentry"],"yoast_head":"<!-- This site is optimized with the Yoast SEO plugin v26.2 - https:\/\/yoast.com\/wordpress\/plugins\/seo\/ -->\n<title>Accessoires Logica Theca - Valcucine<\/title>\n<meta name=\"robots\" content=\"index, follow, max-snippet:-1, max-image-preview:large, max-video-preview:-1\" \/>\n<link rel=\"canonical\" href=\"https:\/\/www.valcucine.com\/fr\/accessoires\/accessori\/\" \/>\n<meta property=\"og:locale\" content=\"fr_FR\" \/>\n<meta property=\"og:type\" content=\"article\" \/>\n<meta property=\"og:title\" content=\"Accessoires Logica Theca - Valcucine\" \/>\n<meta property=\"og:description\" content=\"[vc_row][vc_column][\/vc_column][\/vc_row][vc_row css=\u00a0\u00bb.vc_custom_1709739912507{padding-top: 40px !important;padding-bottom: 40px !important;}\u00a0\u00bb][vc_column][\/vc_column][\/vc_row][vc_row][vc_column][vc_column_text]Les accessoires Valcucine sont n\u00e9s de la recherche continue de fonctionnalit\u00e9, con\u00e7us dans le d\u00e9tail pour satisfaire au mieux les diff\u00e9rents besoins et garantir une efficacit\u00e9 maximale dans les diff\u00e9rents domaines d&rsquo;utilisation. Des solutions intelligentes et esth\u00e9tiquement \u00e9l\u00e9gantes qui accompagnent le rituel de la cuisine, simplifiant le travail quotidien en [&hellip;]\" \/>\n<meta property=\"og:url\" content=\"https:\/\/www.valcucine.com\/fr\/accessoires\/accessori\/\" \/>\n<meta property=\"og:site_name\" content=\"Valcucine\" \/>\n<meta property=\"article:publisher\" content=\"https:\/\/www.facebook.com\/valcucine\/\" \/>\n<meta property=\"article:modified_time\" content=\"2024-05-27T14:09:49+00:00\" \/>\n<meta name=\"twitter:card\" content=\"summary_large_image\" \/>\n<meta name=\"twitter:label1\" content=\"Dur\u00e9e de lecture estim\u00e9e\" \/>\n\t<meta name=\"twitter:data1\" content=\"7 minutes\" \/>\n<script type=\"application\/ld+json\" class=\"yoast-schema-graph\">{\"@context\":\"https:\/\/schema.org\",\"@graph\":[{\"@type\":\"WebPage\",\"@id\":\"https:\/\/www.valcucine.com\/fr\/accessoires\/accessori\/\",\"url\":\"https:\/\/www.valcucine.com\/fr\/accessoires\/accessori\/\",\"name\":\"Accessoires Logica Theca - Valcucine\",\"isPartOf\":{\"@id\":\"https:\/\/www.valcucine.com\/#website\"},\"datePublished\":\"2024-03-15T08:23:39+00:00\",\"dateModified\":\"2024-05-27T14:09:49+00:00\",\"breadcrumb\":{\"@id\":\"https:\/\/www.valcucine.com\/fr\/accessoires\/accessori\/#breadcrumb\"},\"inLanguage\":\"fr-FR\",\"potentialAction\":[{\"@type\":\"ReadAction\",\"target\":[\"https:\/\/www.valcucine.com\/fr\/accessoires\/accessori\/\"]}]},{\"@type\":\"BreadcrumbList\",\"@id\":\"https:\/\/www.valcucine.com\/fr\/accessoires\/accessori\/#breadcrumb\",\"itemListElement\":[{\"@type\":\"ListItem\",\"position\":1,\"name\":\"Valcucine\",\"item\":\"https:\/\/www.valcucine.com\/fr\/\"},{\"@type\":\"ListItem\",\"position\":2,\"name\":\"Accessoires\",\"item\":\"https:\/\/www.valcucine.com\/fr\/accessoires\/\"},{\"@type\":\"ListItem\",\"position\":3,\"name\":\"Accessoires Logica Theca\"}]},{\"@type\":\"WebSite\",\"@id\":\"https:\/\/www.valcucine.com\/#website\",\"url\":\"https:\/\/www.valcucine.com\/\",\"name\":\"Valcucine\",\"description\":\"\",\"publisher\":{\"@id\":\"https:\/\/www.valcucine.com\/#organization\"},\"potentialAction\":[{\"@type\":\"SearchAction\",\"target\":{\"@type\":\"EntryPoint\",\"urlTemplate\":\"https:\/\/www.valcucine.com\/?s={search_term_string}\"},\"query-input\":{\"@type\":\"PropertyValueSpecification\",\"valueRequired\":true,\"valueName\":\"search_term_string\"}}],\"inLanguage\":\"fr-FR\"},{\"@type\":\"Organization\",\"@id\":\"https:\/\/www.valcucine.com\/#organization\",\"name\":\"Valcucine\",\"url\":\"https:\/\/www.valcucine.com\/\",\"logo\":{\"@type\":\"ImageObject\",\"inLanguage\":\"fr-FR\",\"@id\":\"https:\/\/www.valcucine.com\/#\/schema\/logo\/image\/\",\"url\":\"https:\/\/www.valcucine.com\/wp-content\/uploads\/2024\/02\/logo-valcucine.webp?wsr\",\"contentUrl\":\"https:\/\/www.valcucine.com\/wp-content\/uploads\/2024\/02\/logo-valcucine.webp?wsr\",\"width\":288,\"height\":46,\"caption\":\"Valcucine\"},\"image\":{\"@id\":\"https:\/\/www.valcucine.com\/#\/schema\/logo\/image\/\"},\"sameAs\":[\"https:\/\/www.facebook.com\/valcucine\/\",\"https:\/\/www.instagram.com\/valcucine\/\",\"https:\/\/www.linkedin.com\/company\/valcucine\"]}]}<\/script>\n<!-- \/ Yoast SEO plugin. -->","yoast_head_json":{"title":"Accessoires Logica Theca - Valcucine","robots":{"index":"index","follow":"follow","max-snippet":"max-snippet:-1","max-image-preview":"max-image-preview:large","max-video-preview":"max-video-preview:-1"},"canonical":"https:\/\/www.valcucine.com\/fr\/accessoires\/accessori\/","og_locale":"fr_FR","og_type":"article","og_title":"Accessoires Logica Theca - Valcucine","og_description":"[vc_row][vc_column][\/vc_column][\/vc_row][vc_row css=\u00a0\u00bb.vc_custom_1709739912507{padding-top: 40px !important;padding-bottom: 40px !important;}\u00a0\u00bb][vc_column][\/vc_column][\/vc_row][vc_row][vc_column][vc_column_text]Les accessoires Valcucine sont n\u00e9s de la recherche continue de fonctionnalit\u00e9, con\u00e7us dans le d\u00e9tail pour satisfaire au mieux les diff\u00e9rents besoins et garantir une efficacit\u00e9 maximale dans les diff\u00e9rents domaines d&rsquo;utilisation. Des solutions intelligentes et esth\u00e9tiquement \u00e9l\u00e9gantes qui accompagnent le rituel de la cuisine, simplifiant le travail quotidien en [&hellip;]","og_url":"https:\/\/www.valcucine.com\/fr\/accessoires\/accessori\/","og_site_name":"Valcucine","article_publisher":"https:\/\/www.facebook.com\/valcucine\/","article_modified_time":"2024-05-27T14:09:49+00:00","twitter_card":"summary_large_image","twitter_misc":{"Dur\u00e9e de lecture estim\u00e9e":"7 minutes"},"schema":{"@context":"https:\/\/schema.org","@graph":[{"@type":"WebPage","@id":"https:\/\/www.valcucine.com\/fr\/accessoires\/accessori\/","url":"https:\/\/www.valcucine.com\/fr\/accessoires\/accessori\/","name":"Accessoires Logica Theca - Valcucine","isPartOf":{"@id":"https:\/\/www.valcucine.com\/#website"},"datePublished":"2024-03-15T08:23:39+00:00","dateModified":"2024-05-27T14:09:49+00:00","breadcrumb":{"@id":"https:\/\/www.valcucine.com\/fr\/accessoires\/accessori\/#breadcrumb"},"inLanguage":"fr-FR","potentialAction":[{"@type":"ReadAction","target":["https:\/\/www.valcucine.com\/fr\/accessoires\/accessori\/"]}]},{"@type":"BreadcrumbList","@id":"https:\/\/www.valcucine.com\/fr\/accessoires\/accessori\/#breadcrumb","itemListElement":[{"@type":"ListItem","position":1,"name":"Valcucine","item":"https:\/\/www.valcucine.com\/fr\/"},{"@type":"ListItem","position":2,"name":"Accessoires","item":"https:\/\/www.valcucine.com\/fr\/accessoires\/"},{"@type":"ListItem","position":3,"name":"Accessoires Logica Theca"}]},{"@type":"WebSite","@id":"https:\/\/www.valcucine.com\/#website","url":"https:\/\/www.valcucine.com\/","name":"Valcucine","description":"","publisher":{"@id":"https:\/\/www.valcucine.com\/#organization"},"potentialAction":[{"@type":"SearchAction","target":{"@type":"EntryPoint","urlTemplate":"https:\/\/www.valcucine.com\/?s={search_term_string}"},"query-input":{"@type":"PropertyValueSpecification","valueRequired":true,"valueName":"search_term_string"}}],"inLanguage":"fr-FR"},{"@type":"Organization","@id":"https:\/\/www.valcucine.com\/#organization","name":"Valcucine","url":"https:\/\/www.valcucine.com\/","logo":{"@type":"ImageObject","inLanguage":"fr-FR","@id":"https:\/\/www.valcucine.com\/#\/schema\/logo\/image\/","url":"https:\/\/www.valcucine.com\/wp-content\/uploads\/2024\/02\/logo-valcucine.webp?wsr","contentUrl":"https:\/\/www.valcucine.com\/wp-content\/uploads\/2024\/02\/logo-valcucine.webp?wsr","width":288,"height":46,"caption":"Valcucine"},"image":{"@id":"https:\/\/www.valcucine.com\/#\/schema\/logo\/image\/"},"sameAs":["https:\/\/www.facebook.com\/valcucine\/","https:\/\/www.instagram.com\/valcucine\/","https:\/\/www.linkedin.com\/company\/valcucine"]}]}},"_links":{"self":[{"href":"https:\/\/www.valcucine.com\/fr\/wp-json\/wp\/v2\/pages\/12344","targetHints":{"allow":["GET"]}}],"collection":[{"href":"https:\/\/www.valcucine.com\/fr\/wp-json\/wp\/v2\/pages"}],"about":[{"href":"https:\/\/www.valcucine.com\/fr\/wp-json\/wp\/v2\/types\/page"}],"author":[{"embeddable":true,"href":"https:\/\/www.valcucine.com\/fr\/wp-json\/wp\/v2\/users\/1"}],"replies":[{"embeddable":true,"href":"https:\/\/www.valcucine.com\/fr\/wp-json\/wp\/v2\/comments?post=12344"}],"version-history":[{"count":3,"href":"https:\/\/www.valcucine.com\/fr\/wp-json\/wp\/v2\/pages\/12344\/revisions"}],"predecessor-version":[{"id":12347,"href":"https:\/\/www.valcucine.com\/fr\/wp-json\/wp\/v2\/pages\/12344\/revisions\/12347"}],"up":[{"embeddable":true,"href":"https:\/\/www.valcucine.com\/fr\/wp-json\/wp\/v2\/pages\/12341"}],"wp:attachment":[{"href":"https:\/\/www.valcucine.com\/fr\/wp-json\/wp\/v2\/media?parent=12344"}],"curies":[{"name":"wp","href":"https:\/\/api.w.org\/{rel}","templated":true}]}}