{"id":12415,"date":"2024-03-20T09:26:08","date_gmt":"2024-03-20T09:26:08","guid":{"rendered":"https:\/\/devel.valcucine.com\/elements-caracteristiques\/artisanat\/cassetti-genius-loci\/intarsio\/"},"modified":"2024-05-28T06:56:52","modified_gmt":"2024-05-28T06:56:52","slug":"intarsio","status":"publish","type":"page","link":"https:\/\/www.valcucine.com\/fr\/elements-caracteristiques\/artisanat\/cassetti-genius-loci\/intarsio\/","title":{"rendered":"Marqueterie. Le contraste"},"content":{"rendered":"<div class=\"wpb-content-wrapper\"><p>[vc_row][vc_column]\n\t\t\t<!-- START Intarsio. Il contrasto REVOLUTION SLIDER 6.7.38 --><p class=\"rs-p-wp-fix\"><\/p>\n\t\t\t<rs-module-wrap id=\"rev_slider_83_1_wrapper\" data-source=\"gallery\" style=\"visibility:hidden;background:transparent;padding:0;\">\n\t\t\t\t<rs-module id=\"rev_slider_83_1\" style=\"\" data-version=\"6.7.38\">\n\t\t\t\t\t<rs-slides style=\"overflow: hidden; position: absolute;\">\n\t\t\t\t\t\t<rs-slide style=\"position: absolute;\" data-key=\"rs-352\" data-title=\"Slide\" data-thumb=\"\/\/www.valcucine.com\/wp-content\/uploads\/2024\/03\/720_intarsio_2400-1200-50x100.webp\" data-in=\"o:0;\" data-out=\"a:false;\">\n\t\t\t\t\t\t\t<img decoding=\"async\" src=\"\/\/www.valcucine.com\/wp-content\/plugins\/revslider\/sr6\/assets\/assets\/dummy.png\" alt=\"\" title=\"720_intarsio_2400-1200\" width=\"2400\" height=\"1200\" class=\"rev-slidebg tp-rs-img rs-lazyload\" data-lazyload=\"\/\/www.valcucine.com\/wp-content\/uploads\/2024\/03\/720_intarsio_2400-1200.webp\" data-no-retina>\n<!---->\t\t\t\t\t<\/rs-slide>\n\t\t\t\t\t\t<rs-slide style=\"position: absolute;\" data-key=\"rs-353\" data-title=\"Slide\" data-thumb=\"\/\/www.valcucine.com\/wp-content\/uploads\/2024\/03\/721_intarsio-2400-1200-50x100.webp\" data-in=\"o:0;\" data-out=\"a:false;\">\n\t\t\t\t\t\t\t<img decoding=\"async\" src=\"\/\/www.valcucine.com\/wp-content\/plugins\/revslider\/sr6\/assets\/assets\/dummy.png\" alt=\"\" title=\"721_intarsio-2400-1200\" width=\"2400\" height=\"1200\" class=\"rev-slidebg tp-rs-img rs-lazyload\" data-lazyload=\"\/\/www.valcucine.com\/wp-content\/uploads\/2024\/03\/721_intarsio-2400-1200.webp\" data-no-retina>\n<!---->\t\t\t\t\t<\/rs-slide>\n\t\t\t\t\t<\/rs-slides>\n\t\t\t\t\t<rs-static-layers><!--\n\n\t\t\t\t\t\t\t--><rs-layer\n\t\t\t\t\t\t\t\tid=\"slider-83-slide-73-layer-12\" \n\t\t\t\t\t\t\t\tclass=\"play-button rs-svg rs-layer-static\"\n\t\t\t\t\t\t\t\tdata-type=\"svg\"\n\t\t\t\t\t\t\t\tdata-rsp_ch=\"on\"\n\t\t\t\t\t\t\t\tdata-xy=\"xo:20px;y:b;yo:20px;\"\n\t\t\t\t\t\t\t\tdata-text=\"w:normal;s:20,20,20,7;l:0,0,0,9;\"\n\t\t\t\t\t\t\t\tdata-dim=\"w:20px,20px,20px,30px;h:20px,20px,20px,30px;\"\n\t\t\t\t\t\t\t\tdata-actions='o:click;a:playslider;'\n\t\t\t\t\t\t\t\tdata-svg_src=\"\/\/www.valcucine.com\/wp-content\/uploads\/revslider\/svg\/objects\/svgcustom\/circle-play.svg\"\n\t\t\t\t\t\t\t\tdata-svgi=\"oc:t;\"\n\t\t\t\t\t\t\t\tdata-basealign=\"slide\"\n\t\t\t\t\t\t\t\tdata-onslides=\"s:1;\"\n\t\t\t\t\t\t\t\tdata-frame_999=\"o:0;st:w;\"\n\t\t\t\t\t\t\t\tstyle=\"z-index:7;font-family:'Roboto';\"\n\t\t\t\t\t\t\t> \n\t\t\t\t\t\t\t<\/rs-layer><!--\n\n\t\t\t\t\t\t\t--><rs-layer\n\t\t\t\t\t\t\t\tid=\"slider-83-slide-73-layer-13\" \n\t\t\t\t\t\t\t\tclass=\"pause-button current-slider rs-svg rs-layer-static\"\n\t\t\t\t\t\t\t\tdata-type=\"svg\"\n\t\t\t\t\t\t\t\tdata-rsp_ch=\"on\"\n\t\t\t\t\t\t\t\tdata-xy=\"xo:20px;y:b;yo:20px;\"\n\t\t\t\t\t\t\t\tdata-text=\"w:normal;s:20,20,20,7;l:0,0,0,9;\"\n\t\t\t\t\t\t\t\tdata-dim=\"w:20px,20px,20px,30px;h:20px,20px,20px,30px;\"\n\t\t\t\t\t\t\t\tdata-actions='o:click;a:pauseslider;'\n\t\t\t\t\t\t\t\tdata-svg_src=\"\/\/www.valcucine.com\/wp-content\/uploads\/revslider\/svg\/objects\/svgcustom\/circle-pause.svg\"\n\t\t\t\t\t\t\t\tdata-svgi=\"oc:t;\"\n\t\t\t\t\t\t\t\tdata-basealign=\"slide\"\n\t\t\t\t\t\t\t\tdata-onslides=\"s:1;\"\n\t\t\t\t\t\t\t\tdata-frame_999=\"o:0;st:w;\"\n\t\t\t\t\t\t\t\tstyle=\"z-index:8;font-family:'Roboto';\"\n\t\t\t\t\t\t\t> \n\t\t\t\t\t\t\t<\/rs-layer><!--\n\t\t\t\t\t--><\/rs-static-layers>\n\t\t\t\t<\/rs-module>\n\t\t\t\t<script>\n\t\t\t\t\tsetREVStartSize({c: 'rev_slider_83_1',rl:[1240,1240,1240,480],el:[568.984,568.984,568.984,480],gw:[1240,1240,1240,480],gh:[569,569,569,480],type:'standard',justify:'',layout:'fullscreen',offsetContainer:'#slider__height',offset:'0px',mh:\"0\"});if (window.RS_MODULES!==undefined && window.RS_MODULES.modules!==undefined && window.RS_MODULES.modules[\"revslider831\"]!==undefined) {window.RS_MODULES.modules[\"revslider831\"].once = false;window.revapi83 = undefined;if (window.RS_MODULES.checkMinimal!==undefined) window.RS_MODULES.checkMinimal()}\n\t\t\t\t<\/script>\n\t\t\t<\/rs-module-wrap>\n\t\t\t<!-- END REVOLUTION SLIDER -->\n[\/vc_column][\/vc_row][vc_row][vc_column css=\u00a0\u00bb.vc_custom_1710922740545{padding-top: 40px !important;padding-bottom: 40px !important;}\u00a0\u00bb]\n        \n        <h1 class=\"text-center  main__title__h1  \" style=\"color:#333333;\"> \n\n         Marqueterie. Le contraste\n        \n        <\/h1>[\/vc_column][\/vc_row][vc_row][vc_column width=\u00a0\u00bb1\/2&Prime;][vc_column_text]La marqueterie, ou l\u2019incrustation sur bois, d\u00e9finie comme \u00ab le cubisme de la Renaissance \u00bb est une d\u00e9coration particuli\u00e8re qui cr\u00e9e l\u2019\u00e9quilibre dans le contraste : il se base sur l\u2019association harmonieuse de diff\u00e9rents \u00e9l\u00e9ments comme des tesselles de bois, des plaquettes ou de filets m\u00e9talliques, qui cr\u00e9ent des effets tr\u00e8s particuliers. \u00c0 travers le choix des mat\u00e9riaux et la pr\u00e9cision des dessins, nous avons modernis\u00e9 cette ancienne habilet\u00e9 technique pour raconter la veine artistique de celui qui la cr\u00e9e et pour transmettre une identit\u00e9 unique \u00e0 l\u2019espace int\u00e9rieur.[\/vc_column_text][\/vc_column][vc_column width=\u00a0\u00bb1\/2&Prime;]\n\t\t\t<!-- START Intarsio. Il contrasto REVOLUTION SLIDER 6.7.38 --><p class=\"rs-p-wp-fix\"><\/p>\n\t\t\t<rs-module-wrap id=\"rev_slider_161_2_wrapper\" data-source=\"gallery\" style=\"visibility:hidden;background:transparent;padding:0;margin:0px auto;margin-top:0;margin-bottom:0;\">\n\t\t\t\t<rs-module id=\"rev_slider_161_2\" style=\"\" data-version=\"6.7.38\">\n\t\t\t\t\t<rs-slides style=\"overflow: hidden; position: absolute;\">\n\t\t\t\t\t\t<rs-slide style=\"position: absolute;\" data-key=\"rs-844\" data-title=\"FR 1\" data-thumb=\"\/\/www.valcucine.com\/wp-content\/uploads\/2024\/04\/245_valcucine_legnorovererame11-50x100.webp\" data-in=\"o:0;\" data-out=\"a:false;\">\n\t\t\t\t\t\t\t<img decoding=\"async\" src=\"\/\/www.valcucine.com\/wp-content\/plugins\/revslider\/sr6\/assets\/assets\/dummy.png\" alt=\"\" title=\"245_valcucine_legnorovererame11\" width=\"1188\" height=\"826\" class=\"rev-slidebg tp-rs-img rs-lazyload\" data-lazyload=\"\/\/www.valcucine.com\/wp-content\/uploads\/2024\/04\/245_valcucine_legnorovererame11.webp\" data-no-retina>\n<!--\n\t\t\t\t\t\t\t--><rs-layer\n\t\t\t\t\t\t\t\tid=\"slider-161-slide-844-layer-14\" \n\t\t\t\t\t\t\t\tclass=\"slider_fade\"\n\t\t\t\t\t\t\t\tdata-type=\"shape\"\n\t\t\t\t\t\t\t\tdata-rsp_ch=\"on\"\n\t\t\t\t\t\t\t\tdata-xy=\"xo:-4px,-4px,-4px,-1px;\"\n\t\t\t\t\t\t\t\tdata-text=\"w:normal;s:20,20,20,7;l:0,0,0,9;\"\n\t\t\t\t\t\t\t\tdata-dim=\"w:100%;h:100%;\"\n\t\t\t\t\t\t\t\tdata-basealign=\"slide\"\n\t\t\t\t\t\t\t\tdata-frame_999=\"o:0;st:w;\"\n\t\t\t\t\t\t\t\tstyle=\"z-index:6;background-color:rgba(0,0,0,0.5);\"\n\t\t\t\t\t\t\t> \n\t\t\t\t\t\t\t<\/rs-layer><!--\n\n\t\t\t\t\t\t\t--><rs-layer\n\t\t\t\t\t\t\t\tid=\"slider-161-slide-844-layer-18\" \n\t\t\t\t\t\t\t\tclass=\"slider_fade\"\n\t\t\t\t\t\t\t\tdata-type=\"text\"\n\t\t\t\t\t\t\t\tdata-rsp_ch=\"on\"\n\t\t\t\t\t\t\t\tdata-xy=\"x:c;y:m;\"\n\t\t\t\t\t\t\t\tdata-text=\"w:normal;s:50,50,50,30;l:25,25,25,9;\"\n\t\t\t\t\t\t\t\tdata-frame_999=\"o:0;st:w;\"\n\t\t\t\t\t\t\t\tstyle=\"z-index:7;font-family:'TheinhardtLight';\"\n\t\t\t\t\t\t\t>FILET CUIVRE \n\t\t\t\t\t\t\t<\/rs-layer><!--\n-->\t\t\t\t\t<\/rs-slide>\n\t\t\t\t\t\t<rs-slide style=\"position: absolute;\" data-key=\"rs-845\" data-title=\"FR 2\" data-thumb=\"\/\/www.valcucine.com\/wp-content\/uploads\/2024\/04\/246_valcucine_legnorovereoro_11-50x100.webp\" data-in=\"o:0;\" data-out=\"a:false;\">\n\t\t\t\t\t\t\t<img decoding=\"async\" src=\"\/\/www.valcucine.com\/wp-content\/plugins\/revslider\/sr6\/assets\/assets\/dummy.png\" alt=\"\" title=\"246_valcucine_legnorovereoro_11\" width=\"1188\" height=\"826\" class=\"rev-slidebg tp-rs-img rs-lazyload\" data-lazyload=\"\/\/www.valcucine.com\/wp-content\/uploads\/2024\/04\/246_valcucine_legnorovereoro_11.webp\" data-no-retina>\n<!--\n\t\t\t\t\t\t\t--><rs-layer\n\t\t\t\t\t\t\t\tid=\"slider-161-slide-845-layer-14\" \n\t\t\t\t\t\t\t\tclass=\"slider_fade\"\n\t\t\t\t\t\t\t\tdata-type=\"shape\"\n\t\t\t\t\t\t\t\tdata-rsp_ch=\"on\"\n\t\t\t\t\t\t\t\tdata-text=\"w:normal;s:20,20,20,7;l:0,0,0,9;\"\n\t\t\t\t\t\t\t\tdata-dim=\"w:100%;h:100%;\"\n\t\t\t\t\t\t\t\tdata-basealign=\"slide\"\n\t\t\t\t\t\t\t\tdata-frame_999=\"o:0;st:w;\"\n\t\t\t\t\t\t\t\tstyle=\"z-index:6;background-color:rgba(0,0,0,0.5);\"\n\t\t\t\t\t\t\t> \n\t\t\t\t\t\t\t<\/rs-layer><!--\n\n\t\t\t\t\t\t\t--><rs-layer\n\t\t\t\t\t\t\t\tid=\"slider-161-slide-845-layer-18\" \n\t\t\t\t\t\t\t\tclass=\"slider_fade\"\n\t\t\t\t\t\t\t\tdata-type=\"text\"\n\t\t\t\t\t\t\t\tdata-rsp_ch=\"on\"\n\t\t\t\t\t\t\t\tdata-xy=\"x:c;y:m;\"\n\t\t\t\t\t\t\t\tdata-text=\"w:normal;s:50,50,50,30;l:25,25,25,9;\"\n\t\t\t\t\t\t\t\tdata-frame_999=\"o:0;st:w;\"\n\t\t\t\t\t\t\t\tstyle=\"z-index:8;font-family:'TheinhardtLight';\"\n\t\t\t\t\t\t\t>FILET LAITON \n\t\t\t\t\t\t\t<\/rs-layer><!--\n-->\t\t\t\t\t<\/rs-slide>\n\t\t\t\t\t\t<rs-slide style=\"position: absolute;\" data-key=\"rs-846\" data-title=\"FR 3\" data-thumb=\"\/\/www.valcucine.com\/wp-content\/uploads\/2024\/04\/247_valcucine_noce_1188-50x100.webp\" data-in=\"o:0;\" data-out=\"a:false;\">\n\t\t\t\t\t\t\t<img decoding=\"async\" src=\"\/\/www.valcucine.com\/wp-content\/plugins\/revslider\/sr6\/assets\/assets\/dummy.png\" alt=\"\" title=\"247_valcucine_noce_1188\" width=\"1188\" height=\"826\" class=\"rev-slidebg tp-rs-img rs-lazyload\" data-lazyload=\"\/\/www.valcucine.com\/wp-content\/uploads\/2024\/04\/247_valcucine_noce_1188.webp\" data-no-retina>\n<!--\n\t\t\t\t\t\t\t--><rs-layer\n\t\t\t\t\t\t\t\tid=\"slider-161-slide-846-layer-14\" \n\t\t\t\t\t\t\t\tclass=\"slider_fade\"\n\t\t\t\t\t\t\t\tdata-type=\"shape\"\n\t\t\t\t\t\t\t\tdata-rsp_ch=\"on\"\n\t\t\t\t\t\t\t\tdata-text=\"w:normal;s:20,20,20,7;l:0,0,0,9;\"\n\t\t\t\t\t\t\t\tdata-dim=\"w:100%;h:100%;\"\n\t\t\t\t\t\t\t\tdata-basealign=\"slide\"\n\t\t\t\t\t\t\t\tdata-frame_999=\"o:0;st:w;\"\n\t\t\t\t\t\t\t\tstyle=\"z-index:6;background-color:rgba(0,0,0,0.5);\"\n\t\t\t\t\t\t\t> \n\t\t\t\t\t\t\t<\/rs-layer><!--\n\n\t\t\t\t\t\t\t--><rs-layer\n\t\t\t\t\t\t\t\tid=\"slider-161-slide-846-layer-18\" \n\t\t\t\t\t\t\t\tclass=\"slider_fade\"\n\t\t\t\t\t\t\t\tdata-type=\"text\"\n\t\t\t\t\t\t\t\tdata-rsp_ch=\"on\"\n\t\t\t\t\t\t\t\tdata-xy=\"x:c;y:m;\"\n\t\t\t\t\t\t\t\tdata-text=\"w:normal;s:50,50,50,30;l:25,25,25,9;\"\n\t\t\t\t\t\t\t\tdata-frame_999=\"o:0;st:w;\"\n\t\t\t\t\t\t\t\tstyle=\"z-index:8;font-family:'TheinhardtLight';\"\n\t\t\t\t\t\t\t>MARQUETERIE SUR BOIS \n\t\t\t\t\t\t\t<\/rs-layer><!--\n-->\t\t\t\t\t<\/rs-slide>\n\t\t\t\t\t<\/rs-slides>\n\t\t\t\t\t<rs-static-layers><!--\n\n\t\t\t\t\t\t\t--><rs-layer\n\t\t\t\t\t\t\t\tid=\"slider-161-slide-142-layer-12\" \n\t\t\t\t\t\t\t\tclass=\"play-button rs-svg rs-layer-static\"\n\t\t\t\t\t\t\t\tdata-type=\"svg\"\n\t\t\t\t\t\t\t\tdata-rsp_ch=\"on\"\n\t\t\t\t\t\t\t\tdata-xy=\"xo:20px;y:b;yo:20px;\"\n\t\t\t\t\t\t\t\tdata-text=\"w:normal;s:20,20,20,7;l:0,0,0,9;\"\n\t\t\t\t\t\t\t\tdata-dim=\"w:40px,40px,40px,30px;h:40px,40px,40px,30px;\"\n\t\t\t\t\t\t\t\tdata-actions='o:click;a:playslider;'\n\t\t\t\t\t\t\t\tdata-svg_src=\"\/\/www.valcucine.com\/wp-content\/uploads\/revslider\/svg\/objects\/svgcustom\/circle-play.svg\"\n\t\t\t\t\t\t\t\tdata-svgi=\"oc:t;\"\n\t\t\t\t\t\t\t\tdata-basealign=\"slide\"\n\t\t\t\t\t\t\t\tdata-onslides=\"s:1;\"\n\t\t\t\t\t\t\t\tdata-frame_999=\"o:0;st:w;\"\n\t\t\t\t\t\t\t\tstyle=\"z-index:7;font-family:'Roboto';\"\n\t\t\t\t\t\t\t> \n\t\t\t\t\t\t\t<\/rs-layer><!--\n\n\t\t\t\t\t\t\t--><rs-layer\n\t\t\t\t\t\t\t\tid=\"slider-161-slide-142-layer-13\" \n\t\t\t\t\t\t\t\tclass=\"pause-button current-slider rs-svg rs-layer-static\"\n\t\t\t\t\t\t\t\tdata-type=\"svg\"\n\t\t\t\t\t\t\t\tdata-rsp_ch=\"on\"\n\t\t\t\t\t\t\t\tdata-xy=\"xo:20px;y:b;yo:20px;\"\n\t\t\t\t\t\t\t\tdata-text=\"w:normal;s:20,20,20,7;l:0,0,0,9;\"\n\t\t\t\t\t\t\t\tdata-dim=\"w:40px,40px,40px,30px;h:40px,40px,40px,30px;\"\n\t\t\t\t\t\t\t\tdata-actions='o:click;a:pauseslider;'\n\t\t\t\t\t\t\t\tdata-svg_src=\"\/\/www.valcucine.com\/wp-content\/uploads\/revslider\/svg\/objects\/svgcustom\/circle-pause.svg\"\n\t\t\t\t\t\t\t\tdata-svgi=\"oc:t;\"\n\t\t\t\t\t\t\t\tdata-basealign=\"slide\"\n\t\t\t\t\t\t\t\tdata-onslides=\"s:1;\"\n\t\t\t\t\t\t\t\tdata-frame_999=\"o:0;st:w;\"\n\t\t\t\t\t\t\t\tstyle=\"z-index:8;font-family:'Roboto';\"\n\t\t\t\t\t\t\t> \n\t\t\t\t\t\t\t<\/rs-layer><!--\n\t\t\t\t\t--><\/rs-static-layers>\n\t\t\t\t<\/rs-module>\n\t\t\t\t<script>\n\t\t\t\t\tsetREVStartSize({c: 'rev_slider_161_2',rl:[1240,1240,1240,480],el:[568.993,568.993,568.993,480],gw:[1240,1240,1240,480],gh:[569,569,569,480],type:'standard',justify:'',layout:'fullwidth',mh:\"0\"});if (window.RS_MODULES!==undefined && window.RS_MODULES.modules!==undefined && window.RS_MODULES.modules[\"revslider1612\"]!==undefined) {window.RS_MODULES.modules[\"revslider1612\"].once = false;window.revapi161 = undefined;if (window.RS_MODULES.checkMinimal!==undefined) window.RS_MODULES.checkMinimal()}\n\t\t\t\t<\/script>\n\t\t\t<\/rs-module-wrap>\n\t\t\t<!-- END REVOLUTION SLIDER -->\n[\/vc_column][\/vc_row][vc_row][vc_column css=\u00a0\u00bb.vc_custom_1712739970313{padding-top: 40px !important;padding-bottom: 40px !important;}\u00a0\u00bb]<div class='menu__page'><a href='https:\/\/www.valcucine.com\/store-locator\/' target='' rel=''>Trova rivenditore<\/a><a href='https:\/\/www.valcucine.com\/wp-content\/uploads\/2024\/03\/catalogo_genius_loci_it.pdf' target='' rel=''>Download catalogo<\/a><\/div>[\/vc_column][\/vc_row]<\/p>\n<\/div>","protected":false},"excerpt":{"rendered":"<p>[vc_row][vc_column][\/vc_column][\/vc_row][vc_row][vc_column css=\u00a0\u00bb.vc_custom_1710922740545{padding-top: 40px !important;padding-bottom: 40px !important;}\u00a0\u00bb][\/vc_column][\/vc_row][vc_row][vc_column width=\u00a0\u00bb1\/2&Prime;][vc_column_text]La marqueterie, ou l\u2019incrustation sur bois, d\u00e9finie comme \u00ab le cubisme de la Renaissance \u00bb est une d\u00e9coration particuli\u00e8re qui cr\u00e9e l\u2019\u00e9quilibre dans le contraste : il se base sur l\u2019association harmonieuse de diff\u00e9rents \u00e9l\u00e9ments comme des tesselles de bois, des plaquettes ou de filets m\u00e9talliques, qui cr\u00e9ent des [&hellip;]<\/p>\n","protected":false},"author":1,"featured_media":0,"parent":12404,"menu_order":0,"comment_status":"closed","ping_status":"closed","template":"","meta":{"footnotes":""},"class_list":["post-12415","page","type-page","status-publish","hentry"],"yoast_head":"<!-- This site is optimized with the Yoast SEO plugin v26.2 - https:\/\/yoast.com\/wordpress\/plugins\/seo\/ -->\n<title>Marqueterie. Le contraste - Valcucine<\/title>\n<meta name=\"robots\" content=\"index, follow, max-snippet:-1, max-image-preview:large, max-video-preview:-1\" \/>\n<link rel=\"canonical\" href=\"https:\/\/www.valcucine.com\/fr\/elements-caracteristiques\/artisanat\/cassetti-genius-loci\/intarsio\/\" \/>\n<meta property=\"og:locale\" content=\"fr_FR\" \/>\n<meta property=\"og:type\" content=\"article\" \/>\n<meta property=\"og:title\" content=\"Marqueterie. Le contraste - Valcucine\" \/>\n<meta property=\"og:description\" content=\"[vc_row][vc_column][\/vc_column][\/vc_row][vc_row][vc_column css=\u00a0\u00bb.vc_custom_1710922740545{padding-top: 40px !important;padding-bottom: 40px !important;}\u00a0\u00bb][\/vc_column][\/vc_row][vc_row][vc_column width=\u00a0\u00bb1\/2&Prime;][vc_column_text]La marqueterie, ou l\u2019incrustation sur bois, d\u00e9finie comme \u00ab le cubisme de la Renaissance \u00bb est une d\u00e9coration particuli\u00e8re qui cr\u00e9e l\u2019\u00e9quilibre dans le contraste : il se base sur l\u2019association harmonieuse de diff\u00e9rents \u00e9l\u00e9ments comme des tesselles de bois, des plaquettes ou de filets m\u00e9talliques, qui cr\u00e9ent des [&hellip;]\" \/>\n<meta property=\"og:url\" content=\"https:\/\/www.valcucine.com\/fr\/elements-caracteristiques\/artisanat\/cassetti-genius-loci\/intarsio\/\" \/>\n<meta property=\"og:site_name\" content=\"Valcucine\" \/>\n<meta property=\"article:publisher\" content=\"https:\/\/www.facebook.com\/valcucine\/\" \/>\n<meta property=\"article:modified_time\" content=\"2024-05-28T06:56:52+00:00\" \/>\n<meta name=\"twitter:card\" content=\"summary_large_image\" \/>\n<meta name=\"twitter:label1\" content=\"Dur\u00e9e de lecture estim\u00e9e\" \/>\n\t<meta name=\"twitter:data1\" content=\"1 minute\" \/>\n<script type=\"application\/ld+json\" class=\"yoast-schema-graph\">{\"@context\":\"https:\/\/schema.org\",\"@graph\":[{\"@type\":\"WebPage\",\"@id\":\"https:\/\/www.valcucine.com\/fr\/elements-caracteristiques\/artisanat\/cassetti-genius-loci\/intarsio\/\",\"url\":\"https:\/\/www.valcucine.com\/fr\/elements-caracteristiques\/artisanat\/cassetti-genius-loci\/intarsio\/\",\"name\":\"Marqueterie. Le contraste - Valcucine\",\"isPartOf\":{\"@id\":\"https:\/\/www.valcucine.com\/#website\"},\"datePublished\":\"2024-03-20T09:26:08+00:00\",\"dateModified\":\"2024-05-28T06:56:52+00:00\",\"breadcrumb\":{\"@id\":\"https:\/\/www.valcucine.com\/fr\/elements-caracteristiques\/artisanat\/cassetti-genius-loci\/intarsio\/#breadcrumb\"},\"inLanguage\":\"fr-FR\",\"potentialAction\":[{\"@type\":\"ReadAction\",\"target\":[\"https:\/\/www.valcucine.com\/fr\/elements-caracteristiques\/artisanat\/cassetti-genius-loci\/intarsio\/\"]}]},{\"@type\":\"BreadcrumbList\",\"@id\":\"https:\/\/www.valcucine.com\/fr\/elements-caracteristiques\/artisanat\/cassetti-genius-loci\/intarsio\/#breadcrumb\",\"itemListElement\":[{\"@type\":\"ListItem\",\"position\":1,\"name\":\"Valcucine\",\"item\":\"https:\/\/www.valcucine.com\/fr\/\"},{\"@type\":\"ListItem\",\"position\":2,\"name\":\"El\u00e9ments caract\u00e9ristiques\",\"item\":\"https:\/\/www.valcucine.com\/fr\/elements-caracteristiques\/\"},{\"@type\":\"ListItem\",\"position\":3,\"name\":\"Artisanat\",\"item\":\"https:\/\/www.valcucine.com\/fr\/elements-caracteristiques\/artisanat\/\"},{\"@type\":\"ListItem\",\"position\":4,\"name\":\"Tiroirs Genius Loci\",\"item\":\"https:\/\/www.valcucine.com\/fr\/elements-caracteristiques\/artisanat\/cassetti-genius-loci\/\"},{\"@type\":\"ListItem\",\"position\":5,\"name\":\"Marqueterie. Le contraste\"}]},{\"@type\":\"WebSite\",\"@id\":\"https:\/\/www.valcucine.com\/#website\",\"url\":\"https:\/\/www.valcucine.com\/\",\"name\":\"Valcucine\",\"description\":\"\",\"publisher\":{\"@id\":\"https:\/\/www.valcucine.com\/#organization\"},\"potentialAction\":[{\"@type\":\"SearchAction\",\"target\":{\"@type\":\"EntryPoint\",\"urlTemplate\":\"https:\/\/www.valcucine.com\/?s={search_term_string}\"},\"query-input\":{\"@type\":\"PropertyValueSpecification\",\"valueRequired\":true,\"valueName\":\"search_term_string\"}}],\"inLanguage\":\"fr-FR\"},{\"@type\":\"Organization\",\"@id\":\"https:\/\/www.valcucine.com\/#organization\",\"name\":\"Valcucine\",\"url\":\"https:\/\/www.valcucine.com\/\",\"logo\":{\"@type\":\"ImageObject\",\"inLanguage\":\"fr-FR\",\"@id\":\"https:\/\/www.valcucine.com\/#\/schema\/logo\/image\/\",\"url\":\"https:\/\/www.valcucine.com\/wp-content\/uploads\/2024\/02\/logo-valcucine.webp?wsr\",\"contentUrl\":\"https:\/\/www.valcucine.com\/wp-content\/uploads\/2024\/02\/logo-valcucine.webp?wsr\",\"width\":288,\"height\":46,\"caption\":\"Valcucine\"},\"image\":{\"@id\":\"https:\/\/www.valcucine.com\/#\/schema\/logo\/image\/\"},\"sameAs\":[\"https:\/\/www.facebook.com\/valcucine\/\",\"https:\/\/www.instagram.com\/valcucine\/\",\"https:\/\/www.linkedin.com\/company\/valcucine\"]}]}<\/script>\n<!-- \/ Yoast SEO plugin. -->","yoast_head_json":{"title":"Marqueterie. Le contraste - Valcucine","robots":{"index":"index","follow":"follow","max-snippet":"max-snippet:-1","max-image-preview":"max-image-preview:large","max-video-preview":"max-video-preview:-1"},"canonical":"https:\/\/www.valcucine.com\/fr\/elements-caracteristiques\/artisanat\/cassetti-genius-loci\/intarsio\/","og_locale":"fr_FR","og_type":"article","og_title":"Marqueterie. Le contraste - Valcucine","og_description":"[vc_row][vc_column][\/vc_column][\/vc_row][vc_row][vc_column css=\u00a0\u00bb.vc_custom_1710922740545{padding-top: 40px !important;padding-bottom: 40px !important;}\u00a0\u00bb][\/vc_column][\/vc_row][vc_row][vc_column width=\u00a0\u00bb1\/2&Prime;][vc_column_text]La marqueterie, ou l\u2019incrustation sur bois, d\u00e9finie comme \u00ab le cubisme de la Renaissance \u00bb est une d\u00e9coration particuli\u00e8re qui cr\u00e9e l\u2019\u00e9quilibre dans le contraste : il se base sur l\u2019association harmonieuse de diff\u00e9rents \u00e9l\u00e9ments comme des tesselles de bois, des plaquettes ou de filets m\u00e9talliques, qui cr\u00e9ent des [&hellip;]","og_url":"https:\/\/www.valcucine.com\/fr\/elements-caracteristiques\/artisanat\/cassetti-genius-loci\/intarsio\/","og_site_name":"Valcucine","article_publisher":"https:\/\/www.facebook.com\/valcucine\/","article_modified_time":"2024-05-28T06:56:52+00:00","twitter_card":"summary_large_image","twitter_misc":{"Dur\u00e9e de lecture estim\u00e9e":"1 minute"},"schema":{"@context":"https:\/\/schema.org","@graph":[{"@type":"WebPage","@id":"https:\/\/www.valcucine.com\/fr\/elements-caracteristiques\/artisanat\/cassetti-genius-loci\/intarsio\/","url":"https:\/\/www.valcucine.com\/fr\/elements-caracteristiques\/artisanat\/cassetti-genius-loci\/intarsio\/","name":"Marqueterie. Le contraste - Valcucine","isPartOf":{"@id":"https:\/\/www.valcucine.com\/#website"},"datePublished":"2024-03-20T09:26:08+00:00","dateModified":"2024-05-28T06:56:52+00:00","breadcrumb":{"@id":"https:\/\/www.valcucine.com\/fr\/elements-caracteristiques\/artisanat\/cassetti-genius-loci\/intarsio\/#breadcrumb"},"inLanguage":"fr-FR","potentialAction":[{"@type":"ReadAction","target":["https:\/\/www.valcucine.com\/fr\/elements-caracteristiques\/artisanat\/cassetti-genius-loci\/intarsio\/"]}]},{"@type":"BreadcrumbList","@id":"https:\/\/www.valcucine.com\/fr\/elements-caracteristiques\/artisanat\/cassetti-genius-loci\/intarsio\/#breadcrumb","itemListElement":[{"@type":"ListItem","position":1,"name":"Valcucine","item":"https:\/\/www.valcucine.com\/fr\/"},{"@type":"ListItem","position":2,"name":"El\u00e9ments caract\u00e9ristiques","item":"https:\/\/www.valcucine.com\/fr\/elements-caracteristiques\/"},{"@type":"ListItem","position":3,"name":"Artisanat","item":"https:\/\/www.valcucine.com\/fr\/elements-caracteristiques\/artisanat\/"},{"@type":"ListItem","position":4,"name":"Tiroirs Genius Loci","item":"https:\/\/www.valcucine.com\/fr\/elements-caracteristiques\/artisanat\/cassetti-genius-loci\/"},{"@type":"ListItem","position":5,"name":"Marqueterie. Le contraste"}]},{"@type":"WebSite","@id":"https:\/\/www.valcucine.com\/#website","url":"https:\/\/www.valcucine.com\/","name":"Valcucine","description":"","publisher":{"@id":"https:\/\/www.valcucine.com\/#organization"},"potentialAction":[{"@type":"SearchAction","target":{"@type":"EntryPoint","urlTemplate":"https:\/\/www.valcucine.com\/?s={search_term_string}"},"query-input":{"@type":"PropertyValueSpecification","valueRequired":true,"valueName":"search_term_string"}}],"inLanguage":"fr-FR"},{"@type":"Organization","@id":"https:\/\/www.valcucine.com\/#organization","name":"Valcucine","url":"https:\/\/www.valcucine.com\/","logo":{"@type":"ImageObject","inLanguage":"fr-FR","@id":"https:\/\/www.valcucine.com\/#\/schema\/logo\/image\/","url":"https:\/\/www.valcucine.com\/wp-content\/uploads\/2024\/02\/logo-valcucine.webp?wsr","contentUrl":"https:\/\/www.valcucine.com\/wp-content\/uploads\/2024\/02\/logo-valcucine.webp?wsr","width":288,"height":46,"caption":"Valcucine"},"image":{"@id":"https:\/\/www.valcucine.com\/#\/schema\/logo\/image\/"},"sameAs":["https:\/\/www.facebook.com\/valcucine\/","https:\/\/www.instagram.com\/valcucine\/","https:\/\/www.linkedin.com\/company\/valcucine"]}]}},"_links":{"self":[{"href":"https:\/\/www.valcucine.com\/fr\/wp-json\/wp\/v2\/pages\/12415","targetHints":{"allow":["GET"]}}],"collection":[{"href":"https:\/\/www.valcucine.com\/fr\/wp-json\/wp\/v2\/pages"}],"about":[{"href":"https:\/\/www.valcucine.com\/fr\/wp-json\/wp\/v2\/types\/page"}],"author":[{"embeddable":true,"href":"https:\/\/www.valcucine.com\/fr\/wp-json\/wp\/v2\/users\/1"}],"replies":[{"embeddable":true,"href":"https:\/\/www.valcucine.com\/fr\/wp-json\/wp\/v2\/comments?post=12415"}],"version-history":[{"count":1,"href":"https:\/\/www.valcucine.com\/fr\/wp-json\/wp\/v2\/pages\/12415\/revisions"}],"predecessor-version":[{"id":12416,"href":"https:\/\/www.valcucine.com\/fr\/wp-json\/wp\/v2\/pages\/12415\/revisions\/12416"}],"up":[{"embeddable":true,"href":"https:\/\/www.valcucine.com\/fr\/wp-json\/wp\/v2\/pages\/12404"}],"wp:attachment":[{"href":"https:\/\/www.valcucine.com\/fr\/wp-json\/wp\/v2\/media?parent=12415"}],"curies":[{"name":"wp","href":"https:\/\/api.w.org\/{rel}","templated":true}]}}