{"id":18262,"date":"2024-03-12T16:39:12","date_gmt":"2024-03-12T16:39:12","guid":{"rendered":"https:\/\/devel.valcucine.com\/acabados\/"},"modified":"2025-09-23T10:13:16","modified_gmt":"2025-09-23T10:13:16","slug":"finitions","status":"publish","type":"page","link":"https:\/\/www.valcucine.com\/fr\/finitions\/","title":{"rendered":"Finitions"},"content":{"rendered":"<div class=\"wpb-content-wrapper\"><p>[vc_row css=\u00a0\u00bb.vc_custom_1717064798385{padding-top: 40px !important;padding-bottom: 40px !important;}\u00a0\u00bb][vc_column]\n        \n        <h1 class=\"text-center  main__title__h1  \" style=\"color:#333333;\"> \n\n         Finitions\n        \n        <\/h1>\n        \n        <h2 class=\"text-center  main__title__h2  vc_custom_1724856736715 \" style=\"color:#333333;\"> \n\n         D\u00e9couvrez les mat\u00e9riaux des cuisines Valcucine\n        \n        <\/h2>[\/vc_column][\/vc_row][vc_row][vc_column][vc_column_text]La perception tactile r\u00e9v\u00e8le des \u00e9motions ancestrales, protectrices et rassurantes, celle-ci \u00e9tant plus puissante et profonde que l\u2019impact visuel. Cette sensation est ce que nous souhaitons offrir \u00e0 travers les transparences doucies-polies des verres, la chaleur des cuisines en bois, la flexibilit\u00e9 des plans de travail en stratifi\u00e9, la r\u00e9sistance des pierres, l\u2019agr\u00e9able frisson que procurent les cuisines en inox.[\/vc_column_text][\/vc_column][\/vc_row][vc_row css=\u00a0\u00bb.vc_custom_1717080360796{margin-top: 40px !important;}\u00a0\u00bb][vc_column][vc_separator color=\u00a0\u00bbcustom\u00a0\u00bb el_width=\u00a0\u00bb10&Prime; accent_color=\u00a0\u00bb#666666&Prime;][\/vc_column][\/vc_row][vc_row][vc_column width=\u00a0\u00bb1\/3&Prime;]<div class=\"block__img__hover\"><a href=\"https:\/\/www.valcucine.com\/fr\/finitions\/vitrum\/\" target=\"\" rel=\"\" style=\"background-image:url(https:\/\/www.valcucine.com\/wp-content\/uploads\/2024\/06\/389_anteprima-1-vitrum_intro-2.webp?wsr)\"><img src='https:\/\/www.valcucine.com\/wp-content\/uploads\/2024\/06\/389_anteprima-1-vitrum_intro-2.webp?wsr' alt='Valcucine\u2019s glass kitchens combine elegance, durability, and sustainability, offering customizable designs, superior resistance, and easy maintenance for a timeless aesthetic.' style='display:none'><h4>Vitrum: la cuisine en verre<\/h4><\/a><\/div>[\/vc_column][vc_column width=\u00a0\u00bb1\/3&Prime;]<div class=\"block__img__hover\"><a href=\"https:\/\/www.valcucine.com\/fr\/finitions\/finitions-en-tech-ceramica\/\" target=\"\" rel=\"\" style=\"background-image:url(https:\/\/www.valcucine.com\/wp-content\/uploads\/2024\/06\/508_cucine-in-tech-ceramica_dettaglio.webp?wsr)\"><img src='https:\/\/www.valcucine.com\/wp-content\/uploads\/2024\/06\/508_cucine-in-tech-ceramica_dettaglio.webp?wsr' alt='ceramic kitchen doors' style='display:none'><h4>Tech Ceramica<\/h4><\/a><\/div>[\/vc_column][vc_column width=\u00a0\u00bb1\/3&Prime;]<div class=\"block__img__hover\"><a href=\"https:\/\/www.valcucine.com\/fr\/finitions\/cousine-en-pierre-naturelle\/\" target=\"\" rel=\"\" style=\"background-image:url(https:\/\/www.valcucine.com\/wp-content\/uploads\/2024\/06\/398_natural-stone-kitchen-artematica-detail.webp?wsr)\"><img src='https:\/\/www.valcucine.com\/wp-content\/uploads\/2024\/06\/398_natural-stone-kitchen-artematica-detail.webp?wsr' alt='marble and stone kitchen doors' style='display:none'><h4>Pierre Naturelle<\/h4><\/a><\/div>[\/vc_column][\/vc_row][vc_row][vc_column width=\u00a0\u00bb1\/3&Prime;]<div class=\"block__img__hover\"><a href=\"https:\/\/www.valcucine.com\/fr\/finitions\/cucine-en-metal\/\" target=\"\" rel=\"\" style=\"background-image:url(https:\/\/www.valcucine.com\/wp-content\/uploads\/2024\/06\/393_metallo_introgenerale.webp?wsr)\"><img src='https:\/\/www.valcucine.com\/wp-content\/uploads\/2024\/06\/393_metallo_introgenerale.webp?wsr' alt='' style='display:none'><h4>M\u00e9tal<\/h4><\/a><\/div>[\/vc_column][vc_column width=\u00a0\u00bb1\/3&Prime;]<div class=\"block__img__hover\"><a href=\"https:\/\/www.valcucine.com\/fr\/finitions\/cousine-en-mdi\/\" target=\"\" rel=\"\" style=\"background-image:url(https:\/\/www.valcucine.com\/wp-content\/uploads\/2024\/06\/509_mdi_1.webp?wsr)\"><img src='https:\/\/www.valcucine.com\/wp-content\/uploads\/2024\/06\/509_mdi_1.webp?wsr' alt='' style='display:none'><h4>MDI<\/h4><\/a><\/div>[\/vc_column][vc_column width=\u00a0\u00bb1\/3&Prime;]<div class=\"block__img__hover\"><a href=\"https:\/\/www.valcucine.com\/fr\/finitions\/cuisine-avec-mvi\/\" target=\"\" rel=\"\" style=\"background-image:url(https:\/\/www.valcucine.com\/wp-content\/uploads\/2025\/02\/MVi_Valcucine-kitchens-1-e1753188239264.jpg?wsr)\"><img src='https:\/\/www.valcucine.com\/wp-content\/uploads\/2025\/02\/MVi_Valcucine-kitchens-1-e1753188239264.jpg?wsr' alt='Vetrinetta da cucina' style='display:none'><h4>MVi<\/h4><\/a><\/div>[\/vc_column][\/vc_row][vc_row][vc_column width=\u00a0\u00bb1\/3&Prime;]<div class=\"block__img__hover\"><a href=\"https:\/\/www.valcucine.com\/fr\/finitions\/cucine-en-bois\/\" target=\"\" rel=\"\" style=\"background-image:url(https:\/\/www.valcucine.com\/wp-content\/uploads\/2024\/06\/402_valcucine-finitura-legno-noce-tattile.webp?wsr)\"><img src='https:\/\/www.valcucine.com\/wp-content\/uploads\/2024\/06\/402_valcucine-finitura-legno-noce-tattile.webp?wsr' alt='' style='display:none'><h4>Bois<\/h4><\/a><\/div>[\/vc_column][vc_column width=\u00a0\u00bb1\/3&Prime;]<div class=\"block__img__hover\"><a href=\"https:\/\/www.valcucine.com\/fr\/finitions\/cucusine-en-bois-massif\/\" target=\"\" rel=\"\" style=\"background-image:url(https:\/\/www.valcucine.com\/wp-content\/uploads\/2024\/06\/403_legno-antico_intro.webp?wsr)\"><img src='https:\/\/www.valcucine.com\/wp-content\/uploads\/2024\/06\/403_legno-antico_intro.webp?wsr' alt='' style='display:none'><h4>Bois Massif<\/h4><\/a><\/div>[\/vc_column][vc_column width=\u00a0\u00bb1\/3&Prime;]<div class=\"block__img__hover\"><a href=\"https:\/\/www.valcucine.com\/fr\/finitions\/cucine-en-aspect-bois\/\" target=\"\" rel=\"\" style=\"background-image:url(https:\/\/www.valcucine.com\/wp-content\/uploads\/2024\/06\/404_effetto-legno_introgen.webp?wsr)\"><img src='https:\/\/www.valcucine.com\/wp-content\/uploads\/2024\/06\/404_effetto-legno_introgen.webp?wsr' alt='' style='display:none'><h4>Aspects<\/h4><\/a><\/div>[\/vc_column][\/vc_row][vc_row][vc_column width=\u00a0\u00bb1\/3&Prime;]<div class=\"block__img__hover\"><a href=\"https:\/\/www.valcucine.com\/fr\/finitions\/cusine-en-stratifie\/\" target=\"\" rel=\"\" style=\"background-image:url(https:\/\/www.valcucine.com\/wp-content\/uploads\/2024\/06\/407_laminato_introgen.webp?wsr)\"><img src='https:\/\/www.valcucine.com\/wp-content\/uploads\/2024\/06\/407_laminato_introgen.webp?wsr' alt='' style='display:none'><h4>Stratifi\u00e9<\/h4><\/a><\/div>[\/vc_column][vc_column width=\u00a0\u00bb1\/3&Prime;]<div class=\"block__img__hover\"><a href=\"https:\/\/www.valcucine.com\/fr\/finitions\/cusine-en-laquee\/\" target=\"\" rel=\"\" style=\"background-image:url(https:\/\/www.valcucine.com\/wp-content\/uploads\/2024\/06\/408_valcucine-finitura-laccato.webp?wsr)\"><img src='https:\/\/www.valcucine.com\/wp-content\/uploads\/2024\/06\/408_valcucine-finitura-laccato.webp?wsr' alt='' style='display:none'><h4>Laqu\u00e9<\/h4><\/a><\/div>[\/vc_column][vc_column width=\u00a0\u00bb1\/3&Prime;]<div class=\"block__img__hover\"><a href=\"https:\/\/www.valcucine.com\/fr\/finitions\/cusine-en-tech-synthesis\/\" target=\"\" rel=\"\" style=\"background-image:url(https:\/\/www.valcucine.com\/wp-content\/uploads\/2024\/06\/413_tech-synthesis_introgen.webp?wsr)\"><img src='https:\/\/www.valcucine.com\/wp-content\/uploads\/2024\/06\/413_tech-synthesis_introgen.webp?wsr' alt='' style='display:none'><h4>Tech Synthesis<\/h4><\/a><\/div>[\/vc_column][\/vc_row][vc_row][vc_column width=\u00a0\u00bb1\/3&Prime;]<div class=\"block__img__hover\"><a href=\"https:\/\/www.valcucine.com\/fr\/finitions\/cusine-en-eco-agglomere\/\" target=\"\" rel=\"\" style=\"background-image:url(https:\/\/www.valcucine.com\/wp-content\/uploads\/2024\/06\/416_conglomerato-ecogen.webp?wsr)\"><img src='https:\/\/www.valcucine.com\/wp-content\/uploads\/2024\/06\/416_conglomerato-ecogen.webp?wsr' alt='' style='display:none'><h4>\u00c9co Agglom\u00e9r\u00e9<\/h4><\/a><\/div>[\/vc_column][vc_column width=\u00a0\u00bb1\/3&Prime;]<div class=\"block__img__hover\"><a href=\"https:\/\/www.valcucine.com\/fr\/finitions\/cusine-en-angel-skin\/\" target=\"\" rel=\"\" style=\"background-image:url(https:\/\/www.valcucine.com\/wp-content\/uploads\/2024\/06\/405_angel-skin_introgen.webp?wsr)\"><img src='https:\/\/www.valcucine.com\/wp-content\/uploads\/2024\/06\/405_angel-skin_introgen.webp?wsr' alt='' style='display:none'><h4>Angel Skin<\/h4><\/a><\/div>[\/vc_column][\/vc_row]<\/p>\n<\/div>","protected":false},"excerpt":{"rendered":"<p>[vc_row css=\u00a0\u00bb.vc_custom_1717064798385{padding-top: 40px !important;padding-bottom: 40px !important;}\u00a0\u00bb][vc_column][\/vc_column][\/vc_row][vc_row][vc_column][vc_column_text]La perception tactile r\u00e9v\u00e8le des \u00e9motions ancestrales, protectrices et rassurantes, celle-ci \u00e9tant plus puissante et profonde que l\u2019impact visuel. Cette sensation est ce que nous souhaitons offrir \u00e0 travers les transparences doucies-polies des verres, la chaleur des cuisines en bois, la flexibilit\u00e9 des plans de travail en stratifi\u00e9, la r\u00e9sistance [&hellip;]<\/p>\n","protected":false},"author":1,"featured_media":0,"parent":0,"menu_order":0,"comment_status":"closed","ping_status":"closed","template":"","meta":{"footnotes":""},"class_list":["post-18262","page","type-page","status-publish","hentry"],"yoast_head":"<!-- This site is optimized with the Yoast SEO plugin v26.2 - https:\/\/yoast.com\/wordpress\/plugins\/seo\/ -->\n<title>Finitions - Valcucine<\/title>\n<meta name=\"description\" content=\"D\u00e9couvrez la gamme de finitions Valcucine, alliant mat\u00e9riaux innovants et design intemporel.\" \/>\n<meta name=\"robots\" content=\"index, follow, max-snippet:-1, max-image-preview:large, max-video-preview:-1\" \/>\n<link rel=\"canonical\" href=\"https:\/\/www.valcucine.com\/fr\/finitions\/\" \/>\n<meta property=\"og:locale\" content=\"fr_FR\" \/>\n<meta property=\"og:type\" content=\"article\" \/>\n<meta property=\"og:title\" content=\"Finitions - Valcucine\" \/>\n<meta property=\"og:description\" content=\"D\u00e9couvrez la gamme de finitions Valcucine, alliant mat\u00e9riaux innovants et design intemporel.\" \/>\n<meta property=\"og:url\" content=\"https:\/\/www.valcucine.com\/fr\/finitions\/\" \/>\n<meta property=\"og:site_name\" content=\"Valcucine\" \/>\n<meta property=\"article:publisher\" content=\"https:\/\/www.facebook.com\/valcucine\/\" \/>\n<meta property=\"article:modified_time\" content=\"2025-09-23T10:13:16+00:00\" \/>\n<meta name=\"twitter:card\" content=\"summary_large_image\" \/>\n<meta name=\"twitter:label1\" content=\"Dur\u00e9e de lecture estim\u00e9e\" \/>\n\t<meta name=\"twitter:data1\" content=\"3 minutes\" \/>\n<script type=\"application\/ld+json\" class=\"yoast-schema-graph\">{\"@context\":\"https:\/\/schema.org\",\"@graph\":[{\"@type\":\"WebPage\",\"@id\":\"https:\/\/www.valcucine.com\/fr\/finitions\/\",\"url\":\"https:\/\/www.valcucine.com\/fr\/finitions\/\",\"name\":\"Finitions - Valcucine\",\"isPartOf\":{\"@id\":\"https:\/\/www.valcucine.com\/#website\"},\"datePublished\":\"2024-03-12T16:39:12+00:00\",\"dateModified\":\"2025-09-23T10:13:16+00:00\",\"description\":\"D\u00e9couvrez la gamme de finitions Valcucine, alliant mat\u00e9riaux innovants et design intemporel.\",\"breadcrumb\":{\"@id\":\"https:\/\/www.valcucine.com\/fr\/finitions\/#breadcrumb\"},\"inLanguage\":\"fr-FR\",\"potentialAction\":[{\"@type\":\"ReadAction\",\"target\":[\"https:\/\/www.valcucine.com\/fr\/finitions\/\"]}]},{\"@type\":\"BreadcrumbList\",\"@id\":\"https:\/\/www.valcucine.com\/fr\/finitions\/#breadcrumb\",\"itemListElement\":[{\"@type\":\"ListItem\",\"position\":1,\"name\":\"Valcucine\",\"item\":\"https:\/\/www.valcucine.com\/fr\/\"},{\"@type\":\"ListItem\",\"position\":2,\"name\":\"Finitions\"}]},{\"@type\":\"WebSite\",\"@id\":\"https:\/\/www.valcucine.com\/#website\",\"url\":\"https:\/\/www.valcucine.com\/\",\"name\":\"Valcucine\",\"description\":\"\",\"publisher\":{\"@id\":\"https:\/\/www.valcucine.com\/#organization\"},\"potentialAction\":[{\"@type\":\"SearchAction\",\"target\":{\"@type\":\"EntryPoint\",\"urlTemplate\":\"https:\/\/www.valcucine.com\/?s={search_term_string}\"},\"query-input\":{\"@type\":\"PropertyValueSpecification\",\"valueRequired\":true,\"valueName\":\"search_term_string\"}}],\"inLanguage\":\"fr-FR\"},{\"@type\":\"Organization\",\"@id\":\"https:\/\/www.valcucine.com\/#organization\",\"name\":\"Valcucine\",\"url\":\"https:\/\/www.valcucine.com\/\",\"logo\":{\"@type\":\"ImageObject\",\"inLanguage\":\"fr-FR\",\"@id\":\"https:\/\/www.valcucine.com\/#\/schema\/logo\/image\/\",\"url\":\"https:\/\/www.valcucine.com\/wp-content\/uploads\/2024\/02\/logo-valcucine.webp?wsr\",\"contentUrl\":\"https:\/\/www.valcucine.com\/wp-content\/uploads\/2024\/02\/logo-valcucine.webp?wsr\",\"width\":288,\"height\":46,\"caption\":\"Valcucine\"},\"image\":{\"@id\":\"https:\/\/www.valcucine.com\/#\/schema\/logo\/image\/\"},\"sameAs\":[\"https:\/\/www.facebook.com\/valcucine\/\",\"https:\/\/www.instagram.com\/valcucine\/\",\"https:\/\/www.linkedin.com\/company\/valcucine\"]}]}<\/script>\n<!-- \/ Yoast SEO plugin. -->","yoast_head_json":{"title":"Finitions - Valcucine","description":"D\u00e9couvrez la gamme de finitions Valcucine, alliant mat\u00e9riaux innovants et design intemporel.","robots":{"index":"index","follow":"follow","max-snippet":"max-snippet:-1","max-image-preview":"max-image-preview:large","max-video-preview":"max-video-preview:-1"},"canonical":"https:\/\/www.valcucine.com\/fr\/finitions\/","og_locale":"fr_FR","og_type":"article","og_title":"Finitions - Valcucine","og_description":"D\u00e9couvrez la gamme de finitions Valcucine, alliant mat\u00e9riaux innovants et design intemporel.","og_url":"https:\/\/www.valcucine.com\/fr\/finitions\/","og_site_name":"Valcucine","article_publisher":"https:\/\/www.facebook.com\/valcucine\/","article_modified_time":"2025-09-23T10:13:16+00:00","twitter_card":"summary_large_image","twitter_misc":{"Dur\u00e9e de lecture estim\u00e9e":"3 minutes"},"schema":{"@context":"https:\/\/schema.org","@graph":[{"@type":"WebPage","@id":"https:\/\/www.valcucine.com\/fr\/finitions\/","url":"https:\/\/www.valcucine.com\/fr\/finitions\/","name":"Finitions - Valcucine","isPartOf":{"@id":"https:\/\/www.valcucine.com\/#website"},"datePublished":"2024-03-12T16:39:12+00:00","dateModified":"2025-09-23T10:13:16+00:00","description":"D\u00e9couvrez la gamme de finitions Valcucine, alliant mat\u00e9riaux innovants et design intemporel.","breadcrumb":{"@id":"https:\/\/www.valcucine.com\/fr\/finitions\/#breadcrumb"},"inLanguage":"fr-FR","potentialAction":[{"@type":"ReadAction","target":["https:\/\/www.valcucine.com\/fr\/finitions\/"]}]},{"@type":"BreadcrumbList","@id":"https:\/\/www.valcucine.com\/fr\/finitions\/#breadcrumb","itemListElement":[{"@type":"ListItem","position":1,"name":"Valcucine","item":"https:\/\/www.valcucine.com\/fr\/"},{"@type":"ListItem","position":2,"name":"Finitions"}]},{"@type":"WebSite","@id":"https:\/\/www.valcucine.com\/#website","url":"https:\/\/www.valcucine.com\/","name":"Valcucine","description":"","publisher":{"@id":"https:\/\/www.valcucine.com\/#organization"},"potentialAction":[{"@type":"SearchAction","target":{"@type":"EntryPoint","urlTemplate":"https:\/\/www.valcucine.com\/?s={search_term_string}"},"query-input":{"@type":"PropertyValueSpecification","valueRequired":true,"valueName":"search_term_string"}}],"inLanguage":"fr-FR"},{"@type":"Organization","@id":"https:\/\/www.valcucine.com\/#organization","name":"Valcucine","url":"https:\/\/www.valcucine.com\/","logo":{"@type":"ImageObject","inLanguage":"fr-FR","@id":"https:\/\/www.valcucine.com\/#\/schema\/logo\/image\/","url":"https:\/\/www.valcucine.com\/wp-content\/uploads\/2024\/02\/logo-valcucine.webp?wsr","contentUrl":"https:\/\/www.valcucine.com\/wp-content\/uploads\/2024\/02\/logo-valcucine.webp?wsr","width":288,"height":46,"caption":"Valcucine"},"image":{"@id":"https:\/\/www.valcucine.com\/#\/schema\/logo\/image\/"},"sameAs":["https:\/\/www.facebook.com\/valcucine\/","https:\/\/www.instagram.com\/valcucine\/","https:\/\/www.linkedin.com\/company\/valcucine"]}]}},"_links":{"self":[{"href":"https:\/\/www.valcucine.com\/fr\/wp-json\/wp\/v2\/pages\/18262","targetHints":{"allow":["GET"]}}],"collection":[{"href":"https:\/\/www.valcucine.com\/fr\/wp-json\/wp\/v2\/pages"}],"about":[{"href":"https:\/\/www.valcucine.com\/fr\/wp-json\/wp\/v2\/types\/page"}],"author":[{"embeddable":true,"href":"https:\/\/www.valcucine.com\/fr\/wp-json\/wp\/v2\/users\/1"}],"replies":[{"embeddable":true,"href":"https:\/\/www.valcucine.com\/fr\/wp-json\/wp\/v2\/comments?post=18262"}],"version-history":[{"count":25,"href":"https:\/\/www.valcucine.com\/fr\/wp-json\/wp\/v2\/pages\/18262\/revisions"}],"predecessor-version":[{"id":51501,"href":"https:\/\/www.valcucine.com\/fr\/wp-json\/wp\/v2\/pages\/18262\/revisions\/51501"}],"wp:attachment":[{"href":"https:\/\/www.valcucine.com\/fr\/wp-json\/wp\/v2\/media?parent=18262"}],"curies":[{"name":"wp","href":"https:\/\/api.w.org\/{rel}","templated":true}]}}