{"id":18265,"date":"2024-05-30T14:51:08","date_gmt":"2024-05-30T14:51:08","guid":{"rendered":"https:\/\/devel.valcucine.com\/finitions\/vitrum\/"},"modified":"2025-05-09T07:19:54","modified_gmt":"2025-05-09T07:19:54","slug":"vitrum","status":"publish","type":"page","link":"https:\/\/www.valcucine.com\/fr\/finitions\/vitrum\/","title":{"rendered":"Vitrum: la cuisine en verre"},"content":{"rendered":"<div class=\"wpb-content-wrapper\"><p>[vc_row][vc_column]\n\t\t\t<!-- START Vitrum: cucine in vetro REVOLUTION SLIDER 6.7.38 --><p class=\"rs-p-wp-fix\"><\/p>\n\t\t\t<rs-module-wrap id=\"rev_slider_48_1_wrapper\" data-source=\"gallery\" style=\"visibility:hidden;background:transparent;padding:0;\">\n\t\t\t\t<rs-module id=\"rev_slider_48_1\" style=\"\" data-version=\"6.7.38\">\n\t\t\t\t\t<rs-slides style=\"overflow: hidden; position: absolute;\">\n\t\t\t\t\t\t<rs-slide style=\"position: absolute;\" data-key=\"rs-244\" data-title=\"Slide\" data-thumb=\"\/\/www.valcucine.com\/wp-content\/uploads\/2024\/03\/1680_5_vitrum_personalizzabile-50x100.webp\" data-in=\"o:0;\" data-out=\"a:false;\">\n\t\t\t\t\t\t\t<img decoding=\"async\" src=\"\/\/www.valcucine.com\/wp-content\/plugins\/revslider\/sr6\/assets\/assets\/dummy.png\" alt=\"\" title=\"1680_5_vitrum_personalizzabile\" width=\"2400\" height=\"1200\" class=\"rev-slidebg tp-rs-img rs-lazyload\" data-lazyload=\"\/\/www.valcucine.com\/wp-content\/uploads\/2024\/03\/1680_5_vitrum_personalizzabile.webp\" data-no-retina>\n<!---->\t\t\t\t\t<\/rs-slide>\n\t\t\t\t\t\t<rs-slide style=\"position: absolute;\" data-key=\"rs-245\" data-title=\"Slide\" data-thumb=\"\/\/www.valcucine.com\/wp-content\/uploads\/2024\/03\/1681_2_vitrum_resistente-50x100.webp\" data-in=\"o:0;\" data-out=\"a:false;\">\n\t\t\t\t\t\t\t<img decoding=\"async\" src=\"\/\/www.valcucine.com\/wp-content\/plugins\/revslider\/sr6\/assets\/assets\/dummy.png\" alt=\"\" title=\"1681_2_vitrum_resistente\" width=\"2400\" height=\"1200\" class=\"rev-slidebg tp-rs-img rs-lazyload\" data-lazyload=\"\/\/www.valcucine.com\/wp-content\/uploads\/2024\/03\/1681_2_vitrum_resistente.webp\" data-no-retina>\n<!---->\t\t\t\t\t<\/rs-slide>\n\t\t\t\t\t\t<rs-slide style=\"position: absolute;\" data-key=\"rs-246\" data-title=\"Slide\" data-thumb=\"\/\/www.valcucine.com\/wp-content\/uploads\/2024\/03\/1682_1_vitrum_intro-50x100.webp\" data-in=\"o:0;\" data-out=\"a:false;\">\n\t\t\t\t\t\t\t<img decoding=\"async\" src=\"\/\/www.valcucine.com\/wp-content\/plugins\/revslider\/sr6\/assets\/assets\/dummy.png\" alt=\"\" title=\"1682_1_vitrum_intro\" width=\"2400\" height=\"1200\" class=\"rev-slidebg tp-rs-img rs-lazyload\" data-lazyload=\"\/\/www.valcucine.com\/wp-content\/uploads\/2024\/03\/1682_1_vitrum_intro.webp\" data-no-retina>\n<!---->\t\t\t\t\t<\/rs-slide>\n\t\t\t\t\t\t<rs-slide style=\"position: absolute;\" data-key=\"rs-247\" data-title=\"Slide\" data-thumb=\"\/\/www.valcucine.com\/wp-content\/uploads\/2024\/03\/1683_3_vitrum_atossico-50x100.webp\" data-in=\"o:0;\" data-out=\"a:false;\">\n\t\t\t\t\t\t\t<img decoding=\"async\" src=\"\/\/www.valcucine.com\/wp-content\/plugins\/revslider\/sr6\/assets\/assets\/dummy.png\" alt=\"\" title=\"1683_3_vitrum_atossico\" width=\"2400\" height=\"1200\" class=\"rev-slidebg tp-rs-img rs-lazyload\" data-lazyload=\"\/\/www.valcucine.com\/wp-content\/uploads\/2024\/03\/1683_3_vitrum_atossico.webp\" data-no-retina>\n<!---->\t\t\t\t\t<\/rs-slide>\n\t\t\t\t\t\t<rs-slide style=\"position: absolute;\" data-key=\"rs-248\" data-title=\"Slide\" data-thumb=\"\/\/www.valcucine.com\/wp-content\/uploads\/2024\/03\/1685_4_vitrum_pratico_facile_da_pulire_e_durevole-50x100.webp\" data-in=\"o:0;\" data-out=\"a:false;\">\n\t\t\t\t\t\t\t<img decoding=\"async\" src=\"\/\/www.valcucine.com\/wp-content\/plugins\/revslider\/sr6\/assets\/assets\/dummy.png\" alt=\"\" title=\"1685_4_vitrum_pratico_facile_da_pulire_e_durevole\" width=\"2400\" height=\"1200\" class=\"rev-slidebg tp-rs-img rs-lazyload\" data-lazyload=\"\/\/www.valcucine.com\/wp-content\/uploads\/2024\/03\/1685_4_vitrum_pratico_facile_da_pulire_e_durevole.webp\" data-no-retina>\n<!---->\t\t\t\t\t<\/rs-slide>\n\t\t\t\t\t<\/rs-slides>\n\t\t\t\t\t<rs-static-layers><!--\n\n\t\t\t\t\t\t\t--><rs-layer\n\t\t\t\t\t\t\t\tid=\"slider-48-slide-43-layer-12\" \n\t\t\t\t\t\t\t\tclass=\"play-button rs-svg rs-layer-static\"\n\t\t\t\t\t\t\t\tdata-type=\"svg\"\n\t\t\t\t\t\t\t\tdata-rsp_ch=\"on\"\n\t\t\t\t\t\t\t\tdata-xy=\"xo:20px;y:b;yo:20px;\"\n\t\t\t\t\t\t\t\tdata-text=\"w:normal;s:20,20,20,7;l:0,0,0,9;\"\n\t\t\t\t\t\t\t\tdata-dim=\"w:20px,20px,20px,30px;h:20px,20px,20px,30px;\"\n\t\t\t\t\t\t\t\tdata-actions='o:click;a:playslider;'\n\t\t\t\t\t\t\t\tdata-svg_src=\"\/\/www.valcucine.com\/wp-content\/uploads\/revslider\/svg\/objects\/svgcustom\/circle-play.svg\"\n\t\t\t\t\t\t\t\tdata-svgi=\"oc:t;\"\n\t\t\t\t\t\t\t\tdata-basealign=\"slide\"\n\t\t\t\t\t\t\t\tdata-onslides=\"s:1;\"\n\t\t\t\t\t\t\t\tdata-frame_999=\"o:0;st:w;\"\n\t\t\t\t\t\t\t\tstyle=\"z-index:7;font-family:'Roboto';\"\n\t\t\t\t\t\t\t> \n\t\t\t\t\t\t\t<\/rs-layer><!--\n\n\t\t\t\t\t\t\t--><rs-layer\n\t\t\t\t\t\t\t\tid=\"slider-48-slide-43-layer-13\" \n\t\t\t\t\t\t\t\tclass=\"pause-button current-slider rs-svg rs-layer-static\"\n\t\t\t\t\t\t\t\tdata-type=\"svg\"\n\t\t\t\t\t\t\t\tdata-rsp_ch=\"on\"\n\t\t\t\t\t\t\t\tdata-xy=\"xo:20px;y:b;yo:20px;\"\n\t\t\t\t\t\t\t\tdata-text=\"w:normal;s:20,20,20,7;l:0,0,0,9;\"\n\t\t\t\t\t\t\t\tdata-dim=\"w:20px,20px,20px,30px;h:20px,20px,20px,30px;\"\n\t\t\t\t\t\t\t\tdata-actions='o:click;a:pauseslider;'\n\t\t\t\t\t\t\t\tdata-svg_src=\"\/\/www.valcucine.com\/wp-content\/uploads\/revslider\/svg\/objects\/svgcustom\/circle-pause.svg\"\n\t\t\t\t\t\t\t\tdata-svgi=\"oc:t;\"\n\t\t\t\t\t\t\t\tdata-basealign=\"slide\"\n\t\t\t\t\t\t\t\tdata-onslides=\"s:1;\"\n\t\t\t\t\t\t\t\tdata-frame_999=\"o:0;st:w;\"\n\t\t\t\t\t\t\t\tstyle=\"z-index:8;font-family:'Roboto';\"\n\t\t\t\t\t\t\t> \n\t\t\t\t\t\t\t<\/rs-layer><!--\n\t\t\t\t\t--><\/rs-static-layers>\n\t\t\t\t<\/rs-module>\n\t\t\t\t<script>\n\t\t\t\t\tsetREVStartSize({c: 'rev_slider_48_1',rl:[1240,1240,1240,480],el:[568.984,568.984,568.984,480],gw:[1240,1240,1240,480],gh:[569,569,569,480],type:'standard',justify:'',layout:'fullscreen',offsetContainer:'#slider__height',offset:'0px',mh:\"0\"});if (window.RS_MODULES!==undefined && window.RS_MODULES.modules!==undefined && window.RS_MODULES.modules[\"revslider481\"]!==undefined) {window.RS_MODULES.modules[\"revslider481\"].once = false;window.revapi48 = undefined;if (window.RS_MODULES.checkMinimal!==undefined) window.RS_MODULES.checkMinimal()}\n\t\t\t\t<\/script>\n\t\t\t<\/rs-module-wrap>\n\t\t\t<!-- END REVOLUTION SLIDER -->\n[\/vc_column][\/vc_row][vc_row css=\u00a0\u00bb.vc_custom_1709740056130{padding-top: 40px !important;padding-bottom: 40px !important;}\u00a0\u00bb][vc_column]\n        \n        <h1 class=\"text-center  main__title__h1  \" style=\"color:#333333;\"> \n\n         Vitrum: la cuisine en verre\n        \n        <\/h1>\n        \n        <h2 class=\"text-center  main__title__h2  vc_custom_1746775108330 \" style=\"color:;\"> \n\n         \u00c9co-durable et pr\u00e9cieux\n        \n        <\/h2>[\/vc_column][\/vc_row][vc_row][vc_column][vc_column_text]Valcucine a \u00e9t\u00e9<strong> le premier \u00e0 utiliser le verre<\/strong> dans les cuisines, ouvrant des perspectives r\u00e9volutionnaires riches en charme et en technologie.<strong> Noble et pr\u00e9cieux,<\/strong> le verre est un mat\u00e9riau d&rsquo;une grande expressivit\u00e9. Apparemment fragile, il est en r\u00e9alit\u00e9 r\u00e9sistant et capable de transmettre des sensations d&rsquo;une l\u00e9g\u00e8ret\u00e9 inattendue et \u00e9tonnante. Le verre est explor\u00e9 dans ses possibilit\u00e9s infinies, dans le jeu continu des couleurs et dans ses surprenantes suggestions tactiles. Gr\u00e2ce \u00e0 un processus de trempe, le verre devient cinq fois plus r\u00e9sistant et s\u00fbr, se brisant en petits morceaux non coupants en cas de rupture. En plus de sa r\u00e9sistance, le verre est \u00e9cologique et facile \u00e0 nettoyer, conservant ses couleurs au fil du temps gr\u00e2ce \u00e0 des peintures \u00e0 base d&rsquo;eau \u00e0 faible impact environnemental.<\/p>\n<p>Personnalisable dans une large gamme de couleurs et de finitions, le verre Valcucine offre d&rsquo;infinies possibilit\u00e9s esth\u00e9tiques, faisant de chaque cuisine une pi\u00e8ce unique alliant fonctionnalit\u00e9, design et durabilit\u00e9. Le jeu infini avec le verre permet toujours de trouver la solution adapt\u00e9e \u00e0 son go\u00fbt et \u00e0 son style de vie.<\/p>\n<p>[\/vc_column_text][\/vc_column][\/vc_row][vc_row][vc_column][vc_separator color=\u00a0\u00bbcustom\u00a0\u00bb el_width=\u00a0\u00bb10&Prime; accent_color=\u00a0\u00bb#333333&Prime;][\/vc_column][\/vc_row][vc_row][vc_column width=\u00a0\u00bb1\/3&Prime;]<div class=\"block__img__hover\"><a href=\"https:\/\/www.valcucine.com\/fr\/finitions\/vitrum\/vitrum-brillant-et-mat\/\" target=\"\" rel=\"\" style=\"background-image:url(https:\/\/www.valcucine.com\/wp-content\/uploads\/2024\/06\/390_anteprima-vitrum-lucido-e-opaco-_intro.webp?wsr)\"><img src='https:\/\/www.valcucine.com\/wp-content\/uploads\/2024\/06\/390_anteprima-vitrum-lucido-e-opaco-_intro.webp?wsr' alt='' style='display:none'><h4>Vitrum Brillant et Mat<\/h4><\/a><\/div>[\/vc_column][vc_column width=\u00a0\u00bb1\/3&Prime;]<div class=\"block__img__hover\"><a href=\"https:\/\/www.valcucine.com\/fr\/finitions\/vitrum\/vitrum-graphique\/\" target=\"\" rel=\"\" style=\"background-image:url(https:\/\/www.valcucine.com\/wp-content\/uploads\/2024\/06\/391_1-vitrum-grafico_introgen.webp?wsr)\"><img src='https:\/\/www.valcucine.com\/wp-content\/uploads\/2024\/06\/391_1-vitrum-grafico_introgen.webp?wsr' alt='' style='display:none'><h4>Vitrum Graphique<\/h4><\/a><\/div>[\/vc_column][vc_column width=\u00a0\u00bb1\/3&Prime;]<div class=\"block__img__hover\"><a href=\"https:\/\/www.valcucine.com\/fr\/finitions\/vitrum\/cucine-en-vitrum-mimesis\/\" target=\"\" rel=\"\" style=\"background-image:url(https:\/\/www.valcucine.com\/wp-content\/uploads\/2024\/06\/419_valcucine_0591_low-1.jpg?wsr)\"><img src='https:\/\/www.valcucine.com\/wp-content\/uploads\/2024\/06\/419_valcucine_0591_low-1.jpg?wsr' alt='' style='display:none'><h4>Vitrum Mimesis<\/h4><\/a><\/div>[\/vc_column][\/vc_row][vc_row][vc_column width=\u00a0\u00bb1\/3&Prime;]<div class=\"block__img__hover\"><a href=\"https:\/\/www.valcucine.com\/fr\/finitions\/vitrum\/cusine-en-vitrum-tactile\/\" target=\"\" rel=\"\" style=\"background-image:url(https:\/\/www.valcucine.com\/wp-content\/uploads\/2024\/06\/420_vitrum-tattile_introge.webp?wsr)\"><img src='https:\/\/www.valcucine.com\/wp-content\/uploads\/2024\/06\/420_vitrum-tattile_introge.webp?wsr' alt='' style='display:none'><h4>Vitrum Tactile<\/h4><\/a><\/div>[\/vc_column][vc_column width=\u00a0\u00bb1\/3&Prime;]<div class=\"block__img__hover\"><a href=\"https:\/\/www.valcucine.com\/fr\/finitions\/vitrum\/cusine-en-vitrum-textile\" target=\"\" rel=\"\" style=\"background-image:url(https:\/\/www.valcucine.com\/wp-content\/uploads\/2024\/06\/421_valcucine_1078_lowgen.webp?wsr)\"><img src='https:\/\/www.valcucine.com\/wp-content\/uploads\/2024\/06\/421_valcucine_1078_lowgen.webp?wsr' alt='' style='display:none'><h4>Vitrum Textile<\/h4><\/a><\/div>[\/vc_column][vc_column width=\u00a0\u00bb1\/3&Prime;]<div class=\"block__img__hover\"><a href=\"https:\/\/www.valcucine.com\/fr\/finitions\/vitrum\/cusine-en-vetro-velato\/\" target=\"\" rel=\"\" style=\"background-image:url(https:\/\/www.valcucine.com\/wp-content\/uploads\/2024\/06\/422_vitrum-velato_intro.webp?wsr)\"><img src='https:\/\/www.valcucine.com\/wp-content\/uploads\/2024\/06\/422_vitrum-velato_intro.webp?wsr' alt='' style='display:none'><h4>Vitrum Velato<\/h4><\/a><\/div>[\/vc_column][\/vc_row][vc_row][vc_column width=\u00a0\u00bb1\/3&Prime;]<div class=\"block__img__hover\"><a href=\"https:\/\/www.valcucine.com\/fr\/finitions\/vitrum\/cusine-en-vitrum-arte\/\" target=\"\" rel=\"\" style=\"background-image:url(https:\/\/www.valcucine.com\/wp-content\/uploads\/2024\/06\/423_1-stilema-tre_nero.webp?wsr)\"><img src='https:\/\/www.valcucine.com\/wp-content\/uploads\/2024\/06\/423_1-stilema-tre_nero.webp?wsr' alt='' style='display:none'><h4>Vitrum arte<\/h4><\/a><\/div>[\/vc_column][\/vc_row]<\/p>\n<\/div>","protected":false},"excerpt":{"rendered":"<p>[vc_row][vc_column][\/vc_column][\/vc_row][vc_row css=\u00a0\u00bb.vc_custom_1709740056130{padding-top: 40px !important;padding-bottom: 40px !important;}\u00a0\u00bb][vc_column][\/vc_column][\/vc_row][vc_row][vc_column][vc_column_text]Valcucine a \u00e9t\u00e9 le premier \u00e0 utiliser le verre dans les cuisines, ouvrant des perspectives r\u00e9volutionnaires riches en charme et en technologie. Noble et pr\u00e9cieux, le verre est un mat\u00e9riau d&rsquo;une grande expressivit\u00e9. Apparemment fragile, il est en r\u00e9alit\u00e9 r\u00e9sistant et capable de transmettre des sensations d&rsquo;une l\u00e9g\u00e8ret\u00e9 inattendue et [&hellip;]<\/p>\n","protected":false},"author":1,"featured_media":0,"parent":18262,"menu_order":0,"comment_status":"closed","ping_status":"closed","template":"","meta":{"footnotes":""},"class_list":["post-18265","page","type-page","status-publish","hentry"],"yoast_head":"<!-- This site is optimized with the Yoast SEO plugin v26.2 - https:\/\/yoast.com\/wordpress\/plugins\/seo\/ -->\n<title>Vitrum: la cuisine en verre Valcucine<\/title>\n<meta name=\"description\" content=\"Valcucine a \u00e9t\u00e9 la premi\u00e8re \u00e0 utiliser le verre pour la fabrication de ses meubles de cuisine.\" \/>\n<meta name=\"robots\" content=\"index, follow, max-snippet:-1, max-image-preview:large, max-video-preview:-1\" \/>\n<link rel=\"canonical\" href=\"https:\/\/www.valcucine.com\/fr\/finitions\/vitrum\/\" \/>\n<meta property=\"og:locale\" content=\"fr_FR\" \/>\n<meta property=\"og:type\" content=\"article\" \/>\n<meta property=\"og:title\" content=\"Vitrum: la cuisine en verre Valcucine\" \/>\n<meta property=\"og:description\" content=\"Valcucine a \u00e9t\u00e9 la premi\u00e8re \u00e0 utiliser le verre pour la fabrication de ses meubles de cuisine.\" \/>\n<meta property=\"og:url\" content=\"https:\/\/www.valcucine.com\/fr\/finitions\/vitrum\/\" \/>\n<meta property=\"og:site_name\" content=\"Valcucine\" \/>\n<meta property=\"article:publisher\" content=\"https:\/\/www.facebook.com\/valcucine\/\" \/>\n<meta property=\"article:modified_time\" content=\"2025-05-09T07:19:54+00:00\" \/>\n<meta name=\"twitter:card\" content=\"summary_large_image\" \/>\n<meta name=\"twitter:label1\" content=\"Dur\u00e9e de lecture estim\u00e9e\" \/>\n\t<meta name=\"twitter:data1\" content=\"3 minutes\" \/>\n<script type=\"application\/ld+json\" class=\"yoast-schema-graph\">{\"@context\":\"https:\/\/schema.org\",\"@graph\":[{\"@type\":\"WebPage\",\"@id\":\"https:\/\/www.valcucine.com\/fr\/finitions\/vitrum\/\",\"url\":\"https:\/\/www.valcucine.com\/fr\/finitions\/vitrum\/\",\"name\":\"Vitrum: la cuisine en verre Valcucine\",\"isPartOf\":{\"@id\":\"https:\/\/www.valcucine.com\/#website\"},\"datePublished\":\"2024-05-30T14:51:08+00:00\",\"dateModified\":\"2025-05-09T07:19:54+00:00\",\"description\":\"Valcucine a \u00e9t\u00e9 la premi\u00e8re \u00e0 utiliser le verre pour la fabrication de ses meubles de cuisine.\",\"breadcrumb\":{\"@id\":\"https:\/\/www.valcucine.com\/fr\/finitions\/vitrum\/#breadcrumb\"},\"inLanguage\":\"fr-FR\",\"potentialAction\":[{\"@type\":\"ReadAction\",\"target\":[\"https:\/\/www.valcucine.com\/fr\/finitions\/vitrum\/\"]}]},{\"@type\":\"BreadcrumbList\",\"@id\":\"https:\/\/www.valcucine.com\/fr\/finitions\/vitrum\/#breadcrumb\",\"itemListElement\":[{\"@type\":\"ListItem\",\"position\":1,\"name\":\"Valcucine\",\"item\":\"https:\/\/www.valcucine.com\/fr\/\"},{\"@type\":\"ListItem\",\"position\":2,\"name\":\"Finitions\",\"item\":\"https:\/\/www.valcucine.com\/fr\/finitions\/\"},{\"@type\":\"ListItem\",\"position\":3,\"name\":\"Vitrum: la cuisine en verre\"}]},{\"@type\":\"WebSite\",\"@id\":\"https:\/\/www.valcucine.com\/#website\",\"url\":\"https:\/\/www.valcucine.com\/\",\"name\":\"Valcucine\",\"description\":\"\",\"publisher\":{\"@id\":\"https:\/\/www.valcucine.com\/#organization\"},\"potentialAction\":[{\"@type\":\"SearchAction\",\"target\":{\"@type\":\"EntryPoint\",\"urlTemplate\":\"https:\/\/www.valcucine.com\/?s={search_term_string}\"},\"query-input\":{\"@type\":\"PropertyValueSpecification\",\"valueRequired\":true,\"valueName\":\"search_term_string\"}}],\"inLanguage\":\"fr-FR\"},{\"@type\":\"Organization\",\"@id\":\"https:\/\/www.valcucine.com\/#organization\",\"name\":\"Valcucine\",\"url\":\"https:\/\/www.valcucine.com\/\",\"logo\":{\"@type\":\"ImageObject\",\"inLanguage\":\"fr-FR\",\"@id\":\"https:\/\/www.valcucine.com\/#\/schema\/logo\/image\/\",\"url\":\"https:\/\/www.valcucine.com\/wp-content\/uploads\/2024\/02\/logo-valcucine.webp?wsr\",\"contentUrl\":\"https:\/\/www.valcucine.com\/wp-content\/uploads\/2024\/02\/logo-valcucine.webp?wsr\",\"width\":288,\"height\":46,\"caption\":\"Valcucine\"},\"image\":{\"@id\":\"https:\/\/www.valcucine.com\/#\/schema\/logo\/image\/\"},\"sameAs\":[\"https:\/\/www.facebook.com\/valcucine\/\",\"https:\/\/www.instagram.com\/valcucine\/\",\"https:\/\/www.linkedin.com\/company\/valcucine\"]}]}<\/script>\n<!-- \/ Yoast SEO plugin. -->","yoast_head_json":{"title":"Vitrum: la cuisine en verre Valcucine","description":"Valcucine a \u00e9t\u00e9 la premi\u00e8re \u00e0 utiliser le verre pour la fabrication de ses meubles de cuisine.","robots":{"index":"index","follow":"follow","max-snippet":"max-snippet:-1","max-image-preview":"max-image-preview:large","max-video-preview":"max-video-preview:-1"},"canonical":"https:\/\/www.valcucine.com\/fr\/finitions\/vitrum\/","og_locale":"fr_FR","og_type":"article","og_title":"Vitrum: la cuisine en verre Valcucine","og_description":"Valcucine a \u00e9t\u00e9 la premi\u00e8re \u00e0 utiliser le verre pour la fabrication de ses meubles de cuisine.","og_url":"https:\/\/www.valcucine.com\/fr\/finitions\/vitrum\/","og_site_name":"Valcucine","article_publisher":"https:\/\/www.facebook.com\/valcucine\/","article_modified_time":"2025-05-09T07:19:54+00:00","twitter_card":"summary_large_image","twitter_misc":{"Dur\u00e9e de lecture estim\u00e9e":"3 minutes"},"schema":{"@context":"https:\/\/schema.org","@graph":[{"@type":"WebPage","@id":"https:\/\/www.valcucine.com\/fr\/finitions\/vitrum\/","url":"https:\/\/www.valcucine.com\/fr\/finitions\/vitrum\/","name":"Vitrum: la cuisine en verre Valcucine","isPartOf":{"@id":"https:\/\/www.valcucine.com\/#website"},"datePublished":"2024-05-30T14:51:08+00:00","dateModified":"2025-05-09T07:19:54+00:00","description":"Valcucine a \u00e9t\u00e9 la premi\u00e8re \u00e0 utiliser le verre pour la fabrication de ses meubles de cuisine.","breadcrumb":{"@id":"https:\/\/www.valcucine.com\/fr\/finitions\/vitrum\/#breadcrumb"},"inLanguage":"fr-FR","potentialAction":[{"@type":"ReadAction","target":["https:\/\/www.valcucine.com\/fr\/finitions\/vitrum\/"]}]},{"@type":"BreadcrumbList","@id":"https:\/\/www.valcucine.com\/fr\/finitions\/vitrum\/#breadcrumb","itemListElement":[{"@type":"ListItem","position":1,"name":"Valcucine","item":"https:\/\/www.valcucine.com\/fr\/"},{"@type":"ListItem","position":2,"name":"Finitions","item":"https:\/\/www.valcucine.com\/fr\/finitions\/"},{"@type":"ListItem","position":3,"name":"Vitrum: la cuisine en verre"}]},{"@type":"WebSite","@id":"https:\/\/www.valcucine.com\/#website","url":"https:\/\/www.valcucine.com\/","name":"Valcucine","description":"","publisher":{"@id":"https:\/\/www.valcucine.com\/#organization"},"potentialAction":[{"@type":"SearchAction","target":{"@type":"EntryPoint","urlTemplate":"https:\/\/www.valcucine.com\/?s={search_term_string}"},"query-input":{"@type":"PropertyValueSpecification","valueRequired":true,"valueName":"search_term_string"}}],"inLanguage":"fr-FR"},{"@type":"Organization","@id":"https:\/\/www.valcucine.com\/#organization","name":"Valcucine","url":"https:\/\/www.valcucine.com\/","logo":{"@type":"ImageObject","inLanguage":"fr-FR","@id":"https:\/\/www.valcucine.com\/#\/schema\/logo\/image\/","url":"https:\/\/www.valcucine.com\/wp-content\/uploads\/2024\/02\/logo-valcucine.webp?wsr","contentUrl":"https:\/\/www.valcucine.com\/wp-content\/uploads\/2024\/02\/logo-valcucine.webp?wsr","width":288,"height":46,"caption":"Valcucine"},"image":{"@id":"https:\/\/www.valcucine.com\/#\/schema\/logo\/image\/"},"sameAs":["https:\/\/www.facebook.com\/valcucine\/","https:\/\/www.instagram.com\/valcucine\/","https:\/\/www.linkedin.com\/company\/valcucine"]}]}},"_links":{"self":[{"href":"https:\/\/www.valcucine.com\/fr\/wp-json\/wp\/v2\/pages\/18265","targetHints":{"allow":["GET"]}}],"collection":[{"href":"https:\/\/www.valcucine.com\/fr\/wp-json\/wp\/v2\/pages"}],"about":[{"href":"https:\/\/www.valcucine.com\/fr\/wp-json\/wp\/v2\/types\/page"}],"author":[{"embeddable":true,"href":"https:\/\/www.valcucine.com\/fr\/wp-json\/wp\/v2\/users\/1"}],"replies":[{"embeddable":true,"href":"https:\/\/www.valcucine.com\/fr\/wp-json\/wp\/v2\/comments?post=18265"}],"version-history":[{"count":9,"href":"https:\/\/www.valcucine.com\/fr\/wp-json\/wp\/v2\/pages\/18265\/revisions"}],"predecessor-version":[{"id":45478,"href":"https:\/\/www.valcucine.com\/fr\/wp-json\/wp\/v2\/pages\/18265\/revisions\/45478"}],"up":[{"embeddable":true,"href":"https:\/\/www.valcucine.com\/fr\/wp-json\/wp\/v2\/pages\/18262"}],"wp:attachment":[{"href":"https:\/\/www.valcucine.com\/fr\/wp-json\/wp\/v2\/media?parent=18265"}],"curies":[{"name":"wp","href":"https:\/\/api.w.org\/{rel}","templated":true}]}}