{"id":19663,"date":"2024-08-20T14:23:52","date_gmt":"2024-08-20T14:23:52","guid":{"rendered":"https:\/\/devel.valcucine.com\/elements-caracteristiques\/la-cucina-si-integra-con-larchitettura\/"},"modified":"2025-07-02T11:42:55","modified_gmt":"2025-07-02T11:42:55","slug":"integration-architecturale","status":"publish","type":"page","link":"https:\/\/www.valcucine.com\/fr\/elements-caracteristiques\/integration-architecturale\/","title":{"rendered":"Int\u00e9gration architecturale"},"content":{"rendered":"<div class=\"wpb-content-wrapper\"><p>[vc_row][vc_column]\n\t\t\t<!-- START Integrazione architettonica REVOLUTION SLIDER 6.7.38 --><p class=\"rs-p-wp-fix\"><\/p>\n\t\t\t<rs-module-wrap id=\"rev_slider_221_1_wrapper\" data-source=\"gallery\" style=\"visibility:hidden;background:transparent;padding:0;margin:0px auto;margin-top:0;margin-bottom:0;\">\n\t\t\t\t<rs-module id=\"rev_slider_221_1\" style=\"\" data-version=\"6.7.38\">\n\t\t\t\t\t<rs-slides style=\"overflow: hidden; position: absolute;\">\n\t\t\t\t\t\t<rs-slide style=\"position: absolute;\" data-key=\"rs-1019\" data-title=\"Slide\" data-thumb=\"\/\/www.valcucine.com\/wp-content\/uploads\/2024\/08\/Valcucine_New-Logica_-kitchen-integration-with-the-architecture--50x100.jpg\" data-in=\"o:0;\" data-out=\"a:false;\">\n\t\t\t\t\t\t\t<img decoding=\"async\" src=\"\/\/www.valcucine.com\/wp-content\/plugins\/revslider\/sr6\/assets\/assets\/dummy.png\" alt=\"Valcucine_New Logica_ kitchen integration with the architecture\" title=\"Valcucine_New Logica_ kitchen integration with the architecture\" width=\"2400\" height=\"1200\" class=\"rev-slidebg tp-rs-img rs-lazyload\" data-lazyload=\"\/\/www.valcucine.com\/wp-content\/uploads\/2024\/08\/Valcucine_New-Logica_-kitchen-integration-with-the-architecture-.jpg\" data-no-retina>\n<!---->\t\t\t\t\t<\/rs-slide>\n\t\t\t\t\t\t<rs-slide style=\"position: absolute;\" data-key=\"rs-1020\" data-title=\"Slide\" data-thumb=\"\/\/www.valcucine.com\/wp-content\/uploads\/2024\/08\/VELA-UNIT-3-50x100.jpg\" data-in=\"o:0;\" data-out=\"a:false;\">\n\t\t\t\t\t\t\t<img decoding=\"async\" src=\"\/\/www.valcucine.com\/wp-content\/plugins\/revslider\/sr6\/assets\/assets\/dummy.png\" alt=\"Vela Unit_Special Element Valcucin\" title=\"Vela Unit_Special Element Valcucin\" width=\"2000\" height=\"1400\" class=\"rev-slidebg tp-rs-img rs-lazyload\" data-lazyload=\"\/\/www.valcucine.com\/wp-content\/uploads\/2024\/08\/VELA-UNIT-3.jpg\" data-no-retina>\n<!---->\t\t\t\t\t<\/rs-slide>\n\t\t\t\t\t\t<rs-slide style=\"position: absolute;\" data-key=\"rs-1021\" data-title=\"Slide\" data-thumb=\"\/\/www.valcucine.com\/wp-content\/uploads\/2024\/08\/Valcucine_New-Logica_integrated-with-the-architecture_2-50x100.jpg\" data-in=\"o:0;\" data-out=\"a:false;\">\n\t\t\t\t\t\t\t<img decoding=\"async\" src=\"\/\/www.valcucine.com\/wp-content\/plugins\/revslider\/sr6\/assets\/assets\/dummy.png\" alt=\"\" title=\"Valcucine_New Logica_integrated with the architecture_2\" width=\"800\" height=\"400\" class=\"rev-slidebg tp-rs-img rs-lazyload\" data-lazyload=\"\/\/www.valcucine.com\/wp-content\/uploads\/2024\/08\/Valcucine_New-Logica_integrated-with-the-architecture_2.jpg\" data-no-retina>\n<!---->\t\t\t\t\t<\/rs-slide>\n\t\t\t\t\t\t<rs-slide style=\"position: absolute;\" data-key=\"rs-1022\" data-title=\"Slide\" data-thumb=\"\/\/www.valcucine.com\/wp-content\/uploads\/2024\/08\/DSC7889_ph-Michele-Salucci-ImmaginAria-50x100.jpg\" data-in=\"o:0;\" data-out=\"a:false;\">\n\t\t\t\t\t\t\t<img decoding=\"async\" src=\"\/\/www.valcucine.com\/wp-content\/plugins\/revslider\/sr6\/assets\/assets\/dummy.png\" alt=\"\" title=\"_DSC7889_ph Michele Salucci ImmaginAria\" width=\"800\" height=\"456\" class=\"rev-slidebg tp-rs-img rs-lazyload\" data-lazyload=\"\/\/www.valcucine.com\/wp-content\/uploads\/2024\/08\/DSC7889_ph-Michele-Salucci-ImmaginAria.jpg\" data-no-retina>\n<!---->\t\t\t\t\t<\/rs-slide>\n\t\t\t\t\t\t<rs-slide style=\"position: absolute;\" data-key=\"rs-1023\" data-title=\"Slide\" data-thumb=\"\/\/www.valcucine.com\/wp-content\/uploads\/2024\/08\/DSC7849_ph-Michele-Salucci-ImmaginAria_Milano-Design-Week-2024-50x100.jpg\" data-in=\"o:0;\" data-out=\"a:false;\">\n\t\t\t\t\t\t\t<img decoding=\"async\" src=\"\/\/www.valcucine.com\/wp-content\/plugins\/revslider\/sr6\/assets\/assets\/dummy.png\" alt=\"\" title=\"_DSC7849_ph Michele Salucci ImmaginAria_Milano Design Week 2024\" width=\"2000\" height=\"1106\" class=\"rev-slidebg tp-rs-img rs-lazyload\" data-lazyload=\"\/\/www.valcucine.com\/wp-content\/uploads\/2024\/08\/DSC7849_ph-Michele-Salucci-ImmaginAria_Milano-Design-Week-2024.jpg\" data-no-retina>\n<!---->\t\t\t\t\t<\/rs-slide>\n\t\t\t\t\t<\/rs-slides>\n\t\t\t\t<\/rs-module>\n\t\t\t\t<script>\n\t\t\t\t\tsetREVStartSize({c: 'rev_slider_221_1',rl:[1240,1024,778,480],el:[900],gw:[1240],gh:[900],type:'standard',justify:'',layout:'fullwidth',mh:\"0\"});if (window.RS_MODULES!==undefined && window.RS_MODULES.modules!==undefined && window.RS_MODULES.modules[\"revslider2211\"]!==undefined) {window.RS_MODULES.modules[\"revslider2211\"].once = false;window.revapi221 = undefined;if (window.RS_MODULES.checkMinimal!==undefined) window.RS_MODULES.checkMinimal()}\n\t\t\t\t<\/script>\n\t\t\t<\/rs-module-wrap>\n\t\t\t<!-- END REVOLUTION SLIDER -->\n[\/vc_column][\/vc_row][vc_row el_class=\u00a0\u00bbpt-6&Prime; css=\u00a0\u00bb.vc_custom_1711706221520{padding-top: 40px !important;padding-bottom: 40px !important;}\u00a0\u00bb][vc_column]\n        \n        <h1 class=\"text-center  main__title__h1  \" style=\"color:#333333;\"> \n\n         Int\u00e9gration architecturale\n        \n        <\/h1>\n        \n        <h2 class=\"text-center  main__title__h2  \" style=\"color:#333333;\"> \n\n         Solutions techniques, mat\u00e9riaux et dispositifs pour int\u00e9grer les cuisines dans le projet architectural\n        \n        <\/h2>[\/vc_column][\/vc_row][vc_row][vc_column][vc_column_text]Le projet architectural et son int\u00e9gration avec l&rsquo;architecture sont devenus indispensables dans le processus de conception des cuisines haut de gamme, et cette prise de conscience guide nos activit\u00e9s de d\u00e9veloppement de produits. Valcucine a d\u00e9velopp\u00e9 diverses solutions pour int\u00e9grer les cuisines et les El\u00e9ments Particuliers dans le projet de l&rsquo;architecte et du designer d&rsquo;int\u00e9rieur.[\/vc_column_text][\/vc_column][\/vc_row][vc_row css=\u00a0\u00bb.vc_custom_1709741045295{margin-top: 10px !important;}\u00a0\u00bb][vc_column width=\u00a0\u00bb1\/2&Prime;][vc_single_image image=\u00a0\u00bb19608&Prime; img_size=\u00a0\u00bb500&#215;300&Prime; alignment=\u00a0\u00bbcenter\u00a0\u00bb][\/vc_column][vc_column width=\u00a0\u00bb1\/2&Prime;][vc_empty_space][vc_column_text]L\u2019\u00e9l\u00e9ment\u00a0<strong>New Logica<\/strong>\u00a0a \u00e9t\u00e9 enrichi avec la possibilit\u00e9 de d\u00e9veloppement vertical. L&rsquo;introduction d&rsquo;un panneau de couverture sp\u00e9cial pour le caract\u00e9ristique balancier permet la conception d&rsquo;un stockage suppl\u00e9mentaire sur toute la hauteur du mur et la possibilit\u00e9 d&rsquo;int\u00e9grer et d&rsquo;aligner la cuisine avec les armoires.<\/p>\n<p>La solution est \u00e9galement disponible au-dessus des portes avec cache balancier de\u00a0<strong>New Logica, l\u2019\u00e9l\u00e9ment haut Aerius, l\u2019\u00e9l\u00e9ment haut Latus,<\/strong>\u00a0et elle peut \u00eatre r\u00e9alis\u00e9e dans les finitions des portes Artematica (\u00e0 l&rsquo;exclusion de Vitrum Velato et des marbres, granites et gr\u00e8s, non disponibles pour la porte avec cache balancier en raison des exigences de l\u00e9g\u00e8ret\u00e9), offrant une continuit\u00e9 visuelle \u00e0 chaque projet avec des \u00e9l\u00e9ments caract\u00e9ristiques.[\/vc_column_text][\/vc_column][\/vc_row][vc_row css=\u00a0\u00bb.vc_custom_1709741045295{margin-top: 10px !important;}\u00a0\u00bb][vc_column width=\u00a0\u00bb1\/2&Prime;][vc_empty_space][vc_column_text]En plus du verre, mat\u00e9riau signature de Valcucine, et des m\u00e9taux pr\u00e9cieux, l&rsquo;utilisation de finitions telles que l&rsquo;<strong>MDi, le Laminam et le Fenix\u00ae<\/strong> \u2013 habituellement utilis\u00e9es dans les surfaces architecturales \u2013 s&rsquo;\u00e9tend \u00e9galement aux portes coulissantes et basculantes des \u00e9l\u00e9ments sp\u00e9ciaux, facilitant ainsi la conception et l&rsquo;int\u00e9gration avec l&rsquo;architecture dans une approche de design \u00e0 360\u00b0. La finition Fenix\u00ae peut \u00e9galement rev\u00eatir les murs adjacents \u00e0 l&rsquo;unit\u00e9 murale Vela, cr\u00e9ant ainsi une surface uniforme et continue. Ainsi, l&rsquo;unit\u00e9 murale Vela devient un \u00e9l\u00e9ment de mobilier parfaitement int\u00e9gr\u00e9 \u00e0 l&rsquo;architecture de l&rsquo;environnement domestique.[\/vc_column_text][\/vc_column][vc_column width=\u00a0\u00bb1\/2&Prime;][vc_single_image image=\u00a0\u00bb19613&Prime; img_size=\u00a0\u00bb500&#215;300&Prime; alignment=\u00a0\u00bbcenter\u00a0\u00bb][\/vc_column][\/vc_row][vc_row css=\u00a0\u00bb.vc_custom_1709741045295{margin-top: 10px !important;}\u00a0\u00bb][vc_column width=\u00a0\u00bb1\/2&Prime;][vc_single_image image=\u00a0\u00bb19618&Prime; img_size=\u00a0\u00bb500&#215;300&Prime; alignment=\u00a0\u00bbcenter\u00a0\u00bb][\/vc_column][vc_column width=\u00a0\u00bb1\/2&Prime;][vc_empty_space][vc_column_text]La finition Fenix\u00ae peut \u00e9galement habiller les parois adjacentes \u00e0 l\u2019\u00e9l\u00e9ment haut Vela, permettant de cr\u00e9er une surface uniforme et continue. L\u2019<strong>\u00e9l\u00e9ment haut Vela<\/strong> devient ainsi un \u00e9l\u00e9ment d\u2019ameublement parfaitement int\u00e9gr\u00e9 \u00e0 l\u2019architecture de l\u2019espace domestique.[\/vc_column_text][\/vc_column][\/vc_row][vc_row css=\u00a0\u00bb.vc_custom_1709741045295{margin-top: 10px !important;}\u00a0\u00bb][vc_column width=\u00a0\u00bb1\/2&Prime;][vc_empty_space][vc_column_text]L\u2019<strong>\u00e9l\u00e9ment haut Cielo,<\/strong> con\u00e7ue avec des rayonnage mural en aluminium, a \u00e9t\u00e9 con\u00e7ue pour mettre en valeur le rev\u00eatement mural. L\u2019\u00e9l\u00e9ment haut est modulable selon les besoins : parfait pour accueillir les objets les plus pr\u00e9cieux et ceux du quotidien, il peut \u00e9galement accueillir la hotte, qui est parfaitement int\u00e9gr\u00e9e dans la structure. Il est ainsi possible de cr\u00e9er des solutions de design dynamiques qui jouent avec l&rsquo;alternance d&rsquo;\u00e9l\u00e9ments ouverts et de compartiments ferm\u00e9s, tout en maintenant toujours un effet esth\u00e9tique de grande l\u00e9g\u00e8ret\u00e9.[\/vc_column_text][\/vc_column][vc_column width=\u00a0\u00bb1\/2&Prime;][vc_single_image image=\u00a0\u00bb19623&Prime; img_size=\u00a0\u00bb500&#215;300&Prime; alignment=\u00a0\u00bbcenter\u00a0\u00bb][\/vc_column][\/vc_row][vc_row css=\u00a0\u00bb.vc_custom_1709741045295{margin-top: 10px !important;}\u00a0\u00bb][vc_column width=\u00a0\u00bb1\/2&Prime;][vc_single_image image=\u00a0\u00bb19628&Prime; img_size=\u00a0\u00bb500&#215;300&Prime; alignment=\u00a0\u00bbcenter\u00a0\u00bb][\/vc_column][vc_column width=\u00a0\u00bb1\/2&Prime;][vc_empty_space][vc_column_text]La recherche de l&rsquo;int\u00e9gration de la cuisine dans l&rsquo;architecture de l&rsquo;espace se refl\u00e8te \u00e9galement dans la r\u00e9alisation d&rsquo;une nouvelle porte, align\u00e9e et continue avec la finition des portes, cr\u00e9ant un look harmonieux et des ouvertures surprenantes vers d&rsquo;autres zones de la maison.[\/vc_column_text][\/vc_column][\/vc_row][vc_row][vc_column][vc_separator color=\u00a0\u00bbcustom\u00a0\u00bb el_width=\u00a0\u00bb10&Prime; accent_color=\u00a0\u00bb#666666&Prime;][\/vc_column][\/vc_row]<\/p>\n<\/div>","protected":false},"excerpt":{"rendered":"<p>[vc_row][vc_column][\/vc_column][\/vc_row][vc_row el_class=\u00a0\u00bbpt-6&Prime; css=\u00a0\u00bb.vc_custom_1711706221520{padding-top: 40px !important;padding-bottom: 40px !important;}\u00a0\u00bb][vc_column][\/vc_column][\/vc_row][vc_row][vc_column][vc_column_text]Le projet architectural et son int\u00e9gration avec l&rsquo;architecture sont devenus indispensables dans le processus de conception des cuisines haut de gamme, et cette prise de conscience guide nos activit\u00e9s de d\u00e9veloppement de produits. Valcucine a d\u00e9velopp\u00e9 diverses solutions pour int\u00e9grer les cuisines et les El\u00e9ments Particuliers dans le projet [&hellip;]<\/p>\n","protected":false},"author":2,"featured_media":0,"parent":12358,"menu_order":0,"comment_status":"closed","ping_status":"closed","template":"","meta":{"footnotes":""},"class_list":["post-19663","page","type-page","status-publish","hentry"],"yoast_head":"<!-- This site is optimized with the Yoast SEO plugin v26.2 - https:\/\/yoast.com\/wordpress\/plugins\/seo\/ -->\n<title>Int\u00e9gration architecturale - Valcucine<\/title>\n<meta name=\"robots\" content=\"index, follow, max-snippet:-1, max-image-preview:large, max-video-preview:-1\" \/>\n<link rel=\"canonical\" href=\"https:\/\/www.valcucine.com\/fr\/elements-caracteristiques\/integration-architecturale\/\" \/>\n<meta property=\"og:locale\" content=\"fr_FR\" \/>\n<meta property=\"og:type\" content=\"article\" \/>\n<meta property=\"og:title\" content=\"Int\u00e9gration architecturale - Valcucine\" \/>\n<meta property=\"og:description\" content=\"[vc_row][vc_column][\/vc_column][\/vc_row][vc_row el_class=\u00a0\u00bbpt-6&Prime; css=\u00a0\u00bb.vc_custom_1711706221520{padding-top: 40px !important;padding-bottom: 40px !important;}\u00a0\u00bb][vc_column][\/vc_column][\/vc_row][vc_row][vc_column][vc_column_text]Le projet architectural et son int\u00e9gration avec l&rsquo;architecture sont devenus indispensables dans le processus de conception des cuisines haut de gamme, et cette prise de conscience guide nos activit\u00e9s de d\u00e9veloppement de produits. Valcucine a d\u00e9velopp\u00e9 diverses solutions pour int\u00e9grer les cuisines et les El\u00e9ments Particuliers dans le projet [&hellip;]\" \/>\n<meta property=\"og:url\" content=\"https:\/\/www.valcucine.com\/fr\/elements-caracteristiques\/integration-architecturale\/\" \/>\n<meta property=\"og:site_name\" content=\"Valcucine\" \/>\n<meta property=\"article:publisher\" content=\"https:\/\/www.facebook.com\/valcucine\/\" \/>\n<meta property=\"article:modified_time\" content=\"2025-07-02T11:42:55+00:00\" \/>\n<meta name=\"twitter:card\" content=\"summary_large_image\" \/>\n<meta name=\"twitter:label1\" content=\"Dur\u00e9e de lecture estim\u00e9e\" \/>\n\t<meta name=\"twitter:data1\" content=\"3 minutes\" \/>\n<script type=\"application\/ld+json\" class=\"yoast-schema-graph\">{\"@context\":\"https:\/\/schema.org\",\"@graph\":[{\"@type\":\"WebPage\",\"@id\":\"https:\/\/www.valcucine.com\/fr\/elements-caracteristiques\/integration-architecturale\/\",\"url\":\"https:\/\/www.valcucine.com\/fr\/elements-caracteristiques\/integration-architecturale\/\",\"name\":\"Int\u00e9gration architecturale - Valcucine\",\"isPartOf\":{\"@id\":\"https:\/\/www.valcucine.com\/#website\"},\"datePublished\":\"2024-08-20T14:23:52+00:00\",\"dateModified\":\"2025-07-02T11:42:55+00:00\",\"breadcrumb\":{\"@id\":\"https:\/\/www.valcucine.com\/fr\/elements-caracteristiques\/integration-architecturale\/#breadcrumb\"},\"inLanguage\":\"fr-FR\",\"potentialAction\":[{\"@type\":\"ReadAction\",\"target\":[\"https:\/\/www.valcucine.com\/fr\/elements-caracteristiques\/integration-architecturale\/\"]}]},{\"@type\":\"BreadcrumbList\",\"@id\":\"https:\/\/www.valcucine.com\/fr\/elements-caracteristiques\/integration-architecturale\/#breadcrumb\",\"itemListElement\":[{\"@type\":\"ListItem\",\"position\":1,\"name\":\"Valcucine\",\"item\":\"https:\/\/www.valcucine.com\/fr\/\"},{\"@type\":\"ListItem\",\"position\":2,\"name\":\"El\u00e9ments caract\u00e9ristiques\",\"item\":\"https:\/\/www.valcucine.com\/fr\/elements-caracteristiques\/\"},{\"@type\":\"ListItem\",\"position\":3,\"name\":\"Int\u00e9gration architecturale\"}]},{\"@type\":\"WebSite\",\"@id\":\"https:\/\/www.valcucine.com\/#website\",\"url\":\"https:\/\/www.valcucine.com\/\",\"name\":\"Valcucine\",\"description\":\"\",\"publisher\":{\"@id\":\"https:\/\/www.valcucine.com\/#organization\"},\"potentialAction\":[{\"@type\":\"SearchAction\",\"target\":{\"@type\":\"EntryPoint\",\"urlTemplate\":\"https:\/\/www.valcucine.com\/?s={search_term_string}\"},\"query-input\":{\"@type\":\"PropertyValueSpecification\",\"valueRequired\":true,\"valueName\":\"search_term_string\"}}],\"inLanguage\":\"fr-FR\"},{\"@type\":\"Organization\",\"@id\":\"https:\/\/www.valcucine.com\/#organization\",\"name\":\"Valcucine\",\"url\":\"https:\/\/www.valcucine.com\/\",\"logo\":{\"@type\":\"ImageObject\",\"inLanguage\":\"fr-FR\",\"@id\":\"https:\/\/www.valcucine.com\/#\/schema\/logo\/image\/\",\"url\":\"https:\/\/www.valcucine.com\/wp-content\/uploads\/2024\/02\/logo-valcucine.webp?wsr\",\"contentUrl\":\"https:\/\/www.valcucine.com\/wp-content\/uploads\/2024\/02\/logo-valcucine.webp?wsr\",\"width\":288,\"height\":46,\"caption\":\"Valcucine\"},\"image\":{\"@id\":\"https:\/\/www.valcucine.com\/#\/schema\/logo\/image\/\"},\"sameAs\":[\"https:\/\/www.facebook.com\/valcucine\/\",\"https:\/\/www.instagram.com\/valcucine\/\",\"https:\/\/www.linkedin.com\/company\/valcucine\"]}]}<\/script>\n<!-- \/ Yoast SEO plugin. -->","yoast_head_json":{"title":"Int\u00e9gration architecturale - Valcucine","robots":{"index":"index","follow":"follow","max-snippet":"max-snippet:-1","max-image-preview":"max-image-preview:large","max-video-preview":"max-video-preview:-1"},"canonical":"https:\/\/www.valcucine.com\/fr\/elements-caracteristiques\/integration-architecturale\/","og_locale":"fr_FR","og_type":"article","og_title":"Int\u00e9gration architecturale - Valcucine","og_description":"[vc_row][vc_column][\/vc_column][\/vc_row][vc_row el_class=\u00a0\u00bbpt-6&Prime; css=\u00a0\u00bb.vc_custom_1711706221520{padding-top: 40px !important;padding-bottom: 40px !important;}\u00a0\u00bb][vc_column][\/vc_column][\/vc_row][vc_row][vc_column][vc_column_text]Le projet architectural et son int\u00e9gration avec l&rsquo;architecture sont devenus indispensables dans le processus de conception des cuisines haut de gamme, et cette prise de conscience guide nos activit\u00e9s de d\u00e9veloppement de produits. Valcucine a d\u00e9velopp\u00e9 diverses solutions pour int\u00e9grer les cuisines et les El\u00e9ments Particuliers dans le projet [&hellip;]","og_url":"https:\/\/www.valcucine.com\/fr\/elements-caracteristiques\/integration-architecturale\/","og_site_name":"Valcucine","article_publisher":"https:\/\/www.facebook.com\/valcucine\/","article_modified_time":"2025-07-02T11:42:55+00:00","twitter_card":"summary_large_image","twitter_misc":{"Dur\u00e9e de lecture estim\u00e9e":"3 minutes"},"schema":{"@context":"https:\/\/schema.org","@graph":[{"@type":"WebPage","@id":"https:\/\/www.valcucine.com\/fr\/elements-caracteristiques\/integration-architecturale\/","url":"https:\/\/www.valcucine.com\/fr\/elements-caracteristiques\/integration-architecturale\/","name":"Int\u00e9gration architecturale - Valcucine","isPartOf":{"@id":"https:\/\/www.valcucine.com\/#website"},"datePublished":"2024-08-20T14:23:52+00:00","dateModified":"2025-07-02T11:42:55+00:00","breadcrumb":{"@id":"https:\/\/www.valcucine.com\/fr\/elements-caracteristiques\/integration-architecturale\/#breadcrumb"},"inLanguage":"fr-FR","potentialAction":[{"@type":"ReadAction","target":["https:\/\/www.valcucine.com\/fr\/elements-caracteristiques\/integration-architecturale\/"]}]},{"@type":"BreadcrumbList","@id":"https:\/\/www.valcucine.com\/fr\/elements-caracteristiques\/integration-architecturale\/#breadcrumb","itemListElement":[{"@type":"ListItem","position":1,"name":"Valcucine","item":"https:\/\/www.valcucine.com\/fr\/"},{"@type":"ListItem","position":2,"name":"El\u00e9ments caract\u00e9ristiques","item":"https:\/\/www.valcucine.com\/fr\/elements-caracteristiques\/"},{"@type":"ListItem","position":3,"name":"Int\u00e9gration architecturale"}]},{"@type":"WebSite","@id":"https:\/\/www.valcucine.com\/#website","url":"https:\/\/www.valcucine.com\/","name":"Valcucine","description":"","publisher":{"@id":"https:\/\/www.valcucine.com\/#organization"},"potentialAction":[{"@type":"SearchAction","target":{"@type":"EntryPoint","urlTemplate":"https:\/\/www.valcucine.com\/?s={search_term_string}"},"query-input":{"@type":"PropertyValueSpecification","valueRequired":true,"valueName":"search_term_string"}}],"inLanguage":"fr-FR"},{"@type":"Organization","@id":"https:\/\/www.valcucine.com\/#organization","name":"Valcucine","url":"https:\/\/www.valcucine.com\/","logo":{"@type":"ImageObject","inLanguage":"fr-FR","@id":"https:\/\/www.valcucine.com\/#\/schema\/logo\/image\/","url":"https:\/\/www.valcucine.com\/wp-content\/uploads\/2024\/02\/logo-valcucine.webp?wsr","contentUrl":"https:\/\/www.valcucine.com\/wp-content\/uploads\/2024\/02\/logo-valcucine.webp?wsr","width":288,"height":46,"caption":"Valcucine"},"image":{"@id":"https:\/\/www.valcucine.com\/#\/schema\/logo\/image\/"},"sameAs":["https:\/\/www.facebook.com\/valcucine\/","https:\/\/www.instagram.com\/valcucine\/","https:\/\/www.linkedin.com\/company\/valcucine"]}]}},"_links":{"self":[{"href":"https:\/\/www.valcucine.com\/fr\/wp-json\/wp\/v2\/pages\/19663","targetHints":{"allow":["GET"]}}],"collection":[{"href":"https:\/\/www.valcucine.com\/fr\/wp-json\/wp\/v2\/pages"}],"about":[{"href":"https:\/\/www.valcucine.com\/fr\/wp-json\/wp\/v2\/types\/page"}],"author":[{"embeddable":true,"href":"https:\/\/www.valcucine.com\/fr\/wp-json\/wp\/v2\/users\/2"}],"replies":[{"embeddable":true,"href":"https:\/\/www.valcucine.com\/fr\/wp-json\/wp\/v2\/comments?post=19663"}],"version-history":[{"count":4,"href":"https:\/\/www.valcucine.com\/fr\/wp-json\/wp\/v2\/pages\/19663\/revisions"}],"predecessor-version":[{"id":48069,"href":"https:\/\/www.valcucine.com\/fr\/wp-json\/wp\/v2\/pages\/19663\/revisions\/48069"}],"up":[{"embeddable":true,"href":"https:\/\/www.valcucine.com\/fr\/wp-json\/wp\/v2\/pages\/12358"}],"wp:attachment":[{"href":"https:\/\/www.valcucine.com\/fr\/wp-json\/wp\/v2\/media?parent=19663"}],"curies":[{"name":"wp","href":"https:\/\/api.w.org\/{rel}","templated":true}]}}