{"id":20793,"date":"2024-07-22T12:19:18","date_gmt":"2024-07-22T12:19:18","guid":{"rendered":"https:\/\/devel.valcucine.com\/plans\/lumiere\/luce-naturale-cucina\/"},"modified":"2025-06-04T15:48:47","modified_gmt":"2025-06-04T15:48:47","slug":"lumiere-naturelle-dans-la-cuisine","status":"publish","type":"page","link":"https:\/\/www.valcucine.com\/fr\/plans\/lumiere\/lumiere-naturelle-dans-la-cuisine\/","title":{"rendered":"L\u2019\u00e9clairage naturel de la cuisine"},"content":{"rendered":"<div class=\"wpb-content-wrapper\"><p>[vc_row][vc_column][vc_empty_space]\n        \n        <h1 class=\"text-start  main__title__h1  \" style=\"color:#333333;\"> \n\n         L\u2019\u00e9clairage naturel de la cuisine\n        \n        <\/h1>[vc_empty_space][vc_column_text]Pour cr\u00e9er une ambiance bien \u00e9clair\u00e9e et confortable m\u00eame pendant la journ\u00e9e, il est n\u00e9cessaire de concevoir l&#8217;emplacement des fen\u00eatres avec attention. L&rsquo;exploitation de la lumi\u00e8re provenant des fen\u00eatres ad\u00e9quatement dimensionn\u00e9es favorise non seulement un bien-\u00eatre physique et psychique (en effet, une pi\u00e8ce faiblement \u00e9clair\u00e9e cr\u00e9e une atmosph\u00e8re sombre et m\u00e9lancolique), mais elle permet \u00e9galement de r\u00e9duire les consommations d&rsquo;\u00e9nergie \u00e9lectrique.\u200b[\/vc_column_text][\/vc_column][\/vc_row][vc_row][vc_column][vc_single_image image=\u00a0\u00bb21897&Prime; img_size=\u00a0\u00bb700&#215;400&Prime;][vc_empty_space][vc_column_text]A &#8211; Si l&rsquo;on pr\u00e9voit d&rsquo;agencer un plan de travail devant une fen\u00eatre, il faudra veiller \u00e0 ce que la lumi\u00e8re directe du soleil, ou bien la lumi\u00e8re r\u00e9fl\u00e9chie par une surface claire situ\u00e9e devant la fen\u00eatre, ne provoque aucune g\u00eane ni aucun \u00e9blouissement.<br \/>\nA1 &#8211; Outre la fen\u00eatre, il est important de pr\u00e9voir un syst\u00e8me de paresoleil qui cr\u00e9era une protection contre les rayons lumineux trop intenses tout en laissant\u00a0 p\u00e9n\u00e9trer la juste quantit\u00e9 de lumi\u00e8re.<br \/>\nB &#8211; Une fen\u00eatre install\u00e9e au dos de celui ou de celle qui travaille dans la cuisine, projette son ombre sur le plan de travail en r\u00e9duisant sa visibilit\u00e9 et en l&rsquo;obligeant \u00e0 utiliser la lumi\u00e8re artificielle m\u00eame quand il fait jour.<br \/>\nB1 &#8211; Dans la cuisine, il est souhaitable d&rsquo;installer les meubles de mani\u00e8re \u00e0 ce que la zone de travail\u00a0\u00a0 soit \u00e9clair\u00e9e lat\u00e9ralement afin de ne pas \u00eatre \u00e9bloui ni d&rsquo;avoir des zones d&rsquo;ombre.[\/vc_column_text][\/vc_column][\/vc_row]<\/p>\n<\/div>","protected":false},"excerpt":{"rendered":"<p>[vc_row][vc_column][vc_empty_space][vc_empty_space][vc_column_text]Pour cr\u00e9er une ambiance bien \u00e9clair\u00e9e et confortable m\u00eame pendant la journ\u00e9e, il est n\u00e9cessaire de concevoir l&#8217;emplacement des fen\u00eatres avec attention. L&rsquo;exploitation de la lumi\u00e8re provenant des fen\u00eatres ad\u00e9quatement dimensionn\u00e9es favorise non seulement un bien-\u00eatre physique et psychique (en effet, une pi\u00e8ce faiblement \u00e9clair\u00e9e cr\u00e9e une atmosph\u00e8re sombre et m\u00e9lancolique), mais elle permet \u00e9galement [&hellip;]<\/p>\n","protected":false},"author":2,"featured_media":17198,"parent":19198,"menu_order":0,"comment_status":"closed","ping_status":"closed","template":"page-planning02.php","meta":{"footnotes":""},"class_list":["post-20793","page","type-page","status-publish","has-post-thumbnail","hentry"],"yoast_head":"<!-- This site is optimized with the Yoast SEO plugin v26.2 - https:\/\/yoast.com\/wordpress\/plugins\/seo\/ -->\n<title>L\u2019\u00e9clairage naturel de la cuisine<\/title>\n<meta name=\"description\" content=\"Pour cr\u00e9er un environnement bien \u00e9clair\u00e9 et confortable, m\u00eame pendant la journ\u00e9e, il est n\u00e9cessaire de concevoir soigneusement les ouvertures.\" \/>\n<meta name=\"robots\" content=\"index, follow, max-snippet:-1, max-image-preview:large, max-video-preview:-1\" \/>\n<link rel=\"canonical\" href=\"https:\/\/www.valcucine.com\/fr\/plans\/lumiere\/lumiere-naturelle-dans-la-cuisine\/\" \/>\n<meta property=\"og:locale\" content=\"fr_FR\" \/>\n<meta property=\"og:type\" content=\"article\" \/>\n<meta property=\"og:title\" content=\"L\u2019\u00e9clairage naturel de la cuisine\" \/>\n<meta property=\"og:description\" content=\"Pour cr\u00e9er un environnement bien \u00e9clair\u00e9 et confortable, m\u00eame pendant la journ\u00e9e, il est n\u00e9cessaire de concevoir soigneusement les ouvertures.\" \/>\n<meta property=\"og:url\" content=\"https:\/\/www.valcucine.com\/fr\/plans\/lumiere\/lumiere-naturelle-dans-la-cuisine\/\" \/>\n<meta property=\"og:site_name\" content=\"Valcucine\" \/>\n<meta property=\"article:publisher\" content=\"https:\/\/www.facebook.com\/valcucine\/\" \/>\n<meta property=\"article:modified_time\" content=\"2025-06-04T15:48:47+00:00\" \/>\n<meta property=\"og:image\" content=\"https:\/\/www.valcucine.com\/wp-content\/uploads\/2024\/07\/115_guid-progetto133-1-e1721650748794.jpg?wsr\" \/>\n\t<meta property=\"og:image:width\" content=\"1188\" \/>\n\t<meta property=\"og:image:height\" content=\"826\" \/>\n\t<meta property=\"og:image:type\" content=\"image\/jpeg\" \/>\n<meta name=\"twitter:card\" content=\"summary_large_image\" \/>\n<meta name=\"twitter:label1\" content=\"Dur\u00e9e de lecture estim\u00e9e\" \/>\n\t<meta name=\"twitter:data1\" content=\"2 minutes\" \/>\n<script type=\"application\/ld+json\" class=\"yoast-schema-graph\">{\"@context\":\"https:\/\/schema.org\",\"@graph\":[{\"@type\":\"WebPage\",\"@id\":\"https:\/\/www.valcucine.com\/fr\/plans\/lumiere\/lumiere-naturelle-dans-la-cuisine\/\",\"url\":\"https:\/\/www.valcucine.com\/fr\/plans\/lumiere\/lumiere-naturelle-dans-la-cuisine\/\",\"name\":\"L\u2019\u00e9clairage naturel de la cuisine\",\"isPartOf\":{\"@id\":\"https:\/\/www.valcucine.com\/#website\"},\"primaryImageOfPage\":{\"@id\":\"https:\/\/www.valcucine.com\/fr\/plans\/lumiere\/lumiere-naturelle-dans-la-cuisine\/#primaryimage\"},\"image\":{\"@id\":\"https:\/\/www.valcucine.com\/fr\/plans\/lumiere\/lumiere-naturelle-dans-la-cuisine\/#primaryimage\"},\"thumbnailUrl\":\"https:\/\/www.valcucine.com\/wp-content\/uploads\/2024\/07\/115_guid-progetto133-1-e1721650748794.jpg?wsr\",\"datePublished\":\"2024-07-22T12:19:18+00:00\",\"dateModified\":\"2025-06-04T15:48:47+00:00\",\"description\":\"Pour cr\u00e9er un environnement bien \u00e9clair\u00e9 et confortable, m\u00eame pendant la journ\u00e9e, il est n\u00e9cessaire de concevoir soigneusement les ouvertures.\",\"breadcrumb\":{\"@id\":\"https:\/\/www.valcucine.com\/fr\/plans\/lumiere\/lumiere-naturelle-dans-la-cuisine\/#breadcrumb\"},\"inLanguage\":\"fr-FR\",\"potentialAction\":[{\"@type\":\"ReadAction\",\"target\":[\"https:\/\/www.valcucine.com\/fr\/plans\/lumiere\/lumiere-naturelle-dans-la-cuisine\/\"]}]},{\"@type\":\"ImageObject\",\"inLanguage\":\"fr-FR\",\"@id\":\"https:\/\/www.valcucine.com\/fr\/plans\/lumiere\/lumiere-naturelle-dans-la-cuisine\/#primaryimage\",\"url\":\"https:\/\/www.valcucine.com\/wp-content\/uploads\/2024\/07\/115_guid-progetto133-1-e1721650748794.jpg?wsr\",\"contentUrl\":\"https:\/\/www.valcucine.com\/wp-content\/uploads\/2024\/07\/115_guid-progetto133-1-e1721650748794.jpg?wsr\",\"width\":1188,\"height\":826,\"caption\":\"Illuminazione naturale\"},{\"@type\":\"BreadcrumbList\",\"@id\":\"https:\/\/www.valcucine.com\/fr\/plans\/lumiere\/lumiere-naturelle-dans-la-cuisine\/#breadcrumb\",\"itemListElement\":[{\"@type\":\"ListItem\",\"position\":1,\"name\":\"Valcucine\",\"item\":\"https:\/\/www.valcucine.com\/fr\/\"},{\"@type\":\"ListItem\",\"position\":2,\"name\":\"Implantation d&#8217;une cuisine\",\"item\":\"https:\/\/www.valcucine.com\/fr\/plans\/\"},{\"@type\":\"ListItem\",\"position\":3,\"name\":\"Eclairage et \u00e9nergie \u00e9lectrique\",\"item\":\"https:\/\/www.valcucine.com\/fr\/plans\/lumiere\/\"},{\"@type\":\"ListItem\",\"position\":4,\"name\":\"L\u2019\u00e9clairage naturel de la cuisine\"}]},{\"@type\":\"WebSite\",\"@id\":\"https:\/\/www.valcucine.com\/#website\",\"url\":\"https:\/\/www.valcucine.com\/\",\"name\":\"Valcucine\",\"description\":\"\",\"publisher\":{\"@id\":\"https:\/\/www.valcucine.com\/#organization\"},\"potentialAction\":[{\"@type\":\"SearchAction\",\"target\":{\"@type\":\"EntryPoint\",\"urlTemplate\":\"https:\/\/www.valcucine.com\/?s={search_term_string}\"},\"query-input\":{\"@type\":\"PropertyValueSpecification\",\"valueRequired\":true,\"valueName\":\"search_term_string\"}}],\"inLanguage\":\"fr-FR\"},{\"@type\":\"Organization\",\"@id\":\"https:\/\/www.valcucine.com\/#organization\",\"name\":\"Valcucine\",\"url\":\"https:\/\/www.valcucine.com\/\",\"logo\":{\"@type\":\"ImageObject\",\"inLanguage\":\"fr-FR\",\"@id\":\"https:\/\/www.valcucine.com\/#\/schema\/logo\/image\/\",\"url\":\"https:\/\/www.valcucine.com\/wp-content\/uploads\/2024\/02\/logo-valcucine.webp?wsr\",\"contentUrl\":\"https:\/\/www.valcucine.com\/wp-content\/uploads\/2024\/02\/logo-valcucine.webp?wsr\",\"width\":288,\"height\":46,\"caption\":\"Valcucine\"},\"image\":{\"@id\":\"https:\/\/www.valcucine.com\/#\/schema\/logo\/image\/\"},\"sameAs\":[\"https:\/\/www.facebook.com\/valcucine\/\",\"https:\/\/www.instagram.com\/valcucine\/\",\"https:\/\/www.linkedin.com\/company\/valcucine\"]}]}<\/script>\n<!-- \/ Yoast SEO plugin. -->","yoast_head_json":{"title":"L\u2019\u00e9clairage naturel de la cuisine","description":"Pour cr\u00e9er un environnement bien \u00e9clair\u00e9 et confortable, m\u00eame pendant la journ\u00e9e, il est n\u00e9cessaire de concevoir soigneusement les ouvertures.","robots":{"index":"index","follow":"follow","max-snippet":"max-snippet:-1","max-image-preview":"max-image-preview:large","max-video-preview":"max-video-preview:-1"},"canonical":"https:\/\/www.valcucine.com\/fr\/plans\/lumiere\/lumiere-naturelle-dans-la-cuisine\/","og_locale":"fr_FR","og_type":"article","og_title":"L\u2019\u00e9clairage naturel de la cuisine","og_description":"Pour cr\u00e9er un environnement bien \u00e9clair\u00e9 et confortable, m\u00eame pendant la journ\u00e9e, il est n\u00e9cessaire de concevoir soigneusement les ouvertures.","og_url":"https:\/\/www.valcucine.com\/fr\/plans\/lumiere\/lumiere-naturelle-dans-la-cuisine\/","og_site_name":"Valcucine","article_publisher":"https:\/\/www.facebook.com\/valcucine\/","article_modified_time":"2025-06-04T15:48:47+00:00","og_image":[{"width":1188,"height":826,"url":"https:\/\/www.valcucine.com\/wp-content\/uploads\/2024\/07\/115_guid-progetto133-1-e1721650748794.jpg?wsr","type":"image\/jpeg"}],"twitter_card":"summary_large_image","twitter_misc":{"Dur\u00e9e de lecture estim\u00e9e":"2 minutes"},"schema":{"@context":"https:\/\/schema.org","@graph":[{"@type":"WebPage","@id":"https:\/\/www.valcucine.com\/fr\/plans\/lumiere\/lumiere-naturelle-dans-la-cuisine\/","url":"https:\/\/www.valcucine.com\/fr\/plans\/lumiere\/lumiere-naturelle-dans-la-cuisine\/","name":"L\u2019\u00e9clairage naturel de la cuisine","isPartOf":{"@id":"https:\/\/www.valcucine.com\/#website"},"primaryImageOfPage":{"@id":"https:\/\/www.valcucine.com\/fr\/plans\/lumiere\/lumiere-naturelle-dans-la-cuisine\/#primaryimage"},"image":{"@id":"https:\/\/www.valcucine.com\/fr\/plans\/lumiere\/lumiere-naturelle-dans-la-cuisine\/#primaryimage"},"thumbnailUrl":"https:\/\/www.valcucine.com\/wp-content\/uploads\/2024\/07\/115_guid-progetto133-1-e1721650748794.jpg?wsr","datePublished":"2024-07-22T12:19:18+00:00","dateModified":"2025-06-04T15:48:47+00:00","description":"Pour cr\u00e9er un environnement bien \u00e9clair\u00e9 et confortable, m\u00eame pendant la journ\u00e9e, il est n\u00e9cessaire de concevoir soigneusement les ouvertures.","breadcrumb":{"@id":"https:\/\/www.valcucine.com\/fr\/plans\/lumiere\/lumiere-naturelle-dans-la-cuisine\/#breadcrumb"},"inLanguage":"fr-FR","potentialAction":[{"@type":"ReadAction","target":["https:\/\/www.valcucine.com\/fr\/plans\/lumiere\/lumiere-naturelle-dans-la-cuisine\/"]}]},{"@type":"ImageObject","inLanguage":"fr-FR","@id":"https:\/\/www.valcucine.com\/fr\/plans\/lumiere\/lumiere-naturelle-dans-la-cuisine\/#primaryimage","url":"https:\/\/www.valcucine.com\/wp-content\/uploads\/2024\/07\/115_guid-progetto133-1-e1721650748794.jpg?wsr","contentUrl":"https:\/\/www.valcucine.com\/wp-content\/uploads\/2024\/07\/115_guid-progetto133-1-e1721650748794.jpg?wsr","width":1188,"height":826,"caption":"Illuminazione naturale"},{"@type":"BreadcrumbList","@id":"https:\/\/www.valcucine.com\/fr\/plans\/lumiere\/lumiere-naturelle-dans-la-cuisine\/#breadcrumb","itemListElement":[{"@type":"ListItem","position":1,"name":"Valcucine","item":"https:\/\/www.valcucine.com\/fr\/"},{"@type":"ListItem","position":2,"name":"Implantation d&#8217;une cuisine","item":"https:\/\/www.valcucine.com\/fr\/plans\/"},{"@type":"ListItem","position":3,"name":"Eclairage et \u00e9nergie \u00e9lectrique","item":"https:\/\/www.valcucine.com\/fr\/plans\/lumiere\/"},{"@type":"ListItem","position":4,"name":"L\u2019\u00e9clairage naturel de la cuisine"}]},{"@type":"WebSite","@id":"https:\/\/www.valcucine.com\/#website","url":"https:\/\/www.valcucine.com\/","name":"Valcucine","description":"","publisher":{"@id":"https:\/\/www.valcucine.com\/#organization"},"potentialAction":[{"@type":"SearchAction","target":{"@type":"EntryPoint","urlTemplate":"https:\/\/www.valcucine.com\/?s={search_term_string}"},"query-input":{"@type":"PropertyValueSpecification","valueRequired":true,"valueName":"search_term_string"}}],"inLanguage":"fr-FR"},{"@type":"Organization","@id":"https:\/\/www.valcucine.com\/#organization","name":"Valcucine","url":"https:\/\/www.valcucine.com\/","logo":{"@type":"ImageObject","inLanguage":"fr-FR","@id":"https:\/\/www.valcucine.com\/#\/schema\/logo\/image\/","url":"https:\/\/www.valcucine.com\/wp-content\/uploads\/2024\/02\/logo-valcucine.webp?wsr","contentUrl":"https:\/\/www.valcucine.com\/wp-content\/uploads\/2024\/02\/logo-valcucine.webp?wsr","width":288,"height":46,"caption":"Valcucine"},"image":{"@id":"https:\/\/www.valcucine.com\/#\/schema\/logo\/image\/"},"sameAs":["https:\/\/www.facebook.com\/valcucine\/","https:\/\/www.instagram.com\/valcucine\/","https:\/\/www.linkedin.com\/company\/valcucine"]}]}},"_links":{"self":[{"href":"https:\/\/www.valcucine.com\/fr\/wp-json\/wp\/v2\/pages\/20793","targetHints":{"allow":["GET"]}}],"collection":[{"href":"https:\/\/www.valcucine.com\/fr\/wp-json\/wp\/v2\/pages"}],"about":[{"href":"https:\/\/www.valcucine.com\/fr\/wp-json\/wp\/v2\/types\/page"}],"author":[{"embeddable":true,"href":"https:\/\/www.valcucine.com\/fr\/wp-json\/wp\/v2\/users\/2"}],"replies":[{"embeddable":true,"href":"https:\/\/www.valcucine.com\/fr\/wp-json\/wp\/v2\/comments?post=20793"}],"version-history":[{"count":6,"href":"https:\/\/www.valcucine.com\/fr\/wp-json\/wp\/v2\/pages\/20793\/revisions"}],"predecessor-version":[{"id":21904,"href":"https:\/\/www.valcucine.com\/fr\/wp-json\/wp\/v2\/pages\/20793\/revisions\/21904"}],"up":[{"embeddable":true,"href":"https:\/\/www.valcucine.com\/fr\/wp-json\/wp\/v2\/pages\/19198"}],"wp:featuredmedia":[{"embeddable":true,"href":"https:\/\/www.valcucine.com\/fr\/wp-json\/wp\/v2\/media\/17198"}],"wp:attachment":[{"href":"https:\/\/www.valcucine.com\/fr\/wp-json\/wp\/v2\/media?parent=20793"}],"curies":[{"name":"wp","href":"https:\/\/api.w.org\/{rel}","templated":true}]}}