{"id":20836,"date":"2024-07-22T06:56:23","date_gmt":"2024-07-22T06:56:23","guid":{"rendered":"https:\/\/devel.valcucine.com\/plans\/espace-et-dimensions\/angoli-cucina\/"},"modified":"2025-06-04T15:32:54","modified_gmt":"2025-06-04T15:32:54","slug":"angles-de-la-cuisine","status":"publish","type":"page","link":"https:\/\/www.valcucine.com\/fr\/plans\/espace-et-dimensions\/angles-de-la-cuisine\/","title":{"rendered":"Angles de la cuisine"},"content":{"rendered":"<div class=\"wpb-content-wrapper\"><p>[vc_row][vc_column][vc_empty_space]\n        \n        <h1 class=\"text-start  main__title__h1  \" style=\"color:#333333;\"> \n\n         Angles de la cuisine\n        \n        <\/h1>[vc_empty_space][vc_column_text]<strong>Comment faire pour relever les angles?<\/strong><\/p>\n<p>Avant de commander les meubles de la cuisine, il est n\u00e9cessaire de faire un relev\u00e9 soign\u00e9 de la pi\u00e8ce pour v\u00e9rifier si les angles ne sont pas d&rsquo;\u00e9querre. Deux murs sont perpendiculaires si la diagonale mesur\u00e9e \u00e0 un m\u00e8tre de distance de l&rsquo;angle correspond \u00e0 141,5 cm. Le relev\u00e9 doit \u00eatre effectu\u00e9 \u00e0 diff\u00e9rentes hauteurs, mais il faudra faire particuli\u00e8rement attention \u00e0 la dimension au niveau du plan de travail (environ 90 cm du sol) pour lequel il est recommand\u00e9 de reproduire un gabarit en contreplaqu\u00e9. En effet, la moindre erreur dans le relev\u00e9 entra\u00eenerait des frais pour adapter le plan de travail, avec une grande probabilit\u00e9 de faire des erreurs.<\/p>\n<p><strong>Si l\u2019angle de la cuisine n&rsquo;est pas d&rsquo;\u00e9querre, il peut se v\u00e9rifier deux cas :<\/strong>[\/vc_column_text][\/vc_column][\/vc_row][vc_row][vc_column][vc_single_image image=\u00a0\u00bb21864&Prime; img_size=\u00a0\u00bb900&#215;700&Prime;][\/vc_column][\/vc_row][vc_row][vc_column][vc_column_text]A &#8211; la\u00a0 diagonale\u00a0 est\u00a0 &lt;\u00a0 \u00e0\u00a0 141,5\u00a0 et\u00a0 donc\u00a0 l&rsquo;angle\u00a0 est\u00a0 &lt;\u00a0 \u00e0\u00a0 90\u00b0. Dans ce cas, la longueur de la cuisine doit \u00eatre inf\u00e9rieure \u00e0 la longueur du mur, notamment si l&rsquo;on a choisi d&rsquo;installer des casseroliers, des tiroirs, un lave-vaisselle ou un four en fin de composition.<br \/>\nB &#8211; la diagonale est &gt; \u00e0 141,5 et donc l&rsquo;angle est &gt; \u00e0 90\u00b0. Dans ce cas, la longueur de la cuisine peut correspondre \u00e0 la longueur du mur. Le vide qui se forme entre le mur lat\u00e9ral et les meubles sera masqu\u00e9 par un filler. Le plan de travail sera r\u00e9alis\u00e9 en utilisant un gabarit.\u200b[\/vc_column_text][\/vc_column][\/vc_row]<\/p>\n<\/div>","protected":false},"excerpt":{"rendered":"<p>[vc_row][vc_column][vc_empty_space][vc_empty_space][vc_column_text]Comment faire pour relever les angles? Avant de commander les meubles de la cuisine, il est n\u00e9cessaire de faire un relev\u00e9 soign\u00e9 de la pi\u00e8ce pour v\u00e9rifier si les angles ne sont pas d&rsquo;\u00e9querre. Deux murs sont perpendiculaires si la diagonale mesur\u00e9e \u00e0 un m\u00e8tre de distance de l&rsquo;angle correspond \u00e0 141,5 cm. Le relev\u00e9 [&hellip;]<\/p>\n","protected":false},"author":2,"featured_media":17238,"parent":19210,"menu_order":0,"comment_status":"closed","ping_status":"closed","template":"page-planning02.php","meta":{"footnotes":""},"class_list":["post-20836","page","type-page","status-publish","has-post-thumbnail","hentry"],"yoast_head":"<!-- This site is optimized with the Yoast SEO plugin v26.2 - https:\/\/yoast.com\/wordpress\/plugins\/seo\/ -->\n<title>Angles de la cuisine Valcucine<\/title>\n<meta name=\"robots\" content=\"index, follow, max-snippet:-1, max-image-preview:large, max-video-preview:-1\" \/>\n<link rel=\"canonical\" href=\"https:\/\/www.valcucine.com\/fr\/plans\/espace-et-dimensions\/angles-de-la-cuisine\/\" \/>\n<meta property=\"og:locale\" content=\"fr_FR\" \/>\n<meta property=\"og:type\" content=\"article\" \/>\n<meta property=\"og:title\" content=\"Angles de la cuisine Valcucine\" \/>\n<meta property=\"og:description\" content=\"[vc_row][vc_column][vc_empty_space][vc_empty_space][vc_column_text]Comment faire pour relever les angles? Avant de commander les meubles de la cuisine, il est n\u00e9cessaire de faire un relev\u00e9 soign\u00e9 de la pi\u00e8ce pour v\u00e9rifier si les angles ne sont pas d&rsquo;\u00e9querre. Deux murs sont perpendiculaires si la diagonale mesur\u00e9e \u00e0 un m\u00e8tre de distance de l&rsquo;angle correspond \u00e0 141,5 cm. Le relev\u00e9 [&hellip;]\" \/>\n<meta property=\"og:url\" content=\"https:\/\/www.valcucine.com\/fr\/plans\/espace-et-dimensions\/angles-de-la-cuisine\/\" \/>\n<meta property=\"og:site_name\" content=\"Valcucine\" \/>\n<meta property=\"article:publisher\" content=\"https:\/\/www.facebook.com\/valcucine\/\" \/>\n<meta property=\"article:modified_time\" content=\"2025-06-04T15:32:54+00:00\" \/>\n<meta property=\"og:image\" content=\"https:\/\/www.valcucine.com\/wp-content\/uploads\/2024\/07\/121_guid_progetto95-1-e1721729321845.jpg?wsr\" \/>\n\t<meta property=\"og:image:width\" content=\"1188\" \/>\n\t<meta property=\"og:image:height\" content=\"826\" \/>\n\t<meta property=\"og:image:type\" content=\"image\/jpeg\" \/>\n<meta name=\"twitter:card\" content=\"summary_large_image\" \/>\n<meta name=\"twitter:label1\" content=\"Dur\u00e9e de lecture estim\u00e9e\" \/>\n\t<meta name=\"twitter:data1\" content=\"2 minutes\" \/>\n<script type=\"application\/ld+json\" class=\"yoast-schema-graph\">{\"@context\":\"https:\/\/schema.org\",\"@graph\":[{\"@type\":\"WebPage\",\"@id\":\"https:\/\/www.valcucine.com\/fr\/plans\/espace-et-dimensions\/angles-de-la-cuisine\/\",\"url\":\"https:\/\/www.valcucine.com\/fr\/plans\/espace-et-dimensions\/angles-de-la-cuisine\/\",\"name\":\"Angles de la cuisine Valcucine\",\"isPartOf\":{\"@id\":\"https:\/\/www.valcucine.com\/#website\"},\"primaryImageOfPage\":{\"@id\":\"https:\/\/www.valcucine.com\/fr\/plans\/espace-et-dimensions\/angles-de-la-cuisine\/#primaryimage\"},\"image\":{\"@id\":\"https:\/\/www.valcucine.com\/fr\/plans\/espace-et-dimensions\/angles-de-la-cuisine\/#primaryimage\"},\"thumbnailUrl\":\"https:\/\/www.valcucine.com\/wp-content\/uploads\/2024\/07\/121_guid_progetto95-1-e1721729321845.jpg?wsr\",\"datePublished\":\"2024-07-22T06:56:23+00:00\",\"dateModified\":\"2025-06-04T15:32:54+00:00\",\"breadcrumb\":{\"@id\":\"https:\/\/www.valcucine.com\/fr\/plans\/espace-et-dimensions\/angles-de-la-cuisine\/#breadcrumb\"},\"inLanguage\":\"fr-FR\",\"potentialAction\":[{\"@type\":\"ReadAction\",\"target\":[\"https:\/\/www.valcucine.com\/fr\/plans\/espace-et-dimensions\/angles-de-la-cuisine\/\"]}]},{\"@type\":\"ImageObject\",\"inLanguage\":\"fr-FR\",\"@id\":\"https:\/\/www.valcucine.com\/fr\/plans\/espace-et-dimensions\/angles-de-la-cuisine\/#primaryimage\",\"url\":\"https:\/\/www.valcucine.com\/wp-content\/uploads\/2024\/07\/121_guid_progetto95-1-e1721729321845.jpg?wsr\",\"contentUrl\":\"https:\/\/www.valcucine.com\/wp-content\/uploads\/2024\/07\/121_guid_progetto95-1-e1721729321845.jpg?wsr\",\"width\":1188,\"height\":826,\"caption\":\"Misure angoli cucina\"},{\"@type\":\"BreadcrumbList\",\"@id\":\"https:\/\/www.valcucine.com\/fr\/plans\/espace-et-dimensions\/angles-de-la-cuisine\/#breadcrumb\",\"itemListElement\":[{\"@type\":\"ListItem\",\"position\":1,\"name\":\"Valcucine\",\"item\":\"https:\/\/www.valcucine.com\/fr\/\"},{\"@type\":\"ListItem\",\"position\":2,\"name\":\"Implantation d&#8217;une cuisine\",\"item\":\"https:\/\/www.valcucine.com\/fr\/plans\/\"},{\"@type\":\"ListItem\",\"position\":3,\"name\":\"Encombrements et dimensions\",\"item\":\"https:\/\/www.valcucine.com\/fr\/plans\/espace-et-dimensions\/\"},{\"@type\":\"ListItem\",\"position\":4,\"name\":\"Angles de la cuisine\"}]},{\"@type\":\"WebSite\",\"@id\":\"https:\/\/www.valcucine.com\/#website\",\"url\":\"https:\/\/www.valcucine.com\/\",\"name\":\"Valcucine\",\"description\":\"\",\"publisher\":{\"@id\":\"https:\/\/www.valcucine.com\/#organization\"},\"potentialAction\":[{\"@type\":\"SearchAction\",\"target\":{\"@type\":\"EntryPoint\",\"urlTemplate\":\"https:\/\/www.valcucine.com\/?s={search_term_string}\"},\"query-input\":{\"@type\":\"PropertyValueSpecification\",\"valueRequired\":true,\"valueName\":\"search_term_string\"}}],\"inLanguage\":\"fr-FR\"},{\"@type\":\"Organization\",\"@id\":\"https:\/\/www.valcucine.com\/#organization\",\"name\":\"Valcucine\",\"url\":\"https:\/\/www.valcucine.com\/\",\"logo\":{\"@type\":\"ImageObject\",\"inLanguage\":\"fr-FR\",\"@id\":\"https:\/\/www.valcucine.com\/#\/schema\/logo\/image\/\",\"url\":\"https:\/\/www.valcucine.com\/wp-content\/uploads\/2024\/02\/logo-valcucine.webp?wsr\",\"contentUrl\":\"https:\/\/www.valcucine.com\/wp-content\/uploads\/2024\/02\/logo-valcucine.webp?wsr\",\"width\":288,\"height\":46,\"caption\":\"Valcucine\"},\"image\":{\"@id\":\"https:\/\/www.valcucine.com\/#\/schema\/logo\/image\/\"},\"sameAs\":[\"https:\/\/www.facebook.com\/valcucine\/\",\"https:\/\/www.instagram.com\/valcucine\/\",\"https:\/\/www.linkedin.com\/company\/valcucine\"]}]}<\/script>\n<!-- \/ Yoast SEO plugin. -->","yoast_head_json":{"title":"Angles de la cuisine Valcucine","robots":{"index":"index","follow":"follow","max-snippet":"max-snippet:-1","max-image-preview":"max-image-preview:large","max-video-preview":"max-video-preview:-1"},"canonical":"https:\/\/www.valcucine.com\/fr\/plans\/espace-et-dimensions\/angles-de-la-cuisine\/","og_locale":"fr_FR","og_type":"article","og_title":"Angles de la cuisine Valcucine","og_description":"[vc_row][vc_column][vc_empty_space][vc_empty_space][vc_column_text]Comment faire pour relever les angles? Avant de commander les meubles de la cuisine, il est n\u00e9cessaire de faire un relev\u00e9 soign\u00e9 de la pi\u00e8ce pour v\u00e9rifier si les angles ne sont pas d&rsquo;\u00e9querre. Deux murs sont perpendiculaires si la diagonale mesur\u00e9e \u00e0 un m\u00e8tre de distance de l&rsquo;angle correspond \u00e0 141,5 cm. Le relev\u00e9 [&hellip;]","og_url":"https:\/\/www.valcucine.com\/fr\/plans\/espace-et-dimensions\/angles-de-la-cuisine\/","og_site_name":"Valcucine","article_publisher":"https:\/\/www.facebook.com\/valcucine\/","article_modified_time":"2025-06-04T15:32:54+00:00","og_image":[{"width":1188,"height":826,"url":"https:\/\/www.valcucine.com\/wp-content\/uploads\/2024\/07\/121_guid_progetto95-1-e1721729321845.jpg?wsr","type":"image\/jpeg"}],"twitter_card":"summary_large_image","twitter_misc":{"Dur\u00e9e de lecture estim\u00e9e":"2 minutes"},"schema":{"@context":"https:\/\/schema.org","@graph":[{"@type":"WebPage","@id":"https:\/\/www.valcucine.com\/fr\/plans\/espace-et-dimensions\/angles-de-la-cuisine\/","url":"https:\/\/www.valcucine.com\/fr\/plans\/espace-et-dimensions\/angles-de-la-cuisine\/","name":"Angles de la cuisine Valcucine","isPartOf":{"@id":"https:\/\/www.valcucine.com\/#website"},"primaryImageOfPage":{"@id":"https:\/\/www.valcucine.com\/fr\/plans\/espace-et-dimensions\/angles-de-la-cuisine\/#primaryimage"},"image":{"@id":"https:\/\/www.valcucine.com\/fr\/plans\/espace-et-dimensions\/angles-de-la-cuisine\/#primaryimage"},"thumbnailUrl":"https:\/\/www.valcucine.com\/wp-content\/uploads\/2024\/07\/121_guid_progetto95-1-e1721729321845.jpg?wsr","datePublished":"2024-07-22T06:56:23+00:00","dateModified":"2025-06-04T15:32:54+00:00","breadcrumb":{"@id":"https:\/\/www.valcucine.com\/fr\/plans\/espace-et-dimensions\/angles-de-la-cuisine\/#breadcrumb"},"inLanguage":"fr-FR","potentialAction":[{"@type":"ReadAction","target":["https:\/\/www.valcucine.com\/fr\/plans\/espace-et-dimensions\/angles-de-la-cuisine\/"]}]},{"@type":"ImageObject","inLanguage":"fr-FR","@id":"https:\/\/www.valcucine.com\/fr\/plans\/espace-et-dimensions\/angles-de-la-cuisine\/#primaryimage","url":"https:\/\/www.valcucine.com\/wp-content\/uploads\/2024\/07\/121_guid_progetto95-1-e1721729321845.jpg?wsr","contentUrl":"https:\/\/www.valcucine.com\/wp-content\/uploads\/2024\/07\/121_guid_progetto95-1-e1721729321845.jpg?wsr","width":1188,"height":826,"caption":"Misure angoli cucina"},{"@type":"BreadcrumbList","@id":"https:\/\/www.valcucine.com\/fr\/plans\/espace-et-dimensions\/angles-de-la-cuisine\/#breadcrumb","itemListElement":[{"@type":"ListItem","position":1,"name":"Valcucine","item":"https:\/\/www.valcucine.com\/fr\/"},{"@type":"ListItem","position":2,"name":"Implantation d&#8217;une cuisine","item":"https:\/\/www.valcucine.com\/fr\/plans\/"},{"@type":"ListItem","position":3,"name":"Encombrements et dimensions","item":"https:\/\/www.valcucine.com\/fr\/plans\/espace-et-dimensions\/"},{"@type":"ListItem","position":4,"name":"Angles de la cuisine"}]},{"@type":"WebSite","@id":"https:\/\/www.valcucine.com\/#website","url":"https:\/\/www.valcucine.com\/","name":"Valcucine","description":"","publisher":{"@id":"https:\/\/www.valcucine.com\/#organization"},"potentialAction":[{"@type":"SearchAction","target":{"@type":"EntryPoint","urlTemplate":"https:\/\/www.valcucine.com\/?s={search_term_string}"},"query-input":{"@type":"PropertyValueSpecification","valueRequired":true,"valueName":"search_term_string"}}],"inLanguage":"fr-FR"},{"@type":"Organization","@id":"https:\/\/www.valcucine.com\/#organization","name":"Valcucine","url":"https:\/\/www.valcucine.com\/","logo":{"@type":"ImageObject","inLanguage":"fr-FR","@id":"https:\/\/www.valcucine.com\/#\/schema\/logo\/image\/","url":"https:\/\/www.valcucine.com\/wp-content\/uploads\/2024\/02\/logo-valcucine.webp?wsr","contentUrl":"https:\/\/www.valcucine.com\/wp-content\/uploads\/2024\/02\/logo-valcucine.webp?wsr","width":288,"height":46,"caption":"Valcucine"},"image":{"@id":"https:\/\/www.valcucine.com\/#\/schema\/logo\/image\/"},"sameAs":["https:\/\/www.facebook.com\/valcucine\/","https:\/\/www.instagram.com\/valcucine\/","https:\/\/www.linkedin.com\/company\/valcucine"]}]}},"_links":{"self":[{"href":"https:\/\/www.valcucine.com\/fr\/wp-json\/wp\/v2\/pages\/20836","targetHints":{"allow":["GET"]}}],"collection":[{"href":"https:\/\/www.valcucine.com\/fr\/wp-json\/wp\/v2\/pages"}],"about":[{"href":"https:\/\/www.valcucine.com\/fr\/wp-json\/wp\/v2\/types\/page"}],"author":[{"embeddable":true,"href":"https:\/\/www.valcucine.com\/fr\/wp-json\/wp\/v2\/users\/2"}],"replies":[{"embeddable":true,"href":"https:\/\/www.valcucine.com\/fr\/wp-json\/wp\/v2\/comments?post=20836"}],"version-history":[{"count":3,"href":"https:\/\/www.valcucine.com\/fr\/wp-json\/wp\/v2\/pages\/20836\/revisions"}],"predecessor-version":[{"id":21869,"href":"https:\/\/www.valcucine.com\/fr\/wp-json\/wp\/v2\/pages\/20836\/revisions\/21869"}],"up":[{"embeddable":true,"href":"https:\/\/www.valcucine.com\/fr\/wp-json\/wp\/v2\/pages\/19210"}],"wp:featuredmedia":[{"embeddable":true,"href":"https:\/\/www.valcucine.com\/fr\/wp-json\/wp\/v2\/media\/17238"}],"wp:attachment":[{"href":"https:\/\/www.valcucine.com\/fr\/wp-json\/wp\/v2\/media?parent=20836"}],"curies":[{"name":"wp","href":"https:\/\/api.w.org\/{rel}","templated":true}]}}