{"id":20843,"date":"2024-07-22T08:46:58","date_gmt":"2024-07-22T08:46:58","guid":{"rendered":"https:\/\/devel.valcucine.com\/plans\/espace-et-dimensions\/distanza-porta-cucina\/"},"modified":"2025-06-04T15:14:08","modified_gmt":"2025-06-04T15:14:08","slug":"distance-de-la-porte-de-la-cuisine","status":"publish","type":"page","link":"https:\/\/www.valcucine.com\/fr\/plans\/espace-et-dimensions\/distance-de-la-porte-de-la-cuisine\/","title":{"rendered":"Distance porte d&rsquo;acc\u00e8s"},"content":{"rendered":"<div class=\"wpb-content-wrapper\"><p>[vc_row][vc_column][vc_empty_space]\n        \n        <h1 class=\"text-start  main__title__h1  \" style=\"color:#333333;\"> \n\n         Distance porte d'acc\u00e8s\n        \n        <\/h1>[vc_empty_space][vc_column_text]<strong>\u00c0 quelle distance faut-il pr\u00e9voir la porte d&rsquo;acc\u00e8s par rapport \u00e0 un angle de la cuisine?<\/strong><\/p>\n<p>DIMENSION DU MUR ALLANT DE L&rsquo;ANGLE \u00c0 LA PORTE D&rsquo;ACC\u00c8S<\/p>\n<p>La dimension du mur (K) entre l\u2019angle de la cuisine et le cadre de porte doit \u00eatre calcul\u00e9e en fonction de la profondeur (X) des meubles qui sont contre le mur.\u00a0En g\u00e9n\u00e9ral, il est toujours pr\u00e9f\u00e9rable de garder une distance de s\u00e9curit\u00e9 d&rsquo;environ 2 cm entre le bord avant des meubles et le cadre de la porte.<br \/>\nA &#8211; En cas d&rsquo;\u00e9l\u00e9ments bas, la dimension du mur se calcule en ajoutant \u00e0 la profondeur des \u00e9l\u00e9ments bas (X), une marge de 2 cm pour arriver au cadre de\u00a0 la porte.<br \/>\nLa dimension totale du mur sera: K=X+2 cm.<br \/>\nB &#8211;\u00a0 En cas d&rsquo;armoires, il ne suffit pas d&rsquo;ajouter \u00e0 leur profondeur la marge de s\u00e9curit\u00e9 de 2 cm de s\u00e9curit,\u00a0 mais il\u00a0 faudra \u00e9galement\u00a0 tenir\u00a0 compte de la\u00a0 place occup\u00e9e par un interrupteur \u00e9ventuel (en g\u00e9n\u00e9ral 12 cm).<br \/>\nLa dimension du mur, dans ce cas, se calculera en ajoutant \u00e0 la profondeur des armoires (X), 2 cm jusqu&rsquo;\u00e0 l&rsquo;interrupteur, 12 cm de largeur pour l&rsquo;interrupteur, 2 cm de marge pour arriver au cadre de porte.<br \/>\nLa dimension totale du mur sera : K= X+16 cm.\u200b[\/vc_column_text][\/vc_column][\/vc_row][vc_row][vc_column][vc_single_image image=\u00a0\u00bb21858&Prime; img_size=\u00a0\u00bb1000&#215;600&Prime;][vc_empty_space][vc_column_text]<strong>Quels probl\u00e8mes peut-on rencontrer en fin de composition \u00e0 proximit\u00e9 d&rsquo;une porte?<\/strong><\/p>\n<p>TIROIRS OU CASSEROLIERS<\/p>\n<p>En g\u00e9n\u00e9ral, les cadres de porte d\u00e9bordent d&rsquo;environ un centim\u00e8tre du mur. Voil\u00e0 pourquoi, quand on con\u00e7oit une cuisine qui arrive contre un mur avec une porte d&rsquo;acc\u00e8s qui s&rsquo;ouvre, il est important de suivre quelques r\u00e8gles simples.<br \/>\nUne bonne r\u00e8gle est de garder un espace d&rsquo;environ 5 cm entre les \u00e9l\u00e9ments bas et le mur et ceci afin de pouvoir ouvrir le casserolier sans heurter le cadre de porte. On utilisera un filler pour masquer tel espace alors que le plan de travail devra se terminer contre le mur.<\/p>\n<p>POIGN\u00c9E HORIZONTALE<\/p>\n<p>Si la cuisine pr\u00e9voit des portes avec poign\u00e9e horizontale, il faudra laisser un espace entre les meubles et le mur, dont la largeur se calculera en fonction du d\u00e9bordement de la poign\u00e9e. Un espace de 5 cm est g\u00e9n\u00e9ralement suffisant, mais il vaut toujours mieux s&rsquo;informer de la profondeur des poign\u00e9es que l&rsquo;on a l&rsquo;intention de monter. Pour rem\u00e9dier \u00e0 ce probl\u00e8me, il est possible de monter un bouton sur la porte se trouvant contre le mur.<\/p>\n<p>LAVE-VAISSELLE<\/p>\n<p>Un lave-vaisselle agenc\u00e9 en fin de composition et \u00e0 proximit\u00e9 d&rsquo;une porte d&rsquo;acc\u00e8s, a besoin de se trouver \u00e0 environ 5 cm du mur afin de pouvoir ouvrir la porte sans heurter le cadre de porte. Toutefois, Valcucine recommande de ne pas installer le lave-vaisselle en fin de composition car, si l&rsquo;angle n&rsquo;est pas parfaitement d&rsquo;\u00e9querre, il pourrait y avoir des probl\u00e8mes tant pour la pose que pour l&rsquo;ouverture de la porte de l&rsquo;\u00e9lectrom\u00e9nager. En outre, \u00e9tant donn\u00e9 que le lave-vaisselle n&rsquo;est pas encastr\u00e9 dans un \u00e9l\u00e9ment bas, mais qu&rsquo;il est accroch\u00e9 aux c\u00f4t\u00e9s des \u00e9l\u00e9ments bas adjacents, il est \u00e9vident que, si on l&rsquo;installe en fin de composition, il lui manquera un c\u00f4t\u00e9 de support.<\/p>\n<p>\u00c9L\u00c9MENT HAUT AVEC PORTE RELEVABLE<\/p>\n<p>Si l&rsquo;on pr\u00e9voit d&rsquo;installer un \u00e9l\u00e9ment haut avec porte relevable en fin de composition &#8211; comme, par exemple, l&rsquo;\u00e9l\u00e9ment haut Ala ou l&rsquo;\u00e9l\u00e9ment haut Aerius -, il est n\u00e9cessaire, vu ses grandes dimensions, de le suspendre \u00e0 au moins 5 cm du mur lat\u00e9ral afin de pouvoir ais\u00e9ment ouvrir la porte relevable sans heurter le cadre de porte.<br \/>\nEn outre, \u00e9tant donn\u00e9 que ces \u00e9l\u00e9ments ont une esth\u00e9tique raffin\u00e9e, il est pr\u00e9f\u00e9rable de les installer seuls, loin des autres \u00e9l\u00e9ments de la cuisine et des murs.[\/vc_column_text][\/vc_column][\/vc_row]<\/p>\n<\/div>","protected":false},"excerpt":{"rendered":"<p>[vc_row][vc_column][vc_empty_space][vc_empty_space][vc_column_text]\u00c0 quelle distance faut-il pr\u00e9voir la porte d&rsquo;acc\u00e8s par rapport \u00e0 un angle de la cuisine? DIMENSION DU MUR ALLANT DE L&rsquo;ANGLE \u00c0 LA PORTE D&rsquo;ACC\u00c8S La dimension du mur (K) entre l\u2019angle de la cuisine et le cadre de porte doit \u00eatre calcul\u00e9e en fonction de la profondeur (X) des meubles qui sont contre [&hellip;]<\/p>\n","protected":false},"author":2,"featured_media":17269,"parent":19210,"menu_order":0,"comment_status":"closed","ping_status":"closed","template":"page-planning02.php","meta":{"footnotes":""},"class_list":["post-20843","page","type-page","status-publish","has-post-thumbnail","hentry"],"yoast_head":"<!-- This site is optimized with the Yoast SEO plugin v26.2 - https:\/\/yoast.com\/wordpress\/plugins\/seo\/ -->\n<title>Distance porte d&#039;acc\u00e8s<\/title>\n<meta name=\"description\" content=\"\u00c0 quelle distance de la porte doit-on pr\u00e9voir une porte par rapport \u00e0 un coin de la cuisine ?\" \/>\n<meta name=\"robots\" content=\"index, follow, max-snippet:-1, max-image-preview:large, max-video-preview:-1\" \/>\n<link rel=\"canonical\" href=\"https:\/\/www.valcucine.com\/fr\/plans\/espace-et-dimensions\/distance-de-la-porte-de-la-cuisine\/\" \/>\n<meta property=\"og:locale\" content=\"fr_FR\" \/>\n<meta property=\"og:type\" content=\"article\" \/>\n<meta property=\"og:title\" content=\"Distance porte d&#039;acc\u00e8s\" \/>\n<meta property=\"og:description\" content=\"\u00c0 quelle distance de la porte doit-on pr\u00e9voir une porte par rapport \u00e0 un coin de la cuisine ?\" \/>\n<meta property=\"og:url\" content=\"https:\/\/www.valcucine.com\/fr\/plans\/espace-et-dimensions\/distance-de-la-porte-de-la-cuisine\/\" \/>\n<meta property=\"og:site_name\" content=\"Valcucine\" \/>\n<meta property=\"article:publisher\" content=\"https:\/\/www.facebook.com\/valcucine\/\" \/>\n<meta property=\"article:modified_time\" content=\"2025-06-04T15:14:08+00:00\" \/>\n<meta property=\"og:image\" content=\"https:\/\/www.valcucine.com\/wp-content\/uploads\/2024\/07\/110_guid-progetto94-1-e1721728957252.jpg?wsr\" \/>\n\t<meta property=\"og:image:width\" content=\"1188\" \/>\n\t<meta property=\"og:image:height\" content=\"826\" \/>\n\t<meta property=\"og:image:type\" content=\"image\/jpeg\" \/>\n<meta name=\"twitter:card\" content=\"summary_large_image\" \/>\n<meta name=\"twitter:label1\" content=\"Dur\u00e9e de lecture estim\u00e9e\" \/>\n\t<meta name=\"twitter:data1\" content=\"4 minutes\" \/>\n<script type=\"application\/ld+json\" class=\"yoast-schema-graph\">{\"@context\":\"https:\/\/schema.org\",\"@graph\":[{\"@type\":\"WebPage\",\"@id\":\"https:\/\/www.valcucine.com\/fr\/plans\/espace-et-dimensions\/distance-de-la-porte-de-la-cuisine\/\",\"url\":\"https:\/\/www.valcucine.com\/fr\/plans\/espace-et-dimensions\/distance-de-la-porte-de-la-cuisine\/\",\"name\":\"Distance porte d'acc\u00e8s\",\"isPartOf\":{\"@id\":\"https:\/\/www.valcucine.com\/#website\"},\"primaryImageOfPage\":{\"@id\":\"https:\/\/www.valcucine.com\/fr\/plans\/espace-et-dimensions\/distance-de-la-porte-de-la-cuisine\/#primaryimage\"},\"image\":{\"@id\":\"https:\/\/www.valcucine.com\/fr\/plans\/espace-et-dimensions\/distance-de-la-porte-de-la-cuisine\/#primaryimage\"},\"thumbnailUrl\":\"https:\/\/www.valcucine.com\/wp-content\/uploads\/2024\/07\/110_guid-progetto94-1-e1721728957252.jpg?wsr\",\"datePublished\":\"2024-07-22T08:46:58+00:00\",\"dateModified\":\"2025-06-04T15:14:08+00:00\",\"description\":\"\u00c0 quelle distance de la porte doit-on pr\u00e9voir une porte par rapport \u00e0 un coin de la cuisine ?\",\"breadcrumb\":{\"@id\":\"https:\/\/www.valcucine.com\/fr\/plans\/espace-et-dimensions\/distance-de-la-porte-de-la-cuisine\/#breadcrumb\"},\"inLanguage\":\"fr-FR\",\"potentialAction\":[{\"@type\":\"ReadAction\",\"target\":[\"https:\/\/www.valcucine.com\/fr\/plans\/espace-et-dimensions\/distance-de-la-porte-de-la-cuisine\/\"]}]},{\"@type\":\"ImageObject\",\"inLanguage\":\"fr-FR\",\"@id\":\"https:\/\/www.valcucine.com\/fr\/plans\/espace-et-dimensions\/distance-de-la-porte-de-la-cuisine\/#primaryimage\",\"url\":\"https:\/\/www.valcucine.com\/wp-content\/uploads\/2024\/07\/110_guid-progetto94-1-e1721728957252.jpg?wsr\",\"contentUrl\":\"https:\/\/www.valcucine.com\/wp-content\/uploads\/2024\/07\/110_guid-progetto94-1-e1721728957252.jpg?wsr\",\"width\":1188,\"height\":826,\"caption\":\"Distanza porte\"},{\"@type\":\"BreadcrumbList\",\"@id\":\"https:\/\/www.valcucine.com\/fr\/plans\/espace-et-dimensions\/distance-de-la-porte-de-la-cuisine\/#breadcrumb\",\"itemListElement\":[{\"@type\":\"ListItem\",\"position\":1,\"name\":\"Valcucine\",\"item\":\"https:\/\/www.valcucine.com\/fr\/\"},{\"@type\":\"ListItem\",\"position\":2,\"name\":\"Implantation d&#8217;une cuisine\",\"item\":\"https:\/\/www.valcucine.com\/fr\/plans\/\"},{\"@type\":\"ListItem\",\"position\":3,\"name\":\"Encombrements et dimensions\",\"item\":\"https:\/\/www.valcucine.com\/fr\/plans\/espace-et-dimensions\/\"},{\"@type\":\"ListItem\",\"position\":4,\"name\":\"Distance porte d&#8217;acc\u00e8s\"}]},{\"@type\":\"WebSite\",\"@id\":\"https:\/\/www.valcucine.com\/#website\",\"url\":\"https:\/\/www.valcucine.com\/\",\"name\":\"Valcucine\",\"description\":\"\",\"publisher\":{\"@id\":\"https:\/\/www.valcucine.com\/#organization\"},\"potentialAction\":[{\"@type\":\"SearchAction\",\"target\":{\"@type\":\"EntryPoint\",\"urlTemplate\":\"https:\/\/www.valcucine.com\/?s={search_term_string}\"},\"query-input\":{\"@type\":\"PropertyValueSpecification\",\"valueRequired\":true,\"valueName\":\"search_term_string\"}}],\"inLanguage\":\"fr-FR\"},{\"@type\":\"Organization\",\"@id\":\"https:\/\/www.valcucine.com\/#organization\",\"name\":\"Valcucine\",\"url\":\"https:\/\/www.valcucine.com\/\",\"logo\":{\"@type\":\"ImageObject\",\"inLanguage\":\"fr-FR\",\"@id\":\"https:\/\/www.valcucine.com\/#\/schema\/logo\/image\/\",\"url\":\"https:\/\/www.valcucine.com\/wp-content\/uploads\/2024\/02\/logo-valcucine.webp?wsr\",\"contentUrl\":\"https:\/\/www.valcucine.com\/wp-content\/uploads\/2024\/02\/logo-valcucine.webp?wsr\",\"width\":288,\"height\":46,\"caption\":\"Valcucine\"},\"image\":{\"@id\":\"https:\/\/www.valcucine.com\/#\/schema\/logo\/image\/\"},\"sameAs\":[\"https:\/\/www.facebook.com\/valcucine\/\",\"https:\/\/www.instagram.com\/valcucine\/\",\"https:\/\/www.linkedin.com\/company\/valcucine\"]}]}<\/script>\n<!-- \/ Yoast SEO plugin. -->","yoast_head_json":{"title":"Distance porte d'acc\u00e8s","description":"\u00c0 quelle distance de la porte doit-on pr\u00e9voir une porte par rapport \u00e0 un coin de la cuisine ?","robots":{"index":"index","follow":"follow","max-snippet":"max-snippet:-1","max-image-preview":"max-image-preview:large","max-video-preview":"max-video-preview:-1"},"canonical":"https:\/\/www.valcucine.com\/fr\/plans\/espace-et-dimensions\/distance-de-la-porte-de-la-cuisine\/","og_locale":"fr_FR","og_type":"article","og_title":"Distance porte d'acc\u00e8s","og_description":"\u00c0 quelle distance de la porte doit-on pr\u00e9voir une porte par rapport \u00e0 un coin de la cuisine ?","og_url":"https:\/\/www.valcucine.com\/fr\/plans\/espace-et-dimensions\/distance-de-la-porte-de-la-cuisine\/","og_site_name":"Valcucine","article_publisher":"https:\/\/www.facebook.com\/valcucine\/","article_modified_time":"2025-06-04T15:14:08+00:00","og_image":[{"width":1188,"height":826,"url":"https:\/\/www.valcucine.com\/wp-content\/uploads\/2024\/07\/110_guid-progetto94-1-e1721728957252.jpg?wsr","type":"image\/jpeg"}],"twitter_card":"summary_large_image","twitter_misc":{"Dur\u00e9e de lecture estim\u00e9e":"4 minutes"},"schema":{"@context":"https:\/\/schema.org","@graph":[{"@type":"WebPage","@id":"https:\/\/www.valcucine.com\/fr\/plans\/espace-et-dimensions\/distance-de-la-porte-de-la-cuisine\/","url":"https:\/\/www.valcucine.com\/fr\/plans\/espace-et-dimensions\/distance-de-la-porte-de-la-cuisine\/","name":"Distance porte d'acc\u00e8s","isPartOf":{"@id":"https:\/\/www.valcucine.com\/#website"},"primaryImageOfPage":{"@id":"https:\/\/www.valcucine.com\/fr\/plans\/espace-et-dimensions\/distance-de-la-porte-de-la-cuisine\/#primaryimage"},"image":{"@id":"https:\/\/www.valcucine.com\/fr\/plans\/espace-et-dimensions\/distance-de-la-porte-de-la-cuisine\/#primaryimage"},"thumbnailUrl":"https:\/\/www.valcucine.com\/wp-content\/uploads\/2024\/07\/110_guid-progetto94-1-e1721728957252.jpg?wsr","datePublished":"2024-07-22T08:46:58+00:00","dateModified":"2025-06-04T15:14:08+00:00","description":"\u00c0 quelle distance de la porte doit-on pr\u00e9voir une porte par rapport \u00e0 un coin de la cuisine ?","breadcrumb":{"@id":"https:\/\/www.valcucine.com\/fr\/plans\/espace-et-dimensions\/distance-de-la-porte-de-la-cuisine\/#breadcrumb"},"inLanguage":"fr-FR","potentialAction":[{"@type":"ReadAction","target":["https:\/\/www.valcucine.com\/fr\/plans\/espace-et-dimensions\/distance-de-la-porte-de-la-cuisine\/"]}]},{"@type":"ImageObject","inLanguage":"fr-FR","@id":"https:\/\/www.valcucine.com\/fr\/plans\/espace-et-dimensions\/distance-de-la-porte-de-la-cuisine\/#primaryimage","url":"https:\/\/www.valcucine.com\/wp-content\/uploads\/2024\/07\/110_guid-progetto94-1-e1721728957252.jpg?wsr","contentUrl":"https:\/\/www.valcucine.com\/wp-content\/uploads\/2024\/07\/110_guid-progetto94-1-e1721728957252.jpg?wsr","width":1188,"height":826,"caption":"Distanza porte"},{"@type":"BreadcrumbList","@id":"https:\/\/www.valcucine.com\/fr\/plans\/espace-et-dimensions\/distance-de-la-porte-de-la-cuisine\/#breadcrumb","itemListElement":[{"@type":"ListItem","position":1,"name":"Valcucine","item":"https:\/\/www.valcucine.com\/fr\/"},{"@type":"ListItem","position":2,"name":"Implantation d&#8217;une cuisine","item":"https:\/\/www.valcucine.com\/fr\/plans\/"},{"@type":"ListItem","position":3,"name":"Encombrements et dimensions","item":"https:\/\/www.valcucine.com\/fr\/plans\/espace-et-dimensions\/"},{"@type":"ListItem","position":4,"name":"Distance porte d&#8217;acc\u00e8s"}]},{"@type":"WebSite","@id":"https:\/\/www.valcucine.com\/#website","url":"https:\/\/www.valcucine.com\/","name":"Valcucine","description":"","publisher":{"@id":"https:\/\/www.valcucine.com\/#organization"},"potentialAction":[{"@type":"SearchAction","target":{"@type":"EntryPoint","urlTemplate":"https:\/\/www.valcucine.com\/?s={search_term_string}"},"query-input":{"@type":"PropertyValueSpecification","valueRequired":true,"valueName":"search_term_string"}}],"inLanguage":"fr-FR"},{"@type":"Organization","@id":"https:\/\/www.valcucine.com\/#organization","name":"Valcucine","url":"https:\/\/www.valcucine.com\/","logo":{"@type":"ImageObject","inLanguage":"fr-FR","@id":"https:\/\/www.valcucine.com\/#\/schema\/logo\/image\/","url":"https:\/\/www.valcucine.com\/wp-content\/uploads\/2024\/02\/logo-valcucine.webp?wsr","contentUrl":"https:\/\/www.valcucine.com\/wp-content\/uploads\/2024\/02\/logo-valcucine.webp?wsr","width":288,"height":46,"caption":"Valcucine"},"image":{"@id":"https:\/\/www.valcucine.com\/#\/schema\/logo\/image\/"},"sameAs":["https:\/\/www.facebook.com\/valcucine\/","https:\/\/www.instagram.com\/valcucine\/","https:\/\/www.linkedin.com\/company\/valcucine"]}]}},"_links":{"self":[{"href":"https:\/\/www.valcucine.com\/fr\/wp-json\/wp\/v2\/pages\/20843","targetHints":{"allow":["GET"]}}],"collection":[{"href":"https:\/\/www.valcucine.com\/fr\/wp-json\/wp\/v2\/pages"}],"about":[{"href":"https:\/\/www.valcucine.com\/fr\/wp-json\/wp\/v2\/types\/page"}],"author":[{"embeddable":true,"href":"https:\/\/www.valcucine.com\/fr\/wp-json\/wp\/v2\/users\/2"}],"replies":[{"embeddable":true,"href":"https:\/\/www.valcucine.com\/fr\/wp-json\/wp\/v2\/comments?post=20843"}],"version-history":[{"count":5,"href":"https:\/\/www.valcucine.com\/fr\/wp-json\/wp\/v2\/pages\/20843\/revisions"}],"predecessor-version":[{"id":20844,"href":"https:\/\/www.valcucine.com\/fr\/wp-json\/wp\/v2\/pages\/20843\/revisions\/20844"}],"up":[{"embeddable":true,"href":"https:\/\/www.valcucine.com\/fr\/wp-json\/wp\/v2\/pages\/19210"}],"wp:featuredmedia":[{"embeddable":true,"href":"https:\/\/www.valcucine.com\/fr\/wp-json\/wp\/v2\/media\/17269"}],"wp:attachment":[{"href":"https:\/\/www.valcucine.com\/fr\/wp-json\/wp\/v2\/media?parent=20843"}],"curies":[{"name":"wp","href":"https:\/\/api.w.org\/{rel}","templated":true}]}}