{"id":20854,"date":"2024-07-22T09:16:07","date_gmt":"2024-07-22T09:16:07","guid":{"rendered":"https:\/\/devel.valcucine.com\/plans\/espace-et-dimensions\/prese-elettriche-cucina\/"},"modified":"2025-06-04T14:58:01","modified_gmt":"2025-06-04T14:58:01","slug":"prises-electriques-dans-la-cuisine","status":"publish","type":"page","link":"https:\/\/www.valcucine.com\/fr\/plans\/espace-et-dimensions\/prises-electriques-dans-la-cuisine\/","title":{"rendered":"Les prises \u00e9lectriques"},"content":{"rendered":"<div class=\"wpb-content-wrapper\"><p>[vc_row][vc_column][vc_empty_space]\n        \n        <h1 class=\"text-start  main__title__h1  \" style=\"color:#333333;\"> \n\n         Les prises \u00e9lectriques\n        \n        <\/h1>[vc_empty_space][\/vc_column][\/vc_row][vc_row][vc_column][vc_column_text]<strong>La cuisine est la pi\u00e8ce de la maison o\u00f9 \u00ab\u00a0il y a la plus grande densit\u00e9 d&rsquo;\u00e9lectrom\u00e9nagers\u00a0\u00bb.\u00a0<\/strong><\/p>\n<p>Il y a des \u00e9lectrom\u00e9nagres qui sont branch\u00e9s en permanence et d&rsquo;autres qui se branchent ou qui se d\u00e9branchent selon les besoins du moment.<br \/>\nSouvent le r\u00e9frig\u00e9rateur, le lave-vaisselle ou le four sont branch\u00e9s \u00e0 des prises de courant mont\u00e9es \u00e0 17,5 cm du sol et se trouvant donc au dos des meubles.<br \/>\nDes probl\u00e8mes peuvent se poser lorsque l&rsquo;on a besoin de d\u00e9brancher l&rsquo;un de ces \u00e9lectrom\u00e9nagers pour une op\u00e9ration de maintenance ou pour le r\u00e9parer : dans ce cas, il est n\u00e9cessaire de d\u00e9monter la cuisine. L&rsquo;id\u00e9al est de pr\u00e9voir un tableau \u00e9lectrique dot\u00e9 de prises avec coupure et situ\u00e9 sous l&rsquo;\u00e9l\u00e9ment sous-\u00e9vier, le seul qui n&rsquo;ait pas de panneau de fond. En cas de panne, ce tableau permet de couper l&rsquo;alimentation \u00e0 l&rsquo;\u00e9lectrom\u00e9nager qui doit \u00eatre r\u00e9par\u00e9 sans besoin de couper le courant \u00e0 toute la cuisine.<br \/>\nAu cas o\u00f9 il ne serait pas possible de regrouper toutes les prises sous l&rsquo;\u00e9l\u00e9ment sous-\u00e9vier, celles-ci devront \u00eatre install\u00e9es au dos de l&rsquo;\u00e9lectrom\u00e9nager afin de pouvoir d\u00e9brancher la fiche sans besoin de d\u00e9monter les meubles.<\/p>\n<p>Dans une cuisine, les prises pour brancher les petits \u00e9lectrom\u00e9nagers doivent \u00eatre install\u00e9es comme suit :<br \/>\nA &#8211; sur la\u00a0 cr\u00e9dence de la\u00a0 cuisine, en respectant une distance de s\u00e9curit\u00e9 minimale de 60 cm par rapport \u00e0 l&rsquo;\u00e9vier et \u00e0 la table de cuisson, car elles ne doivent pas rester expos\u00e9es \u00e0 des sources de chaleur ni entrer en contact avec l&rsquo;eau ;<br \/>\nB &#8211; sur la barre\u00a0 de\u00a0 cr\u00e9dence\u00a0 en\u00a0 aluminium, \u00e0 c\u00f4t\u00e9 des \u00e9clairages au n\u00e9on ;<br \/>\nC &#8211; si l&rsquo;on dispose d&rsquo;un canal\u00a0 \u00e9quip\u00e9, \u00e0 l\u2019int\u00e9rieur d&rsquo;un bac\u00a0 dot\u00e9 d&rsquo;interrupteur et de disjoncteur.[\/vc_column_text][vc_single_image image=\u00a0\u00bb21837&Prime; img_size=\u00a0\u00bb800&#215;600&Prime;][\/vc_column][\/vc_row][vc_row][vc_column][\/vc_column][\/vc_row]<\/p>\n<\/div>","protected":false},"excerpt":{"rendered":"<p>[vc_row][vc_column][vc_empty_space][vc_empty_space][\/vc_column][\/vc_row][vc_row][vc_column][vc_column_text]La cuisine est la pi\u00e8ce de la maison o\u00f9 \u00ab\u00a0il y a la plus grande densit\u00e9 d&rsquo;\u00e9lectrom\u00e9nagers\u00a0\u00bb.\u00a0 Il y a des \u00e9lectrom\u00e9nagres qui sont branch\u00e9s en permanence et d&rsquo;autres qui se branchent ou qui se d\u00e9branchent selon les besoins du moment. Souvent le r\u00e9frig\u00e9rateur, le lave-vaisselle ou le four sont branch\u00e9s \u00e0 des prises de [&hellip;]<\/p>\n","protected":false},"author":2,"featured_media":17153,"parent":19210,"menu_order":0,"comment_status":"closed","ping_status":"closed","template":"page-planning02.php","meta":{"footnotes":""},"class_list":["post-20854","page","type-page","status-publish","has-post-thumbnail","hentry"],"yoast_head":"<!-- This site is optimized with the Yoast SEO plugin v26.2 - https:\/\/yoast.com\/wordpress\/plugins\/seo\/ -->\n<title>Prese elettriche cucina<\/title>\n<meta name=\"description\" content=\"Scopri con Valcucine la migliore disposizione per le prese elettriche per una cucina pi\u00f9 funzionale.\" \/>\n<meta name=\"robots\" content=\"index, follow, max-snippet:-1, max-image-preview:large, max-video-preview:-1\" \/>\n<link rel=\"canonical\" href=\"https:\/\/www.valcucine.com\/fr\/plans\/espace-et-dimensions\/prises-electriques-dans-la-cuisine\/\" \/>\n<meta property=\"og:locale\" content=\"fr_FR\" \/>\n<meta property=\"og:type\" content=\"article\" \/>\n<meta property=\"og:title\" content=\"Prese elettriche cucina\" \/>\n<meta property=\"og:description\" content=\"Scopri con Valcucine la migliore disposizione per le prese elettriche per una cucina pi\u00f9 funzionale.\" \/>\n<meta property=\"og:url\" content=\"https:\/\/www.valcucine.com\/fr\/plans\/espace-et-dimensions\/prises-electriques-dans-la-cuisine\/\" \/>\n<meta property=\"og:site_name\" content=\"Valcucine\" \/>\n<meta property=\"article:publisher\" content=\"https:\/\/www.facebook.com\/valcucine\/\" \/>\n<meta property=\"article:modified_time\" content=\"2025-06-04T14:58:01+00:00\" \/>\n<meta property=\"og:image\" content=\"https:\/\/www.valcucine.com\/wp-content\/uploads\/2024\/07\/120_guid_progetto131-e1721726780915.jpg?wsr\" \/>\n\t<meta property=\"og:image:width\" content=\"1188\" \/>\n\t<meta property=\"og:image:height\" content=\"826\" \/>\n\t<meta property=\"og:image:type\" content=\"image\/jpeg\" \/>\n<meta name=\"twitter:card\" content=\"summary_large_image\" \/>\n<meta name=\"twitter:label1\" content=\"Dur\u00e9e de lecture estim\u00e9e\" \/>\n\t<meta name=\"twitter:data1\" content=\"2 minutes\" \/>\n<script type=\"application\/ld+json\" class=\"yoast-schema-graph\">{\"@context\":\"https:\/\/schema.org\",\"@graph\":[{\"@type\":\"WebPage\",\"@id\":\"https:\/\/www.valcucine.com\/fr\/plans\/espace-et-dimensions\/prises-electriques-dans-la-cuisine\/\",\"url\":\"https:\/\/www.valcucine.com\/fr\/plans\/espace-et-dimensions\/prises-electriques-dans-la-cuisine\/\",\"name\":\"Prese elettriche cucina\",\"isPartOf\":{\"@id\":\"https:\/\/www.valcucine.com\/#website\"},\"primaryImageOfPage\":{\"@id\":\"https:\/\/www.valcucine.com\/fr\/plans\/espace-et-dimensions\/prises-electriques-dans-la-cuisine\/#primaryimage\"},\"image\":{\"@id\":\"https:\/\/www.valcucine.com\/fr\/plans\/espace-et-dimensions\/prises-electriques-dans-la-cuisine\/#primaryimage\"},\"thumbnailUrl\":\"https:\/\/www.valcucine.com\/wp-content\/uploads\/2024\/07\/120_guid_progetto131-e1721726780915.jpg?wsr\",\"datePublished\":\"2024-07-22T09:16:07+00:00\",\"dateModified\":\"2025-06-04T14:58:01+00:00\",\"description\":\"Scopri con Valcucine la migliore disposizione per le prese elettriche per una cucina pi\u00f9 funzionale.\",\"breadcrumb\":{\"@id\":\"https:\/\/www.valcucine.com\/fr\/plans\/espace-et-dimensions\/prises-electriques-dans-la-cuisine\/#breadcrumb\"},\"inLanguage\":\"fr-FR\",\"potentialAction\":[{\"@type\":\"ReadAction\",\"target\":[\"https:\/\/www.valcucine.com\/fr\/plans\/espace-et-dimensions\/prises-electriques-dans-la-cuisine\/\"]}]},{\"@type\":\"ImageObject\",\"inLanguage\":\"fr-FR\",\"@id\":\"https:\/\/www.valcucine.com\/fr\/plans\/espace-et-dimensions\/prises-electriques-dans-la-cuisine\/#primaryimage\",\"url\":\"https:\/\/www.valcucine.com\/wp-content\/uploads\/2024\/07\/120_guid_progetto131-e1721726780915.jpg?wsr\",\"contentUrl\":\"https:\/\/www.valcucine.com\/wp-content\/uploads\/2024\/07\/120_guid_progetto131-e1721726780915.jpg?wsr\",\"width\":1188,\"height\":826,\"caption\":\"prese elettriche\"},{\"@type\":\"BreadcrumbList\",\"@id\":\"https:\/\/www.valcucine.com\/fr\/plans\/espace-et-dimensions\/prises-electriques-dans-la-cuisine\/#breadcrumb\",\"itemListElement\":[{\"@type\":\"ListItem\",\"position\":1,\"name\":\"Valcucine\",\"item\":\"https:\/\/www.valcucine.com\/fr\/\"},{\"@type\":\"ListItem\",\"position\":2,\"name\":\"Implantation d&#8217;une cuisine\",\"item\":\"https:\/\/www.valcucine.com\/fr\/plans\/\"},{\"@type\":\"ListItem\",\"position\":3,\"name\":\"Encombrements et dimensions\",\"item\":\"https:\/\/www.valcucine.com\/fr\/plans\/espace-et-dimensions\/\"},{\"@type\":\"ListItem\",\"position\":4,\"name\":\"Les prises \u00e9lectriques\"}]},{\"@type\":\"WebSite\",\"@id\":\"https:\/\/www.valcucine.com\/#website\",\"url\":\"https:\/\/www.valcucine.com\/\",\"name\":\"Valcucine\",\"description\":\"\",\"publisher\":{\"@id\":\"https:\/\/www.valcucine.com\/#organization\"},\"potentialAction\":[{\"@type\":\"SearchAction\",\"target\":{\"@type\":\"EntryPoint\",\"urlTemplate\":\"https:\/\/www.valcucine.com\/?s={search_term_string}\"},\"query-input\":{\"@type\":\"PropertyValueSpecification\",\"valueRequired\":true,\"valueName\":\"search_term_string\"}}],\"inLanguage\":\"fr-FR\"},{\"@type\":\"Organization\",\"@id\":\"https:\/\/www.valcucine.com\/#organization\",\"name\":\"Valcucine\",\"url\":\"https:\/\/www.valcucine.com\/\",\"logo\":{\"@type\":\"ImageObject\",\"inLanguage\":\"fr-FR\",\"@id\":\"https:\/\/www.valcucine.com\/#\/schema\/logo\/image\/\",\"url\":\"https:\/\/www.valcucine.com\/wp-content\/uploads\/2024\/02\/logo-valcucine.webp?wsr\",\"contentUrl\":\"https:\/\/www.valcucine.com\/wp-content\/uploads\/2024\/02\/logo-valcucine.webp?wsr\",\"width\":288,\"height\":46,\"caption\":\"Valcucine\"},\"image\":{\"@id\":\"https:\/\/www.valcucine.com\/#\/schema\/logo\/image\/\"},\"sameAs\":[\"https:\/\/www.facebook.com\/valcucine\/\",\"https:\/\/www.instagram.com\/valcucine\/\",\"https:\/\/www.linkedin.com\/company\/valcucine\"]}]}<\/script>\n<!-- \/ Yoast SEO plugin. -->","yoast_head_json":{"title":"Prese elettriche cucina","description":"Scopri con Valcucine la migliore disposizione per le prese elettriche per una cucina pi\u00f9 funzionale.","robots":{"index":"index","follow":"follow","max-snippet":"max-snippet:-1","max-image-preview":"max-image-preview:large","max-video-preview":"max-video-preview:-1"},"canonical":"https:\/\/www.valcucine.com\/fr\/plans\/espace-et-dimensions\/prises-electriques-dans-la-cuisine\/","og_locale":"fr_FR","og_type":"article","og_title":"Prese elettriche cucina","og_description":"Scopri con Valcucine la migliore disposizione per le prese elettriche per una cucina pi\u00f9 funzionale.","og_url":"https:\/\/www.valcucine.com\/fr\/plans\/espace-et-dimensions\/prises-electriques-dans-la-cuisine\/","og_site_name":"Valcucine","article_publisher":"https:\/\/www.facebook.com\/valcucine\/","article_modified_time":"2025-06-04T14:58:01+00:00","og_image":[{"width":1188,"height":826,"url":"https:\/\/www.valcucine.com\/wp-content\/uploads\/2024\/07\/120_guid_progetto131-e1721726780915.jpg?wsr","type":"image\/jpeg"}],"twitter_card":"summary_large_image","twitter_misc":{"Dur\u00e9e de lecture estim\u00e9e":"2 minutes"},"schema":{"@context":"https:\/\/schema.org","@graph":[{"@type":"WebPage","@id":"https:\/\/www.valcucine.com\/fr\/plans\/espace-et-dimensions\/prises-electriques-dans-la-cuisine\/","url":"https:\/\/www.valcucine.com\/fr\/plans\/espace-et-dimensions\/prises-electriques-dans-la-cuisine\/","name":"Prese elettriche cucina","isPartOf":{"@id":"https:\/\/www.valcucine.com\/#website"},"primaryImageOfPage":{"@id":"https:\/\/www.valcucine.com\/fr\/plans\/espace-et-dimensions\/prises-electriques-dans-la-cuisine\/#primaryimage"},"image":{"@id":"https:\/\/www.valcucine.com\/fr\/plans\/espace-et-dimensions\/prises-electriques-dans-la-cuisine\/#primaryimage"},"thumbnailUrl":"https:\/\/www.valcucine.com\/wp-content\/uploads\/2024\/07\/120_guid_progetto131-e1721726780915.jpg?wsr","datePublished":"2024-07-22T09:16:07+00:00","dateModified":"2025-06-04T14:58:01+00:00","description":"Scopri con Valcucine la migliore disposizione per le prese elettriche per una cucina pi\u00f9 funzionale.","breadcrumb":{"@id":"https:\/\/www.valcucine.com\/fr\/plans\/espace-et-dimensions\/prises-electriques-dans-la-cuisine\/#breadcrumb"},"inLanguage":"fr-FR","potentialAction":[{"@type":"ReadAction","target":["https:\/\/www.valcucine.com\/fr\/plans\/espace-et-dimensions\/prises-electriques-dans-la-cuisine\/"]}]},{"@type":"ImageObject","inLanguage":"fr-FR","@id":"https:\/\/www.valcucine.com\/fr\/plans\/espace-et-dimensions\/prises-electriques-dans-la-cuisine\/#primaryimage","url":"https:\/\/www.valcucine.com\/wp-content\/uploads\/2024\/07\/120_guid_progetto131-e1721726780915.jpg?wsr","contentUrl":"https:\/\/www.valcucine.com\/wp-content\/uploads\/2024\/07\/120_guid_progetto131-e1721726780915.jpg?wsr","width":1188,"height":826,"caption":"prese elettriche"},{"@type":"BreadcrumbList","@id":"https:\/\/www.valcucine.com\/fr\/plans\/espace-et-dimensions\/prises-electriques-dans-la-cuisine\/#breadcrumb","itemListElement":[{"@type":"ListItem","position":1,"name":"Valcucine","item":"https:\/\/www.valcucine.com\/fr\/"},{"@type":"ListItem","position":2,"name":"Implantation d&#8217;une cuisine","item":"https:\/\/www.valcucine.com\/fr\/plans\/"},{"@type":"ListItem","position":3,"name":"Encombrements et dimensions","item":"https:\/\/www.valcucine.com\/fr\/plans\/espace-et-dimensions\/"},{"@type":"ListItem","position":4,"name":"Les prises \u00e9lectriques"}]},{"@type":"WebSite","@id":"https:\/\/www.valcucine.com\/#website","url":"https:\/\/www.valcucine.com\/","name":"Valcucine","description":"","publisher":{"@id":"https:\/\/www.valcucine.com\/#organization"},"potentialAction":[{"@type":"SearchAction","target":{"@type":"EntryPoint","urlTemplate":"https:\/\/www.valcucine.com\/?s={search_term_string}"},"query-input":{"@type":"PropertyValueSpecification","valueRequired":true,"valueName":"search_term_string"}}],"inLanguage":"fr-FR"},{"@type":"Organization","@id":"https:\/\/www.valcucine.com\/#organization","name":"Valcucine","url":"https:\/\/www.valcucine.com\/","logo":{"@type":"ImageObject","inLanguage":"fr-FR","@id":"https:\/\/www.valcucine.com\/#\/schema\/logo\/image\/","url":"https:\/\/www.valcucine.com\/wp-content\/uploads\/2024\/02\/logo-valcucine.webp?wsr","contentUrl":"https:\/\/www.valcucine.com\/wp-content\/uploads\/2024\/02\/logo-valcucine.webp?wsr","width":288,"height":46,"caption":"Valcucine"},"image":{"@id":"https:\/\/www.valcucine.com\/#\/schema\/logo\/image\/"},"sameAs":["https:\/\/www.facebook.com\/valcucine\/","https:\/\/www.instagram.com\/valcucine\/","https:\/\/www.linkedin.com\/company\/valcucine"]}]}},"_links":{"self":[{"href":"https:\/\/www.valcucine.com\/fr\/wp-json\/wp\/v2\/pages\/20854","targetHints":{"allow":["GET"]}}],"collection":[{"href":"https:\/\/www.valcucine.com\/fr\/wp-json\/wp\/v2\/pages"}],"about":[{"href":"https:\/\/www.valcucine.com\/fr\/wp-json\/wp\/v2\/types\/page"}],"author":[{"embeddable":true,"href":"https:\/\/www.valcucine.com\/fr\/wp-json\/wp\/v2\/users\/2"}],"replies":[{"embeddable":true,"href":"https:\/\/www.valcucine.com\/fr\/wp-json\/wp\/v2\/comments?post=20854"}],"version-history":[{"count":5,"href":"https:\/\/www.valcucine.com\/fr\/wp-json\/wp\/v2\/pages\/20854\/revisions"}],"predecessor-version":[{"id":21843,"href":"https:\/\/www.valcucine.com\/fr\/wp-json\/wp\/v2\/pages\/20854\/revisions\/21843"}],"up":[{"embeddable":true,"href":"https:\/\/www.valcucine.com\/fr\/wp-json\/wp\/v2\/pages\/19210"}],"wp:featuredmedia":[{"embeddable":true,"href":"https:\/\/www.valcucine.com\/fr\/wp-json\/wp\/v2\/media\/17153"}],"wp:attachment":[{"href":"https:\/\/www.valcucine.com\/fr\/wp-json\/wp\/v2\/media?parent=20854"}],"curies":[{"name":"wp","href":"https:\/\/api.w.org\/{rel}","templated":true}]}}