{"id":44579,"date":"2024-03-15T08:43:34","date_gmt":"2024-03-15T08:43:34","guid":{"rendered":"https:\/\/www.valcucine.com\/multi-unit-kitchen-projects\/"},"modified":"2025-06-04T14:00:37","modified_gmt":"2025-06-04T14:00:37","slug":"projets-de-cuisines-multi-residentielles","status":"publish","type":"page","link":"https:\/\/www.valcucine.com\/fr\/projets-de-cuisines-multi-residentielles\/","title":{"rendered":"Projets de cuisines multi-r\u00e9sidentielles"},"content":{"rendered":"<div class=\"wpb-content-wrapper\"><p>[vc_row css=\u00a0\u00bb.vc_custom_1709739912507{padding-top: 40px !important;padding-bottom: 40px !important;}\u00a0\u00bb][vc_column]\n        \n        <h1 class=\"text-center  main__title__h1  \" style=\"color:#333333;\"> \n\n         Projets de cuisines multi-r\u00e9sidentielles\n        \n        <\/h1>\n        \n        <h2 class=\"text-center  main__title__h2  \" style=\"color:#333333;\"> \n\n         Que signifie \u201cprojets de cuisines multi-r\u00e9sidentielles\u201d pour Valcucine ?\n        \n        <\/h2>[\/vc_column][\/vc_row][vc_row][vc_column][vc_column_text]<\/p>\n<p class=\"\" data-start=\"258\" data-end=\"839\">Pour Valcucine, les \u00ab projets de cuisines multi-r\u00e9sidentielles \u00bb font r\u00e9f\u00e9rence aux fournitures destin\u00e9es au march\u00e9 de l\u2019immobilier r\u00e9sidentiel haut de gamme.<br data-start=\"416\" data-end=\"419\" \/>Dans le secteur de l\u2019ameublement, notamment sur le march\u00e9 am\u00e9ricain, on parle beaucoup de projets multi-unit\u00e9s, de r\u00e9sidences multi-logements ou encore de contrats de d\u00e9veloppement r\u00e9sidentiel. Cependant, toutes les fournitures contractuelles ne se valent pas : leur d\u00e9finition et leur approche varient en fonction du type de produit, du service offert, et de l\u2019entreprise qui le con\u00e7oit, le produit et le commercialise.<\/p>\n<p class=\"\" data-start=\"841\" data-end=\"994\">Tout d\u2019abord, les \u00ab projets de cuisines multi-r\u00e9sidentielles \u00bb font partie int\u00e9grante du monde du <strong data-start=\"939\" data-end=\"951\">contract<\/strong>, un univers bien plus complexe et vaste.<\/p>\n<p class=\"\" data-start=\"996\" data-end=\"1243\">Un projet <strong data-start=\"1006\" data-end=\"1018\">contract<\/strong> d\u00e9signe g\u00e9n\u00e9ralement un projet cl\u00e9 en main dans lequel tout ou partie du mobilier a \u00e9t\u00e9 personnalis\u00e9 selon les besoins du projet d\u2019am\u00e9nagement int\u00e9rieur, tels que d\u00e9finis par l\u2019agence d\u2019architecture ou de design d\u2019int\u00e9rieur.<\/p>\n<p class=\"\" data-start=\"1245\" data-end=\"1534\">Gr\u00e2ce \u00e0 la capacit\u00e9 d\u2019industrialisation de son design, \u00e0 la technologie de ses produits, \u00e0 l\u2019\u00e9tendue et \u00e0 la modularit\u00e9 de ses gammes, \u00e0 sa flexibilit\u00e9 et \u00e0 son r\u00e9seau de partenaires locaux, Valcucine est en mesure d\u2019offrir un service contract d\u00e9di\u00e9 au secteur r\u00e9sidentiel haut de gamme.<\/p>\n<p class=\"\" data-start=\"1536\" data-end=\"1965\">Un projet de cuisines multi-unit\u00e9s sign\u00e9 Valcucine peut inclure des demandes de mobilier sur-mesure impliquant une production flexible. Finitions sp\u00e9ciales et d\u00e9veloppement de produits d\u00e9di\u00e9s permettent de r\u00e9pondre aux diverses exigences esth\u00e9tiques et fonctionnelles sp\u00e9cifi\u00e9es par le projet d\u2019int\u00e9rieur. Au fil des ann\u00e9es, nous avons meubl\u00e9 des penthouses et appartements de luxe dans le cadre de projets contract r\u00e9sidentiels.<\/p>\n<p class=\"\" data-start=\"1967\" data-end=\"2215\">Pour mener \u00e0 bien un projet de cuisines multi-r\u00e9sidentielles, notre entreprise collabore avec des agences d\u2019architecture ou de design int\u00e9rieur, des promoteurs immobiliers, des propri\u00e9taires fonciers et des entreprises g\u00e9n\u00e9rales ou de second \u0153uvre.<\/p>\n<p class=\"\" data-start=\"2217\" data-end=\"2494\">L\u2019agence d\u2019architecture ou de design d\u2019int\u00e9rieur intervient dans la phase de d\u00e9finition des sp\u00e9cifications de la commande. L\u2019architecte s\u2019occupe g\u00e9n\u00e9ralement de la structure et de l\u2019architecture, tandis que le designer d\u2019int\u00e9rieur se concentre sur le mobilier et les finitions.<\/p>\n<p class=\"\" data-start=\"2496\" data-end=\"2622\">L\u2019entreprise g\u00e9n\u00e9rale coordonne l\u2019organisation du projet, en collaboration avec un service d\u2019achats et un contr\u00f4leur de co\u00fbts.<\/p>\n<p class=\"\" data-start=\"2624\" data-end=\"2746\">Les fabricants et sous-traitants \u2013 qui fournissent la cuisine pour l\u2019appartement t\u00e9moin \u2013 interviennent en bout de cha\u00eene.<\/p>\n<p>[\/vc_column_text][\/vc_column][\/vc_row][vc_row][vc_column][vc_column_text]<\/p>\n<p class=\"\" data-start=\"2753\" data-end=\"3208\"><strong data-start=\"2753\" data-end=\"2858\">POUR R\u00c9ALISER DES PROJETS DE CUISINES MULTI-R\u00c9SIDENTIELLES, VALCUCINE PROPOSE LES SERVICES SUIVANTS :<\/strong><br data-start=\"2858\" data-end=\"2861\" \/>\u2013 Conseil en planification de cuisine<br data-start=\"2898\" data-end=\"2901\" \/>\u2013 Accompagnement dans la phase de conception du projet<br data-start=\"2955\" data-end=\"2958\" \/>\u2013 Cr\u00e9ation de moodboards et de concepts couleurs<br data-start=\"3006\" data-end=\"3009\" \/>\u2013 Personnalisation du produit<br data-start=\"3038\" data-end=\"3041\" \/>\u2013 R\u00e9alisation de rendus photor\u00e9alistes<br data-start=\"3079\" data-end=\"3082\" \/>\u2013 Fourniture d\u2019informations, de manuels et de fiches techniques<br data-start=\"3145\" data-end=\"3148\" \/>\u2013 Mise en service<br data-start=\"3165\" data-end=\"3168\" \/>\u2013 Identification de partenaires locaux<\/p>\n<p class=\"\" data-start=\"3210\" data-end=\"3349\">Dans le cadre de ces projets, Valcucine collabore avec des partenaires locaux certifi\u00e9s, sp\u00e9cialis\u00e9s en design d\u2019int\u00e9rieur et en cuisine.<\/p>\n<hr class=\"\" data-start=\"3351\" data-end=\"3354\" \/>\n<p class=\"\" data-start=\"3356\" data-end=\"3539\"><strong data-start=\"3356\" data-end=\"3394\">NOS PARTENAIRES LOCAUX PROPOSENT :<\/strong><br data-start=\"3394\" data-end=\"3397\" \/>\u2013 Inspection du site<br data-start=\"3417\" data-end=\"3420\" \/>\u2013 Relev\u00e9s de mesures<br data-start=\"3440\" data-end=\"3443\" \/>\u2013 \u00c9tude de faisabilit\u00e9<br data-start=\"3465\" data-end=\"3468\" \/>\u2013 Assistance \u00e0 la planification<br data-start=\"3499\" data-end=\"3502\" \/>\u2013 Montage<br data-start=\"3511\" data-end=\"3514\" \/>\u2013 Tests<br data-start=\"3521\" data-end=\"3524\" \/>\u2013 Maintenance<\/p>\n<hr class=\"\" data-start=\"3541\" data-end=\"3544\" \/>\n<p class=\"\" data-start=\"3546\" data-end=\"3607\"><strong data-start=\"3546\" data-end=\"3607\">EN PLUS DE CES SERVICES SP\u00c9CIFIQUES, VALCUCINE GARANTIT :<\/strong><\/p>\n<p class=\"\" data-start=\"3609\" data-end=\"3741\"><strong data-start=\"3609\" data-end=\"3635\">CAPACIT\u00c9 DE PRODUCTION<\/strong><br data-start=\"3635\" data-end=\"3638\" \/>Valcucine peut produire un grand nombre de cuisines tout en maintenant des standards de qualit\u00e9 \u00e9lev\u00e9s.<\/p>\n<p class=\"\" data-start=\"3743\" data-end=\"4033\"><strong data-start=\"3743\" data-end=\"3759\">CR\u00c9DITS LEED<\/strong><br data-start=\"3759\" data-end=\"3762\" \/>La derni\u00e8re version LEED v4 BD+C et ID+C permet d\u2019attribuer jusqu\u2019\u00e0 11 cr\u00e9dits LEED dans les cat\u00e9gories suivantes :<br data-start=\"3877\" data-end=\"3880\" \/>WE &#8211; Efficacit\u00e9 de l\u2019eau<br data-start=\"3904\" data-end=\"3907\" \/>EA &#8211; \u00c9nergie et atmosph\u00e8re<br data-start=\"3933\" data-end=\"3936\" \/>MR &#8211; Mat\u00e9riaux et ressources<br data-start=\"3964\" data-end=\"3967\" \/>EQ &#8211; Qualit\u00e9 de l\u2019environnement int\u00e9rieur<br data-start=\"4008\" data-end=\"4011\" \/>IN &#8211; Cr\u00e9dits pilotes<\/p>\n<p class=\"\" data-start=\"4035\" data-end=\"4102\">Acc\u00e9der \u00e0 la page de la matrice de contribution LEED de Valcucine<\/p>\n<p class=\"\" data-start=\"4104\" data-end=\"4237\"><strong data-start=\"4104\" data-end=\"4145\">FLEXIBILIT\u00c9 MAXIMALE DE PLANIFICATION<\/strong><br data-start=\"4145\" data-end=\"4148\" \/>Les concepteurs peuvent sp\u00e9cifier diff\u00e9rentes finitions pour un m\u00eame projet multi-unit\u00e9s.<\/p>\n<p class=\"\" data-start=\"4239\" data-end=\"4375\"><strong data-start=\"4239\" data-end=\"4287\">PRODUITS ET FINITIONS SP\u00c9CIALES POUR CUISINE<\/strong><br data-start=\"4287\" data-end=\"4290\" \/>Portes, plans de travail et \u00e9l\u00e9ments de cuisine avec finitions sp\u00e9ciales disponibles.<\/p>\n<p class=\"\" data-start=\"4377\" data-end=\"4559\"><strong data-start=\"4377\" data-end=\"4411\">GESTION DES COMMANDES CONTRACT<\/strong><br data-start=\"4411\" data-end=\"4414\" \/>Valcucine coordonne la production et la livraison des cuisines avec l\u2019appui de ses partenaires locaux pour les phases de livraison et de montage.<\/p>\n<p class=\"\" data-start=\"4561\" data-end=\"4814\"><strong data-start=\"4561\" data-end=\"4587\">UN PRODUIT LIVR\u00c9 MONT\u00c9<\/strong><br data-start=\"4587\" data-end=\"4590\" \/>Les cuisines Valcucine sont livr\u00e9es enti\u00e8rement mont\u00e9es ; chaque meuble, y compris ses poign\u00e9es et accessoires int\u00e9rieurs, est assembl\u00e9 dans notre usine. Cela facilite l\u2019installation sur site et r\u00e9duit les risques d\u2019erreurs.<\/p>\n<p class=\"\" data-start=\"4816\" data-end=\"5085\"><strong data-start=\"4816\" data-end=\"4853\">TECHNOLOGIES DE CUISINE DE POINTE<\/strong><br data-start=\"4853\" data-end=\"4856\" \/>Les cuisines Valcucine int\u00e8grent des tiroirs et portes \u00e0 fermeture automatique, des portes et \u00e9tag\u00e8res en verre, des portes sans charni\u00e8res, des \u00e9l\u00e9ments enti\u00e8rement en aluminium et des meubles d\u00e9montables en fin de cycle de vie.<\/p>\n<p class=\"\" data-start=\"5087\" data-end=\"5502\"><strong data-start=\"5087\" data-end=\"5131\">SYST\u00c8MES ERGONOMIQUES DE CUISINE AVANC\u00c9S<\/strong><br data-start=\"5131\" data-end=\"5134\" \/>Nos cuisines sont con\u00e7ues pour r\u00e9pondre \u00e0 divers besoins ergonomiques et fonctionnels. Des \u00e9l\u00e9ments sp\u00e9ciaux assurent une solution ergonomique optimale. Hauteurs et profondeurs sont pens\u00e9es pour l\u2019utilisateur, optimisant la visibilit\u00e9 et facilitant les gestes, de l\u2019ouverture des portes \u00e0 l\u2019acc\u00e8s aux \u00e9l\u00e9ments hauts. Tout est con\u00e7u pour une utilisation simple et s\u00fbre.<\/p>\n<p class=\"\" data-start=\"5504\" data-end=\"5855\"><strong data-start=\"5504\" data-end=\"5538\">MAT\u00c9RIAUX S\u00dbRS POUR LA CUISINE<\/strong><br data-start=\"5538\" data-end=\"5541\" \/>Notre objectif principal est la sant\u00e9 et le bien-\u00eatre des utilisateurs. Cela passe par un respect total de l\u2019homme et de son environnement. Nous r\u00e9duisons au maximum les \u00e9missions toxiques, \u00e9liminons les compos\u00e9s nocifs comme le formald\u00e9hyde, utilisons des vernis \u00e0 l\u2019eau et contr\u00f4lons les substances radioactives.<\/p>\n<p class=\"\" data-start=\"5857\" data-end=\"6650\"><strong data-start=\"5857\" data-end=\"5898\">R\u00c9DUCTION DE L\u2019IMPACT ENVIRONNEMENTAL<\/strong><br data-start=\"5898\" data-end=\"5901\" \/>Am\u00e9liorer le bien-\u00eatre de l\u2019humanit\u00e9 passe aussi par le respect de notre plan\u00e8te. C\u2019est pourquoi nos projets les plus importants sont aussi les plus \u00e9thiques et responsables. Notre design vise \u00e0 r\u00e9duire la quantit\u00e9 totale de mat\u00e9riaux utilis\u00e9s et leur impact environnemental. Cela est garanti par nos certifications ISO14001 et FSC\u00ae, ainsi que par notre conformit\u00e9 \u00e0 la norme LEED v4.1.<br data-start=\"6287\" data-end=\"6290\" \/>Dans une d\u00e9marche durable, notre si\u00e8ge de Pordenone dispose d\u2019un syst\u00e8me photovolta\u00efque couvrant 30 % de notre consommation \u00e9nerg\u00e9tique.<br data-start=\"6426\" data-end=\"6429\" \/>En 1998 d\u00e9j\u00e0, nous avons fond\u00e9 l\u2019association \u00e0 but non lucratif Bioforest pour promouvoir une culture de production plus consciente et responsable, capable de restaurer et de prot\u00e9ger activement les ressources naturelles.<\/p>\n<p>[\/vc_column_text][\/vc_column][\/vc_row][vc_row css=\u00a0\u00bb.vc_custom_1710778288217{margin-bottom: 40px !important;}\u00a0\u00bb][vc_column][\/vc_column][\/vc_row]<\/p>\n<\/div>","protected":false},"excerpt":{"rendered":"<p>[vc_row css=\u00a0\u00bb.vc_custom_1709739912507{padding-top: 40px !important;padding-bottom: 40px !important;}\u00a0\u00bb][vc_column][\/vc_column][\/vc_row][vc_row][vc_column][vc_column_text] Pour Valcucine, les \u00ab projets de cuisines multi-r\u00e9sidentielles \u00bb font r\u00e9f\u00e9rence aux fournitures destin\u00e9es au march\u00e9 de l\u2019immobilier r\u00e9sidentiel haut de gamme.Dans le secteur de l\u2019ameublement, notamment sur le march\u00e9 am\u00e9ricain, on parle beaucoup de projets multi-unit\u00e9s, de r\u00e9sidences multi-logements ou encore de contrats de d\u00e9veloppement r\u00e9sidentiel. Cependant, toutes [&hellip;]<\/p>\n","protected":false},"author":1,"featured_media":0,"parent":0,"menu_order":0,"comment_status":"closed","ping_status":"closed","template":"","meta":{"footnotes":""},"class_list":["post-44579","page","type-page","status-publish","hentry"],"yoast_head":"<!-- This site is optimized with the Yoast SEO plugin v26.2 - https:\/\/yoast.com\/wordpress\/plugins\/seo\/ -->\n<title>Projets de cuisines multi-r\u00e9sidentielles<\/title>\n<meta name=\"description\" content=\"D\u00e9couvrez comment Valcucine aborde les projets de cuisines multi-r\u00e9sidentielles dans le secteur contract pour le march\u00e9 r\u00e9sidentiel haut de gamme\" \/>\n<meta name=\"robots\" content=\"index, follow, max-snippet:-1, max-image-preview:large, max-video-preview:-1\" \/>\n<link rel=\"canonical\" href=\"https:\/\/www.valcucine.com\/fr\/projets-de-cuisines-multi-residentielles\/\" \/>\n<meta property=\"og:locale\" content=\"fr_FR\" \/>\n<meta property=\"og:type\" content=\"article\" \/>\n<meta property=\"og:title\" content=\"Projets de cuisines multi-r\u00e9sidentielles\" \/>\n<meta property=\"og:description\" content=\"D\u00e9couvrez comment Valcucine aborde les projets de cuisines multi-r\u00e9sidentielles dans le secteur contract pour le march\u00e9 r\u00e9sidentiel haut de gamme\" \/>\n<meta property=\"og:url\" content=\"https:\/\/www.valcucine.com\/fr\/projets-de-cuisines-multi-residentielles\/\" \/>\n<meta property=\"og:site_name\" content=\"Valcucine\" \/>\n<meta property=\"article:publisher\" content=\"https:\/\/www.facebook.com\/valcucine\/\" \/>\n<meta property=\"article:modified_time\" content=\"2025-06-04T14:00:37+00:00\" \/>\n<meta name=\"twitter:card\" content=\"summary_large_image\" \/>\n<meta name=\"twitter:label1\" content=\"Dur\u00e9e de lecture estim\u00e9e\" \/>\n\t<meta name=\"twitter:data1\" content=\"5 minutes\" \/>\n<script type=\"application\/ld+json\" class=\"yoast-schema-graph\">{\"@context\":\"https:\/\/schema.org\",\"@graph\":[{\"@type\":\"WebPage\",\"@id\":\"https:\/\/www.valcucine.com\/fr\/projets-de-cuisines-multi-residentielles\/\",\"url\":\"https:\/\/www.valcucine.com\/fr\/projets-de-cuisines-multi-residentielles\/\",\"name\":\"Projets de cuisines multi-r\u00e9sidentielles\",\"isPartOf\":{\"@id\":\"https:\/\/www.valcucine.com\/#website\"},\"datePublished\":\"2024-03-15T08:43:34+00:00\",\"dateModified\":\"2025-06-04T14:00:37+00:00\",\"description\":\"D\u00e9couvrez comment Valcucine aborde les projets de cuisines multi-r\u00e9sidentielles dans le secteur contract pour le march\u00e9 r\u00e9sidentiel haut de gamme\",\"breadcrumb\":{\"@id\":\"https:\/\/www.valcucine.com\/fr\/projets-de-cuisines-multi-residentielles\/#breadcrumb\"},\"inLanguage\":\"fr-FR\",\"potentialAction\":[{\"@type\":\"ReadAction\",\"target\":[\"https:\/\/www.valcucine.com\/fr\/projets-de-cuisines-multi-residentielles\/\"]}]},{\"@type\":\"BreadcrumbList\",\"@id\":\"https:\/\/www.valcucine.com\/fr\/projets-de-cuisines-multi-residentielles\/#breadcrumb\",\"itemListElement\":[{\"@type\":\"ListItem\",\"position\":1,\"name\":\"Valcucine\",\"item\":\"https:\/\/www.valcucine.com\/fr\/\"},{\"@type\":\"ListItem\",\"position\":2,\"name\":\"Projets de cuisines multi-r\u00e9sidentielles\"}]},{\"@type\":\"WebSite\",\"@id\":\"https:\/\/www.valcucine.com\/#website\",\"url\":\"https:\/\/www.valcucine.com\/\",\"name\":\"Valcucine\",\"description\":\"\",\"publisher\":{\"@id\":\"https:\/\/www.valcucine.com\/#organization\"},\"potentialAction\":[{\"@type\":\"SearchAction\",\"target\":{\"@type\":\"EntryPoint\",\"urlTemplate\":\"https:\/\/www.valcucine.com\/?s={search_term_string}\"},\"query-input\":{\"@type\":\"PropertyValueSpecification\",\"valueRequired\":true,\"valueName\":\"search_term_string\"}}],\"inLanguage\":\"fr-FR\"},{\"@type\":\"Organization\",\"@id\":\"https:\/\/www.valcucine.com\/#organization\",\"name\":\"Valcucine\",\"url\":\"https:\/\/www.valcucine.com\/\",\"logo\":{\"@type\":\"ImageObject\",\"inLanguage\":\"fr-FR\",\"@id\":\"https:\/\/www.valcucine.com\/#\/schema\/logo\/image\/\",\"url\":\"https:\/\/www.valcucine.com\/wp-content\/uploads\/2024\/02\/logo-valcucine.webp?wsr\",\"contentUrl\":\"https:\/\/www.valcucine.com\/wp-content\/uploads\/2024\/02\/logo-valcucine.webp?wsr\",\"width\":288,\"height\":46,\"caption\":\"Valcucine\"},\"image\":{\"@id\":\"https:\/\/www.valcucine.com\/#\/schema\/logo\/image\/\"},\"sameAs\":[\"https:\/\/www.facebook.com\/valcucine\/\",\"https:\/\/www.instagram.com\/valcucine\/\",\"https:\/\/www.linkedin.com\/company\/valcucine\"]}]}<\/script>\n<!-- \/ Yoast SEO plugin. -->","yoast_head_json":{"title":"Projets de cuisines multi-r\u00e9sidentielles","description":"D\u00e9couvrez comment Valcucine aborde les projets de cuisines multi-r\u00e9sidentielles dans le secteur contract pour le march\u00e9 r\u00e9sidentiel haut de gamme","robots":{"index":"index","follow":"follow","max-snippet":"max-snippet:-1","max-image-preview":"max-image-preview:large","max-video-preview":"max-video-preview:-1"},"canonical":"https:\/\/www.valcucine.com\/fr\/projets-de-cuisines-multi-residentielles\/","og_locale":"fr_FR","og_type":"article","og_title":"Projets de cuisines multi-r\u00e9sidentielles","og_description":"D\u00e9couvrez comment Valcucine aborde les projets de cuisines multi-r\u00e9sidentielles dans le secteur contract pour le march\u00e9 r\u00e9sidentiel haut de gamme","og_url":"https:\/\/www.valcucine.com\/fr\/projets-de-cuisines-multi-residentielles\/","og_site_name":"Valcucine","article_publisher":"https:\/\/www.facebook.com\/valcucine\/","article_modified_time":"2025-06-04T14:00:37+00:00","twitter_card":"summary_large_image","twitter_misc":{"Dur\u00e9e de lecture estim\u00e9e":"5 minutes"},"schema":{"@context":"https:\/\/schema.org","@graph":[{"@type":"WebPage","@id":"https:\/\/www.valcucine.com\/fr\/projets-de-cuisines-multi-residentielles\/","url":"https:\/\/www.valcucine.com\/fr\/projets-de-cuisines-multi-residentielles\/","name":"Projets de cuisines multi-r\u00e9sidentielles","isPartOf":{"@id":"https:\/\/www.valcucine.com\/#website"},"datePublished":"2024-03-15T08:43:34+00:00","dateModified":"2025-06-04T14:00:37+00:00","description":"D\u00e9couvrez comment Valcucine aborde les projets de cuisines multi-r\u00e9sidentielles dans le secteur contract pour le march\u00e9 r\u00e9sidentiel haut de gamme","breadcrumb":{"@id":"https:\/\/www.valcucine.com\/fr\/projets-de-cuisines-multi-residentielles\/#breadcrumb"},"inLanguage":"fr-FR","potentialAction":[{"@type":"ReadAction","target":["https:\/\/www.valcucine.com\/fr\/projets-de-cuisines-multi-residentielles\/"]}]},{"@type":"BreadcrumbList","@id":"https:\/\/www.valcucine.com\/fr\/projets-de-cuisines-multi-residentielles\/#breadcrumb","itemListElement":[{"@type":"ListItem","position":1,"name":"Valcucine","item":"https:\/\/www.valcucine.com\/fr\/"},{"@type":"ListItem","position":2,"name":"Projets de cuisines multi-r\u00e9sidentielles"}]},{"@type":"WebSite","@id":"https:\/\/www.valcucine.com\/#website","url":"https:\/\/www.valcucine.com\/","name":"Valcucine","description":"","publisher":{"@id":"https:\/\/www.valcucine.com\/#organization"},"potentialAction":[{"@type":"SearchAction","target":{"@type":"EntryPoint","urlTemplate":"https:\/\/www.valcucine.com\/?s={search_term_string}"},"query-input":{"@type":"PropertyValueSpecification","valueRequired":true,"valueName":"search_term_string"}}],"inLanguage":"fr-FR"},{"@type":"Organization","@id":"https:\/\/www.valcucine.com\/#organization","name":"Valcucine","url":"https:\/\/www.valcucine.com\/","logo":{"@type":"ImageObject","inLanguage":"fr-FR","@id":"https:\/\/www.valcucine.com\/#\/schema\/logo\/image\/","url":"https:\/\/www.valcucine.com\/wp-content\/uploads\/2024\/02\/logo-valcucine.webp?wsr","contentUrl":"https:\/\/www.valcucine.com\/wp-content\/uploads\/2024\/02\/logo-valcucine.webp?wsr","width":288,"height":46,"caption":"Valcucine"},"image":{"@id":"https:\/\/www.valcucine.com\/#\/schema\/logo\/image\/"},"sameAs":["https:\/\/www.facebook.com\/valcucine\/","https:\/\/www.instagram.com\/valcucine\/","https:\/\/www.linkedin.com\/company\/valcucine"]}]}},"_links":{"self":[{"href":"https:\/\/www.valcucine.com\/fr\/wp-json\/wp\/v2\/pages\/44579","targetHints":{"allow":["GET"]}}],"collection":[{"href":"https:\/\/www.valcucine.com\/fr\/wp-json\/wp\/v2\/pages"}],"about":[{"href":"https:\/\/www.valcucine.com\/fr\/wp-json\/wp\/v2\/types\/page"}],"author":[{"embeddable":true,"href":"https:\/\/www.valcucine.com\/fr\/wp-json\/wp\/v2\/users\/1"}],"replies":[{"embeddable":true,"href":"https:\/\/www.valcucine.com\/fr\/wp-json\/wp\/v2\/comments?post=44579"}],"version-history":[{"count":2,"href":"https:\/\/www.valcucine.com\/fr\/wp-json\/wp\/v2\/pages\/44579\/revisions"}],"predecessor-version":[{"id":44582,"href":"https:\/\/www.valcucine.com\/fr\/wp-json\/wp\/v2\/pages\/44579\/revisions\/44582"}],"wp:attachment":[{"href":"https:\/\/www.valcucine.com\/fr\/wp-json\/wp\/v2\/media?parent=44579"}],"curies":[{"name":"wp","href":"https:\/\/api.w.org\/{rel}","templated":true}]}}